{"id":718,"date":"2021-02-23T16:20:27","date_gmt":"2021-02-23T16:20:27","guid":{"rendered":"http:\/\/www.proveritate.hu\/?page_id=718"},"modified":"2023-02-15T09:48:40","modified_gmt":"2023-02-15T08:48:40","slug":"bizottsagaink","status":"publish","type":"page","link":"https:\/\/www.proveritate.hu\/index.php\/bizottsagaink\/","title":{"rendered":"Bizotts\u00e1gaink"},"content":{"rendered":"\n<p>Bizotts\u00e1gaink \u00e9s kutat\u00f3csoportjaink els\u0151sorban egy-egy szakter\u00fclet kutat\u00e1s\u00e1\u00e9rt, fejleszt\u00e9s\u00e9\u00e9rt, valamint tov\u00e1bbi, az Alapszab\u00e1lyunkkal \u00e9s a vonatkoz\u00f3 jogszab\u00e1lyokkal \u00f6sszhangban \u00e1ll\u00f3 tev\u00e9kenys\u00e9gek\u00e9rt felel\u0151sek. Bizotts\u00e1gaink v\u00e9geznek t\u00e1mogat\u00f3-tan\u00e1csad\u00f3 tev\u00e9kenys\u00e9get, figyelemmel k\u00eds\u00e9rik a jogszab\u00e1lyok v\u00e1ltoz\u00e1sait, tudatoss\u00e1gn\u00f6vel\u0151 \u00e9s ismeretterjeszt\u0151 rendezv\u00e9nyeket szerveznek, kiadv\u00e1nyokat k\u00e9sz\u00edtenek.<\/p>\n\n\n\n<div style=\"height:20px\" aria-hidden=\"true\" class=\"wp-block-spacer\"><\/div>\n\n\n\n<hr class=\"wp-block-separator\"\/>\n\n\n\n<div style=\"height:20px\" aria-hidden=\"true\" class=\"wp-block-spacer\"><\/div>\n\n\n\n<h3 class=\"wp-block-heading\">Szerkeszt\u0151s\u00e9g<\/h3>\n\n\n\n<p>A Pro Veritate Egyes\u00fclet Szerkeszt\u0151bizotts\u00e1ga<\/p>\n\n\n\n<p><a href=\"http:\/\/www.proveritate.hu\/index.php\/szerkesztoseg\/\">www.proveritate.hu\/index.php\/szerkesztoseg<\/a><\/p>\n\n\n\n<p><a href=\"mailto:szerkesztoseg@proveritate.hu\">szerkesztoseg@proveritate.hu<\/a><\/p>\n\n\n\n<p><a href=\"tel:+36 70 422 9800\">+36 70 422 9800<\/a><\/p>\n\n\n\n<p>F\u0151szerkeszt\u0151: Dr. T\u00f6r\u00f6k Csaba<\/p>\n\n\n\n<p>A Szerkeszt\u0151s\u00e9g els\u0151dleges feladata, hogy az Egyes\u00fclet gondoz\u00e1s\u00e1ban megjelen\u0151 kiadv\u00e1nyok, publik\u00e1ci\u00f3k szakmai sz\u00ednvonala f\u00f6l\u00f6tt tan\u00e1csaival, szakmai \u00fatmutat\u00e1saival \u0151rk\u00f6dj\u00f6n, valamint azok vonatkoz\u00e1s\u00e1ban a szerkeszt\u0151i jogokat gyakorolja.<\/p>\n\n\n\n<div style=\"height:20px\" aria-hidden=\"true\" class=\"wp-block-spacer\"><\/div>\n\n\n\n<hr class=\"wp-block-separator is-style-wide\"\/>\n\n\n\n<div style=\"height:20px\" aria-hidden=\"true\" class=\"wp-block-spacer\"><\/div>\n\n\n\n<h3 class=\"wp-block-heading\">PROVE FB<\/h3>\n\n\n\n<p>A Pro Veritate Egyes\u00fclet Fogyaszt\u00f3v\u00e9delmi Bizotts\u00e1ga<\/p>\n\n\n\n<p><a href=\"http:\/\/www.fogyasztovedelem.proveritate.hu\">www.fogyasztovedelem.proveritate.hu<\/a><\/p>\n\n\n\n<p><a href=\"mailto:fogyasztovedelem@proveritate.hu\">fogyasztovedelem@proveritate.hu<\/a><\/p>\n\n\n\n<p><a href=\"tel:+36 30 465 5247\">+36 30 465 5247<\/a><\/p>\n\n\n\n<p>A PROVE FB elt\u00f6k\u00e9lten \u00e9s akt\u00edvan k\u00f6telezte el mag\u00e1t arra, hogy a fogyaszt\u00f3i \u00e9s fogyaszt\u00f3v\u00e9delmi tudatoss\u00e1got a lehet\u0151s\u00e9gek sz\u00ednes sk\u00e1l\u00e1j\u00e1n \u2013 a szakter\u00fclet kutat\u00e1s\u00e1val-fejleszt\u00e9s\u00e9vel, t\u00e1mogat\u00f3 k\u00f6zpont l\u00e9trehoz\u00e1s\u00e1val, f\u00fcggetlen \u00e9s szakszer\u0171 tan\u00e1csad\u00e1ssal, ismeretterjeszt\u0151 \u00e9s m\u00e1s el\u0151ad\u00e1sokkal, rendezv\u00e9nyekkel, kiadv\u00e1nyokkal \u2013 n\u00f6velje.<\/p>\n\n\n\n<div style=\"height:20px\" aria-hidden=\"true\" class=\"wp-block-spacer\"><\/div>\n\n\n\n<hr class=\"wp-block-separator is-style-wide\"\/>\n\n\n\n<div style=\"height:20px\" aria-hidden=\"true\" class=\"wp-block-spacer\"><\/div>\n\n\n\n<h3 class=\"wp-block-heading\">ProMission<\/h3>\n\n\n\n<p>A Pro Veritate Egyes\u00fclet Hallgat\u00f3i kutat\u00f3csoportja<\/p>\n\n\n\n<p><a href=\"http:\/\/www.promission.proveritate.hu\">www.promission.proveritate.hu<\/a><\/p>\n\n\n\n<p><a href=\"mailto:promission@proveritate.hu\">promission@proveritate.hu<\/a><\/p>\n\n\n\n<p>A PROVE Hallgat\u00f3i kutat\u00f3csoportj\u00e1nak c\u00e9lja, hogy a jog- \u00e9s \u00e1llamtudom\u00e1nyok hallgat\u00f3inak versenyk\u00e9pes, hasznos, \u00e9s oktat\u00e1son k\u00edv\u00fcl is hasznos\u00edthat\u00f3 gyakorlati szaktud\u00e1st biztos\u00edtson, \u0151ket k\u00e9pezze, fejlessze (\u00f6nk\u00e9pz\u00e9s\u00fcket t\u00e1mogassa), f\u00f6ldrajzi hat\u00e1rokon \u00e1tny\u00fal\u00f3 k\u00f6z\u00f6ss\u00e9gg\u00e9 szervezze. Ehhez b\u00e1rmely el\u00e9rhet\u0151 eszk\u00f6zt &#8211; pl. jogklinika, p\u00e1ly\u00e1zatok, versenyek, felk\u00e9sz\u00edt\u00e9s, tan\u00e1csad\u00e1s stb. &#8211; alkalmaz, tov\u00e1bb\u00e1 mentorprogramot m\u0171k\u00f6dtet annak \u00e9rdek\u00e9ben, hogy a j\u00f6v\u0151 jog\u00e1szai \u00e9s m\u00e1s kapcsol\u00f3d\u00f3 tudom\u00e1ny\u00e1gak szakembereinek felk\u00e9sz\u00fcl\u00e9s\u00e9t \u00e9s el\u0151rehalad\u00e1s\u00e1t el\u0151seg\u00edtse.<\/p>\n\n\n\n<div style=\"height:20px\" aria-hidden=\"true\" class=\"wp-block-spacer\"><\/div>\n\n\n\n<hr class=\"wp-block-separator is-style-wide\"\/>\n\n\n\n<div style=\"height:20px\" aria-hidden=\"true\" class=\"wp-block-spacer\"><\/div>\n\n\n\n<h3 class=\"wp-block-heading\">AVSEC Kutat\u00f3csoport<\/h3>\n\n\n\n<p>A Pro Veritate Egyes\u00fclet AVSEC kutat\u00f3csoportja<\/p>\n\n\n\n<p><a href=\"mailto:csaba.torok@proveritate.hu\">csaba.torok@proveritate.hu<\/a><\/p>\n\n\n\n<p><a href=\"tel:+36 70 422 9800\">+36 70 422 9800<\/a><\/p>\n\n\n\n<p>Vezet\u0151: Dr. T\u00f6r\u00f6k Csaba<\/p>\n\n\n\n<p>A kutat\u00f3csoport c\u00e9lja a nemzetk\u00f6zi l\u00e9gijog, a rep\u00fcl\u00e9sv\u00e9delem (\u201eavsec\u201d) \u00e9s a nemzetk\u00f6zi terrorizmus tudom\u00e1nyos eszk\u00f6z\u00f6kkel t\u00f6rt\u00e9n\u0151 kutat\u00e1sa \u00e9s vizsg\u00e1lata, a l\u00e9gik\u00f6zleked\u00e9s-v\u00e9delem elm\u00e9let\u00e9nek, szab\u00e1lyoz\u00e1si k\u00f6rnyezet\u00e9nek, valamint gyakorlat\u00e1nak, v\u00e9grehajt\u00e1s\u00e1nak felt\u00e1r\u00e1sa, kutat\u00e1si eredm\u00e9nyeinek angol \u00e9s magyar nyelv\u0171, tudom\u00e1nyos ihlet\u00e9s\u0171 szakmai cikkek, tanulm\u00e1nyok, monogr\u00e1fi\u00e1k \u00fatj\u00e1n t\u00f6rt\u00e9n\u0151, az Egyes\u00fclet gondoz\u00e1s\u00e1ban megjelen\u0151 \u00e9s m\u00e1s kiadv\u00e1nyokban t\u00f6rt\u00e9n\u0151 megjelentet\u00e9se, a nemzeti \u00e9s nemzetk\u00f6zi szakirodalom sz\u00ednes\u00edt\u00e9se.<\/p>\n\n\n\n<p>.<\/p>\n","protected":false},"excerpt":{"rendered":"<p>Bizotts\u00e1gaink \u00e9s kutat\u00f3csoportjaink els\u0151sorban egy-egy szakter\u00fclet kutat\u00e1s\u00e1\u00e9rt, fejleszt\u00e9s\u00e9\u00e9rt, valamint tov\u00e1bbi, az Alapszab\u00e1lyunkkal \u00e9s a vonatkoz\u00f3 jogszab\u00e1lyokkal \u00f6sszhangban \u00e1ll\u00f3 tev\u00e9kenys\u00e9gek\u00e9rt felel\u0151sek. Bizotts\u00e1gaink v\u00e9geznek t\u00e1mogat\u00f3-tan\u00e1csad\u00f3 tev\u00e9kenys\u00e9get, figyelemmel k\u00eds\u00e9rik a jogszab\u00e1lyok v\u00e1ltoz\u00e1sait, tudatoss\u00e1gn\u00f6vel\u0151 \u00e9s ismeretterjeszt\u0151 rendezv\u00e9nyeket szerveznek, kiadv\u00e1nyokat k\u00e9sz\u00edtenek. Szerkeszt\u0151s\u00e9g A Pro Veritate Egyes\u00fclet Szerkeszt\u0151bizotts\u00e1ga www.proveritate.hu\/index.php\/szerkesztoseg szerkesztoseg@proveritate.hu +36 70 422 9800 F\u0151szerkeszt\u0151: Dr. T\u00f6r\u00f6k Csaba A Szerkeszt\u0151s\u00e9g els\u0151dleges feladata, hogy az Egyes\u00fclet gondoz\u00e1s\u00e1ban megjelen\u0151 kiadv\u00e1nyok, publik\u00e1ci\u00f3k szakmai sz\u00ednvonala f\u00f6l\u00f6tt tan\u00e1csaival, szakmai \u00fatmutat\u00e1saival \u0151rk\u00f6dj\u00f6n, valamint azok vonatkoz\u00e1s\u00e1ban a szerkeszt\u0151i jogokat gyakorolja. PROVE FB A Pro Veritate Egyes\u00fclet Fogyaszt\u00f3v\u00e9delmi Bizotts\u00e1ga www.fogyasztovedelem.proveritate.hu fogyasztovedelem@proveritate.hu +36 30 465 5247 A PROVE FB elt\u00f6k\u00e9lten \u00e9s akt\u00edvan k\u00f6telezte el mag\u00e1t arra, hogy a fogyaszt\u00f3i \u00e9s fogyaszt\u00f3v\u00e9delmi tudatoss\u00e1got a lehet\u0151s\u00e9gek sz\u00ednes sk\u00e1l\u00e1j\u00e1n \u2013 a szakter\u00fclet kutat\u00e1s\u00e1val-fejleszt\u00e9s\u00e9vel, t\u00e1mogat\u00f3 k\u00f6zpont l\u00e9trehoz\u00e1s\u00e1val, f\u00fcggetlen \u00e9s szakszer\u0171 tan\u00e1csad\u00e1ssal, ismeretterjeszt\u0151 \u00e9s m\u00e1s el\u0151ad\u00e1sokkal, rendezv\u00e9nyekkel, kiadv\u00e1nyokkal \u2013 n\u00f6velje. ProMission A Pro Veritate Egyes\u00fclet Hallgat\u00f3i kutat\u00f3csoportja www.promission.proveritate.hu promission@proveritate.hu A PROVE Hallgat\u00f3i kutat\u00f3csoportj\u00e1nak c\u00e9lja, hogy a jog- \u00e9s \u00e1llamtudom\u00e1nyok hallgat\u00f3inak versenyk\u00e9pes, hasznos, \u00e9s oktat\u00e1son k\u00edv\u00fcl is hasznos\u00edthat\u00f3 gyakorlati szaktud\u00e1st biztos\u00edtson, \u0151ket k\u00e9pezze, fejlessze (\u00f6nk\u00e9pz\u00e9s\u00fcket t\u00e1mogassa), f\u00f6ldrajzi hat\u00e1rokon \u00e1tny\u00fal\u00f3 k\u00f6z\u00f6ss\u00e9gg\u00e9 szervezze. Ehhez b\u00e1rmely el\u00e9rhet\u0151 eszk\u00f6zt &#8211; pl. jogklinika, p\u00e1ly\u00e1zatok, versenyek, felk\u00e9sz\u00edt\u00e9s, tan\u00e1csad\u00e1s stb. &#8211; alkalmaz, tov\u00e1bb\u00e1 mentorprogramot m\u0171k\u00f6dtet annak \u00e9rdek\u00e9ben, hogy a j\u00f6v\u0151 jog\u00e1szai \u00e9s m\u00e1s kapcsol\u00f3d\u00f3 tudom\u00e1ny\u00e1gak szakembereinek felk\u00e9sz\u00fcl\u00e9s\u00e9t \u00e9s el\u0151rehalad\u00e1s\u00e1t el\u0151seg\u00edtse. AVSEC Kutat\u00f3csoport A Pro Veritate Egyes\u00fclet AVSEC kutat\u00f3csoportja csaba.torok@proveritate.hu +36 70 422 9800 Vezet\u0151: Dr. T\u00f6r\u00f6k Csaba A kutat\u00f3csoport c\u00e9lja a nemzetk\u00f6zi l\u00e9gijog, a rep\u00fcl\u00e9sv\u00e9delem (\u201eavsec\u201d) \u00e9s a nemzetk\u00f6zi terrorizmus tudom\u00e1nyos eszk\u00f6z\u00f6kkel t\u00f6rt\u00e9n\u0151 kutat\u00e1sa \u00e9s vizsg\u00e1lata, a l\u00e9gik\u00f6zleked\u00e9s-v\u00e9delem elm\u00e9let\u00e9nek, szab\u00e1lyoz\u00e1si k\u00f6rnyezet\u00e9nek, valamint gyakorlat\u00e1nak, v\u00e9grehajt\u00e1s\u00e1nak felt\u00e1r\u00e1sa, kutat\u00e1si eredm\u00e9nyeinek angol \u00e9s magyar nyelv\u0171, tudom\u00e1nyos ihlet\u00e9s\u0171 szakmai cikkek, tanulm\u00e1nyok, monogr\u00e1fi\u00e1k \u00fatj\u00e1n t\u00f6rt\u00e9n\u0151, az Egyes\u00fclet gondoz\u00e1s\u00e1ban megjelen\u0151 \u00e9s m\u00e1s kiadv\u00e1nyokban t\u00f6rt\u00e9n\u0151 megjelentet\u00e9se, a nemzeti \u00e9s nemzetk\u00f6zi szakirodalom sz\u00ednes\u00edt\u00e9se. .<\/p>\n","protected":false},"author":1,"featured_media":0,"parent":0,"menu_order":0,"comment_status":"closed","ping_status":"closed","template":"","meta":{"footnotes":""},"class_list":["post-718","page","type-page","status-publish","hentry"],"_links":{"self":[{"href":"https:\/\/www.proveritate.hu\/index.php\/wp-json\/wp\/v2\/pages\/718","targetHints":{"allow":["GET"]}}],"collection":[{"href":"https:\/\/www.proveritate.hu\/index.php\/wp-json\/wp\/v2\/pages"}],"about":[{"href":"https:\/\/www.proveritate.hu\/index.php\/wp-json\/wp\/v2\/types\/page"}],"author":[{"embeddable":true,"href":"https:\/\/www.proveritate.hu\/index.php\/wp-json\/wp\/v2\/users\/1"}],"replies":[{"embeddable":true,"href":"https:\/\/www.proveritate.hu\/index.php\/wp-json\/wp\/v2\/comments?post=718"}],"version-history":[{"count":16,"href":"https:\/\/www.proveritate.hu\/index.php\/wp-json\/wp\/v2\/pages\/718\/revisions"}],"predecessor-version":[{"id":1847,"href":"https:\/\/www.proveritate.hu\/index.php\/wp-json\/wp\/v2\/pages\/718\/revisions\/1847"}],"wp:attachment":[{"href":"https:\/\/www.proveritate.hu\/index.php\/wp-json\/wp\/v2\/media?parent=718"}],"curies":[{"name":"wp","href":"https:\/\/api.w.org\/{rel}","templated":true}]}}