{"id":7,"date":"2020-10-09T16:08:43","date_gmt":"2020-10-09T16:08:43","guid":{"rendered":"http:\/\/www.proveritate.hu\/?page_id=7"},"modified":"2025-05-02T14:04:01","modified_gmt":"2025-05-02T12:04:01","slug":"rolunk","status":"publish","type":"page","link":"https:\/\/www.proveritate.hu\/index.php\/rolunk\/","title":{"rendered":"R\u00f3lunk"},"content":{"rendered":"\n<h6 class=\"wp-block-heading\">Alapc\u00e9lok<\/h6>\n\n\n\n<p>A Pro Veritate K\u00f6zhaszn\u00fa Egyes\u00fclet azzal a c\u00e9llal kezdte meg m\u0171k\u00f6d\u00e9s\u00e9t, hogy ember \u00e9s jog kapcsolat\u00e1t elm\u00e9ly\u00edtse, a jogot k\u00f6z\u00e9rthet\u0151v\u00e9 tegye, a jogi tudatoss\u00e1got \u00e1ltal\u00e1nosan \u00e9s \u00e1tfog\u00f3an n\u00f6velje, hogy <em>az ember \u00e9s a jog vil\u00e1ga k\u00f6z\u00f6tt t\u00e1tong\u00f3 szakad\u00e9k f\u00f6l\u00e9 hidat \u00e9p\u00edtsen<\/em>. C\u00e9lunk egy olyan k\u00f6zponti szakmai f\u00f3rum l\u00e9trehoz\u00e1sa, amely mindenki \u2013 ide\u00e9rtve jog\u00e1szokat, joghallgat\u00f3kat (egyetemist\u00e1kat), fiatalokat \u00e9s tehets\u00e9geket, illetve laikusokat is \u2013 sz\u00e1m\u00e1ra lehet\u0151s\u00e9get teremt a jogi ismeretek kutat\u00e1s\u00e1ra, fejleszt\u00e9s\u00e9re \u00e9s megoszt\u00e1s\u00e1ra, szakmai \u00e9s szem\u00e9lyes kapcsolatok ki\u00e9p\u00edt\u00e9s\u00e9re, m\u00e1s jogi relevanci\u00e1val rendelkez\u0151 k\u00e9rd\u00e9sek \u00e9s probl\u00e9m\u00e1k megvitat\u00e1s\u00e1ra \u00e9s megv\u00e1laszol\u00e1s\u00e1ra, \u00e9s a k\u00f6z\u00f6ss\u00e9gg\u00e9 szervez\u0151d\u00e9sre.<\/p>\n\n\n\n<p>A PROVE a rendelkez\u00e9s\u00e9re \u00e1ll\u00f3 eszk\u00f6z\u00f6k sz\u00e9les sk\u00e1l\u00e1j\u00e1n t\u00f6rekszik a lehet\u0151s\u00e9geket megragadva azokat a nagy\u00edv\u0171 c\u00e9ljai el\u00e9r\u00e9se \u00e9rdek\u00e9ben alkalmazni. C\u00e9ljainkat \u00e9s az azokhoz vezet\u0151 \u00fat egyes szakaszait t\u00e1gan \u00e9rtelmezz\u00fck: hissz\u00fck, hogy a tudatos \u00e9letm\u00f3d \u2013 legyen az ak\u00e1r p\u00e9nz\u00fcgyi, gazdas\u00e1gi, fogyaszt\u00f3i, k\u00f6rnyezet- vagy fenntarthat\u00f3 jelz\u0151vel illetett \u2013 m\u00e1r eg\u00e9szen az individuumt\u00f3l a t\u00e1rsadalmat alkot\u00f3 kisebb \u00e9p\u00edt\u0151k\u00f6veken (csal\u00e1d, kis k\u00f6z\u00f6ss\u00e9gek) \u00e1t valamennyi nagyobb egy\u00fctt\u00e9l\u00e9si form\u00e1ig meghat\u00e1rozza k\u00f6z\u00f6s j\u00f6v\u0151nket \u00e9s az elk\u00f6vetkez\u0151 gener\u00e1ci\u00f3k \u00e9let\u00e9t. A tudatoss\u00e1gn\u00f6vel\u00e9s ekk\u00e9ppen rendk\u00edv\u00fcl fontos, amelyet mi magunk is a z\u00e1szl\u00f3nkra t\u0171zt\u00fcnk.<\/p>\n\n\n\n<div class=\"wp-block-columns is-layout-flex wp-container-core-columns-is-layout-28f84493 wp-block-columns-is-layout-flex\">\n<div class=\"wp-block-column is-layout-flow wp-block-column-is-layout-flow\"><\/div>\n\n\n\n<div class=\"wp-block-column is-layout-flow wp-block-column-is-layout-flow\">\n<ul class=\"wp-block-list\">\n<li><a href=\"https:\/\/www.proveritate.hu\/index.php\/alapszabaly\/\">Alapszab\u00e1ly<\/a><\/li>\n\n\n\n<li><a href=\"https:\/\/www.proveritate.hu\/index.php\/kozgyules\/\">K\u00f6zgy\u0171l\u00e9s<\/a><\/li>\n\n\n\n<li><a href=\"https:\/\/www.proveritate.hu\/index.php\/elnokseg\/\">Eln\u00f6ks\u00e9g<\/a><\/li>\n<\/ul>\n<\/div>\n\n\n\n<div class=\"wp-block-column is-layout-flow wp-block-column-is-layout-flow\">\n<ul class=\"wp-block-list\">\n<li><a href=\"https:\/\/www.proveritate.hu\/index.php\/csatlakozzon\/\">Csatlakoz\u00e1s<\/a><\/li>\n\n\n\n<li><a href=\"https:\/\/www.proveritate.hu\/index.php\/tamogatom\/\">T\u00e1mogat\u00e1s<\/a><\/li>\n<\/ul>\n<\/div>\n\n\n\n<div class=\"wp-block-column is-layout-flow wp-block-column-is-layout-flow\"><\/div>\n<\/div>\n\n\n\n<p><\/p>\n\n\n\n<h6 class=\"wp-block-heading\">Tev\u00e9kenys\u00e9geink<\/h6>\n\n\n\n<p>Az Egyes\u00fclet alapc\u00e9l szerinti \u00e9s k\u00f6zhaszn\u00fa \u2013 tudom\u00e1nyos \u00e9s kutat\u00f3, ismeretterjeszt\u0151, oktat\u00e1si \u00e9s kultur\u00e1lis, illetve jogi t\u00e1mogat\u00f3 \u00e9s jogv\u00e9d\u0151 \u2013 tev\u00e9kenys\u00e9gei r\u00e9v\u00e9n t\u00f6rekszik ember \u00e9s jog kapcsolat\u00e1t elm\u00e9ly\u00edteni, a jogot k\u00f6z\u00e9rthet\u0151v\u00e9 \u00e9s megismerhet\u0151v\u00e9 tenni, a jogi tudatoss\u00e1got \u00e1ltal\u00e1nosan \u00e9s \u00e1tfog\u00f3an n\u00f6velni. Tev\u00e9kenys\u00e9geink sor\u00e1n olyan k\u00f6zponti szakmai f\u00f3rumot \u00e9s k\u00f6z\u00f6ss\u00e9get hoztunk l\u00e9tre, amely min\u00e9l sz\u00e9lesebb k\u00f6r \u2013 ide\u00e9rtve jog\u00e1szokat, joghallgat\u00f3kat (egyetemist\u00e1kat), fiatalokat \u00e9s tehets\u00e9geket, illetve laikusokat is \u2013 sz\u00e1m\u00e1ra lehet\u0151s\u00e9get teremt a jogi ismeretek kutat\u00e1s\u00e1ra, fejleszt\u00e9s\u00e9re \u00e9s megoszt\u00e1s\u00e1ra, szakmai \u00e9s szem\u00e9lyes kapcsolatok ki\u00e9p\u00edt\u00e9s\u00e9re, m\u00e1s jogi relevanci\u00e1val rendelkez\u0151 k\u00e9rd\u00e9sek \u00e9s probl\u00e9m\u00e1k megvitat\u00e1s\u00e1ra \u00e9s megv\u00e1laszol\u00e1s\u00e1ra, a k\u00f6z\u00f6ss\u00e9g szervez\u0151d\u00e9sre, az Egyes\u00fclet \u00e1ltal szervezett tudom\u00e1nyos programokon val\u00f3 r\u00e9szv\u00e9telre.<\/p>\n\n\n\n<p>Tags\u00e1gunkat t\u00f6bbs\u00e9g\u00e9ben jog\u00e1szok (elm\u00e9leti \u00e9s gyakorlati szakemberek, pl. kutat\u00f3k, egyetemi \u00f3raad\u00f3k, \u00fcgyv\u00e9dek, \u00fcgyv\u00e9djel\u00f6ltek, hat\u00f3s\u00e1gi el\u0151ad\u00f3k stb.), joghallgat\u00f3k, illetve t\u00f6bbek k\u00f6z\u00f6tt pedag\u00f3gusok \u00e9s m\u00e1s szakemberek alkotj\u00e1k az orsz\u00e1g minden t\u00e1j\u00e1r\u00f3l.<\/p>\n\n\n\n<p>Egyes\u00fclet\u00fcnk egyik legf\u0151bb c\u00e9lkit\u0171z\u00e9se, a jogi tudatoss\u00e1g n\u00f6vel\u00e9se, a jogv\u00e9d\u0151 tev\u00e9kenys\u00e9g \u00e9s a tan\u00e1csad\u00e1s, elj\u00e1r\u00e1sjogi k\u00f6zrem\u0171k\u00f6d\u00e9s r\u00e9v\u00e9n az arra szorul\u00f3k \u2013 k\u00fcl\u00f6n\u00f6sen gyermekek \u00e9s fiatalok, fogyaszt\u00f3k, munkav\u00e1llal\u00f3k, kiszolg\u00e1ltatottak \u00e9s \u00e1ldozatok \u2013 seg\u00edt\u00e9se k\u00f6r\u00e9ben sikeresen m\u0171k\u00f6d\u0151 <strong><a href=\"https:\/\/www.proveritate.hu\/index.php\/jogsegelyszolgalat\/\">Jogseg\u00e9ly Szolg\u00e1latot<\/a><\/strong> \u00fczemeltet, ahol szakemberek seg\u00edts\u00e9g\u00e9vel szakszer\u0171, p\u00e1rtatlan \u00e9s d\u00edjmentes ir\u00e1nymutat\u00e1sokkal szolg\u00e1l a megkeres\u0151knek.<\/p>\n\n\n\n<p>Jogseg\u00e9ly Szolg\u00e1latunk egyedi elb\u00edr\u00e1l\u00e1s alapj\u00e1n \u00fagy is d\u00f6nthet, hogy egy hozz\u00e1nk be\u00e9rkez\u0151 megkeres\u00e9st, \u00fcgyet \u2013 els\u0151sorban az \u00e9rintettj\u00e9re (pl. kiszolg\u00e1ltatott helyzetben l\u00e9v\u0151 szem\u00e9ly, gyermek, fiatal, fogyaszt\u00f3, munkav\u00e1llal\u00f3, \u00e1ldozat) \u00e9s jelleg\u00e9re, illetve egy\u00e9b fontos szempontokra figyelemmel megb\u00edz\u00e1s keret\u00e9ben elv\u00e1llal. Ilyen megb\u00edz\u00e1s sor\u00e1n<\/p>\n\n\n\n<ul class=\"wp-block-list\">\n<li>az \u00fcgyfel\u00fcnk \u00e1ltal egy tisztess\u00e9gtelen kereskedelmi gyakorlatot folytat\u00f3 aut\u00f3keresked\u00e9st\u0151l megv\u00e1s\u00e1rolt, jelent\u0151s hib\u00e1kban \u00e9s hi\u00e1nyoss\u00e1gokban szenved\u0151 g\u00e9pkocsi 5,3 milli\u00f3 forintos v\u00e9tel\u00e1r\u00e1nak visszat\u00e9r\u00edt\u00e9s\u00e9t siker\u00fclt kik\u00e9nyszer\u00edten\u00fcnk, tov\u00e1bb\u00e1 k\u00f6zrem\u0171k\u00f6dt\u00fcnk annak megel\u0151z\u00e9s\u00e9ben, hogy a keresked\u00e9s a j\u00f6v\u0151ben m\u00e1snak h\u00e1tr\u00e1nyokat, k\u00e1rokat okozzon;<\/li>\n\n\n\n<li>sikerrel k\u00e9pviselt\u00fck \u00fcgyfel\u00fcnket fogyaszt\u00f3v\u00e9delmi jogvit\u00e1j\u00e1ban, ahol a keresked\u0151 v\u00e1llalkoz\u00e1s az \u00e1ru rendeltet\u00e9sszer\u0171 haszn\u00e1lata ellen\u00e9re \u2013 nyilv\u00e1nval\u00f3an a gy\u00e1rt\u00f3, forgalmaz\u00f3 oldal\u00e1n felmer\u00fclt hib\u00e1ra visszavezethet\u0151 okb\u00f3l \u2013 bek\u00f6vetkezett korai elhaszn\u00e1l\u00f3d\u00e1sa \u00fcgy\u00e9ben megtagadta a cser\u00e9t, jav\u00edt\u00e1st vagy a v\u00e9tel\u00e1r visszat\u00e9r\u00edt\u00e9s\u00e9t, ugyanakkor k\u00f6zrem\u0171k\u00f6d\u00e9s\u00fcnk r\u00e9v\u00e9n az \u00fcgy peren k\u00edv\u00fcl, a Budapesti B\u00e9k\u00e9ltet\u0151 Test\u00fclet elj\u00e1r\u00e1s\u00e1t k\u00f6vet\u0151en a v\u00e9tel\u00e1r marad\u00e9ktalan visszat\u00e9r\u00edt\u00e9s\u00e9vel v\u00e9gz\u0151d\u00f6tt.<\/li>\n<\/ul>\n\n\n\n<p>A Jogseg\u00e9ly Szolg\u00e1latunk szolg\u00e1ltat\u00e1s\u00e1ra vonatkoz\u00f3 sz\u00e9lesk\u00f6r\u0171 \u00e9s elapadhatatlan ig\u00e9nyt, illetve tev\u00e9kenys\u00e9g\u00fcnk l\u00e9tjogosults\u00e1g\u00e1t is messzemen\u0151kig jellemzi, hogy a hozz\u00e1nk be\u00e9rkez\u0151 megkeres\u00e9sek sz\u00e1ma folyamatosan n\u00f6vekszik, 2023. \u00e9vben m\u00e1r mintegy 110 \u00fcgyben foglaltunk \u00e1ll\u00e1st vagy adtunk v\u00e9lem\u00e9nyt, tan\u00e1csot, ir\u00e1nymutat\u00e1st megkeres\u0151inknek. A be\u00e9rkez\u0151 megkeres\u00e9sek t\u00e1rgya leggyakrabban gyermekek jogai \u00e9s v\u00e9delme (gyermekv\u00e9delem, sz\u00fcl\u0151i fel\u00fcgyelet, tart\u00e1s, gy\u00e1ms\u00e1g), munkajogi (jogellenes munkaviszony megsz\u00fcntet\u00e9s, k\u00f6vetel\u00e9s, munk\u00e1ltat\u00f3i \u00f6nk\u00e9ny vagy vissza\u00e9l\u00e9s), v\u00e9grehajt\u00e1si jogi (v\u00e9grehajt\u00e1s, foglal\u00e1s, letilt\u00e1s, p\u00e9nztartoz\u00e1s, el\u00e9v\u00fcl\u00e9s), csal\u00e1djogi (h\u00e1zass\u00e1g, v\u00e1l\u00e1s, vagyonmegoszt\u00e1s), tov\u00e1bb\u00e1 birtok- \u00e9s tulajdonjogi (birtokv\u00e9delem, haszon\u00e9lvezet, szomsz\u00e9djogi vit\u00e1k) vonatkoz\u00e1s\u00faak voltak. Jelenleg 23 f\u0151 akt\u00edv, t\u00e1rsadalmi munk\u00e1ban foglalkoztatott, igazolt \u00e9s sz\u00e9lesk\u00f6r\u0171 szakmai tapasztalattal rendelkez\u0151 (senior, medior \u00e9s junior) tan\u00e1csad\u00f3val m\u0171k\u00f6d\u00fcnk egy\u00fctt az orsz\u00e1g legk\u00fcl\u00f6nb\u00f6z\u0151bb t\u00e1jair\u00f3l (t\u00f6bben a f\u0151v\u00e1rosb\u00f3l, illetve Nyugat-, K\u00f6z\u00e9p- \u00e9s Kelet-Magyarorsz\u00e1gr\u00f3l egyar\u00e1nt). Tan\u00e1csad\u00f3ink jog\u00e1szok, szakjog\u00e1szok (pl. \u00fcgyv\u00e9d, \u00fcgyv\u00e9djel\u00f6lt, v\u00e9grehajt\u00f3jel\u00f6lt, b\u00edr\u00f3s\u00e1gi vagy hat\u00f3s\u00e1gi alkalmazott, k\u00f6ztisztvisel\u0151, korm\u00e1nytisztvisel\u0151 stb.), valamint joghallgat\u00f3k (akik a szolg\u00e1ltat\u00e1sba Jogi Klinika programunk keret\u00e9ben csatlakozott egyetemi (jog)hallgat\u00f3k, akiket az Egyes\u00fclet jog\u00e1szai mentor\u00e1lnak, \u00e9s akik ezzel relev\u00e1ns, val\u00f3di \u00e9s k\u00e9zzel foghat\u00f3 szakmai tapasztalatot is szereznek).<\/p>\n\n\n\n<p>Az Egyes\u00fclet hangs\u00falyt fektet a tudom\u00e1nyos, kutat\u00f3 tev\u00e9kenys\u00e9gre, kiadv\u00e1nyok, publik\u00e1ci\u00f3k k\u00f6zz\u00e9t\u00e9tel\u00e9re, szakmai el\u0151ad\u00e1sokra. Ennek keret\u00e9ben rendszeresen ismeretterjeszt\u0151 szakmai cikkeket jelentet\u00fcnk meg, tov\u00e1bb\u00e1 megalap\u00edtottuk az <strong><a href=\"https:\/\/www.proveritate.hu\/index.php\/ember-es-jog\/\">Ember \u00e9s Jog<\/a><\/strong> jogtudom\u00e1nyi elektronikus foly\u00f3iratot, amelyben hazai \u00e9s k\u00fclf\u00f6ldi kutat\u00f3k, szakemberek tanulm\u00e1nyait k\u00edv\u00e1njuk megismertetni a k\u00f6z\u00f6ns\u00e9ggel. Tagjaink \u00e9s tov\u00e1bbi szakemberek bevon\u00e1s\u00e1val id\u0151r\u0151l id\u0151re ismeretterjeszt\u0151 anyagokat, cikkeket is publik\u00e1lunk tov\u00e1bb\u00e1, amelyeket k\u00f6zponti honlapunkon jelentet\u00fcnk meg. E k\u00f6rben figyelemre m\u00e9lt\u00f3 t\u00f6bbek k\u00f6z\u00f6tt a <em>Watched &amp; Lawyered<\/em> c\u00edm\u0171 cikksorozatunk.<\/p>\n\n\n\n<p><strong><a href=\"https:\/\/www.proveritate.hu\/index.php\/ket-szakasz-kozott-regisztracio\/\">K\u00e9t \u00a7 k\u00f6z\u00f6tt<\/a><\/strong> c\u00edmmel els\u0151sorban egyetemist\u00e1k \u00e9s PhD hallgat\u00f3k r\u00e9sz\u00e9re tartott ismeretterjeszt\u0151 \u00e9s l\u00e1t\u00e1sm\u00f3dn\u00f6vel\u0151 el\u0151ad\u00e1ssorozatot ind\u00edtottunk, amelynek keret\u00e9ben neves szaktekint\u00e9lyek, kiemelt szakemberek, \u00e9rdekes szem\u00e9lyis\u00e9gek tartanak online el\u0151ad\u00e1sokat, vagy adnak interj\u00fat, amellyel v\u00e1ltozatos, \u00e9rdekes t\u00e9m\u00e1kkal, f\u0151k\u00e9nt az egyetemi tanulm\u00e1nyok adta kereteken bel\u00fcl elsaj\u00e1t\u00edthat\u00f3 tud\u00e1son t\u00falmutat\u00f3 ismeretekkel k\u00e9sz\u00fcl\u00fcnk. A programunk keret\u00e9ben egyebek mellett olyan neves el\u0151ad\u00f3k fogadt\u00e1k el m\u00e1r felk\u00e9r\u00e9s\u00fcnket, mint Habsburg Gy\u00f6rgy (Magyarorsz\u00e1g Franciaorsz\u00e1gban \u00e9s Monacoban akkredit\u00e1lt nagyk\u00f6vete), Dr. R\u00f3nai P\u00e9ter (New York-i \u00fcgyv\u00e9d), V\u00e9gh Rich\u00e1rd (a Budapesti \u00c9rt\u00e9kt\u0151zsde vez\u00e9rigazgat\u00f3ja), Dr.&nbsp;Ujv\u00e1rosi Veronika (b\u00e9csi \u00fcgyv\u00e9d), tov\u00e1bb\u00e1 sz\u00e1mos jog\u00e1sz (b\u00edr\u00f3, \u00fcgyv\u00e9d, szakjog\u00e1sz stb.) \u00e9s m\u00e1s szak\u00e9rt\u0151 is tartott m\u00e1r el\u0151ad\u00e1st. A program nagyszer\u0171 alapot biztos\u00edt ahhoz, hogy hazai \u00e9s k\u00fclf\u00f6ldi egyetemekkel kapcsolatunkat, egy\u00fcttm\u0171k\u00f6d\u00e9s\u00fcnket szorosabbra f\u0171zhess\u00fck. Az Egyes\u00fclet \u00e1ltal szervezett el\u0151ad\u00e1sok r\u00e9v\u00e9n szorosabb kapcsolat alakul ki az el\u0151ad\u00f3 \u00e1ltal k\u00e9pviselt szervezettel, hovatov\u00e1bb, az el\u0151ad\u00e1son r\u00e9sztvev\u0151knek is lehet\u0151s\u00e9g\u00fck ny\u00edlik kapcsolatot \u00e9p\u00edteni az el\u0151ad\u00f3val. Ily m\u00f3don az Egyes\u00fclet is \u00fajabb lehet\u0151s\u00e9gekhez juthat, \u00e9s er\u0151s\u00edtheti a kapcsolat\u00e1t m\u00e1s szervezetekkel is.<\/p>\n\n\n\n<p>Az Egyes\u00fclet egyik sikeres, fiatalokat t\u00e1mogat\u00f3 programja a Jogi Klinika program, amelynek c\u00e9lja f\u0151k\u00e9nt fiatalok, di\u00e1kok \u00e9s hallgat\u00f3k versenyk\u00e9pes, hasznos, \u00e9s oktat\u00e1son k\u00edv\u00fcl is hasznos\u00edthat\u00f3 gyakorlati szaktud\u00e1s megszerz\u00e9s\u00e9nek biztos\u00edt\u00e1sa, (tov\u00e1bb)k\u00e9pz\u00e9se, oktat\u00e1sa \u00e9s fejleszt\u00e9se, szakmai t\u00e1mogat\u00e1sa. Jogi Klinika programunk c\u00e9lja tov\u00e1bb\u00e1 a r\u00e9sztvev\u0151k k\u00f6z\u00f6ss\u00e9gg\u00e9 szervez\u00e9se. A program keret\u00e9ben \u00f6szt\u00f6n\u00f6zz\u00fck a tudom\u00e1nyos \u00e9s kutat\u00f3 munk\u00e1t (\u00e1llam- \u00e9s jogtudom\u00e1nyok, m\u00e1s t\u00e1rsadalomtudom\u00e1nyok, illetve saj\u00e1t bel\u00e1t\u00e1sa szerint egy\u00e9b kapcsol\u00f3d\u00f3 tudom\u00e1nyok kutat\u00e1s\u00e1t), a tudom\u00e1nyos tev\u00e9kenys\u00e9geket, szakmai tev\u00e9kenys\u00e9geket \u00e9s k\u00e9szs\u00e9geket gyakoroljuk \u00e9s gyakoroltatjuk, szakmai, k\u00f6z\u00f6ss\u00e9g\u00e9p\u00edt\u0151 vagy egy\u00e9b kultur\u00e1lis rendezv\u00e9nyeket szervez\u00fcnk, illetve mentorprogramot m\u0171k\u00f6dtet\u00fcnk (a program r\u00e9sztvev\u0151i kiv\u00e9tel n\u00e9lk\u00fcl egy, a hozz\u00e1 hasonl\u00f3 kompetencia \u00e9s \u00e9rdekl\u0151d\u00e9s ter\u00fcleten igazolt szakmai m\u00falttal, gyakorlattal, tapasztalattal rendelkez\u0151 mentor patr\u00f3nusa alatt v\u00e9gzik tev\u00e9kenys\u00e9geiket). Jogi Klinika programunk jelenleg kiemelten az Egyes\u00fclet jogseg\u00e9ly szolg\u00e1ltat\u00e1sa keret\u00e9ben val\u00f3sul meg, ahol a program r\u00e9sztvev\u0151i val\u00f3di joggyakorlat keret\u00e9ben saj\u00e1t\u00edtanak el relev\u00e1ns tapasztalatot a mentorok t\u00e1mogat\u00e1sa mellett.<\/p>\n\n\n\n<p>Az Egyes\u00fclet nyitott fiatal tagok bevonz\u00e1s\u00e1ra \u00e9s bevon\u00e1s\u00e1ra az alapc\u00e9ljai szerinti tev\u00e9kenys\u00e9gekbe, hovatov\u00e1bb t\u00e1mogatja fiatalok csatlakoz\u00e1s\u00e1t az Egyes\u00fclethez. A hallgat\u00f3i st\u00e1tusz megteremt\u00e9s\u00e9vel az Egyes\u00fclet k\u00fcl\u00f6nf\u00e9le kedvezm\u00e9nyekkel, el\u0151ny\u00f6kkel \u00f6szt\u00f6nzi fiatalok csatlakoz\u00e1s\u00e1t, amely r\u00e9v\u00e9n tagjaink mintegy egynegyed\u00e9t jelenleg 20-25 \u00e9v k\u00f6z\u00f6tti fiatalok adj\u00e1k, akik \u00e9len j\u00e1rnak a tev\u00e9kenys\u00e9geinkben t\u00f6rt\u00e9n\u0151 k\u00f6zrem\u0171k\u00f6d\u00e9sben, illetve \u00faj projektek kezdem\u00e9nyez\u00e9s\u00e9ben \u2013 ak\u00e1r a m\u00e1r eml\u00edtett Jogseg\u00e9ly Szolg\u00e1latban (Jogi Klinika programban) \u2013 valamint m\u00e1s tov\u00e1bbi projektekben, publik\u00e1ci\u00f3k k\u00e9sz\u00edt\u00e9s\u00e9ben.<\/p>\n\n\n\n<p>Az Egyes\u00fclet t\u00e1mogatja a k\u00f6z\u00e9rdek\u0171 \u00f6nk\u00e9ntes tev\u00e9kenys\u00e9get, t\u00f6bb \u00edzben foglalkoztatott ilyen jogviszonyban \u00f6nk\u00e9nteseket.<\/p>\n\n\n\n<p>Az Egyes\u00fclet ugyancsak nagysiker\u0171, hagyom\u00e1nyt teremt\u0151 projektje az imm\u00e1ron harmadj\u00e1ra is megszervezett <strong><a href=\"https:\/\/jogstory.proveritate.hu\">Jog Story<\/a><\/strong> orsz\u00e1gos gyermekrajzp\u00e1ly\u00e1zat. A p\u00e1ly\u00e1zattal c\u00e9lunk, hogy a \u201ejog\u201d sz\u00f3 \u00e9s annak k\u00fcl\u00f6nb\u00f6z\u0151 aspektusai j\u00e1t\u00e9kos form\u00e1ban m\u00e1r gyermekkorban is megjelenjenek, besz\u00e9lget\u00e9s t\u00e1rgy\u00e1v\u00e1 v\u00e1ljanak, \u00e9s hogy a jogi tudatoss\u00e1g kialakul\u00e1sa m\u00e1r gyermekkorban megkezd\u0151dhessen, mialatt a gyermekek j\u00e1tszva egy rajzzal fejezik ki elk\u00e9pzel\u00e9seiket a jog vil\u00e1g\u00e1r\u00f3l.<\/p>\n\n\n\n<p>Eml\u00edt\u00e9sre m\u00e9lt\u00f3 kedvezm\u00e9nyk\u00e1rtya programunk is (<strong><a href=\"https:\/\/www.proveritate.hu\/index.php\/prove-card\/\">PROVEcard<\/a><\/strong>), melynek c\u00e9lja, hogy er\u0151s\u00edtse az egy\u00fcttm\u0171k\u00f6d\u00e9st m\u00e1s szervezetekkel \u00e9s v\u00e1llalkoz\u00e1sokkal, mik\u00f6zben tagjaink sz\u00e1m\u00e1ra is kedvez\u0151 lehet\u0151s\u00e9geket k\u00edn\u00e1l. (Jelenleg sz\u00e1mos partner csatlakozott m\u00e1r kedvezm\u00e9nyk\u00e1rtya programunkhoz \u2013 pl. vend\u00e9gl\u00e1t\u00f3 egys\u00e9gek, \u00fcgyv\u00e9di iroda, wellness-, eg\u00e9szs\u00e9g- \u00e9s sz\u00e1ll\u00e1sszolg\u00e1ltat\u00f3 szervezetek, kultur\u00e1lis \u00e9s sz\u00f3rakoztat\u00f3 szolg\u00e1ltat\u00f3k, illetve web\u00e1ruh\u00e1z is.) Ezen program \u00e1ltal partnerszervezetekkel k\u00f6t\u00f6tt meg\u00e1llapod\u00e1saink r\u00e9v\u00e9n tagjaink sz\u00e9les k\u00f6r\u0171 kedvezm\u00e9nyekhez juthatnak k\u00fcl\u00f6nb\u00f6z\u0151 szolg\u00e1ltat\u00e1sok \u00e9s term\u00e9kek ig\u00e9nybev\u00e9tel\u00e9hez az eg\u00e9sz orsz\u00e1g ter\u00fclet\u00e9n. Ez\u00e1ltal nemcsak az Egyes\u00fclet \u00e9s a partnerszervezetek k\u00f6z\u00f6tti kapcsolat er\u0151s\u00f6dik, hanem tagjaink is \u00e9lvezhetik a k\u00fcl\u00f6nf\u00e9le kedvezm\u00e9nyek el\u0151nyeit, amely tov\u00e1bb er\u0151s\u00edti az Egyes\u00fcletbe val\u00f3 tartoz\u00e1s \u00e9lm\u00e9ny\u00e9t \u00e9s vonzerej\u00e9t is.<\/p>\n\n\n\n<h6 class=\"wp-block-heading\">K\u00f6zhaszn\u00fa tev\u00e9kenys\u00e9geink<\/h6>\n\n\n\n<p>Az Egyes\u00fclet k\u00f6zhaszn\u00fa min\u0151s\u00edt\u00e9ssel rendelkezik, <a href=\"https:\/\/www.proveritate.hu\/index.php\/alapszabaly\/\">Alapszab\u00e1ly\u00e1val<\/a> \u00f6sszhangban az al\u00e1bbiak szerint k\u00f6zhaszn\u00fa tev\u00e9kenys\u00e9geket folytatja. Az Egyes\u00fclet k\u00f6zhaszn\u00fa \u00e9s m\u00e1s szolg\u00e1ltat\u00e1saib\u00f3l tagjain k\u00edv\u00fcl m\u00e1s is r\u00e9szes\u00fclhet.<\/p>\n\n\n\n<ul class=\"wp-block-list\">\n<li><em>kutat\u00e1s-fejleszt\u00e9s, innov\u00e1ci\u00f3s, \u00e9s ezek t\u00e1mogat\u00e1sa<\/em> k\u00f6zfeladat a tudom\u00e1nyos kutat\u00e1sr\u00f3l, fejleszt\u00e9sr\u0151l \u00e9s innov\u00e1ci\u00f3r\u00f3l sz\u00f3l\u00f3 2014. \u00e9vi LXXVI. t\u00f6rv\u00e9ny 4. \u00a7-\u00e1val \u00f6sszhangban;<\/li>\n\n\n\n<li><em>oktat\u00e1s, nevel\u00e9s, k\u00e9pess\u00e9gfejleszt\u00e9s, ismeretterjeszt\u00e9s, <\/em>tov\u00e1bb\u00e1<em> az egyetemi hallgat\u00f3k, hallgat\u00f3i \u00f6nkorm\u00e1nyzatok t\u00e1mogat\u00e1sa, tehets\u00e9ggondoz\u00e1s, szakmai, tudom\u00e1nyos \u00e9s m\u0171v\u00e9szeti tev\u00e9kenys\u00e9g el\u0151seg\u00edt\u00e9se<\/em> k\u00f6zfeladatok a nemzeti k\u00f6znevel\u00e9sr\u0151l sz\u00f3l\u00f3 2011. \u00e9vi CXC. t\u00f6rv\u00e9ny 4. \u00a7-\u00e1nak 14a. pontj\u00e1val, a nemzeti fels\u0151oktat\u00e1sr\u00f3l sz\u00f3l\u00f3 2011. \u00e9vi CCIV. t\u00f6rv\u00e9ny 2. \u00a7-\u00e1val, 11. \u00a7-\u00e1val, 54. \u00a7-\u00e1val \u00e9s a 60. \u00a7 (1) bekezd\u00e9s\u00e9vel, tov\u00e1bb\u00e1 a feln\u0151ttk\u00e9pz\u00e9sr\u0151l sz\u00f3l\u00f3 2013. \u00e9vi LXXVII. t\u00f6rv\u00e9ny 1. \u00a7-\u00e1val \u00f6sszhangban;<\/li>\n\n\n\n<li><em>kultur\u00e1lis \u00e9s k\u00f6zm\u0171vel\u0151d\u00e9s szolg\u00e1ltat\u00e1s<\/em> k\u00f6zfeladat a muze\u00e1lis int\u00e9zm\u00e9nyekr\u0151l, a nyilv\u00e1nos k\u00f6nyvt\u00e1ri ell\u00e1t\u00e1sr\u00f3l \u00e9s a k\u00f6zm\u0171vel\u0151d\u00e9sr\u0151l sz\u00f3l\u00f3 1997. \u00e9vi CXL. t\u00f6rv\u00e9ny 53. \u00a7-\u00e1val, tov\u00e1bb\u00e1 a Magyarorsz\u00e1g helyi \u00f6nkorm\u00e1nyzatair\u00f3l sz\u00f3l\u00f3 2011. \u00e9vi CLXXXIX. t\u00f6rv\u00e9ny 13. \u00a7 (1) bekezd\u00e9s\u00e9nek 7. pontj\u00e1val \u00f6sszhangban;<\/li>\n\n\n\n<li><em>emberi \u00e9s \u00e1llampolg\u00e1ri jogok v\u00e9delme, jogv\u00e9d\u0151 tev\u00e9kenys\u00e9g<\/em> k\u00f6zfeladat az alapvet\u0151 jogok biztos\u00e1r\u00f3l sz\u00f3l\u00f3 2011. \u00e9vi CXI. t\u00f6rv\u00e9ny 1. \u00a7-\u00e1nak (2) bekezd\u00e9s\u00e9vel \u00f6sszhangban;<\/li>\n\n\n\n<li><em>szoci\u00e1lis, gyermek- \u00e9s ifj\u00fas\u00e1gj\u00f3l\u00e9ti \u00e9s -v\u00e9delmi<\/em> k\u00f6zfeladat a gyermekek v\u00e9delm\u00e9r\u0151l \u00e9s a gy\u00e1m\u00fcgyi igazgat\u00e1sr\u00f3l sz\u00f3l\u00f3 1997. \u00e9vi XXXI. t\u00f6rv\u00e9ny 17. \u00a7-\u00e1nak (1) bekezd\u00e9s\u00e9vel \u00e9s a Magyarorsz\u00e1g helyi \u00f6nkorm\u00e1nyzatair\u00f3l sz\u00f3l\u00f3 2011. \u00e9vi CLXXXIX. t\u00f6rv\u00e9ny 13. \u00a7 (1) bekezd\u00e9s\u00e9nek 8., 8a. \u00e9s 15. pontjaival \u00f6sszhangban.<\/li>\n<\/ul>\n\n\n\n<p>Az Egyes\u00fclet k\u00f6zvetlen politikai tev\u00e9kenys\u00e9get nem folytat, szervezete p\u00e1rtokt\u00f3l f\u00fcggetlen \u00e9s azoknak anyagi t\u00e1mogat\u00e1st nem ny\u00fajt, valamint azokt\u00f3l nem fogad el. Az Egyes\u00fclet orsz\u00e1ggy\u0171l\u00e9si k\u00e9pvisel\u0151i v\u00e1laszt\u00e1son, a v\u00e1rmegyei, f\u0151v\u00e1rosi \u00f6nkorm\u00e1nyzati, Eur\u00f3pai Parlamenti, megyei jog\u00fa v\u00e1rosi, valamint polg\u00e1rmesteri v\u00e1laszt\u00e1son jel\u00f6ltet nem \u00e1ll\u00edt, tov\u00e1bb\u00e1 nem t\u00e1mogat.<\/p>\n\n\n\n<p>Az Egyes\u00fclet kiz\u00e1r\u00f3lag a k\u00f6zhaszn\u00fa \u00e9s alapc\u00e9l szerinti tev\u00e9kenys\u00e9gei vesz\u00e9lyeztet\u00e9se n\u00e9lk\u00fcl \u00e9s Alapszab\u00e1lya keretei k\u00f6z\u00f6tt folytathat kieg\u00e9sz\u00edt\u0151 gazdas\u00e1gi-v\u00e1llalkoz\u00e1si tev\u00e9kenys\u00e9geket.<\/p>\n\n\n\n<p class=\"has-medium-font-size\">Pro Veritate K\u00f6zhaszn\u00fa Egyes\u00fclet<\/p>\n\n\n\n<p>Fels\u0151hegy 2369<br>2243 K\u00f3ka<\/p>\n\n\n\n<p><a href=\"mailto:info@proveritate.hu\">info@proveritate.hu<\/a><\/p>\n\n\n\n<p><a href=\"https:\/\/www.proveritate.hu\/index.php\/kapcsolat\/\" data-type=\"link\" data-id=\"https:\/\/www.proveritate.hu\/index.php\/kapcsolat\/\">KAPCSOLATFELV\u00c9TEL<\/a><\/p>\n\n\n\n<p><a href=\"https:\/\/www.proveritate.hu\/index.php\/kozerdekbol-nyilvanos-adatok\/\">K\u00d6Z\u00c9RDEKB\u0150L NYILV\u00c1NOS ADATOK MEGTEKINT\u00c9SE<\/a><\/p>\n","protected":false},"excerpt":{"rendered":"<p>Alapc\u00e9lok A Pro Veritate K\u00f6zhaszn\u00fa Egyes\u00fclet azzal a c\u00e9llal kezdte meg m\u0171k\u00f6d\u00e9s\u00e9t, hogy ember \u00e9s jog kapcsolat\u00e1t elm\u00e9ly\u00edtse, a jogot k\u00f6z\u00e9rthet\u0151v\u00e9 tegye, a jogi tudatoss\u00e1got \u00e1ltal\u00e1nosan \u00e9s \u00e1tfog\u00f3an n\u00f6velje, hogy az ember \u00e9s a jog vil\u00e1ga k\u00f6z\u00f6tt t\u00e1tong\u00f3 szakad\u00e9k f\u00f6l\u00e9 hidat \u00e9p\u00edtsen. C\u00e9lunk egy olyan k\u00f6zponti szakmai f\u00f3rum l\u00e9trehoz\u00e1sa, amely mindenki \u2013 ide\u00e9rtve jog\u00e1szokat, joghallgat\u00f3kat (egyetemist\u00e1kat), fiatalokat \u00e9s tehets\u00e9geket, illetve laikusokat is \u2013 sz\u00e1m\u00e1ra lehet\u0151s\u00e9get teremt a jogi ismeretek kutat\u00e1s\u00e1ra, fejleszt\u00e9s\u00e9re \u00e9s megoszt\u00e1s\u00e1ra, szakmai \u00e9s szem\u00e9lyes kapcsolatok ki\u00e9p\u00edt\u00e9s\u00e9re, m\u00e1s jogi relevanci\u00e1val rendelkez\u0151 k\u00e9rd\u00e9sek \u00e9s probl\u00e9m\u00e1k megvitat\u00e1s\u00e1ra \u00e9s megv\u00e1laszol\u00e1s\u00e1ra, \u00e9s a k\u00f6z\u00f6ss\u00e9gg\u00e9 szervez\u0151d\u00e9sre. A PROVE a rendelkez\u00e9s\u00e9re \u00e1ll\u00f3 eszk\u00f6z\u00f6k sz\u00e9les sk\u00e1l\u00e1j\u00e1n t\u00f6rekszik a lehet\u0151s\u00e9geket megragadva azokat a nagy\u00edv\u0171 c\u00e9ljai el\u00e9r\u00e9se \u00e9rdek\u00e9ben alkalmazni. C\u00e9ljainkat \u00e9s az azokhoz vezet\u0151 \u00fat egyes szakaszait t\u00e1gan \u00e9rtelmezz\u00fck: hissz\u00fck, hogy a tudatos \u00e9letm\u00f3d \u2013 legyen az ak\u00e1r p\u00e9nz\u00fcgyi, gazdas\u00e1gi, fogyaszt\u00f3i, k\u00f6rnyezet- vagy fenntarthat\u00f3 jelz\u0151vel illetett \u2013 m\u00e1r eg\u00e9szen az individuumt\u00f3l a t\u00e1rsadalmat alkot\u00f3 kisebb \u00e9p\u00edt\u0151k\u00f6veken (csal\u00e1d, kis k\u00f6z\u00f6ss\u00e9gek) \u00e1t valamennyi nagyobb egy\u00fctt\u00e9l\u00e9si form\u00e1ig meghat\u00e1rozza k\u00f6z\u00f6s j\u00f6v\u0151nket \u00e9s az elk\u00f6vetkez\u0151 gener\u00e1ci\u00f3k \u00e9let\u00e9t. A tudatoss\u00e1gn\u00f6vel\u00e9s ekk\u00e9ppen rendk\u00edv\u00fcl fontos, amelyet mi magunk is a z\u00e1szl\u00f3nkra t\u0171zt\u00fcnk. Tev\u00e9kenys\u00e9geink Az Egyes\u00fclet alapc\u00e9l szerinti \u00e9s k\u00f6zhaszn\u00fa \u2013 tudom\u00e1nyos \u00e9s kutat\u00f3, ismeretterjeszt\u0151, oktat\u00e1si \u00e9s kultur\u00e1lis, illetve jogi t\u00e1mogat\u00f3 \u00e9s jogv\u00e9d\u0151 \u2013 tev\u00e9kenys\u00e9gei r\u00e9v\u00e9n t\u00f6rekszik ember \u00e9s jog kapcsolat\u00e1t elm\u00e9ly\u00edteni, a jogot k\u00f6z\u00e9rthet\u0151v\u00e9 \u00e9s megismerhet\u0151v\u00e9 tenni, a jogi tudatoss\u00e1got \u00e1ltal\u00e1nosan \u00e9s \u00e1tfog\u00f3an n\u00f6velni. Tev\u00e9kenys\u00e9geink sor\u00e1n olyan k\u00f6zponti szakmai f\u00f3rumot \u00e9s k\u00f6z\u00f6ss\u00e9get hoztunk l\u00e9tre, amely min\u00e9l sz\u00e9lesebb k\u00f6r \u2013 ide\u00e9rtve jog\u00e1szokat, joghallgat\u00f3kat (egyetemist\u00e1kat), fiatalokat \u00e9s tehets\u00e9geket, illetve laikusokat is \u2013 sz\u00e1m\u00e1ra lehet\u0151s\u00e9get teremt a jogi ismeretek kutat\u00e1s\u00e1ra, fejleszt\u00e9s\u00e9re \u00e9s megoszt\u00e1s\u00e1ra, szakmai \u00e9s szem\u00e9lyes kapcsolatok ki\u00e9p\u00edt\u00e9s\u00e9re, m\u00e1s jogi relevanci\u00e1val rendelkez\u0151 k\u00e9rd\u00e9sek \u00e9s probl\u00e9m\u00e1k megvitat\u00e1s\u00e1ra \u00e9s megv\u00e1laszol\u00e1s\u00e1ra, a k\u00f6z\u00f6ss\u00e9g szervez\u0151d\u00e9sre, az Egyes\u00fclet \u00e1ltal szervezett tudom\u00e1nyos programokon val\u00f3 r\u00e9szv\u00e9telre. Tags\u00e1gunkat t\u00f6bbs\u00e9g\u00e9ben jog\u00e1szok (elm\u00e9leti \u00e9s gyakorlati szakemberek, pl. kutat\u00f3k, egyetemi \u00f3raad\u00f3k, \u00fcgyv\u00e9dek, \u00fcgyv\u00e9djel\u00f6ltek, hat\u00f3s\u00e1gi el\u0151ad\u00f3k stb.), joghallgat\u00f3k, illetve t\u00f6bbek k\u00f6z\u00f6tt pedag\u00f3gusok \u00e9s m\u00e1s szakemberek alkotj\u00e1k az orsz\u00e1g minden t\u00e1j\u00e1r\u00f3l. Egyes\u00fclet\u00fcnk egyik legf\u0151bb c\u00e9lkit\u0171z\u00e9se, a jogi tudatoss\u00e1g n\u00f6vel\u00e9se, a jogv\u00e9d\u0151 tev\u00e9kenys\u00e9g \u00e9s a tan\u00e1csad\u00e1s, elj\u00e1r\u00e1sjogi k\u00f6zrem\u0171k\u00f6d\u00e9s r\u00e9v\u00e9n az arra szorul\u00f3k \u2013 k\u00fcl\u00f6n\u00f6sen gyermekek \u00e9s fiatalok, fogyaszt\u00f3k, munkav\u00e1llal\u00f3k, kiszolg\u00e1ltatottak \u00e9s \u00e1ldozatok \u2013 seg\u00edt\u00e9se k\u00f6r\u00e9ben sikeresen m\u0171k\u00f6d\u0151 Jogseg\u00e9ly Szolg\u00e1latot \u00fczemeltet, ahol szakemberek seg\u00edts\u00e9g\u00e9vel szakszer\u0171, p\u00e1rtatlan \u00e9s d\u00edjmentes ir\u00e1nymutat\u00e1sokkal szolg\u00e1l a megkeres\u0151knek. Jogseg\u00e9ly Szolg\u00e1latunk egyedi elb\u00edr\u00e1l\u00e1s alapj\u00e1n \u00fagy is d\u00f6nthet, hogy egy hozz\u00e1nk be\u00e9rkez\u0151 megkeres\u00e9st, \u00fcgyet \u2013 els\u0151sorban az \u00e9rintettj\u00e9re (pl. kiszolg\u00e1ltatott helyzetben l\u00e9v\u0151 szem\u00e9ly, gyermek, fiatal, fogyaszt\u00f3, munkav\u00e1llal\u00f3, \u00e1ldozat) \u00e9s jelleg\u00e9re, illetve egy\u00e9b fontos szempontokra figyelemmel megb\u00edz\u00e1s keret\u00e9ben elv\u00e1llal. Ilyen megb\u00edz\u00e1s sor\u00e1n A Jogseg\u00e9ly Szolg\u00e1latunk szolg\u00e1ltat\u00e1s\u00e1ra vonatkoz\u00f3 sz\u00e9lesk\u00f6r\u0171 \u00e9s elapadhatatlan ig\u00e9nyt, illetve tev\u00e9kenys\u00e9g\u00fcnk l\u00e9tjogosults\u00e1g\u00e1t is messzemen\u0151kig jellemzi, hogy a hozz\u00e1nk be\u00e9rkez\u0151 megkeres\u00e9sek sz\u00e1ma folyamatosan n\u00f6vekszik, 2023. \u00e9vben m\u00e1r mintegy 110 \u00fcgyben foglaltunk \u00e1ll\u00e1st vagy adtunk v\u00e9lem\u00e9nyt, tan\u00e1csot, ir\u00e1nymutat\u00e1st megkeres\u0151inknek. A be\u00e9rkez\u0151 megkeres\u00e9sek t\u00e1rgya leggyakrabban gyermekek jogai \u00e9s v\u00e9delme (gyermekv\u00e9delem, sz\u00fcl\u0151i fel\u00fcgyelet, tart\u00e1s, gy\u00e1ms\u00e1g), munkajogi (jogellenes munkaviszony megsz\u00fcntet\u00e9s, k\u00f6vetel\u00e9s, munk\u00e1ltat\u00f3i \u00f6nk\u00e9ny vagy vissza\u00e9l\u00e9s), v\u00e9grehajt\u00e1si jogi (v\u00e9grehajt\u00e1s, foglal\u00e1s, letilt\u00e1s, p\u00e9nztartoz\u00e1s, el\u00e9v\u00fcl\u00e9s), csal\u00e1djogi (h\u00e1zass\u00e1g, v\u00e1l\u00e1s, vagyonmegoszt\u00e1s), tov\u00e1bb\u00e1 birtok- \u00e9s tulajdonjogi (birtokv\u00e9delem, haszon\u00e9lvezet, szomsz\u00e9djogi vit\u00e1k) vonatkoz\u00e1s\u00faak voltak. Jelenleg 23 f\u0151 akt\u00edv, t\u00e1rsadalmi munk\u00e1ban foglalkoztatott, igazolt \u00e9s sz\u00e9lesk\u00f6r\u0171 szakmai tapasztalattal rendelkez\u0151 (senior, medior \u00e9s junior) tan\u00e1csad\u00f3val m\u0171k\u00f6d\u00fcnk egy\u00fctt az orsz\u00e1g legk\u00fcl\u00f6nb\u00f6z\u0151bb t\u00e1jair\u00f3l (t\u00f6bben a f\u0151v\u00e1rosb\u00f3l, illetve Nyugat-, K\u00f6z\u00e9p- \u00e9s Kelet-Magyarorsz\u00e1gr\u00f3l egyar\u00e1nt). Tan\u00e1csad\u00f3ink jog\u00e1szok, szakjog\u00e1szok (pl. \u00fcgyv\u00e9d, \u00fcgyv\u00e9djel\u00f6lt, v\u00e9grehajt\u00f3jel\u00f6lt, b\u00edr\u00f3s\u00e1gi vagy hat\u00f3s\u00e1gi alkalmazott, k\u00f6ztisztvisel\u0151, korm\u00e1nytisztvisel\u0151 stb.), valamint joghallgat\u00f3k (akik a szolg\u00e1ltat\u00e1sba Jogi Klinika programunk keret\u00e9ben csatlakozott egyetemi (jog)hallgat\u00f3k, akiket az Egyes\u00fclet jog\u00e1szai mentor\u00e1lnak, \u00e9s akik ezzel relev\u00e1ns, val\u00f3di \u00e9s k\u00e9zzel foghat\u00f3 szakmai tapasztalatot is szereznek). Az Egyes\u00fclet hangs\u00falyt fektet a tudom\u00e1nyos, kutat\u00f3 tev\u00e9kenys\u00e9gre, kiadv\u00e1nyok, publik\u00e1ci\u00f3k k\u00f6zz\u00e9t\u00e9tel\u00e9re, szakmai el\u0151ad\u00e1sokra. Ennek keret\u00e9ben rendszeresen ismeretterjeszt\u0151 szakmai cikkeket jelentet\u00fcnk meg, tov\u00e1bb\u00e1 megalap\u00edtottuk az Ember \u00e9s Jog jogtudom\u00e1nyi elektronikus foly\u00f3iratot, amelyben hazai \u00e9s k\u00fclf\u00f6ldi kutat\u00f3k, szakemberek tanulm\u00e1nyait k\u00edv\u00e1njuk megismertetni a k\u00f6z\u00f6ns\u00e9ggel. Tagjaink \u00e9s tov\u00e1bbi szakemberek bevon\u00e1s\u00e1val id\u0151r\u0151l id\u0151re ismeretterjeszt\u0151 anyagokat, cikkeket is publik\u00e1lunk tov\u00e1bb\u00e1, amelyeket k\u00f6zponti honlapunkon jelentet\u00fcnk meg. E k\u00f6rben figyelemre m\u00e9lt\u00f3 t\u00f6bbek k\u00f6z\u00f6tt a Watched &amp; Lawyered c\u00edm\u0171 cikksorozatunk. K\u00e9t \u00a7 k\u00f6z\u00f6tt c\u00edmmel els\u0151sorban egyetemist\u00e1k \u00e9s PhD hallgat\u00f3k r\u00e9sz\u00e9re tartott ismeretterjeszt\u0151 \u00e9s l\u00e1t\u00e1sm\u00f3dn\u00f6vel\u0151 el\u0151ad\u00e1ssorozatot ind\u00edtottunk, amelynek keret\u00e9ben neves szaktekint\u00e9lyek, kiemelt szakemberek, \u00e9rdekes szem\u00e9lyis\u00e9gek tartanak online el\u0151ad\u00e1sokat, vagy adnak interj\u00fat, amellyel v\u00e1ltozatos, \u00e9rdekes t\u00e9m\u00e1kkal, f\u0151k\u00e9nt az egyetemi tanulm\u00e1nyok adta kereteken bel\u00fcl elsaj\u00e1t\u00edthat\u00f3 tud\u00e1son t\u00falmutat\u00f3 ismeretekkel k\u00e9sz\u00fcl\u00fcnk. A programunk keret\u00e9ben egyebek mellett olyan neves el\u0151ad\u00f3k fogadt\u00e1k el m\u00e1r felk\u00e9r\u00e9s\u00fcnket, mint Habsburg Gy\u00f6rgy (Magyarorsz\u00e1g Franciaorsz\u00e1gban \u00e9s Monacoban akkredit\u00e1lt nagyk\u00f6vete), Dr. R\u00f3nai P\u00e9ter (New York-i \u00fcgyv\u00e9d), V\u00e9gh Rich\u00e1rd (a Budapesti \u00c9rt\u00e9kt\u0151zsde vez\u00e9rigazgat\u00f3ja), Dr.&nbsp;Ujv\u00e1rosi Veronika (b\u00e9csi \u00fcgyv\u00e9d), tov\u00e1bb\u00e1 sz\u00e1mos jog\u00e1sz (b\u00edr\u00f3, \u00fcgyv\u00e9d, szakjog\u00e1sz stb.) \u00e9s m\u00e1s szak\u00e9rt\u0151 is tartott m\u00e1r el\u0151ad\u00e1st. A program nagyszer\u0171 alapot biztos\u00edt ahhoz, hogy hazai \u00e9s k\u00fclf\u00f6ldi egyetemekkel kapcsolatunkat, egy\u00fcttm\u0171k\u00f6d\u00e9s\u00fcnket szorosabbra f\u0171zhess\u00fck. Az Egyes\u00fclet \u00e1ltal szervezett el\u0151ad\u00e1sok r\u00e9v\u00e9n szorosabb kapcsolat alakul ki az el\u0151ad\u00f3 \u00e1ltal k\u00e9pviselt szervezettel, hovatov\u00e1bb, az el\u0151ad\u00e1son r\u00e9sztvev\u0151knek is lehet\u0151s\u00e9g\u00fck ny\u00edlik kapcsolatot \u00e9p\u00edteni az el\u0151ad\u00f3val. Ily m\u00f3don az Egyes\u00fclet is \u00fajabb lehet\u0151s\u00e9gekhez juthat, \u00e9s er\u0151s\u00edtheti a kapcsolat\u00e1t m\u00e1s szervezetekkel is. Az Egyes\u00fclet egyik sikeres, fiatalokat t\u00e1mogat\u00f3 programja a Jogi Klinika program, amelynek c\u00e9lja f\u0151k\u00e9nt fiatalok, di\u00e1kok \u00e9s hallgat\u00f3k versenyk\u00e9pes, hasznos, \u00e9s oktat\u00e1son k\u00edv\u00fcl is hasznos\u00edthat\u00f3 gyakorlati szaktud\u00e1s megszerz\u00e9s\u00e9nek biztos\u00edt\u00e1sa, (tov\u00e1bb)k\u00e9pz\u00e9se, oktat\u00e1sa \u00e9s fejleszt\u00e9se, szakmai t\u00e1mogat\u00e1sa. Jogi Klinika programunk c\u00e9lja tov\u00e1bb\u00e1 a r\u00e9sztvev\u0151k k\u00f6z\u00f6ss\u00e9gg\u00e9 szervez\u00e9se. A program keret\u00e9ben \u00f6szt\u00f6n\u00f6zz\u00fck a tudom\u00e1nyos \u00e9s kutat\u00f3 munk\u00e1t (\u00e1llam- \u00e9s jogtudom\u00e1nyok, m\u00e1s t\u00e1rsadalomtudom\u00e1nyok, illetve saj\u00e1t bel\u00e1t\u00e1sa szerint egy\u00e9b kapcsol\u00f3d\u00f3 tudom\u00e1nyok kutat\u00e1s\u00e1t), a tudom\u00e1nyos tev\u00e9kenys\u00e9geket, szakmai tev\u00e9kenys\u00e9geket \u00e9s k\u00e9szs\u00e9geket gyakoroljuk \u00e9s gyakoroltatjuk, szakmai, k\u00f6z\u00f6ss\u00e9g\u00e9p\u00edt\u0151 vagy egy\u00e9b kultur\u00e1lis rendezv\u00e9nyeket szervez\u00fcnk, illetve mentorprogramot m\u0171k\u00f6dtet\u00fcnk (a program r\u00e9sztvev\u0151i kiv\u00e9tel n\u00e9lk\u00fcl egy, a hozz\u00e1 hasonl\u00f3 kompetencia \u00e9s \u00e9rdekl\u0151d\u00e9s ter\u00fcleten igazolt szakmai m\u00falttal, gyakorlattal, tapasztalattal rendelkez\u0151 mentor patr\u00f3nusa alatt v\u00e9gzik tev\u00e9kenys\u00e9geiket). Jogi Klinika programunk jelenleg kiemelten az Egyes\u00fclet jogseg\u00e9ly szolg\u00e1ltat\u00e1sa keret\u00e9ben val\u00f3sul meg, ahol a program r\u00e9sztvev\u0151i val\u00f3di joggyakorlat keret\u00e9ben saj\u00e1t\u00edtanak el relev\u00e1ns tapasztalatot a mentorok t\u00e1mogat\u00e1sa mellett. Az Egyes\u00fclet nyitott fiatal tagok bevonz\u00e1s\u00e1ra \u00e9s bevon\u00e1s\u00e1ra az alapc\u00e9ljai szerinti tev\u00e9kenys\u00e9gekbe, hovatov\u00e1bb t\u00e1mogatja fiatalok csatlakoz\u00e1s\u00e1t az Egyes\u00fclethez. A hallgat\u00f3i st\u00e1tusz megteremt\u00e9s\u00e9vel az Egyes\u00fclet k\u00fcl\u00f6nf\u00e9le kedvezm\u00e9nyekkel, el\u0151ny\u00f6kkel \u00f6szt\u00f6nzi fiatalok csatlakoz\u00e1s\u00e1t, amely r\u00e9v\u00e9n tagjaink mintegy egynegyed\u00e9t jelenleg 20-25 \u00e9v k\u00f6z\u00f6tti fiatalok adj\u00e1k, akik \u00e9len j\u00e1rnak a tev\u00e9kenys\u00e9geinkben t\u00f6rt\u00e9n\u0151 k\u00f6zrem\u0171k\u00f6d\u00e9sben, illetve \u00faj projektek kezdem\u00e9nyez\u00e9s\u00e9ben \u2013 ak\u00e1r a m\u00e1r eml\u00edtett Jogseg\u00e9ly Szolg\u00e1latban (Jogi Klinika programban) \u2013 valamint m\u00e1s tov\u00e1bbi projektekben, publik\u00e1ci\u00f3k k\u00e9sz\u00edt\u00e9s\u00e9ben. Az Egyes\u00fclet t\u00e1mogatja a k\u00f6z\u00e9rdek\u0171 \u00f6nk\u00e9ntes tev\u00e9kenys\u00e9get, t\u00f6bb \u00edzben foglalkoztatott ilyen jogviszonyban \u00f6nk\u00e9nteseket. Az Egyes\u00fclet ugyancsak nagysiker\u0171, hagyom\u00e1nyt teremt\u0151 projektje az imm\u00e1ron harmadj\u00e1ra is megszervezett Jog Story orsz\u00e1gos gyermekrajzp\u00e1ly\u00e1zat. A p\u00e1ly\u00e1zattal c\u00e9lunk, hogy a \u201ejog\u201d sz\u00f3 \u00e9s annak k\u00fcl\u00f6nb\u00f6z\u0151 aspektusai j\u00e1t\u00e9kos form\u00e1ban m\u00e1r gyermekkorban is megjelenjenek, besz\u00e9lget\u00e9s t\u00e1rgy\u00e1v\u00e1 v\u00e1ljanak, \u00e9s hogy a jogi tudatoss\u00e1g kialakul\u00e1sa m\u00e1r gyermekkorban megkezd\u0151dhessen, mialatt a gyermekek j\u00e1tszva egy rajzzal fejezik ki elk\u00e9pzel\u00e9seiket a jog vil\u00e1g\u00e1r\u00f3l. Eml\u00edt\u00e9sre m\u00e9lt\u00f3 kedvezm\u00e9nyk\u00e1rtya programunk is (PROVEcard), melynek c\u00e9lja, hogy er\u0151s\u00edtse az egy\u00fcttm\u0171k\u00f6d\u00e9st m\u00e1s szervezetekkel \u00e9s v\u00e1llalkoz\u00e1sokkal, mik\u00f6zben tagjaink sz\u00e1m\u00e1ra is kedvez\u0151 lehet\u0151s\u00e9geket k\u00edn\u00e1l. (Jelenleg sz\u00e1mos partner csatlakozott m\u00e1r kedvezm\u00e9nyk\u00e1rtya programunkhoz \u2013 pl. vend\u00e9gl\u00e1t\u00f3 egys\u00e9gek, \u00fcgyv\u00e9di iroda, wellness-, eg\u00e9szs\u00e9g- \u00e9s sz\u00e1ll\u00e1sszolg\u00e1ltat\u00f3 szervezetek, kultur\u00e1lis \u00e9s sz\u00f3rakoztat\u00f3 szolg\u00e1ltat\u00f3k, illetve web\u00e1ruh\u00e1z is.) Ezen program \u00e1ltal partnerszervezetekkel k\u00f6t\u00f6tt meg\u00e1llapod\u00e1saink r\u00e9v\u00e9n tagjaink sz\u00e9les k\u00f6r\u0171 kedvezm\u00e9nyekhez juthatnak k\u00fcl\u00f6nb\u00f6z\u0151 szolg\u00e1ltat\u00e1sok \u00e9s term\u00e9kek ig\u00e9nybev\u00e9tel\u00e9hez az eg\u00e9sz orsz\u00e1g ter\u00fclet\u00e9n. Ez\u00e1ltal nemcsak az Egyes\u00fclet \u00e9s a partnerszervezetek k\u00f6z\u00f6tti kapcsolat er\u0151s\u00f6dik, hanem tagjaink is \u00e9lvezhetik a k\u00fcl\u00f6nf\u00e9le kedvezm\u00e9nyek el\u0151nyeit, amely tov\u00e1bb er\u0151s\u00edti az Egyes\u00fcletbe val\u00f3 tartoz\u00e1s \u00e9lm\u00e9ny\u00e9t \u00e9s vonzerej\u00e9t is. K\u00f6zhaszn\u00fa tev\u00e9kenys\u00e9geink Az Egyes\u00fclet k\u00f6zhaszn\u00fa min\u0151s\u00edt\u00e9ssel rendelkezik, Alapszab\u00e1ly\u00e1val \u00f6sszhangban az al\u00e1bbiak szerint k\u00f6zhaszn\u00fa tev\u00e9kenys\u00e9geket folytatja. Az Egyes\u00fclet k\u00f6zhaszn\u00fa \u00e9s m\u00e1s szolg\u00e1ltat\u00e1saib\u00f3l tagjain k\u00edv\u00fcl m\u00e1s is r\u00e9szes\u00fclhet. Az Egyes\u00fclet k\u00f6zvetlen politikai tev\u00e9kenys\u00e9get nem folytat, szervezete p\u00e1rtokt\u00f3l f\u00fcggetlen \u00e9s azoknak anyagi t\u00e1mogat\u00e1st nem ny\u00fajt, valamint azokt\u00f3l nem fogad el. Az Egyes\u00fclet orsz\u00e1ggy\u0171l\u00e9si k\u00e9pvisel\u0151i v\u00e1laszt\u00e1son, a v\u00e1rmegyei, f\u0151v\u00e1rosi \u00f6nkorm\u00e1nyzati, Eur\u00f3pai Parlamenti, megyei jog\u00fa v\u00e1rosi, valamint polg\u00e1rmesteri v\u00e1laszt\u00e1son jel\u00f6ltet nem \u00e1ll\u00edt, tov\u00e1bb\u00e1 nem t\u00e1mogat. Az Egyes\u00fclet kiz\u00e1r\u00f3lag a k\u00f6zhaszn\u00fa \u00e9s alapc\u00e9l szerinti tev\u00e9kenys\u00e9gei vesz\u00e9lyeztet\u00e9se n\u00e9lk\u00fcl \u00e9s Alapszab\u00e1lya keretei k\u00f6z\u00f6tt folytathat kieg\u00e9sz\u00edt\u0151 gazdas\u00e1gi-v\u00e1llalkoz\u00e1si tev\u00e9kenys\u00e9geket. Pro Veritate K\u00f6zhaszn\u00fa Egyes\u00fclet Fels\u0151hegy 23692243 K\u00f3ka info@proveritate.hu KAPCSOLATFELV\u00c9TEL K\u00d6Z\u00c9RDEKB\u0150L NYILV\u00c1NOS ADATOK MEGTEKINT\u00c9SE<\/p>\n","protected":false},"author":1,"featured_media":0,"parent":0,"menu_order":0,"comment_status":"closed","ping_status":"closed","template":"","meta":{"footnotes":""},"class_list":["post-7","page","type-page","status-publish","hentry"],"_links":{"self":[{"href":"https:\/\/www.proveritate.hu\/index.php\/wp-json\/wp\/v2\/pages\/7","targetHints":{"allow":["GET"]}}],"collection":[{"href":"https:\/\/www.proveritate.hu\/index.php\/wp-json\/wp\/v2\/pages"}],"about":[{"href":"https:\/\/www.proveritate.hu\/index.php\/wp-json\/wp\/v2\/types\/page"}],"author":[{"embeddable":true,"href":"https:\/\/www.proveritate.hu\/index.php\/wp-json\/wp\/v2\/users\/1"}],"replies":[{"embeddable":true,"href":"https:\/\/www.proveritate.hu\/index.php\/wp-json\/wp\/v2\/comments?post=7"}],"version-history":[{"count":18,"href":"https:\/\/www.proveritate.hu\/index.php\/wp-json\/wp\/v2\/pages\/7\/revisions"}],"predecessor-version":[{"id":4677,"href":"https:\/\/www.proveritate.hu\/index.php\/wp-json\/wp\/v2\/pages\/7\/revisions\/4677"}],"wp:attachment":[{"href":"https:\/\/www.proveritate.hu\/index.php\/wp-json\/wp\/v2\/media?parent=7"}],"curies":[{"name":"wp","href":"https:\/\/api.w.org\/{rel}","templated":true}]}}