{"id":6114,"date":"2026-01-03T14:35:58","date_gmt":"2026-01-03T13:35:58","guid":{"rendered":"https:\/\/www.proveritate.hu\/?page_id=6114"},"modified":"2026-01-03T15:49:18","modified_gmt":"2026-01-03T14:49:18","slug":"a-civil-szervezetek-feletti-allami-kontroll-alakulasa-a-reformkortol-napjainkig","status":"publish","type":"page","link":"https:\/\/www.proveritate.hu\/index.php\/a-civil-szervezetek-feletti-allami-kontroll-alakulasa-a-reformkortol-napjainkig\/","title":{"rendered":"A civil szervezetek feletti \u00e1llami kontroll alakul\u00e1sa a reformkort\u00f3l napjainkig"},"content":{"rendered":"\n<h6 class=\"wp-block-heading has-text-align-center\"><em><strong>KERKOVITS Gergely Ambrus<\/strong><\/em><\/h6>\n\n\n\n<div style=\"height:30px\" aria-hidden=\"true\" class=\"wp-block-spacer\"><\/div>\n\n\n\n<hr class=\"wp-block-separator has-alpha-channel-opacity\"\/>\n\n\n\n<div style=\"height:30px\" aria-hidden=\"true\" class=\"wp-block-spacer\"><\/div>\n\n\n\n<p class=\"has-text-align-center\"><em>egyes\u00fcletek, \u00e1llami kontroll, szabad egyes\u00fcl\u00e9s, \u00fcgy\u00e9szs\u00e9g t\u00f6rv\u00e9nyess\u00e9gi fel\u00fcgyelete, b\u00edr\u00f3i kontroll<\/em><\/p>\n\n\n\n<div style=\"height:15px\" aria-hidden=\"true\" class=\"wp-block-spacer\"><\/div>\n\n\n\n<p class=\"has-text-align-center\"><em>NGOs, state control, freedom of association, prosecutor&#8217;s supervision, judicial control<\/em><\/p>\n\n\n\n<div style=\"height:30px\" aria-hidden=\"true\" class=\"wp-block-spacer\"><\/div>\n\n\n\n<hr class=\"wp-block-separator has-alpha-channel-opacity\"\/>\n\n\n\n<div style=\"height:40px\" aria-hidden=\"true\" class=\"wp-block-spacer\"><\/div>\n\n\n\n<div class=\"wp-block-buttons is-content-justification-space-between is-layout-flex wp-container-core-buttons-is-layout-b2891da8 wp-block-buttons-is-layout-flex\">\n<div class=\"wp-block-button\"><a class=\"wp-block-button__link has-text-align-center wp-element-button\" href=\"https:\/\/www.proveritate.hu\/index.php\/ember-es-jog-lapszamok\/\">Aktu\u00e1lis lapsz\u00e1m<\/a><\/div>\n\n\n\n<div class=\"wp-block-button\"><a class=\"wp-block-button__link has-text-align-center wp-element-button\" href=\"https:\/\/www.proveritate.hu\/index.php\/ember-es-jog-lapszamok\/\">Arch\u00edv lapsz\u00e1mok<\/a><\/div>\n\n\n\n<div class=\"wp-block-button is-style-fill\"><a class=\"wp-block-button__link has-text-align-center wp-element-button\" href=\"https:\/\/www.proveritate.hu\/index.php\/kezirat-benyujtas-ember-es-jog\/\" style=\"border-radius:100px\">K\u00e9zirat bek\u00fcld\u00e9s<\/a><\/div>\n\n\n\n<div class=\"wp-block-button\"><a class=\"wp-block-button__link has-text-align-center wp-element-button\" href=\"https:\/\/www.proveritate.hu\/index.php\/szerzoi-utmutato\/\" target=\"_blank\" rel=\"noreferrer noopener\">Szerz\u0151i \u00datmutat\u00f3<\/a><\/div>\n<\/div>\n\n\n\n<div style=\"height:60px\" aria-hidden=\"true\" class=\"wp-block-spacer\"><\/div>\n\n\n\n<ul class=\"wp-block-list\">\n<li><a href=\"#szerzo\">Szerz\u0151 \/ Author<\/a><\/li>\n\n\n\n<li><a href=\"#cite\">Id\u00e9z\u00e9s \/ How to cite<\/a><\/li>\n\n\n\n<li><a href=\"#absztrakt\">Absztrakt \/ <\/a><a href=\"#abstract\">Abstract<\/a><\/li>\n\n\n\n<li><a href=\"#pdf\">Teljes sz\u00f6veg (magyar) \/ Full text (Hungarian)<\/a><\/li>\n\n\n\n<li><a href=\"#hivatk\">Hivatkoz\u00e1sok \/ References<\/a><\/li>\n\n\n\n<li><a href=\"#copyright\">Copyright<\/a><\/li>\n<\/ul>\n\n\n\n<div style=\"height:40px\" aria-hidden=\"true\" class=\"wp-block-spacer\"><\/div>\n\n\n\n<h6 class=\"wp-block-heading\">Megjelen\u00e9s \/ Publication<\/h6>\n\n\n\n<figure class=\"wp-block-table is-style-stripes\"><table class=\"has-fixed-layout\"><thead><tr><th class=\"has-text-align-center\" data-align=\"center\"><strong>Beny\u00fajtva<\/strong> \/ Submitted<\/th><th class=\"has-text-align-center\" data-align=\"center\"><strong>Elfogadva<\/strong> \/ Accepted<\/th><th class=\"has-text-align-center\" data-align=\"center\"><strong>Publik\u00e1lva<\/strong> \/ Publicated<\/th><th class=\"has-text-align-center\" data-align=\"center\">Lapsz\u00e1m \/ Issue<\/th><\/tr><\/thead><tbody><tr><td class=\"has-text-align-center\" data-align=\"center\">2025. febru\u00e1r 10.<\/td><td class=\"has-text-align-center\" data-align=\"center\">2025. m\u00e1jus 17.<\/td><td class=\"has-text-align-center\" data-align=\"center\">2025. j\u00falius 31.<\/td><td class=\"has-text-align-center\" data-align=\"center\">Ember \u00e9s Jog, 2025\/1-2.<\/td><\/tr><\/tbody><\/table><\/figure>\n\n\n\n<div style=\"height:20px\" aria-hidden=\"true\" class=\"wp-block-spacer\"><\/div>\n\n\n\n<h6 class=\"wp-block-heading\" id=\"szerzo\">Szerz\u0151 \/ Author<\/h6>\n\n\n\n<p>Dr. Kerkovits Gergely Ambrus<\/p>\n\n\n\n<p>Doktorandusz hallgat\u00f3<\/p>\n\n\n\n<p>P\u00e1zm\u00e1ny P\u00e9ter Katolikus Egyetem Jog- \u00e9s \u00c1llamtudom\u00e1nyi Doktori Iskola, Budapest<\/p>\n\n\n\n<p>MTMT: 10096556<\/p>\n\n\n\n<div style=\"height:5px\" aria-hidden=\"true\" class=\"wp-block-spacer\"><\/div>\n\n\n\n<h6 class=\"wp-block-heading\" id=\"cite\">Id\u00e9z\u00e9s \/ How to cite<\/h6>\n\n\n\n<p>KERKOVITS Gergely Ambrus: A civil szervezetek feletti \u00e1llami kontroll alakul\u00e1sa a reformkort\u00f3l napjainkig. <em>Ember \u00e9s Jog<\/em>, 2025\/1-2. 53\u201377.<\/p>\n\n\n\n<div style=\"height:5px\" aria-hidden=\"true\" class=\"wp-block-spacer\"><\/div>\n\n\n\n<h6 class=\"wp-block-heading\" id=\"absztrakt\">Absztrakt<\/h6>\n\n\n\n<p>A XXI. sz\u00e1zadban \u00e9s k\u00fcl\u00f6n\u00f6sen haz\u00e1nkban egyre nagyobb \u00e9rdekl\u0151d\u00e9s \u00f6vezi a civil szervezetek tev\u00e9kenys\u00e9g\u00e9t, illetve a civil szf\u00e9r\u00e1t \u00e9rint\u0151 \u00e1llami szab\u00e1lyoz\u00e1sokat. A t\u00e9ma \u00e9rdekess\u00e9g\u00e9t adja, hogy a civil szervezetek, amelyek els\u0151sorban a politik\u00e1n k\u00edv\u00fcli t\u00e9rben helyezkednek el, m\u00e9gis egyre nagyobb teret kapnak a t\u00e1rsadalmat \u00e9rint\u0151 d\u00f6nt\u00e9shozatalban, de ak\u00e1r a p\u00e1rtpolitik\u00e1ban is. Emiatt felmer\u00fcl a k\u00e9rd\u00e9s, hogy ezen szervezetek akkor politiz\u00e1lhatnak-e vagy sem, kell- e \u00fagy szab\u00e1lyozni \u0151ket, mint a p\u00e1rtokat vagy ink\u00e1bb az \u00e1llam ne avatkozzon bele a szem\u00e9lyek szabad szervezked\u00e9s\u00e9be? Ahogy a latin mond\u00e1s is tartja a t\u00f6rt\u00e9nelem az \u00e9let tan\u00edt\u00f3mestere, \u00edgy fontosnak tartom bemutatni, hogy a m\u00faltban mik\u00e9nt is szab\u00e1lyozt\u00e1k a civil szervezetek feletti \u00e1llami kontrollt, \u00e9s abb\u00f3l kiindulva tal\u00e1lhat\u00f3-e egy-k\u00e9t olyan elem, amit \u00e9rdemes lenne megfontolni a jogalkot\u00f3nak a jelenlegi szab\u00e1lyoz\u00e1sokkal kapcsolatban? Jelen tanulm\u00e1nyban bemutatom, hogy hogyan is v\u00e1ltozott az \u00e1llami kontroll az egyes\u00fcletek felett a reformkort\u00f3l eg\u00e9szen napjainkig. Milyen v\u00e1ltoz\u00e1sok figyelhet\u0151ek meg, \u00e9s milyen megk\u00f6zel\u00edt\u00e9seket vagy int\u00e9zked\u00e9seket lenne \u00e9rdemes alkalmazni vagy pont, hogy elker\u00fclni a jelenlegi szab\u00e1lyoz\u00e1s kapcs\u00e1n?<\/p>\n\n\n\n<div style=\"height:5px\" aria-hidden=\"true\" class=\"wp-block-spacer\"><\/div>\n\n\n\n<h6 class=\"wp-block-heading\" id=\"abstract\">Abstract<\/h6>\n\n\n\n<p>In the 21<sup>st<\/sup> century, and particularly in Hungary, there is a growing interest in the activities of civil society organisations and the regulations affecting them. An interesting aspect of the subject is that civil society organisations, which are primarily located outside the political sphere, are nevertheless gaining ground in decision-making affecting society and even policy making. This raises the question as to whether or not these organisations should be allowed to play a political role, whether they should be regulated in the same way as political parties, or whether the state should not interfere in the free organisation of individuals. As the Latin proverb says, history is the teacher of life, so I think it is important to show how state control over NGOs has been regulated in the past and, on that basis, whether there are one or two elements that the legislator should consider in relation to current regulations. In this paper I will show how state control over associations has changed in Hungary from the 19<sup>th<\/sup> century to the present day. What changes can be observed and what approaches or measures should be taken or avoided in relation to the current regulations?<\/p>\n\n\n\n<div style=\"height:5px\" aria-hidden=\"true\" class=\"wp-block-spacer\"><\/div>\n\n\n\n<h6 class=\"wp-block-heading\" id=\"pdf\">Teljes sz\u00f6veg \/ Full text<\/h6>\n\n\n\n<div class=\"wp-block-buttons is-layout-flex wp-block-buttons-is-layout-flex\">\n<div class=\"wp-block-button\"><a class=\"wp-block-button__link wp-element-button\" href=\"https:\/\/www.proveritate.hu\/wp-content\/uploads\/2026\/01\/Kerkovits-G-A-civil-szervezetek-feletti-allami-kontroll-alakulasa-a-reformkor.pdf\">PDF (magyar)<\/a><\/div>\n<\/div>\n\n\n\n<div style=\"height:20px\" aria-hidden=\"true\" class=\"wp-block-spacer\"><\/div>\n\n\n\n<h6 class=\"wp-block-heading\" id=\"hivatk\">Hivatkoz\u00e1sok \/ References<\/h6>\n\n\n\n<p>Arat\u00f3 Krisztina \u2013 Mikecz D\u00e1niel: <em>Civil t\u00e1rsadalom, Szoci\u00e1lis Partnerek, t\u00e1rsadalmi mozgalmak.<\/em> In K\u00f6r\u00f6s\u00e9nyi Andr\u00e1s: (szerk): A magyar politikai rendszer negyedsz\u00e1zad ut\u00e1n. Budapest, Osiris, 2015.<\/p>\n\n\n\n<p>Bucher Eszter: <em>V\u00e1ltoz\u00e1sban a nonprofit szervezetek Magyarorsz\u00e1gon.<\/em> In Karlovitz J\u00e1nos Tibor (szerk): T\u00e1rsadalom, kultur\u00e1lis h\u00e1tt\u00e9r, gazdas\u00e1g. Kom\u00e1rno, International Research Institute s.r.o., 2016.<\/p>\n\n\n\n<p>Gerencs\u00e9r Bal\u00e1zs Szabolcs: <em>Az \u201c5 k\u00e9rd\u00e9ses m\u00f3dszer\u201d a k\u00f6zigazgat\u00e1si anyagi jog oktat\u00e1s\u00e1ban<\/em>. <a href=\"https:\/\/jak.ppke.hu\/storage\/tinymce\/uploads\/Kozig.tansz%C3%A9k\/5-ke--rde--ses-mo--dszer--handout--2023-.pdf?u=1bLMDe\">https:\/\/jak.ppke.hu\/storage\/tinymce\/uploads\/Kozig.tansz%C3%A9k\/5-ke&#8211;rde&#8211;ses-mo&#8211;dszer&#8211;handout&#8211;2023-.pdf?u=1bLMDe<\/a><\/p>\n\n\n\n<p>Hajas Barnab\u00e1s: <em>Az egyes\u00fcl\u00e9si jog.<\/em> In Schanda Bal\u00e1zs \u2013 Balogh Zsolt (szerk.): Alkotm\u00e1nyjog \u2013 alapjogok. Budapest, P\u00e1zm\u00e1ny Press, 2014.<\/p>\n\n\n\n<p>Kov\u00e1cs Krisztina: <em>Egyes\u00fcl\u00e9si jog.<\/em> In Jakab Andr\u00e1s (szerk.): Az alkotm\u00e1ny komment\u00e1rja. Budapest, Sz\u00e1zadv\u00e9g, 2009.<\/p>\n\n\n\n<p>Lyons, Mark: Measuring and Comparing Civil Societies. <em>Cosmopolitan Civil Societies Journal<\/em>, 2009\/1.<\/p>\n\n\n\n<p>Mezey Barna \u2013 Gosztonyi Gergely: <em>Magyar alkotm\u00e1nyt\u00f6rt\u00e9net.<\/em> Budapest, Osiris, 2020.<\/p>\n\n\n\n<p>N\u00e9meth Zsolt: <em>A civil szf\u00e9ra \u00e9s szerepe.<\/em> In Barab\u00e1s A. T\u00fcnde (szerk.): Alkalmazott kriminol\u00f3gia. Budapest, Akad\u00e9miai Kiad\u00f3 \u2013 Ludovika Egyetemi Kiad\u00f3, 2023.<\/p>\n\n\n\n<p>N\u00e9met Tam\u00e1s: Beny\u00fajtott\u00e1k a civilt\u00f6rv\u00e9ny m\u00f3dos\u00edt\u00e1s\u00e1t. <em>Index<\/em>, 2017. \u00e1prilis 4.<\/p>\n\n\n\n<p>Pajkossy G\u00e1bor: Egyes\u00fcletek a reformkori Magyarorsz\u00e1gon. <em>Hist\u00f3ria<\/em>, 1993\/2.<\/p>\n\n\n\n<p>Pavluska Val\u00e9ria: <em>Marketingelm\u00e9leti k\u00f6vetkeztet\u00e9sek a civil t\u00e1rsadalom \u00e9s a civil nonprofitszervezetek term\u00e9szet\u00e9nek vizsg\u00e1lat\u00e1b\u00f3l<\/em>. Doktori \u00e9rtekez\u00e9s. P\u00e9cs, P\u00e9csi Tudom\u00e1nyegyetem, 2006.<\/p>\n\n\n\n<p>Pulszky \u00c1gost: <em>A jog- \u00e9s \u00e1llamb\u00f6lcs\u00e9szet alaptanai<\/em>. Budapest, Hoffmann \u00e9s Moln\u00e1r, 1885.<\/p>\n\n\n\n<p>Sebesty\u00e9n Istv\u00e1n: Az egyes\u00fcletek sz\u00e1mbav\u00e9tel\u00e9nek m\u00f3dszertani probl\u00e9m\u00e1i a t\u00f6rt\u00e9neti statisztik\u00e1ban. <em>Statisztikai Szemle<\/em>, 2003\/4.<\/p>\n\n\n\n<p>Smith, Adam: <em>An Inquiry into the Nature and Causes of the Wealth of Nations<\/em>. London, W. Strahan and T. Cadell, 1776.<\/p>\n\n\n\n<p>Vehrer Ad\u00e9l: Egyes\u00fcleti \u00e9let haz\u00e1nkban a 19. sz\u00e1zad m\u00e1sodik fel\u00e9ben. <em>Polg\u00e1ri Szemle<\/em>, 2022\/4-6.<\/p>\n\n\n\n<p>1508\/1875. B. M. k\u00f6rrendelet, az egyletek t\u00e1rgy\u00e1ban<\/p>\n\n\n\n<p>1879. \u00e9vi XL. t\u00f6rv\u00e9nycikk a magyar b\u00fcntet\u0151 t\u00f6rv\u00e9nyk\u00f6nyv a kih\u00e1g\u00e1sokr\u00f3l<\/p>\n\n\n\n<p>1886. \u00e9vi XXI. t\u00f6rv\u00e9nycikk a t\u00f6rv\u00e9nyhat\u00f3s\u00e1gokr\u00f3l<\/p>\n\n\n\n<p>1989. \u00e9vi XXXIII. t\u00f6rv\u00e9ny a p\u00e1rtok m\u0171k\u00f6d\u00e9s\u00e9r\u0151l \u00e9s gazd\u00e1lkod\u00e1s\u00e1r\u00f3l<\/p>\n\n\n\n<p>1919. \u00e9vi III. n\u00e9pt\u00f6rv\u00e9ny az egyes\u00fcl\u00e9s \u00e9s gy\u00fclekez\u00e9s szabads\u00e1g\u00e1r\u00f3l<\/p>\n\n\n\n<p>1938. \u00e9vi XVII. t\u00f6rv\u00e9nycikk az egyes\u00fcl\u00e9si szabads\u00e1ggal elk\u00f6vetett vissza\u00e9l\u00e9sek megtorl\u00e1s\u00e1r\u00f3l<\/p>\n\n\n\n<p>1949. \u00e9vi XX. t\u00f6rv\u00e9ny a Magyar N\u00e9pk\u00f6zt\u00e1rsas\u00e1g Alkotm\u00e1ny\u00e1r\u00f3l<\/p>\n\n\n\n<p>1955. \u00e9vi 18. t\u00f6rv\u00e9nyerej\u0171 rendelet az egyes\u00fcletekr\u0151l<\/p>\n\n\n\n<p>1989. \u00e9vi II. t\u00f6rv\u00e9ny az egyes\u00fcl\u00e9si jogr\u00f3l<\/p>\n\n\n\n<p>1989. \u00e9vi XXXI. t\u00f6rv\u00e9ny az Alkotm\u00e1ny m\u00f3dos\u00edt\u00e1s\u00e1r\u00f3l<\/p>\n\n\n\n<p>2011. \u00e9vi CLXXV. t\u00f6rv\u00e9ny az egyes\u00fcl\u00e9si jogr\u00f3l, a k\u00f6zhaszn\u00fa jog\u00e1ll\u00e1sr\u00f3l, valamint a civil szervezetek m\u0171k\u00f6d\u00e9s\u00e9r\u0151l \u00e9s t\u00e1mogat\u00e1s\u00e1r\u00f3l<\/p>\n\n\n\n<p>2018. \u00e9vi LV. t\u00f6rv\u00e9ny a gy\u00fclekez\u00e9si jogr\u00f3l<\/p>\n\n\n\n<p>2021. \u00e9vi XCII. t\u00f6rv\u00e9ny a jogi szem\u00e9lyek nyilv\u00e1ntart\u00e1s\u00e1r\u00f3l \u00e9s a nyilv\u00e1ntart\u00e1si elj\u00e1r\u00e1sr\u00f3l<\/p>\n\n\n\n<p>22\/1994. (IV. 16) AB hat\u00e1rozat<\/p>\n\n\n\n<p>30\/1992. (V. 26.) AB hat\u00e1rozat<\/p>\n\n\n\n<p>75\/2008. (V. 29.) AB hat\u00e1rozat<\/p>\n\n\n\n<p>A m. kir. bel\u00fcgyministernek 1873. apr. 29-\u00e9n 1394. sz. a. kelt, valamennyi t\u00f6rv\u00e9nyhat\u00f3s\u00e1ghoz int\u00e9zett rendelete, az egyes\u00fcletek ellen\u0151rz\u00e9se t\u00e1rgy\u00e1ban<\/p>\n\n\n\n<p>A m. kir. bel\u00fcgyministernek 1874. marcz. l-\u00e9n 773. sz. a. valamennyi t\u00f6rv\u00e9nyhat\u00f3s\u00e1ghoz int\u00e9zett rendelete: az egyletek, t\u00e1rsulatok s int\u00e9zetek nyilv\u00e1ntart\u00e1sa t\u00e1rgy\u00e1ban 1873. \u00e1prilis 29-\u00e9n kelt 1394. sz\u00e1m\u00fa bel\u00fcgyministeri rendelet foganatos\u00edt\u00e1sa ir\u00e1nt<\/p>\n\n\n\n<p>A m. kir. bel\u00fcgyminister 1898. \u00e9vi 1136. sz\u00e1m\u00fa k\u00f6rrendelete valamennyi t\u00f6rv\u00e9nyhat\u00f3s\u00e1ghoz, a szab\u00e1lyellenesen alakult vagy alak\u00edtott, illet\u0151leg a hat\u00f3s\u00e1gilag feloszlatott vagy felf\u00fcggesztett egyletekben val\u00f3 r\u00e9szv\u00e9telnek kih\u00e1g\u00e1ss\u00e1 min\u0151s\u00edt\u00e9se t\u00e1rgy\u00e1ban<\/p>\n\n\n\n<p>A m. kir. miniszt\u00e9rium 1914. \u00e9vi 5.479. M. E. sz\u00e1m\u00fa rendelete az egyes\u00fcleti jog korl\u00e1toz\u00e1s\u00e1r\u00f3l<\/p>\n\n\n\n<p>A m. kir. miniszt\u00e9riumnak \u00e9s az egyes minisztereknek 1914. \u00e9vi 5.735. M. E. sz\u00e1m\u00fa rendelete<\/p>\n\n\n\n<p>A magyar miniszt\u00e9rium 1918. \u00e9vi 4.970. M. E sz. rendelete, az egyes\u00fcl\u00e9si jog korl\u00e1toz\u00e1s\u00e1nak megsz\u00fcntet\u00e9s\u00e9r\u0151l<\/p>\n\n\n\n<p>A magyar korm\u00e1ny 1919. \u00e9vi 5084. M. E. sz\u00e1m\u00fa rendelete, az egyes\u00fcl\u00e9si \u00e9s a gy\u00fclekez\u00e9si jogr\u00f3l<\/p>\n\n\n\n<p>A m. kir. bel\u00fcgyminiszter 1922. \u00e9vi 77.000. sz\u00e1m\u00fa rendelete, az egyes\u00fcleti ad\u00f3szab\u00e1lyok \u00e1ltal\u00e1nos kell\u00e9keir\u0151l<\/p>\n\n\n\n<p>A m. kir. bel\u00fcgyminiszter 1938. \u00e9vi 181.000\/1937. sz\u00e1m\u00fa k\u00f6rrendelete, az egyes\u00fcletek m\u0171k\u00f6d\u00e9s\u00e9nek fokozottabb fel\u00fcgyelet\u00e9r\u0151l \u00e9s ellen\u0151rz\u00e9s\u00e9r\u0151l<\/p>\n\n\n\n<p>A m. kir. miniszt\u00e9rium 1939. \u00e9vi 8.110. M. E. sz\u00e1m\u00fa rendelete, az egyes\u00fcl\u00e9si jog korl\u00e1toz\u00e1s\u00e1r\u00f3l<\/p>\n\n\n\n<p><em>Civil k\u00e9zik\u00f6nyv: \u00datmutat\u00f3 a civil szervezetek mindennapi m\u0171k\u00f6d\u00e9s\u00e9hez<\/em>. Miskolc, Es\u00e9ly \u00e9s R\u00e9szv\u00e9tel K\u00f6zhaszn\u00fa Egyes\u00fclet, 2022. <a href=\"http:\/\/recic.hu\/csongrad\/media\/2070\/civil-k%C3%A9zik%C3%B6nyv-2022.pdf\">http:\/\/recic.hu\/csongrad\/media\/2070\/civil-k%C3%A9zik%C3%B6nyv-2022.pdf<\/a><\/p>\n\n\n\n<p><em>\u00dcgy\u00e9szs\u00e9gi statisztikai t\u00e1j\u00e9koztat\u00f3. K\u00f6z\u00e9rdekv\u00e9delmi szakter\u00fclet. A 2022. \u00e9vi tev\u00e9kenys\u00e9g.<\/em> Budapest, Legf\u0151bb \u00dcgy\u00e9szs\u00e9g, 2023. <a href=\"https:\/\/ugyeszseg.hu\/wp-content\/uploads\/2023\/11\/kozerdekvedelmi-szakterulet-2022.-ev.pdf\">https:\/\/ugyeszseg.hu\/wp-content\/uploads\/2023\/11\/kozerdekvedelmi-szakterulet-2022.-ev.pdf<\/a><\/p>\n\n\n\n<p><a href=\"https:\/\/index.hu\/belfold\/2017\/04\/12\/szerdan_ujabb_tuntetes_lesz_a_hosok_teren\">https:\/\/index.hu\/belfold\/2017\/04\/12\/szerdan_ujabb_tuntetes_lesz_a_hosok_teren<\/a><\/p>\n\n\n\n<p><a href=\"https:\/\/www.venice.coe.int\/webforms\/documents\/default.aspx?pdffile=CDL-AD(2017)015-e\">https:\/\/www.venice.coe.int\/webforms\/documents\/default.aspx?pdffile=CDL-AD(2017)015-e<\/a><\/p>\n\n\n\n<p><a href=\"https:\/\/ec.europa.eu\/commission\/presscorner\/detail\/es\/IP_17_5003\">https:\/\/ec.europa.eu\/commission\/presscorner\/detail\/es\/IP_17_5003<\/a><\/p>\n\n\n\n<p><a href=\"https:\/\/civil.info.hu\/kezdolap\/CKSZK\/index.html\">https:\/\/civil.info.hu\/kezdolap\/CKSZK\/index.html<\/a><\/p>\n\n\n\n<p><a href=\"https:\/\/civil.info.hu\/kezdolap\/civil_kiadvanyok\/civil_kezikonyv\/index.html\">https:\/\/civil.info.hu\/kezdolap\/civil_kiadvanyok\/civil_kezikonyv\/index.html<\/a><\/p>\n\n\n\n<p><a href=\"https:\/\/www.ksh.hu\/stadat_files\/gsz\/hu\/gsz0041.html\">https:\/\/www.ksh.hu\/stadat_files\/gsz\/hu\/gsz0041.html<\/a><\/p>\n\n\n\n<p>Magyarorsz\u00e1g Alapt\u00f6rv\u00e9nye (2011. \u00e1prilis 25.)<\/p>\n\n\n\n<div style=\"height:5px\" aria-hidden=\"true\" class=\"wp-block-spacer\"><\/div>\n\n\n\n<h6 class=\"wp-block-heading\" id=\"copyright\">Copyright<\/h6>\n\n\n\n<p>(C) Pro Veritate K\u00f6zhaszn\u00fa Egyes\u00fclet<\/p>\n\n\n\n<p>(C) Szerz\u0151 \/ Author<\/p>\n\n\n\n<p>Az Ember \u00e9s Jog ny\u00edlt hozz\u00e1f\u00e9r\u00e9s\u0171 (Open Access) foly\u00f3irat, az abban megtal\u00e1lhat\u00f3 cikkek <a href=\"https:\/\/www.proveritate.hu\/index.php\/ember-es-jog-publikacios-es-etikai-szabalyzat\/#openaccess\">szabadon hozz\u00e1f\u00e9rhet\u0151k<\/a> az Olvas\u00f3k sz\u00e1m\u00e1ra.<\/p>\n\n\n\n<p>A foly\u00f3irat \u00e9s a cikkek a&nbsp;<a href=\"https:\/\/creativecommons.org\/licenses\/by-nc-nd\/4.0\/deed.hu\">Creative Commons CC BY-NC-ND 4.0<\/a>&nbsp;licenc alatt \u00e1llnak.<\/p>\n\n\n\n<p xmlns:cc=\"http:\/\/creativecommons.org\/ns#\"><a href=\"https:\/\/creativecommons.org\/licenses\/by-nc-nd\/4.0\/deed.hu\" target=\"_blank\" rel=\"license noopener noreferrer\" style=\"display:inline-block;\"><img decoding=\"async\" style=\"height:22px!important;margin-left:3px;vertical-align:text-bottom;\" src=\"https:\/\/mirrors.creativecommons.org\/presskit\/icons\/cc.svg?ref=chooser-v1\" alt=\"\"><img decoding=\"async\" style=\"height:22px!important;margin-left:3px;vertical-align:text-bottom;\" src=\"https:\/\/mirrors.creativecommons.org\/presskit\/icons\/by.svg?ref=chooser-v1\" alt=\"\"><img decoding=\"async\" style=\"height:22px!important;margin-left:3px;vertical-align:text-bottom;\" src=\"https:\/\/mirrors.creativecommons.org\/presskit\/icons\/nc.svg?ref=chooser-v1\" alt=\"\"><img decoding=\"async\" style=\"height:22px!important;margin-left:3px;vertical-align:text-bottom;\" src=\"https:\/\/mirrors.creativecommons.org\/presskit\/icons\/nd.svg?ref=chooser-v1\" alt=\"\"><\/a><\/p>\n\n\n\n<div style=\"height:100px\" aria-hidden=\"true\" class=\"wp-block-spacer\"><\/div>\n\n\n\n<a href=\"https:\/\/info.flagcounter.com\/xq0N\"><img decoding=\"async\" src=\"https:\/\/s01.flagcounter.com\/count2\/xq0N\/bg_FFFFFF\/txt_000000\/border_CCCCCC\/columns_8\/maxflags_150\/viewers_0\/labels_1\/pageviews_1\/flags_0\/percent_0\/\" alt=\"Free counters!\" border=\"0\"><\/a>\n\n\n\n<div style=\"height:40px\" aria-hidden=\"true\" class=\"wp-block-spacer\"><\/div>\n","protected":false},"excerpt":{"rendered":"<p>KERKOVITS Gergely Ambrus egyes\u00fcletek, \u00e1llami kontroll, szabad egyes\u00fcl\u00e9s, \u00fcgy\u00e9szs\u00e9g t\u00f6rv\u00e9nyess\u00e9gi fel\u00fcgyelete, b\u00edr\u00f3i kontroll NGOs, state control, freedom of association, prosecutor&#8217;s supervision, judicial control Megjelen\u00e9s \/ Publication Beny\u00fajtva \/ Submitted Elfogadva \/ Accepted Publik\u00e1lva \/ Publicated Lapsz\u00e1m \/ Issue 2025. febru\u00e1r 10. 2025. m\u00e1jus 17. 2025. j\u00falius 31. Ember \u00e9s Jog, 2025\/1-2. Szerz\u0151 \/ Author Dr. Kerkovits Gergely Ambrus Doktorandusz hallgat\u00f3 P\u00e1zm\u00e1ny P\u00e9ter Katolikus Egyetem Jog- \u00e9s \u00c1llamtudom\u00e1nyi Doktori Iskola, Budapest MTMT: 10096556 Id\u00e9z\u00e9s \/ How to cite KERKOVITS Gergely Ambrus: A civil szervezetek feletti \u00e1llami kontroll alakul\u00e1sa a reformkort\u00f3l napjainkig. Ember \u00e9s Jog, 2025\/1-2. 53\u201377. Absztrakt A XXI. sz\u00e1zadban \u00e9s k\u00fcl\u00f6n\u00f6sen haz\u00e1nkban egyre nagyobb \u00e9rdekl\u0151d\u00e9s \u00f6vezi a civil szervezetek tev\u00e9kenys\u00e9g\u00e9t, illetve a civil szf\u00e9r\u00e1t \u00e9rint\u0151 \u00e1llami szab\u00e1lyoz\u00e1sokat. A t\u00e9ma \u00e9rdekess\u00e9g\u00e9t adja, hogy a civil szervezetek, amelyek els\u0151sorban a politik\u00e1n k\u00edv\u00fcli t\u00e9rben helyezkednek el, m\u00e9gis egyre nagyobb teret kapnak a t\u00e1rsadalmat \u00e9rint\u0151 d\u00f6nt\u00e9shozatalban, de ak\u00e1r a p\u00e1rtpolitik\u00e1ban is. Emiatt felmer\u00fcl a k\u00e9rd\u00e9s, hogy ezen szervezetek akkor politiz\u00e1lhatnak-e vagy sem, kell- e \u00fagy szab\u00e1lyozni \u0151ket, mint a p\u00e1rtokat vagy ink\u00e1bb az \u00e1llam ne avatkozzon bele a szem\u00e9lyek szabad szervezked\u00e9s\u00e9be? Ahogy a latin mond\u00e1s is tartja a t\u00f6rt\u00e9nelem az \u00e9let tan\u00edt\u00f3mestere, \u00edgy fontosnak tartom bemutatni, hogy a m\u00faltban mik\u00e9nt is szab\u00e1lyozt\u00e1k a civil szervezetek feletti \u00e1llami kontrollt, \u00e9s abb\u00f3l kiindulva tal\u00e1lhat\u00f3-e egy-k\u00e9t olyan elem, amit \u00e9rdemes lenne megfontolni a jogalkot\u00f3nak a jelenlegi szab\u00e1lyoz\u00e1sokkal kapcsolatban? Jelen tanulm\u00e1nyban bemutatom, hogy hogyan is v\u00e1ltozott az \u00e1llami kontroll az egyes\u00fcletek felett a reformkort\u00f3l eg\u00e9szen napjainkig. Milyen v\u00e1ltoz\u00e1sok figyelhet\u0151ek meg, \u00e9s milyen megk\u00f6zel\u00edt\u00e9seket vagy int\u00e9zked\u00e9seket lenne \u00e9rdemes alkalmazni vagy pont, hogy elker\u00fclni a jelenlegi szab\u00e1lyoz\u00e1s kapcs\u00e1n? Abstract In the 21st century, and particularly in Hungary, there is a growing interest in the activities of civil society organisations and the regulations affecting them. An interesting aspect of the subject is that civil society organisations, which are primarily located outside the political sphere, are nevertheless gaining ground in decision-making affecting society and even policy making. This raises the question as to whether or not these organisations should be allowed to play a political role, whether they should be regulated in the same way as political parties, or whether the state should not interfere in the free organisation of individuals. As the Latin proverb says, history is the teacher of life, so I think it is important to show how state control over NGOs has been regulated in the past and, on that basis, whether there are one or two elements that the legislator should consider in relation to current regulations. In this paper I will show how state control over associations has changed in Hungary from the 19th century to the present day. What changes can be observed and what approaches or measures should be taken or avoided in relation to the current regulations? Teljes sz\u00f6veg \/ Full text Hivatkoz\u00e1sok \/ References Arat\u00f3 Krisztina \u2013 Mikecz D\u00e1niel: Civil t\u00e1rsadalom, Szoci\u00e1lis Partnerek, t\u00e1rsadalmi mozgalmak. In K\u00f6r\u00f6s\u00e9nyi Andr\u00e1s: (szerk): A magyar politikai rendszer negyedsz\u00e1zad ut\u00e1n. Budapest, Osiris, 2015. Bucher Eszter: V\u00e1ltoz\u00e1sban a nonprofit szervezetek Magyarorsz\u00e1gon. In Karlovitz J\u00e1nos Tibor (szerk): T\u00e1rsadalom, kultur\u00e1lis h\u00e1tt\u00e9r, gazdas\u00e1g. Kom\u00e1rno, International Research Institute s.r.o., 2016. Gerencs\u00e9r Bal\u00e1zs Szabolcs: Az \u201c5 k\u00e9rd\u00e9ses m\u00f3dszer\u201d a k\u00f6zigazgat\u00e1si anyagi jog oktat\u00e1s\u00e1ban. https:\/\/jak.ppke.hu\/storage\/tinymce\/uploads\/Kozig.tansz%C3%A9k\/5-ke&#8211;rde&#8211;ses-mo&#8211;dszer&#8211;handout&#8211;2023-.pdf?u=1bLMDe Hajas Barnab\u00e1s: Az egyes\u00fcl\u00e9si jog. In Schanda Bal\u00e1zs \u2013 Balogh Zsolt (szerk.): Alkotm\u00e1nyjog \u2013 alapjogok. Budapest, P\u00e1zm\u00e1ny Press, 2014. Kov\u00e1cs Krisztina: Egyes\u00fcl\u00e9si jog. In Jakab Andr\u00e1s (szerk.): Az alkotm\u00e1ny komment\u00e1rja. Budapest, Sz\u00e1zadv\u00e9g, 2009. Lyons, Mark: Measuring and Comparing Civil Societies. Cosmopolitan Civil Societies Journal, 2009\/1. Mezey Barna \u2013 Gosztonyi Gergely: Magyar alkotm\u00e1nyt\u00f6rt\u00e9net. Budapest, Osiris, 2020. N\u00e9meth Zsolt: A civil szf\u00e9ra \u00e9s szerepe. In Barab\u00e1s A. T\u00fcnde (szerk.): Alkalmazott kriminol\u00f3gia. Budapest, Akad\u00e9miai Kiad\u00f3 \u2013 Ludovika Egyetemi Kiad\u00f3, 2023. N\u00e9met Tam\u00e1s: Beny\u00fajtott\u00e1k a civilt\u00f6rv\u00e9ny m\u00f3dos\u00edt\u00e1s\u00e1t. Index, 2017. \u00e1prilis 4. Pajkossy G\u00e1bor: Egyes\u00fcletek a reformkori Magyarorsz\u00e1gon. Hist\u00f3ria, 1993\/2. Pavluska Val\u00e9ria: Marketingelm\u00e9leti k\u00f6vetkeztet\u00e9sek a civil t\u00e1rsadalom \u00e9s a civil nonprofitszervezetek term\u00e9szet\u00e9nek vizsg\u00e1lat\u00e1b\u00f3l. Doktori \u00e9rtekez\u00e9s. P\u00e9cs, P\u00e9csi Tudom\u00e1nyegyetem, 2006. Pulszky \u00c1gost: A jog- \u00e9s \u00e1llamb\u00f6lcs\u00e9szet alaptanai. Budapest, Hoffmann \u00e9s Moln\u00e1r, 1885. Sebesty\u00e9n Istv\u00e1n: Az egyes\u00fcletek sz\u00e1mbav\u00e9tel\u00e9nek m\u00f3dszertani probl\u00e9m\u00e1i a t\u00f6rt\u00e9neti statisztik\u00e1ban. Statisztikai Szemle, 2003\/4. Smith, Adam: An Inquiry into the Nature and Causes of the Wealth of Nations. London, W. Strahan and T. Cadell, 1776. Vehrer Ad\u00e9l: Egyes\u00fcleti \u00e9let haz\u00e1nkban a 19. sz\u00e1zad m\u00e1sodik fel\u00e9ben. Polg\u00e1ri Szemle, 2022\/4-6. 1508\/1875. B. M. k\u00f6rrendelet, az egyletek t\u00e1rgy\u00e1ban 1879. \u00e9vi XL. t\u00f6rv\u00e9nycikk a magyar b\u00fcntet\u0151 t\u00f6rv\u00e9nyk\u00f6nyv a kih\u00e1g\u00e1sokr\u00f3l 1886. \u00e9vi XXI. t\u00f6rv\u00e9nycikk a t\u00f6rv\u00e9nyhat\u00f3s\u00e1gokr\u00f3l 1989. \u00e9vi XXXIII. t\u00f6rv\u00e9ny a p\u00e1rtok m\u0171k\u00f6d\u00e9s\u00e9r\u0151l \u00e9s gazd\u00e1lkod\u00e1s\u00e1r\u00f3l 1919. \u00e9vi III. n\u00e9pt\u00f6rv\u00e9ny az egyes\u00fcl\u00e9s \u00e9s gy\u00fclekez\u00e9s szabads\u00e1g\u00e1r\u00f3l 1938. \u00e9vi XVII. t\u00f6rv\u00e9nycikk az egyes\u00fcl\u00e9si szabads\u00e1ggal elk\u00f6vetett vissza\u00e9l\u00e9sek megtorl\u00e1s\u00e1r\u00f3l 1949. \u00e9vi XX. t\u00f6rv\u00e9ny a Magyar N\u00e9pk\u00f6zt\u00e1rsas\u00e1g Alkotm\u00e1ny\u00e1r\u00f3l 1955. \u00e9vi 18. t\u00f6rv\u00e9nyerej\u0171 rendelet az egyes\u00fcletekr\u0151l 1989. \u00e9vi II. t\u00f6rv\u00e9ny az egyes\u00fcl\u00e9si jogr\u00f3l 1989. \u00e9vi XXXI. t\u00f6rv\u00e9ny az Alkotm\u00e1ny m\u00f3dos\u00edt\u00e1s\u00e1r\u00f3l 2011. \u00e9vi CLXXV. t\u00f6rv\u00e9ny az egyes\u00fcl\u00e9si jogr\u00f3l, a k\u00f6zhaszn\u00fa jog\u00e1ll\u00e1sr\u00f3l, valamint a civil szervezetek m\u0171k\u00f6d\u00e9s\u00e9r\u0151l \u00e9s t\u00e1mogat\u00e1s\u00e1r\u00f3l 2018. \u00e9vi LV. t\u00f6rv\u00e9ny a gy\u00fclekez\u00e9si jogr\u00f3l 2021. \u00e9vi XCII. t\u00f6rv\u00e9ny a jogi szem\u00e9lyek nyilv\u00e1ntart\u00e1s\u00e1r\u00f3l \u00e9s a nyilv\u00e1ntart\u00e1si elj\u00e1r\u00e1sr\u00f3l 22\/1994. (IV. 16) AB hat\u00e1rozat 30\/1992. (V. 26.) AB hat\u00e1rozat 75\/2008. (V. 29.) AB hat\u00e1rozat A m. kir. bel\u00fcgyministernek 1873. apr. 29-\u00e9n 1394. sz. a. kelt, valamennyi t\u00f6rv\u00e9nyhat\u00f3s\u00e1ghoz int\u00e9zett rendelete, az egyes\u00fcletek ellen\u0151rz\u00e9se t\u00e1rgy\u00e1ban A m. kir. bel\u00fcgyministernek 1874. marcz. l-\u00e9n 773. sz. a. valamennyi t\u00f6rv\u00e9nyhat\u00f3s\u00e1ghoz int\u00e9zett rendelete: az egyletek, t\u00e1rsulatok s int\u00e9zetek nyilv\u00e1ntart\u00e1sa t\u00e1rgy\u00e1ban 1873. \u00e1prilis 29-\u00e9n kelt 1394. sz\u00e1m\u00fa bel\u00fcgyministeri rendelet foganatos\u00edt\u00e1sa ir\u00e1nt A m. kir. bel\u00fcgyminister 1898. \u00e9vi 1136. sz\u00e1m\u00fa k\u00f6rrendelete valamennyi t\u00f6rv\u00e9nyhat\u00f3s\u00e1ghoz, a szab\u00e1lyellenesen alakult vagy alak\u00edtott, illet\u0151leg a hat\u00f3s\u00e1gilag feloszlatott vagy felf\u00fcggesztett egyletekben val\u00f3 r\u00e9szv\u00e9telnek kih\u00e1g\u00e1ss\u00e1 min\u0151s\u00edt\u00e9se t\u00e1rgy\u00e1ban A m. kir. miniszt\u00e9rium 1914. \u00e9vi 5.479. M. E. sz\u00e1m\u00fa rendelete az egyes\u00fcleti jog korl\u00e1toz\u00e1s\u00e1r\u00f3l A m. kir. miniszt\u00e9riumnak \u00e9s az egyes minisztereknek 1914. \u00e9vi 5.735. M. E. sz\u00e1m\u00fa rendelete A magyar miniszt\u00e9rium 1918. \u00e9vi 4.970. M. E sz. rendelete, az egyes\u00fcl\u00e9si jog korl\u00e1toz\u00e1s\u00e1nak megsz\u00fcntet\u00e9s\u00e9r\u0151l A magyar korm\u00e1ny 1919. \u00e9vi 5084. M. E. sz\u00e1m\u00fa rendelete, az egyes\u00fcl\u00e9si \u00e9s a gy\u00fclekez\u00e9si jogr\u00f3l A m. kir. bel\u00fcgyminiszter 1922. \u00e9vi 77.000. sz\u00e1m\u00fa rendelete, az egyes\u00fcleti ad\u00f3szab\u00e1lyok \u00e1ltal\u00e1nos kell\u00e9keir\u0151l A m. kir. bel\u00fcgyminiszter 1938. \u00e9vi 181.000\/1937. sz\u00e1m\u00fa k\u00f6rrendelete, az egyes\u00fcletek m\u0171k\u00f6d\u00e9s\u00e9nek fokozottabb fel\u00fcgyelet\u00e9r\u0151l \u00e9s ellen\u0151rz\u00e9s\u00e9r\u0151l A m. kir. miniszt\u00e9rium 1939. \u00e9vi 8.110. M. E. sz\u00e1m\u00fa rendelete, az egyes\u00fcl\u00e9si jog korl\u00e1toz\u00e1s\u00e1r\u00f3l Civil k\u00e9zik\u00f6nyv: \u00datmutat\u00f3 a civil szervezetek mindennapi m\u0171k\u00f6d\u00e9s\u00e9hez. Miskolc, Es\u00e9ly \u00e9s R\u00e9szv\u00e9tel K\u00f6zhaszn\u00fa Egyes\u00fclet, 2022. http:\/\/recic.hu\/csongrad\/media\/2070\/civil-k%C3%A9zik%C3%B6nyv-2022.pdf \u00dcgy\u00e9szs\u00e9gi statisztikai t\u00e1j\u00e9koztat\u00f3. K\u00f6z\u00e9rdekv\u00e9delmi szakter\u00fclet. A 2022. \u00e9vi tev\u00e9kenys\u00e9g. Budapest, Legf\u0151bb \u00dcgy\u00e9szs\u00e9g, 2023. https:\/\/ugyeszseg.hu\/wp-content\/uploads\/2023\/11\/kozerdekvedelmi-szakterulet-2022.-ev.pdf https:\/\/index.hu\/belfold\/2017\/04\/12\/szerdan_ujabb_tuntetes_lesz_a_hosok_teren https:\/\/www.venice.coe.int\/webforms\/documents\/default.aspx?pdffile=CDL-AD(2017)015-e https:\/\/ec.europa.eu\/commission\/presscorner\/detail\/es\/IP_17_5003 https:\/\/civil.info.hu\/kezdolap\/CKSZK\/index.html https:\/\/civil.info.hu\/kezdolap\/civil_kiadvanyok\/civil_kezikonyv\/index.html https:\/\/www.ksh.hu\/stadat_files\/gsz\/hu\/gsz0041.html Magyarorsz\u00e1g Alapt\u00f6rv\u00e9nye (2011. \u00e1prilis 25.) Copyright (C) Pro Veritate K\u00f6zhaszn\u00fa Egyes\u00fclet (C) Szerz\u0151 \/ Author Az Ember \u00e9s Jog ny\u00edlt hozz\u00e1f\u00e9r\u00e9s\u0171 (Open Access) foly\u00f3irat, az abban megtal\u00e1lhat\u00f3 cikkek szabadon hozz\u00e1f\u00e9rhet\u0151k az Olvas\u00f3k sz\u00e1m\u00e1ra. A foly\u00f3irat \u00e9s a cikkek a&nbsp;Creative Commons CC BY-NC-ND 4.0&nbsp;licenc alatt \u00e1llnak.<\/p>\n","protected":false},"author":1,"featured_media":0,"parent":0,"menu_order":0,"comment_status":"closed","ping_status":"closed","template":"","meta":{"footnotes":""},"class_list":["post-6114","page","type-page","status-publish","hentry"],"_links":{"self":[{"href":"https:\/\/www.proveritate.hu\/index.php\/wp-json\/wp\/v2\/pages\/6114","targetHints":{"allow":["GET"]}}],"collection":[{"href":"https:\/\/www.proveritate.hu\/index.php\/wp-json\/wp\/v2\/pages"}],"about":[{"href":"https:\/\/www.proveritate.hu\/index.php\/wp-json\/wp\/v2\/types\/page"}],"author":[{"embeddable":true,"href":"https:\/\/www.proveritate.hu\/index.php\/wp-json\/wp\/v2\/users\/1"}],"replies":[{"embeddable":true,"href":"https:\/\/www.proveritate.hu\/index.php\/wp-json\/wp\/v2\/comments?post=6114"}],"version-history":[{"count":3,"href":"https:\/\/www.proveritate.hu\/index.php\/wp-json\/wp\/v2\/pages\/6114\/revisions"}],"predecessor-version":[{"id":6120,"href":"https:\/\/www.proveritate.hu\/index.php\/wp-json\/wp\/v2\/pages\/6114\/revisions\/6120"}],"wp:attachment":[{"href":"https:\/\/www.proveritate.hu\/index.php\/wp-json\/wp\/v2\/media?parent=6114"}],"curies":[{"name":"wp","href":"https:\/\/api.w.org\/{rel}","templated":true}]}}