{"id":6099,"date":"2026-01-02T16:14:51","date_gmt":"2026-01-02T15:14:51","guid":{"rendered":"https:\/\/www.proveritate.hu\/?page_id=6099"},"modified":"2026-01-02T23:03:50","modified_gmt":"2026-01-02T22:03:50","slug":"a-helyi-onkormanyzatok-oroklesi-jogi-helyzete-ii","status":"publish","type":"page","link":"https:\/\/www.proveritate.hu\/index.php\/a-helyi-onkormanyzatok-oroklesi-jogi-helyzete-ii\/","title":{"rendered":"A helyi \u00f6nkorm\u00e1nyzatok \u00f6r\u00f6kl\u00e9si jogi helyzete II."},"content":{"rendered":"\n<h6 class=\"wp-block-heading has-text-align-center\"><em><strong>KISS Tibor<\/strong><\/em><\/h6>\n\n\n\n<div style=\"height:30px\" aria-hidden=\"true\" class=\"wp-block-spacer\"><\/div>\n\n\n\n<hr class=\"wp-block-separator has-alpha-channel-opacity\"\/>\n\n\n\n<div style=\"height:30px\" aria-hidden=\"true\" class=\"wp-block-spacer\"><\/div>\n\n\n\n<p class=\"has-text-align-center\"><em>helyi \u00f6nkorm\u00e1nyzat, v\u00e9gint\u00e9zked\u00e9s, t\u00f6rv\u00e9nyes \u00f6r\u00f6kl\u00e9s, hagyat\u00e9ki elj\u00e1r\u00e1s, mez\u0151- \u00e9s erd\u0151gazdas\u00e1gi hasznos\u00edt\u00e1s\u00fa f\u00f6ld<\/em><\/p>\n\n\n\n<div style=\"height:15px\" aria-hidden=\"true\" class=\"wp-block-spacer\"><\/div>\n\n\n\n<p class=\"has-text-align-center\"><em>local government, testamentary disposition, legal succession, probate, agricultural and forestry land<\/em><\/p>\n\n\n\n<div style=\"height:30px\" aria-hidden=\"true\" class=\"wp-block-spacer\"><\/div>\n\n\n\n<hr class=\"wp-block-separator has-alpha-channel-opacity\"\/>\n\n\n\n<div style=\"height:40px\" aria-hidden=\"true\" class=\"wp-block-spacer\"><\/div>\n\n\n\n<div class=\"wp-block-buttons is-content-justification-space-between is-layout-flex wp-container-core-buttons-is-layout-b2891da8 wp-block-buttons-is-layout-flex\">\n<div class=\"wp-block-button\"><a class=\"wp-block-button__link has-text-align-center wp-element-button\" href=\"https:\/\/www.proveritate.hu\/index.php\/ember-es-jog-lapszamok\/\">Aktu\u00e1lis lapsz\u00e1m<\/a><\/div>\n\n\n\n<div class=\"wp-block-button\"><a class=\"wp-block-button__link has-text-align-center wp-element-button\" href=\"https:\/\/www.proveritate.hu\/index.php\/ember-es-jog-lapszamok\/\">Arch\u00edv lapsz\u00e1mok<\/a><\/div>\n\n\n\n<div class=\"wp-block-button is-style-fill\"><a class=\"wp-block-button__link has-text-align-center wp-element-button\" href=\"https:\/\/www.proveritate.hu\/index.php\/kezirat-benyujtas-ember-es-jog\/\" style=\"border-radius:100px\">K\u00e9zirat bek\u00fcld\u00e9s<\/a><\/div>\n\n\n\n<div class=\"wp-block-button\"><a class=\"wp-block-button__link has-text-align-center wp-element-button\" href=\"https:\/\/www.proveritate.hu\/index.php\/szerzoi-utmutato\/\" target=\"_blank\" rel=\"noreferrer noopener\">Szerz\u0151i \u00datmutat\u00f3<\/a><\/div>\n<\/div>\n\n\n\n<div style=\"height:60px\" aria-hidden=\"true\" class=\"wp-block-spacer\"><\/div>\n\n\n\n<ul class=\"wp-block-list\">\n<li><a href=\"#szerzo\">Szerz\u0151 \/ Author<\/a><\/li>\n\n\n\n<li><a href=\"#cite\">Id\u00e9z\u00e9s \/ How to cite<\/a><\/li>\n\n\n\n<li><a href=\"#absztrakt\">Absztrakt \/ <\/a><a href=\"#abstract\">Abstract<\/a><\/li>\n\n\n\n<li><a href=\"#pdf\">Teljes sz\u00f6veg (magyar) \/ Full text (Hungarian)<\/a><\/li>\n\n\n\n<li><a href=\"#hivatk\">Hivatkoz\u00e1sok \/ References<\/a><\/li>\n\n\n\n<li><a href=\"#copyright\">Copyright<\/a><\/li>\n<\/ul>\n\n\n\n<div style=\"height:40px\" aria-hidden=\"true\" class=\"wp-block-spacer\"><\/div>\n\n\n\n<h6 class=\"wp-block-heading\">Megjelen\u00e9s \/ Publication<\/h6>\n\n\n\n<figure class=\"wp-block-table is-style-stripes\"><table class=\"has-fixed-layout\"><thead><tr><th class=\"has-text-align-center\" data-align=\"center\"><strong>Beny\u00fajtva<\/strong> \/ Submitted<\/th><th class=\"has-text-align-center\" data-align=\"center\"><strong>Elfogadva<\/strong> \/ Accepted<\/th><th class=\"has-text-align-center\" data-align=\"center\"><strong>Publik\u00e1lva<\/strong> \/ Publicated<\/th><th class=\"has-text-align-center\" data-align=\"center\">Lapsz\u00e1m \/ Issue<\/th><\/tr><\/thead><tbody><tr><td class=\"has-text-align-center\" data-align=\"center\">2024. okt\u00f3ber 5.<\/td><td class=\"has-text-align-center\" data-align=\"center\">2025. m\u00e1rcius 27.<\/td><td class=\"has-text-align-center\" data-align=\"center\">2025. j\u00falius 31.<\/td><td class=\"has-text-align-center\" data-align=\"center\">Ember \u00e9s Jog, 2025\/1-2.<\/td><\/tr><\/tbody><\/table><\/figure>\n\n\n\n<div style=\"height:20px\" aria-hidden=\"true\" class=\"wp-block-spacer\"><\/div>\n\n\n\n<h6 class=\"wp-block-heading\" id=\"szerzo\">Szerz\u0151 \/ Author<\/h6>\n\n\n\n<p>Dr. habil. Kiss Tibor PhD<\/p>\n\n\n\n<p>Egyetemi docens, mb. oktat\u00e1si d\u00e9k\u00e1nhelyettes, \u00fcgyv\u00e9d<\/p>\n\n\n\n<p>Debreceni Egyetem, \u00c1llam- \u00e9s Jogtudom\u00e1nyi Kar, Polg\u00e1ri Jogi Tansz\u00e9k, Debrecen<\/p>\n\n\n\n<p>Oppenheim \u00dcgyv\u00e9di Iroda, Budapest<\/p>\n\n\n\n<p>MTMT: 10036223<\/p>\n\n\n\n<div style=\"height:5px\" aria-hidden=\"true\" class=\"wp-block-spacer\"><\/div>\n\n\n\n<h6 class=\"wp-block-heading\" id=\"cite\">Id\u00e9z\u00e9s \/ How to cite<\/h6>\n\n\n\n<p>KISS Tibor: A helyi \u00f6nkorm\u00e1nyzatok \u00f6r\u00f6kl\u00e9si jogi helyzete II. <em>Ember \u00e9s Jog<\/em>, 2025\/1-2. 27\u201351.<\/p>\n\n\n\n<div style=\"height:5px\" aria-hidden=\"true\" class=\"wp-block-spacer\"><\/div>\n\n\n\n<h6 class=\"wp-block-heading\" id=\"absztrakt\">Absztrakt<\/h6>\n\n\n\n<p>A helyi \u00f6nkorm\u00e1nyzatok, mint k\u00f6zjogi jogalanyok mag\u00e1njog szf\u00e9r\u00e1j\u00e1ban kifejtett tev\u00e9kenys\u00e9ge, mag\u00e1njogi jogalanyis\u00e1ga kev\u00e9s esetben mutat olyan specialit\u00e1sokat, mint amikor a helyi \u00f6nkorm\u00e1nyzat hagyat\u00e9ki t\u00e1rgyak \u00f6r\u00f6k\u00f6se lesz. Erre kor\u00e1bban csak v\u00e9gint\u00e9zked\u00e9s jogc\u00edm\u00e9n volt lehet\u0151s\u00e9g. Jogt\u00f6rt\u00e9neti jelent\u0151s\u00e9g\u0171, hogy 2023. j\u00falius 1. napj\u00e1t\u00f3l a telep\u00fcl\u00e9si \u00f6nkorm\u00e1nyzatok t\u00f6rv\u00e9nyes \u00f6r\u00f6k\u00f6ss\u00e9 is v\u00e1lhatnak. Az \u00faj normat\u00edv szab\u00e1lyoz\u00e1s t\u00f6bb \u00e9rtelmez\u00e9si k\u00e9rd\u00e9st is felvet, ami indokolja a helyi \u00f6nkorm\u00e1nyzatoknak a magyar \u00f6r\u00f6kl\u00e9si jogi rendszerben elfoglalt hely\u00e9nek komplex \u2013 a vizsg\u00e1lt k\u00e9rd\u00e9sek terjedelme miatt k\u00e9t r\u00e9szb\u0151l \u00e1ll\u00f3 tanulm\u00e1ny keret\u00e9ben t\u00f6rt\u00e9n\u0151 \u2013 elemz\u00e9s\u00e9t. Az \u00edr\u00e1s jogt\u00f6rt\u00e9neti el\u0151zm\u00e9nyek \u00e9s a hat\u00e1lyos magyar szab\u00e1lyoz\u00e1s alapj\u00e1n mutatja be a helyi \u00f6nkorm\u00e1nyzatok v\u00e9gint\u00e9zked\u00e9sen alapul\u00f3 \u00e9s a telep\u00fcl\u00e9si \u00f6nkorm\u00e1nyzatok t\u00f6rv\u00e9nyes \u00f6r\u00f6k\u00f6si helyzet\u00e9t az \u00f6nkorm\u00e1nyzatok jogalanyis\u00e1g\u00e1b\u00f3l kiindulva. A szerz\u0151 kit\u00e9r a mez\u0151-\u00e9s erd\u0151gazdas\u00e1gi hasznos\u00edt\u00e1s\u00fa ingatlanokat \u00e9rint\u0151 speci\u00e1lis, 2024. j\u00falius 9-i hat\u00e1llyal r\u00e9szben m\u00f3dosult szab\u00e1lyoz\u00e1sra, valamint a hagyat\u00e9ki elj\u00e1r\u00e1s egyedi aspektusaira \u00e9s a kapcsol\u00f3d\u00f3 k\u00f6zjogi keretekb\u0151l ad\u00f3d\u00f3 korl\u00e1tokra.<\/p>\n\n\n\n<div style=\"height:5px\" aria-hidden=\"true\" class=\"wp-block-spacer\"><\/div>\n\n\n\n<h6 class=\"wp-block-heading\" id=\"abstract\">Abstract<\/h6>\n\n\n\n<p>The activity of local governments as public entities in the sphere of private law, their private legal personality, shows few specialities as when the local government becomes the heir of the property of the deceased. Previously, this was only possible by way of testamentary disposition. It is of historical legal significance that from 1 July 2023, municipalities will also be able to become legal heirs. The new normative regulation raises several questions of interpretation, which justify a complex analysis of the place of local governments in the Hungarian succession law system, which, due to the scope of the issues under consideration, should be carried out in a two-part study, on the basis of legal history and current Hungarian legislation, presenting the status of local governments as heirs based on testamentary disposition and the legal status of municipal governments as heirs, starting from the legal personality of local governments, and touching on the special regulations concerning agricultural and forestry properties, as well as the specific aspects of the probate procedure and the limitations arising from the related public law framework.<\/p>\n\n\n\n<div style=\"height:5px\" aria-hidden=\"true\" class=\"wp-block-spacer\"><\/div>\n\n\n\n<h6 class=\"wp-block-heading\" id=\"pdf\">Teljes sz\u00f6veg \/ Full text<\/h6>\n\n\n\n<div class=\"wp-block-buttons is-layout-flex wp-block-buttons-is-layout-flex\">\n<div class=\"wp-block-button\"><a class=\"wp-block-button__link wp-element-button\" href=\"https:\/\/www.proveritate.hu\/wp-content\/uploads\/2026\/01\/Kiss-T-A-helyi-onkormanyzatok-oroklesi-jogi-helyzete.pdf\">PDF (magyar)<\/a><\/div>\n<\/div>\n\n\n\n<div style=\"height:20px\" aria-hidden=\"true\" class=\"wp-block-spacer\"><\/div>\n\n\n\n<h6 class=\"wp-block-heading\" id=\"hivatk\">Hivatkoz\u00e1sok \/ References<\/h6>\n\n\n\n<p>Anka M\u00e1rton Tibor: <em>A f\u00f6ldforgalmi szab\u00e1lyoz\u00e1s a tulajdonjog \u00e9s a haszon\u00e9lvezeti jog oldal\u00e1r\u00f3l.<\/em> Budapest, HVG-ORAC, 2021.<\/p>\n\n\n\n<p>Bog\u00e1r Krisztina: Az \u00e1llam sz\u00fcks\u00e9gk\u00e9ppeni \u00f6r\u00f6kl\u00e9s\u00e9r\u0151l. <em>Gazdas\u00e1g \u00e9s Jog,<\/em> 2022\/9-10.<\/p>\n\n\n\n<p>Dull J\u00e1nos: Az \u00f6r\u00f6kl\u00e9si jog megjelen\u00e9se az egyes gazdas\u00e1gi t\u00e1rsas\u00e1gokn\u00e1l, kitekint\u00e9ssel az \u00e1llamra, mint \u00f6r\u00f6k\u00f6sre. <em>\u00c1llamtudom\u00e1nyi M\u0171helytanulm\u00e1nyok<\/em>, 2017\/15.<\/p>\n\n\n\n<p>Fab\u00f3 Tibor: <em>\u00d6r\u00f6kl\u00e9si jog. \u00c1ltal\u00e1nos szab\u00e1lyok<\/em>. In OSZTOVITS Andr\u00e1s (szerk.): A Polg\u00e1ri T\u00f6rv\u00e9nyk\u00f6nyvr\u0151l sz\u00f3l\u00f3 2013. \u00e9vi V. t\u00f6rv\u00e9ny \u00e9s a kapcsol\u00f3d\u00f3 jogszab\u00e1lyok nagykomment\u00e1rja. IV. K\u00f6tet. Budapest, Opten, 2014.<\/p>\n\n\n\n<p>Jakab Csaba: <em>A telep\u00fcl\u00e9si \u00f6nkorm\u00e1nyzat t\u00f6rv\u00e9nyes \u00f6r\u00f6kl\u00e9se<\/em>. <a href=\"https:\/\/linkedin.com\/push\/telepulesionormanyzattorvenyesoroklese\">https:\/\/linkedin.com\/push\/telepulesionormanyzattorvenyesoroklese<\/a>.<\/p>\n\n\n\n<p>Holl\u00f3 Klaudia: <em>Mez\u0151- \u00e9s erd\u0151gazdas\u00e1gi hasznos\u00edt\u00e1s\u00fa f\u00f6ld a v\u00e9grendeletben<\/em>. <a href=\"http:\/\/epa.oszk.hu.pdf_EPA02687-jogi-tanulm\">http:\/\/epa.oszk.hu.pdf_EPA02687-jogi-tanulm<\/a>.<\/p>\n\n\n\n<p>Horny\u00e1k Zs\u00f3fia (2016): A v\u00e9gint\u00e9zked\u00e9sen alapul\u00f3 \u00f6r\u00f6kl\u00e9s szab\u00e1lyai a mez\u0151gazdas\u00e1gi f\u00f6ldforgalomban. <em>Agr\u00e1r- \u00e9s K\u00f6rnyezetjog<\/em>, 2016\/21.<\/p>\n\n\n\n<p>Horny\u00e1k Zs\u00f3fia (2017a): A mez\u0151gazdas\u00e1gi f\u00f6ldek jogut\u00f3dl\u00e1s\u00e1nak anyagi jogi k\u00e9rd\u00e9sei. <em>Miskolci Jogi Szemle,<\/em> 2017\/2.<\/p>\n\n\n\n<p>Horny\u00e1k Zs\u00f3fia (2017b): <em>A v\u00e9gint\u00e9zked\u00e9si szabads\u00e1g \u00e9rv\u00e9nyes\u00fcl\u00e9s\u00e9nek k\u00e9rd\u00e9se a mez\u0151gazdas\u00e1gi f\u00f6ldek \u00f6r\u00f6kl\u00e9se eset\u00e9n<\/em>. In: Gell\u00e9n Kl\u00e1ra (szerk.): Honori et virtuti: \u00dcnnepi tanulm\u00e1nyok Bobvos P\u00e1l 65. sz\u00fclet\u00e9snapj\u00e1ra. Szeged, Iuris Peritus Kiad\u00f3, 2017.<\/p>\n\n\n\n<p>Horny\u00e1k Zs\u00f3fia (2019): <em>A mez\u0151gazdas\u00e1gi f\u00f6ldek \u00f6r\u00f6kl\u00e9se<\/em>. Miskolc, B\u00edbor Kiad\u00f3, 2019.<\/p>\n\n\n\n<p>Horny\u00e1k Zs\u00f3fia (2020): <em>A mez\u0151gazdas\u00e1gi f\u00f6ldek \u00f6r\u00f6kl\u00e9s\u00e9nek jogi szab\u00e1lyoz\u00e1sa \u00e9s agr\u00e1rgazdas\u00e1gi dilemm\u00e1i.<\/em> In Gell\u00e9n Kl\u00e1ra (szerk.): Gazdas\u00e1gi tendenci\u00e1k \u00e9s jogi kih\u00edv\u00e1sok a XXI. sz\u00e1szadban, 2. Szeged, Iuris Peritus Kiad\u00f3, 2020.<\/p>\n\n\n\n<p>Kurucz Mih\u00e1ly: Gondolatok a k\u00fcl\u00f6n\u00f6s magyar f\u00f6ld\u00f6r\u00f6kl\u00e9si rendszerekr\u0151l.<em> K\u00f6zjegyz\u0151k K\u00f6zl\u00f6nye<\/em>, 2018\/5.<\/p>\n\n\n\n<p>Menyh\u00e1rd Attila: <em>Dolog\u00f6sszess\u00e9g \u00e9s vagyon.<\/em> In V\u00e9k\u00e1s Lajos<em>\u2013<\/em>G\u00e1rdos P\u00e9ter (szerk.): Nagykomment\u00e1r a Polg\u00e1ri T\u00f6rv\u00e9nyk\u00f6nyvr\u0151l sz\u00f3l\u00f3 2023. \u00e9vi V. t\u00f6rv\u00e9nyhez. Wolters Kluwer Online Jogt\u00e1r.<\/p>\n\n\n\n<p>Paic-Karsai D\u00f3ra: A mez\u0151gazdas\u00e1gi f\u00f6ldek \u00f6r\u00f6kl\u00e9se, avagy \u201eMit kezdj\u00fcnk a meg\u00f6r\u00f6k\u00f6lt f\u00f6lddel?\u201d. <em>K\u00f6zjegyz\u0151k K\u00f6zl\u00f6nye<\/em>, 2022\/3.<\/p>\n\n\n\n<p>Orosz \u00c1rp\u00e1d (2015): <em>A f\u00f6ldforgalmi t\u00f6rv\u00e9ny ejtette sebek a Ptk. v\u00e9gint\u00e9zked\u00e9sen alapul\u00f3 \u00f6r\u00f6kl\u00e9si szab\u00e1lyain<\/em>. K\u00f6zjegyz\u0151k K\u00f6zl\u00f6nye<em>.<\/em> 2015\/5.<\/p>\n\n\n\n<p>Orosz \u00c1rp\u00e1d (S.D.): <em>Az \u00e1llam \u00e9s az \u00f6nkorm\u00e1nyzat mint t\u00f6rv\u00e9nyes \u00f6r\u00f6k\u00f6s.<\/em> In Polg\u00e1ri Jog I-IV. Az \u00daj Ptk. komment\u00e1r a gyakorlat sz\u00e1m\u00e1ra. Jogk\u00f3dex Internetes Jogi Adatb\u00e1zis.<\/p>\n\n\n\n<p>Schlosser Annam\u00e1ria: A jogi szem\u00e9lyek v\u00e9gint\u00e9zked\u00e9ses \u00f6r\u00f6kl\u00e9s\u00e9nek k\u00e9rd\u00e9sei az \u00edt\u00e9lkez\u00e9si gyakorlat t\u00fckr\u00e9ben. <em>Polg\u00e1ri Jog<\/em>, 2023\/3-4.<\/p>\n\n\n\n<p>V\u00e9k\u00e1s Lajos: <em>Az \u00e1llam sz\u00fcks\u00e9gk\u00e9ppeni t\u00f6rv\u00e9nyes \u00f6r\u00f6kl\u00e9se \u00e9s az \u00f6nkorm\u00e1nyzat t\u00f6rv\u00e9nyes \u00f6r\u00f6kl\u00e9se.<\/em> In V\u00e9k\u00e1s Lajos<em>\u2013<\/em>G\u00e1rdos P\u00e9ter (szerk.): Nagykomment\u00e1r a Polg\u00e1ri T\u00f6rv\u00e9nyk\u00f6nyvr\u0151l sz\u00f3l\u00f3 2023. \u00e9vi V. t\u00f6rv\u00e9nyhez. Wolters Kluwer Online Jogt\u00e1r.<\/p>\n\n\n\n<div style=\"height:5px\" aria-hidden=\"true\" class=\"wp-block-spacer\"><\/div>\n\n\n\n<h6 class=\"wp-block-heading\" id=\"copyright\">Copyright<\/h6>\n\n\n\n<p>(C) Pro Veritate K\u00f6zhaszn\u00fa Egyes\u00fclet<\/p>\n\n\n\n<p>(C) Szerz\u0151 \/ Author<\/p>\n\n\n\n<p>Az Ember \u00e9s Jog ny\u00edlt hozz\u00e1f\u00e9r\u00e9s\u0171 (Open Access) foly\u00f3irat, az abban megtal\u00e1lhat\u00f3 cikkek <a href=\"https:\/\/www.proveritate.hu\/index.php\/ember-es-jog-publikacios-es-etikai-szabalyzat\/#openaccess\">szabadon hozz\u00e1f\u00e9rhet\u0151k<\/a> az Olvas\u00f3k sz\u00e1m\u00e1ra.<\/p>\n\n\n\n<p>A foly\u00f3irat \u00e9s a cikkek a&nbsp;<a href=\"https:\/\/creativecommons.org\/licenses\/by-nc-nd\/4.0\/deed.hu\">Creative Commons CC BY-NC-ND 4.0<\/a>&nbsp;licenc alatt \u00e1llnak.<\/p>\n\n\n\n<p xmlns:cc=\"http:\/\/creativecommons.org\/ns#\"><a href=\"https:\/\/creativecommons.org\/licenses\/by-nc-nd\/4.0\/deed.hu\" target=\"_blank\" rel=\"license noopener noreferrer\" style=\"display:inline-block;\"><img decoding=\"async\" style=\"height:22px!important;margin-left:3px;vertical-align:text-bottom;\" src=\"https:\/\/mirrors.creativecommons.org\/presskit\/icons\/cc.svg?ref=chooser-v1\" alt=\"\"><img decoding=\"async\" style=\"height:22px!important;margin-left:3px;vertical-align:text-bottom;\" src=\"https:\/\/mirrors.creativecommons.org\/presskit\/icons\/by.svg?ref=chooser-v1\" alt=\"\"><img decoding=\"async\" style=\"height:22px!important;margin-left:3px;vertical-align:text-bottom;\" src=\"https:\/\/mirrors.creativecommons.org\/presskit\/icons\/nc.svg?ref=chooser-v1\" alt=\"\"><img decoding=\"async\" style=\"height:22px!important;margin-left:3px;vertical-align:text-bottom;\" src=\"https:\/\/mirrors.creativecommons.org\/presskit\/icons\/nd.svg?ref=chooser-v1\" alt=\"\"><\/a><\/p>\n\n\n\n<div style=\"height:100px\" aria-hidden=\"true\" class=\"wp-block-spacer\"><\/div>\n\n\n\n<a href=\"https:\/\/info.flagcounter.com\/xq0N\"><img decoding=\"async\" src=\"https:\/\/s01.flagcounter.com\/count2\/xq0N\/bg_FFFFFF\/txt_000000\/border_CCCCCC\/columns_8\/maxflags_150\/viewers_0\/labels_1\/pageviews_1\/flags_0\/percent_0\/\" alt=\"Free counters!\" border=\"0\"><\/a>\n\n\n\n<div style=\"height:40px\" aria-hidden=\"true\" class=\"wp-block-spacer\"><\/div>\n","protected":false},"excerpt":{"rendered":"<p>KISS Tibor helyi \u00f6nkorm\u00e1nyzat, v\u00e9gint\u00e9zked\u00e9s, t\u00f6rv\u00e9nyes \u00f6r\u00f6kl\u00e9s, hagyat\u00e9ki elj\u00e1r\u00e1s, mez\u0151- \u00e9s erd\u0151gazdas\u00e1gi hasznos\u00edt\u00e1s\u00fa f\u00f6ld local government, testamentary disposition, legal succession, probate, agricultural and forestry land Megjelen\u00e9s \/ Publication Beny\u00fajtva \/ Submitted Elfogadva \/ Accepted Publik\u00e1lva \/ Publicated Lapsz\u00e1m \/ Issue 2024. okt\u00f3ber 5. 2025. m\u00e1rcius 27. 2025. j\u00falius 31. Ember \u00e9s Jog, 2025\/1-2. Szerz\u0151 \/ Author Dr. habil. Kiss Tibor PhD Egyetemi docens, mb. oktat\u00e1si d\u00e9k\u00e1nhelyettes, \u00fcgyv\u00e9d Debreceni Egyetem, \u00c1llam- \u00e9s Jogtudom\u00e1nyi Kar, Polg\u00e1ri Jogi Tansz\u00e9k, Debrecen Oppenheim \u00dcgyv\u00e9di Iroda, Budapest MTMT: 10036223 Id\u00e9z\u00e9s \/ How to cite KISS Tibor: A helyi \u00f6nkorm\u00e1nyzatok \u00f6r\u00f6kl\u00e9si jogi helyzete II. Ember \u00e9s Jog, 2025\/1-2. 27\u201351. Absztrakt A helyi \u00f6nkorm\u00e1nyzatok, mint k\u00f6zjogi jogalanyok mag\u00e1njog szf\u00e9r\u00e1j\u00e1ban kifejtett tev\u00e9kenys\u00e9ge, mag\u00e1njogi jogalanyis\u00e1ga kev\u00e9s esetben mutat olyan specialit\u00e1sokat, mint amikor a helyi \u00f6nkorm\u00e1nyzat hagyat\u00e9ki t\u00e1rgyak \u00f6r\u00f6k\u00f6se lesz. Erre kor\u00e1bban csak v\u00e9gint\u00e9zked\u00e9s jogc\u00edm\u00e9n volt lehet\u0151s\u00e9g. Jogt\u00f6rt\u00e9neti jelent\u0151s\u00e9g\u0171, hogy 2023. j\u00falius 1. napj\u00e1t\u00f3l a telep\u00fcl\u00e9si \u00f6nkorm\u00e1nyzatok t\u00f6rv\u00e9nyes \u00f6r\u00f6k\u00f6ss\u00e9 is v\u00e1lhatnak. Az \u00faj normat\u00edv szab\u00e1lyoz\u00e1s t\u00f6bb \u00e9rtelmez\u00e9si k\u00e9rd\u00e9st is felvet, ami indokolja a helyi \u00f6nkorm\u00e1nyzatoknak a magyar \u00f6r\u00f6kl\u00e9si jogi rendszerben elfoglalt hely\u00e9nek komplex \u2013 a vizsg\u00e1lt k\u00e9rd\u00e9sek terjedelme miatt k\u00e9t r\u00e9szb\u0151l \u00e1ll\u00f3 tanulm\u00e1ny keret\u00e9ben t\u00f6rt\u00e9n\u0151 \u2013 elemz\u00e9s\u00e9t. Az \u00edr\u00e1s jogt\u00f6rt\u00e9neti el\u0151zm\u00e9nyek \u00e9s a hat\u00e1lyos magyar szab\u00e1lyoz\u00e1s alapj\u00e1n mutatja be a helyi \u00f6nkorm\u00e1nyzatok v\u00e9gint\u00e9zked\u00e9sen alapul\u00f3 \u00e9s a telep\u00fcl\u00e9si \u00f6nkorm\u00e1nyzatok t\u00f6rv\u00e9nyes \u00f6r\u00f6k\u00f6si helyzet\u00e9t az \u00f6nkorm\u00e1nyzatok jogalanyis\u00e1g\u00e1b\u00f3l kiindulva. A szerz\u0151 kit\u00e9r a mez\u0151-\u00e9s erd\u0151gazdas\u00e1gi hasznos\u00edt\u00e1s\u00fa ingatlanokat \u00e9rint\u0151 speci\u00e1lis, 2024. j\u00falius 9-i hat\u00e1llyal r\u00e9szben m\u00f3dosult szab\u00e1lyoz\u00e1sra, valamint a hagyat\u00e9ki elj\u00e1r\u00e1s egyedi aspektusaira \u00e9s a kapcsol\u00f3d\u00f3 k\u00f6zjogi keretekb\u0151l ad\u00f3d\u00f3 korl\u00e1tokra. Abstract The activity of local governments as public entities in the sphere of private law, their private legal personality, shows few specialities as when the local government becomes the heir of the property of the deceased. Previously, this was only possible by way of testamentary disposition. It is of historical legal significance that from 1 July 2023, municipalities will also be able to become legal heirs. The new normative regulation raises several questions of interpretation, which justify a complex analysis of the place of local governments in the Hungarian succession law system, which, due to the scope of the issues under consideration, should be carried out in a two-part study, on the basis of legal history and current Hungarian legislation, presenting the status of local governments as heirs based on testamentary disposition and the legal status of municipal governments as heirs, starting from the legal personality of local governments, and touching on the special regulations concerning agricultural and forestry properties, as well as the specific aspects of the probate procedure and the limitations arising from the related public law framework. Teljes sz\u00f6veg \/ Full text Hivatkoz\u00e1sok \/ References Anka M\u00e1rton Tibor: A f\u00f6ldforgalmi szab\u00e1lyoz\u00e1s a tulajdonjog \u00e9s a haszon\u00e9lvezeti jog oldal\u00e1r\u00f3l. Budapest, HVG-ORAC, 2021. Bog\u00e1r Krisztina: Az \u00e1llam sz\u00fcks\u00e9gk\u00e9ppeni \u00f6r\u00f6kl\u00e9s\u00e9r\u0151l. Gazdas\u00e1g \u00e9s Jog, 2022\/9-10. Dull J\u00e1nos: Az \u00f6r\u00f6kl\u00e9si jog megjelen\u00e9se az egyes gazdas\u00e1gi t\u00e1rsas\u00e1gokn\u00e1l, kitekint\u00e9ssel az \u00e1llamra, mint \u00f6r\u00f6k\u00f6sre. \u00c1llamtudom\u00e1nyi M\u0171helytanulm\u00e1nyok, 2017\/15. Fab\u00f3 Tibor: \u00d6r\u00f6kl\u00e9si jog. \u00c1ltal\u00e1nos szab\u00e1lyok. In OSZTOVITS Andr\u00e1s (szerk.): A Polg\u00e1ri T\u00f6rv\u00e9nyk\u00f6nyvr\u0151l sz\u00f3l\u00f3 2013. \u00e9vi V. t\u00f6rv\u00e9ny \u00e9s a kapcsol\u00f3d\u00f3 jogszab\u00e1lyok nagykomment\u00e1rja. IV. K\u00f6tet. Budapest, Opten, 2014. Jakab Csaba: A telep\u00fcl\u00e9si \u00f6nkorm\u00e1nyzat t\u00f6rv\u00e9nyes \u00f6r\u00f6kl\u00e9se. https:\/\/linkedin.com\/push\/telepulesionormanyzattorvenyesoroklese. Holl\u00f3 Klaudia: Mez\u0151- \u00e9s erd\u0151gazdas\u00e1gi hasznos\u00edt\u00e1s\u00fa f\u00f6ld a v\u00e9grendeletben. http:\/\/epa.oszk.hu.pdf_EPA02687-jogi-tanulm. Horny\u00e1k Zs\u00f3fia (2016): A v\u00e9gint\u00e9zked\u00e9sen alapul\u00f3 \u00f6r\u00f6kl\u00e9s szab\u00e1lyai a mez\u0151gazdas\u00e1gi f\u00f6ldforgalomban. Agr\u00e1r- \u00e9s K\u00f6rnyezetjog, 2016\/21. Horny\u00e1k Zs\u00f3fia (2017a): A mez\u0151gazdas\u00e1gi f\u00f6ldek jogut\u00f3dl\u00e1s\u00e1nak anyagi jogi k\u00e9rd\u00e9sei. Miskolci Jogi Szemle, 2017\/2. Horny\u00e1k Zs\u00f3fia (2017b): A v\u00e9gint\u00e9zked\u00e9si szabads\u00e1g \u00e9rv\u00e9nyes\u00fcl\u00e9s\u00e9nek k\u00e9rd\u00e9se a mez\u0151gazdas\u00e1gi f\u00f6ldek \u00f6r\u00f6kl\u00e9se eset\u00e9n. In: Gell\u00e9n Kl\u00e1ra (szerk.): Honori et virtuti: \u00dcnnepi tanulm\u00e1nyok Bobvos P\u00e1l 65. sz\u00fclet\u00e9snapj\u00e1ra. Szeged, Iuris Peritus Kiad\u00f3, 2017. Horny\u00e1k Zs\u00f3fia (2019): A mez\u0151gazdas\u00e1gi f\u00f6ldek \u00f6r\u00f6kl\u00e9se. Miskolc, B\u00edbor Kiad\u00f3, 2019. Horny\u00e1k Zs\u00f3fia (2020): A mez\u0151gazdas\u00e1gi f\u00f6ldek \u00f6r\u00f6kl\u00e9s\u00e9nek jogi szab\u00e1lyoz\u00e1sa \u00e9s agr\u00e1rgazdas\u00e1gi dilemm\u00e1i. In Gell\u00e9n Kl\u00e1ra (szerk.): Gazdas\u00e1gi tendenci\u00e1k \u00e9s jogi kih\u00edv\u00e1sok a XXI. sz\u00e1szadban, 2. Szeged, Iuris Peritus Kiad\u00f3, 2020. Kurucz Mih\u00e1ly: Gondolatok a k\u00fcl\u00f6n\u00f6s magyar f\u00f6ld\u00f6r\u00f6kl\u00e9si rendszerekr\u0151l. K\u00f6zjegyz\u0151k K\u00f6zl\u00f6nye, 2018\/5. Menyh\u00e1rd Attila: Dolog\u00f6sszess\u00e9g \u00e9s vagyon. In V\u00e9k\u00e1s Lajos\u2013G\u00e1rdos P\u00e9ter (szerk.): Nagykomment\u00e1r a Polg\u00e1ri T\u00f6rv\u00e9nyk\u00f6nyvr\u0151l sz\u00f3l\u00f3 2023. \u00e9vi V. t\u00f6rv\u00e9nyhez. Wolters Kluwer Online Jogt\u00e1r. Paic-Karsai D\u00f3ra: A mez\u0151gazdas\u00e1gi f\u00f6ldek \u00f6r\u00f6kl\u00e9se, avagy \u201eMit kezdj\u00fcnk a meg\u00f6r\u00f6k\u00f6lt f\u00f6lddel?\u201d. K\u00f6zjegyz\u0151k K\u00f6zl\u00f6nye, 2022\/3. Orosz \u00c1rp\u00e1d (2015): A f\u00f6ldforgalmi t\u00f6rv\u00e9ny ejtette sebek a Ptk. v\u00e9gint\u00e9zked\u00e9sen alapul\u00f3 \u00f6r\u00f6kl\u00e9si szab\u00e1lyain. K\u00f6zjegyz\u0151k K\u00f6zl\u00f6nye. 2015\/5. Orosz \u00c1rp\u00e1d (S.D.): Az \u00e1llam \u00e9s az \u00f6nkorm\u00e1nyzat mint t\u00f6rv\u00e9nyes \u00f6r\u00f6k\u00f6s. In Polg\u00e1ri Jog I-IV. Az \u00daj Ptk. komment\u00e1r a gyakorlat sz\u00e1m\u00e1ra. Jogk\u00f3dex Internetes Jogi Adatb\u00e1zis. Schlosser Annam\u00e1ria: A jogi szem\u00e9lyek v\u00e9gint\u00e9zked\u00e9ses \u00f6r\u00f6kl\u00e9s\u00e9nek k\u00e9rd\u00e9sei az \u00edt\u00e9lkez\u00e9si gyakorlat t\u00fckr\u00e9ben. Polg\u00e1ri Jog, 2023\/3-4. V\u00e9k\u00e1s Lajos: Az \u00e1llam sz\u00fcks\u00e9gk\u00e9ppeni t\u00f6rv\u00e9nyes \u00f6r\u00f6kl\u00e9se \u00e9s az \u00f6nkorm\u00e1nyzat t\u00f6rv\u00e9nyes \u00f6r\u00f6kl\u00e9se. In V\u00e9k\u00e1s Lajos\u2013G\u00e1rdos P\u00e9ter (szerk.): Nagykomment\u00e1r a Polg\u00e1ri T\u00f6rv\u00e9nyk\u00f6nyvr\u0151l sz\u00f3l\u00f3 2023. \u00e9vi V. t\u00f6rv\u00e9nyhez. Wolters Kluwer Online Jogt\u00e1r. Copyright (C) Pro Veritate K\u00f6zhaszn\u00fa Egyes\u00fclet (C) Szerz\u0151 \/ Author Az Ember \u00e9s Jog ny\u00edlt hozz\u00e1f\u00e9r\u00e9s\u0171 (Open Access) foly\u00f3irat, az abban megtal\u00e1lhat\u00f3 cikkek szabadon hozz\u00e1f\u00e9rhet\u0151k az Olvas\u00f3k sz\u00e1m\u00e1ra. A foly\u00f3irat \u00e9s a cikkek a&nbsp;Creative Commons CC BY-NC-ND 4.0&nbsp;licenc alatt \u00e1llnak.<\/p>\n","protected":false},"author":1,"featured_media":0,"parent":0,"menu_order":0,"comment_status":"closed","ping_status":"closed","template":"","meta":{"footnotes":""},"class_list":["post-6099","page","type-page","status-publish","hentry"],"_links":{"self":[{"href":"https:\/\/www.proveritate.hu\/index.php\/wp-json\/wp\/v2\/pages\/6099","targetHints":{"allow":["GET"]}}],"collection":[{"href":"https:\/\/www.proveritate.hu\/index.php\/wp-json\/wp\/v2\/pages"}],"about":[{"href":"https:\/\/www.proveritate.hu\/index.php\/wp-json\/wp\/v2\/types\/page"}],"author":[{"embeddable":true,"href":"https:\/\/www.proveritate.hu\/index.php\/wp-json\/wp\/v2\/users\/1"}],"replies":[{"embeddable":true,"href":"https:\/\/www.proveritate.hu\/index.php\/wp-json\/wp\/v2\/comments?post=6099"}],"version-history":[{"count":4,"href":"https:\/\/www.proveritate.hu\/index.php\/wp-json\/wp\/v2\/pages\/6099\/revisions"}],"predecessor-version":[{"id":6110,"href":"https:\/\/www.proveritate.hu\/index.php\/wp-json\/wp\/v2\/pages\/6099\/revisions\/6110"}],"wp:attachment":[{"href":"https:\/\/www.proveritate.hu\/index.php\/wp-json\/wp\/v2\/media?parent=6099"}],"curies":[{"name":"wp","href":"https:\/\/api.w.org\/{rel}","templated":true}]}}