{"id":5257,"date":"2025-07-24T18:03:21","date_gmt":"2025-07-24T16:03:21","guid":{"rendered":"https:\/\/www.proveritate.hu\/?page_id=5257"},"modified":"2026-01-11T00:21:56","modified_gmt":"2026-01-10T23:21:56","slug":"ember-es-jog-2","status":"publish","type":"page","link":"https:\/\/www.proveritate.hu\/index.php\/ember-es-jog-2\/","title":{"rendered":"Ember \u00e9s Jog"},"content":{"rendered":"\n<h2 class=\"wp-block-heading has-text-align-center\">2025\/1-2.<\/h2>\n\n\n\n<p class=\"has-text-align-right\"><em>ISSN 3058-0471<\/em><\/p>\n\n\n\n<div class=\"wp-block-buttons is-content-justification-space-between is-layout-flex wp-container-core-buttons-is-layout-b2891da8 wp-block-buttons-is-layout-flex\">\n<div class=\"wp-block-button\"><a class=\"wp-block-button__link has-text-align-center wp-element-button\" href=\"https:\/\/www.proveritate.hu\/index.php\/ember-es-jog-lapszamok\/\">Aktu\u00e1lis lapsz\u00e1m<\/a><\/div>\n\n\n\n<div class=\"wp-block-button\"><a class=\"wp-block-button__link has-text-align-center wp-element-button\" href=\"https:\/\/www.proveritate.hu\/index.php\/ember-es-jog-lapszamok\/\">Arch\u00edv lapsz\u00e1mok<\/a><\/div>\n\n\n\n<div class=\"wp-block-button is-style-fill\"><a class=\"wp-block-button__link has-text-align-center wp-element-button\" href=\"https:\/\/www.proveritate.hu\/index.php\/kezirat-benyujtas-ember-es-jog\/\" style=\"border-radius:100px\">K\u00e9zirat bek\u00fcld\u00e9s<\/a><\/div>\n\n\n\n<div class=\"wp-block-button\"><a class=\"wp-block-button__link has-text-align-center wp-element-button\" href=\"https:\/\/www.proveritate.hu\/index.php\/szerzoi-utmutato\/\" target=\"_blank\" rel=\"noreferrer noopener\">Szerz\u0151i \u00datmutat\u00f3<\/a><\/div>\n<\/div>\n\n\n\n<div style=\"height:70px\" aria-hidden=\"true\" class=\"wp-block-spacer\"><\/div>\n\n\n\n<p>Megjelen\u00e9s: 2025. j\u00falius-december<\/p>\n\n\n\n<div style=\"height:70px\" aria-hidden=\"true\" class=\"wp-block-spacer\"><\/div>\n\n\n\n<h6 class=\"wp-block-heading\">Teljes sz\u00e1m \/ Full issue<\/h6>\n\n\n\n<div style=\"height:20px\" aria-hidden=\"true\" class=\"wp-block-spacer\"><\/div>\n\n\n\n<div class=\"wp-block-buttons is-layout-flex wp-block-buttons-is-layout-flex\">\n<div class=\"wp-block-button\"><a class=\"wp-block-button__link wp-element-button\">Teljes sz\u00e1m (PDF)<\/a><\/div>\n<\/div>\n\n\n\n<div style=\"height:40px\" aria-hidden=\"true\" class=\"wp-block-spacer\"><\/div>\n\n\n\n<hr class=\"wp-block-separator has-alpha-channel-opacity is-style-wide\"\/>\n\n\n\n<div style=\"height:40px\" aria-hidden=\"true\" class=\"wp-block-spacer\"><\/div>\n\n\n\n<h6 class=\"wp-block-heading\">Szerkeszt\u0151s\u00e9g \u00e9s k\u00f6zrem\u0171k\u00f6d\u0151k \/ Editorial Board and Contributors<\/h6>\n\n\n\n<div style=\"height:40px\" aria-hidden=\"true\" class=\"wp-block-spacer\"><\/div>\n\n\n\n<div class=\"wp-block-columns is-layout-flex wp-container-core-columns-is-layout-28f84493 wp-block-columns-is-layout-flex\">\n<div class=\"wp-block-column is-layout-flow wp-block-column-is-layout-flow\">\n<p><strong>T\u00d6R\u00d6K Csaba<\/strong> (f\u0151szerkeszt\u0151)<\/p>\n\n\n\n<p><strong>BODG\u00c1L Gizella<\/strong><\/p>\n\n\n\n<p><strong>ECKL-HEINRICH Ren\u00e1ta<\/strong><\/p>\n\n\n\n<p><strong>FEKETE Krisztina M\u00e1ria<\/strong><\/p>\n\n\n\n<p><strong>HEGED\u00dcS Eszter<\/strong><\/p>\n\n\n\n<p><strong>HEGED\u00dcS-L\u00c9N\u00c1RD Erika<\/strong><\/p>\n\n\n\n<p><strong>KASUBA R\u00f3bert Istv\u00e1n<\/strong><\/p>\n<\/div>\n\n\n\n<div class=\"wp-block-column is-layout-flow wp-block-column-is-layout-flow\">\n<p><strong>KATONA Klaudia Veronika<\/strong><\/p>\n\n\n\n<p><strong>KEREKES L\u00e1szl\u00f3<\/strong><\/p>\n\n\n\n<p><strong>LEHOTAY Veronika<\/strong><\/p>\n\n\n\n<p><strong>MADOCSAI M\u00e1rton<\/strong><\/p>\n\n\n\n<p><strong>MAGYAR D\u00e1vid Emil<\/strong><\/p>\n\n\n\n<p><strong>MOK\u00c1NSZKI Edina<\/strong><\/p>\n\n\n\n<p><strong>P\u00c1LFI Edina<\/strong><\/p>\n<\/div>\n\n\n\n<div class=\"wp-block-column is-layout-flow wp-block-column-is-layout-flow\">\n<p><strong>PILISY Bence<\/strong><\/p>\n\n\n\n<p><strong>ROSTA Andrea<\/strong><\/p>\n\n\n\n<p><strong>SIMON Bogl\u00e1rka<\/strong><\/p>\n\n\n\n<p><strong>UHLYARIK Ildik\u00f3<\/strong><\/p>\n\n\n\n<p><strong>URBIN \u00c1gnes<\/strong><\/p>\n\n\n\n<p><strong>VARGA Andr\u00e1s<\/strong><\/p>\n<\/div>\n<\/div>\n\n\n\n<div style=\"height:40px\" aria-hidden=\"true\" class=\"wp-block-spacer\"><\/div>\n\n\n\n<h6 class=\"wp-block-heading\">A lapsz\u00e1m tartalma \/ Contents of the Issue<\/h6>\n\n\n\n<div style=\"height:20px\" aria-hidden=\"true\" class=\"wp-block-spacer\"><\/div>\n\n\n\n<div class=\"wp-block-buttons is-layout-flex wp-block-buttons-is-layout-flex\">\n<div class=\"wp-block-button\"><a class=\"wp-block-button__link wp-element-button\">Tartalomjegyz\u00e9k (PDF)<\/a><\/div>\n<\/div>\n\n\n\n<div style=\"height:40px\" aria-hidden=\"true\" class=\"wp-block-spacer\"><\/div>\n\n\n\n<div class=\"wp-block-columns is-layout-flex wp-container-core-columns-is-layout-28f84493 wp-block-columns-is-layout-flex\">\n<div class=\"wp-block-column is-layout-flow wp-block-column-is-layout-flow\">\n<p>Az Ember \u00e9s Jog 2025\/1. sz\u00e1m\u00e1ban<\/p>\n\n\n\n<ul class=\"wp-block-list\">\n<li>&#8230;<\/li>\n<\/ul>\n\n\n\n<p>A lapsz\u00e1mban szerepl\u0151 cikkek sz\u00e1rmaz\u00e1si helye <strong>Magyarorsz\u00e1g<\/strong>.<\/p>\n<\/div>\n\n\n\n<div class=\"wp-block-column is-layout-flow wp-block-column-is-layout-flow\">\n<p>From the contents of the issue Vol. 2025 (1) Nr. 1. of the Human and Law:<\/p>\n\n\n\n<ul class=\"wp-block-list\">\n<li>&#8230;<\/li>\n<\/ul>\n\n\n\n<p>The articles in this issue originate from <strong>Hungary<\/strong>.<\/p>\n<\/div>\n<\/div>\n\n\n\n<p><\/p>\n\n\n\n<div class=\"wp-block-group is-content-justification-center is-nowrap is-layout-flex wp-container-core-group-is-layout-23441af8 wp-block-group-is-layout-flex\">\n<div class=\"wp-block-columns are-vertically-aligned-top is-layout-flex wp-container-core-columns-is-layout-28f84493 wp-block-columns-is-layout-flex\">\n<div class=\"wp-block-column is-vertically-aligned-top is-layout-flow wp-block-column-is-layout-flow\" style=\"flex-basis:50px\">\n<figure class=\"wp-block-image size-full is-style-rounded\"><img loading=\"lazy\" decoding=\"async\" width=\"21\" height=\"11\" src=\"https:\/\/www.proveritate.hu\/wp-content\/uploads\/2024\/11\/image-2.png\" alt=\"\" class=\"wp-image-3630\"\/><\/figure>\n<\/div>\n<\/div>\n<\/div>\n\n\n\n<div style=\"height:40px\" aria-hidden=\"true\" class=\"wp-block-spacer\"><\/div>\n\n\n\n<hr class=\"wp-block-separator has-alpha-channel-opacity\"\/>\n\n\n\n<div style=\"height:40px\" aria-hidden=\"true\" class=\"wp-block-spacer\"><\/div>\n\n\n\n<h6 class=\"wp-block-heading\">El\u0151sz\u00f3 \/ Foreword<\/h6>\n\n\n\n<div style=\"height:40px\" aria-hidden=\"true\" class=\"wp-block-spacer\"><\/div>\n\n\n\n<div class=\"wp-block-columns is-layout-flex wp-container-core-columns-is-layout-28f84493 wp-block-columns-is-layout-flex\">\n<div class=\"wp-block-column is-layout-flow wp-block-column-is-layout-flow\" style=\"flex-basis:66.66%\">\n<p>El\u0151sz\u00f3<\/p>\n\n\n\n<p><strong>T\u00d6R\u00d6K Csaba<\/strong><\/p>\n<\/div>\n\n\n\n<div class=\"wp-block-column is-layout-flow wp-block-column-is-layout-flow\" style=\"flex-basis:33.33%\">\n<div class=\"wp-block-buttons is-content-justification-center is-layout-flex wp-container-core-buttons-is-layout-a89b3969 wp-block-buttons-is-layout-flex\">\n<div class=\"wp-block-button\"><a class=\"wp-block-button__link has-text-align-center wp-element-button\">PDF (magyar)<\/a><\/div>\n<\/div>\n<\/div>\n<\/div>\n\n\n\n<div style=\"height:40px\" aria-hidden=\"true\" class=\"wp-block-spacer\"><\/div>\n\n\n\n<h6 class=\"wp-block-heading\">Tanulm\u00e1nyok \/ Studies<\/h6>\n\n\n\n<div style=\"height:40px\" aria-hidden=\"true\" class=\"wp-block-spacer\"><\/div>\n\n\n\n<div class=\"wp-block-columns is-layout-flex wp-container-core-columns-is-layout-28f84493 wp-block-columns-is-layout-flex\">\n<div class=\"wp-block-column is-layout-flow wp-block-column-is-layout-flow\" style=\"flex-basis:66.66%\">\n<p><strong><strong><a href=\"https:\/\/www.proveritate.hu\/index.php\/a-munkaviszony-minosito-jegyei-es-ezek-hatasa-a-munkaviszony-fogalmara-kiemelt-figyelemmel-a-tavmunka-esetkorere\/\">A munkaviszony min\u0151s\u00edt\u0151 jegyei \u00e9s ezek hat\u00e1sa a munkaviszony fogalm\u00e1ra, kiemelt figyelemmel a t\u00e1vmunka esetk\u00f6r\u00e9re<\/a><\/strong><\/strong><\/p>\n\n\n\n<p><strong>T\u00d3TH J\u00e1nos Jen\u0151<\/strong><\/p>\n\n\n\n<p class=\"has-small-font-size\"><em>munkajog, t\u00e1vmunka, min\u0151s\u00edt\u00e9s, munkaviszony, \u00f6sszehasonl\u00edt\u00f3<\/em><\/p>\n\n\n\n<p class=\"has-small-font-size\"><em>labour law, remote work, home office, comparative, labour relations<\/em><\/p>\n<\/div>\n\n\n\n<div class=\"wp-block-column is-layout-flow wp-block-column-is-layout-flow\" style=\"flex-basis:33.33%\">\n<div class=\"wp-block-buttons is-content-justification-center is-layout-flex wp-container-core-buttons-is-layout-a89b3969 wp-block-buttons-is-layout-flex\">\n<div class=\"wp-block-button\"><a class=\"wp-block-button__link has-text-align-center wp-element-button\" href=\"https:\/\/www.proveritate.hu\/wp-content\/uploads\/2026\/01\/Toth-J-A-munkaviszony-minosito-jegyei-es-ezek-hatasa-a-munkaviszony-fogalmara-kiemelt-figyelemmel-a-tavmunka-esetkorere.pdf\">PDF (magyar)<\/a><\/div>\n<\/div>\n<\/div>\n<\/div>\n\n\n\n<div style=\"height:5px\" aria-hidden=\"true\" class=\"wp-block-spacer\"><\/div>\n\n\n\n<hr class=\"wp-block-separator has-alpha-channel-opacity\"\/>\n\n\n\n<div style=\"height:40px\" aria-hidden=\"true\" class=\"wp-block-spacer\"><\/div>\n\n\n\n<div class=\"wp-block-columns is-layout-flex wp-container-core-columns-is-layout-28f84493 wp-block-columns-is-layout-flex\">\n<div class=\"wp-block-column is-layout-flow wp-block-column-is-layout-flow\" style=\"flex-basis:66.66%\">\n<p><strong><a href=\"https:\/\/www.proveritate.hu\/index.php\/a-helyi-onkormanyzatok-oroklesi-jogi-helyzete-ii\/\">A helyi \u00f6nkorm\u00e1nyzatok \u00f6r\u00f6kl\u00e9si jogi helyzete II.<\/a><\/strong><\/p>\n\n\n\n<p><strong>KISS Tibor<\/strong><\/p>\n\n\n\n<p class=\"has-small-font-size\"><em>helyi \u00f6nkorm\u00e1nyzat, v\u00e9gint\u00e9zked\u00e9s, t\u00f6rv\u00e9nyes \u00f6r\u00f6kl\u00e9s, hagyat\u00e9ki elj\u00e1r\u00e1s, mez\u0151- \u00e9s erd\u0151gazdas\u00e1gi hasznos\u00edt\u00e1s\u00fa f\u00f6ld<\/em><\/p>\n\n\n\n<p class=\"has-small-font-size\"><em>local government, testamentary disposition, legal succession, probate, agricultural and forestry land<\/em><\/p>\n<\/div>\n\n\n\n<div class=\"wp-block-column is-layout-flow wp-block-column-is-layout-flow\" style=\"flex-basis:33.33%\">\n<div class=\"wp-block-buttons is-content-justification-center is-layout-flex wp-container-core-buttons-is-layout-a89b3969 wp-block-buttons-is-layout-flex\">\n<div class=\"wp-block-button\"><a class=\"wp-block-button__link has-text-align-center wp-element-button\" href=\"https:\/\/www.proveritate.hu\/wp-content\/uploads\/2026\/01\/Kiss-T-A-helyi-onkormanyzatok-oroklesi-jogi-helyzete.pdf\">PDF (magyar)<\/a><\/div>\n<\/div>\n<\/div>\n<\/div>\n\n\n\n<div style=\"height:5px\" aria-hidden=\"true\" class=\"wp-block-spacer\"><\/div>\n\n\n\n<hr class=\"wp-block-separator has-alpha-channel-opacity\"\/>\n\n\n\n<div style=\"height:40px\" aria-hidden=\"true\" class=\"wp-block-spacer\"><\/div>\n\n\n\n<div class=\"wp-block-columns is-layout-flex wp-container-core-columns-is-layout-28f84493 wp-block-columns-is-layout-flex\">\n<div class=\"wp-block-column is-layout-flow wp-block-column-is-layout-flow\" style=\"flex-basis:66.66%\">\n<p><strong><strong><a href=\"https:\/\/www.proveritate.hu\/index.php\/a-civil-szervezetek-feletti-allami-kontroll-alakulasa-a-reformkortol-napjainkig\/\">A civil szervezetek feletti \u00e1llami kontroll alakul\u00e1sa a reformkort\u00f3l napjainkig<\/a><\/strong><\/strong><\/p>\n\n\n\n<p><strong><strong>KERKOVITS Gergely Ambrus<\/strong><\/strong><\/p>\n\n\n\n<p class=\"has-small-font-size\"><em>egyes\u00fcletek, \u00e1llami kontroll, szabad egyes\u00fcl\u00e9s, \u00fcgy\u00e9szs\u00e9g t\u00f6rv\u00e9nyess\u00e9gi fel\u00fcgyelete, b\u00edr\u00f3i kontroll<\/em><\/p>\n\n\n\n<p class=\"has-small-font-size\"><em>NGOs, state control, freedom of association, prosecutor&#8217;s supervision, judicial control<\/em><\/p>\n<\/div>\n\n\n\n<div class=\"wp-block-column is-layout-flow wp-block-column-is-layout-flow\" style=\"flex-basis:33.33%\">\n<div class=\"wp-block-buttons is-content-justification-center is-layout-flex wp-container-core-buttons-is-layout-a89b3969 wp-block-buttons-is-layout-flex\">\n<div class=\"wp-block-button\"><a class=\"wp-block-button__link has-text-align-center wp-element-button\" href=\"https:\/\/www.proveritate.hu\/wp-content\/uploads\/2026\/01\/Kerkovits-G-A-civil-szervezetek-feletti-allami-kontroll-alakulasa-a-reformkor.pdf\">PDF (magyar)<\/a><\/div>\n<\/div>\n<\/div>\n<\/div>\n\n\n\n<div style=\"height:5px\" aria-hidden=\"true\" class=\"wp-block-spacer\"><\/div>\n\n\n\n<hr class=\"wp-block-separator has-alpha-channel-opacity\"\/>\n\n\n\n<div style=\"height:40px\" aria-hidden=\"true\" class=\"wp-block-spacer\"><\/div>\n\n\n\n<div class=\"wp-block-columns is-layout-flex wp-container-core-columns-is-layout-28f84493 wp-block-columns-is-layout-flex\">\n<div class=\"wp-block-column is-layout-flow wp-block-column-is-layout-flow\" style=\"flex-basis:66.66%\">\n<p><strong><strong><strong><a href=\"https:\/\/www.proveritate.hu\/index.php\/legal-frameworks-and-market-dynamics-of-cloud-computing-contracts-analyzing-obligations-liabilities-and-regulatory-challenges\/\">Legal Frameworks and Market Dynamics of Cloud Computing Contracts: Analyzing Obligations, Liabilities, and Regulatory Challenges<\/a><\/strong><\/strong><\/strong><\/p>\n\n\n\n<p><strong><strong>KHRAISHA, Wasim<\/strong><\/strong><\/p>\n\n\n\n<p class=\"has-small-font-size\"><em>Cloud Computing Contracts, Data Protection (GDPR), Service Level Agreements (SLAs), Liability and Risk Management, NIS2 Directive, Smart Contracts, and AI in Cloud Services<\/em><\/p>\n<\/div>\n\n\n\n<div class=\"wp-block-column is-layout-flow wp-block-column-is-layout-flow\" style=\"flex-basis:33.33%\">\n<div class=\"wp-block-buttons is-content-justification-center is-layout-flex wp-container-core-buttons-is-layout-a89b3969 wp-block-buttons-is-layout-flex\">\n<div class=\"wp-block-button\"><a class=\"wp-block-button__link has-text-align-center wp-element-button\" href=\"https:\/\/www.proveritate.hu\/wp-content\/uploads\/2026\/01\/Khraisha-W-Legal-Framew.pdf\">PDF (English)<\/a><\/div>\n<\/div>\n<\/div>\n<\/div>\n\n\n\n<div style=\"height:5px\" aria-hidden=\"true\" class=\"wp-block-spacer\"><\/div>\n\n\n\n<hr class=\"wp-block-separator has-alpha-channel-opacity is-style-wide\"\/>\n\n\n\n<div style=\"height:40px\" aria-hidden=\"true\" class=\"wp-block-spacer\"><\/div>\n\n\n\n<div style=\"height:40px\" aria-hidden=\"true\" class=\"wp-block-spacer\"><\/div>\n\n\n\n<h6 class=\"wp-block-heading\">Copyright<\/h6>\n\n\n\n<div style=\"height:20px\" aria-hidden=\"true\" class=\"wp-block-spacer\"><\/div>\n\n\n\n<p>(C) Pro Veritate K\u00f6zhaszn\u00fa Egyes\u00fclet<\/p>\n\n\n\n<p>(C) Szerz\u0151k \/ Authors<\/p>\n\n\n\n<p>Az Ember \u00e9s Jog ny\u00edlt hozz\u00e1f\u00e9r\u00e9s\u0171 (Open Access) foly\u00f3irat, az abban megtal\u00e1lhat\u00f3 cikkek <a href=\"https:\/\/www.proveritate.hu\/index.php\/ember-es-jog-publikacios-es-etikai-szabalyzat\/#openaccess\">szabadon hozz\u00e1f\u00e9rhet\u0151k<\/a> az Olvas\u00f3k sz\u00e1m\u00e1ra.<\/p>\n\n\n\n<p>A foly\u00f3irat \u00e9s a cikkek a&nbsp;<a href=\"https:\/\/creativecommons.org\/licenses\/by-nc-nd\/4.0\/deed.hu\">Creative Commons CC BY-NC-ND 4.0<\/a>&nbsp;licenc alatt \u00e1llnak.<\/p>\n\n\n\n<p xmlns:cc=\"http:\/\/creativecommons.org\/ns#\"><a href=\"https:\/\/creativecommons.org\/licenses\/by-nc-nd\/4.0\/deed.hu\" target=\"_blank\" rel=\"license noopener noreferrer\" style=\"display:inline-block;\"><img decoding=\"async\" style=\"height:22px!important;margin-left:3px;vertical-align:text-bottom;\" src=\"https:\/\/mirrors.creativecommons.org\/presskit\/icons\/cc.svg?ref=chooser-v1\" alt=\"\"><img decoding=\"async\" style=\"height:22px!important;margin-left:3px;vertical-align:text-bottom;\" src=\"https:\/\/mirrors.creativecommons.org\/presskit\/icons\/by.svg?ref=chooser-v1\" alt=\"\"><img decoding=\"async\" style=\"height:22px!important;margin-left:3px;vertical-align:text-bottom;\" src=\"https:\/\/mirrors.creativecommons.org\/presskit\/icons\/nc.svg?ref=chooser-v1\" alt=\"\"><img decoding=\"async\" style=\"height:22px!important;margin-left:3px;vertical-align:text-bottom;\" src=\"https:\/\/mirrors.creativecommons.org\/presskit\/icons\/nd.svg?ref=chooser-v1\" alt=\"\"><\/a><\/p>\n\n\n\n<p class=\"has-small-font-size\">Szerkeszt\u0151s\u00e9g:<br>C\u00edme: 2243 K\u00f3ka, Fels\u0151hegy 2369.<br>E-mail: szerkesztoseg@proveritate.hu<br>Telefon: +36 70 422 9800<\/p>\n\n\n\n<div style=\"height:100px\" aria-hidden=\"true\" class=\"wp-block-spacer\"><\/div>\n\n\n\n<a href=\"https:\/\/info.flagcounter.com\/xq0N\"><img decoding=\"async\" src=\"https:\/\/s01.flagcounter.com\/count2\/xq0N\/bg_FFFFFF\/txt_000000\/border_CCCCCC\/columns_8\/maxflags_150\/viewers_0\/labels_1\/pageviews_1\/flags_0\/percent_0\/\" alt=\"Free counters!\" border=\"0\"><\/a>\n","protected":false},"excerpt":{"rendered":"<p>2025\/1-2. ISSN 3058-0471 Megjelen\u00e9s: 2025. j\u00falius-december Teljes sz\u00e1m \/ Full issue Szerkeszt\u0151s\u00e9g \u00e9s k\u00f6zrem\u0171k\u00f6d\u0151k \/ Editorial Board and Contributors T\u00d6R\u00d6K Csaba (f\u0151szerkeszt\u0151) BODG\u00c1L Gizella ECKL-HEINRICH Ren\u00e1ta FEKETE Krisztina M\u00e1ria HEGED\u00dcS Eszter HEGED\u00dcS-L\u00c9N\u00c1RD Erika KASUBA R\u00f3bert Istv\u00e1n KATONA Klaudia Veronika KEREKES L\u00e1szl\u00f3 LEHOTAY Veronika MADOCSAI M\u00e1rton MAGYAR D\u00e1vid Emil MOK\u00c1NSZKI Edina P\u00c1LFI Edina PILISY Bence ROSTA Andrea SIMON Bogl\u00e1rka UHLYARIK Ildik\u00f3 URBIN \u00c1gnes VARGA Andr\u00e1s A lapsz\u00e1m tartalma \/ Contents of the Issue Az Ember \u00e9s Jog 2025\/1. sz\u00e1m\u00e1ban A lapsz\u00e1mban szerepl\u0151 cikkek sz\u00e1rmaz\u00e1si helye Magyarorsz\u00e1g. From the contents of the issue Vol. 2025 (1) Nr. 1. of the Human and Law: The articles in this issue originate from Hungary. El\u0151sz\u00f3 \/ Foreword El\u0151sz\u00f3 T\u00d6R\u00d6K Csaba Tanulm\u00e1nyok \/ Studies A munkaviszony min\u0151s\u00edt\u0151 jegyei \u00e9s ezek hat\u00e1sa a munkaviszony fogalm\u00e1ra, kiemelt figyelemmel a t\u00e1vmunka esetk\u00f6r\u00e9re T\u00d3TH J\u00e1nos Jen\u0151 munkajog, t\u00e1vmunka, min\u0151s\u00edt\u00e9s, munkaviszony, \u00f6sszehasonl\u00edt\u00f3 labour law, remote work, home office, comparative, labour relations A helyi \u00f6nkorm\u00e1nyzatok \u00f6r\u00f6kl\u00e9si jogi helyzete II. KISS Tibor helyi \u00f6nkorm\u00e1nyzat, v\u00e9gint\u00e9zked\u00e9s, t\u00f6rv\u00e9nyes \u00f6r\u00f6kl\u00e9s, hagyat\u00e9ki elj\u00e1r\u00e1s, mez\u0151- \u00e9s erd\u0151gazdas\u00e1gi hasznos\u00edt\u00e1s\u00fa f\u00f6ld local government, testamentary disposition, legal succession, probate, agricultural and forestry land A civil szervezetek feletti \u00e1llami kontroll alakul\u00e1sa a reformkort\u00f3l napjainkig KERKOVITS Gergely Ambrus egyes\u00fcletek, \u00e1llami kontroll, szabad egyes\u00fcl\u00e9s, \u00fcgy\u00e9szs\u00e9g t\u00f6rv\u00e9nyess\u00e9gi fel\u00fcgyelete, b\u00edr\u00f3i kontroll NGOs, state control, freedom of association, prosecutor&#8217;s supervision, judicial control Legal Frameworks and Market Dynamics of Cloud Computing Contracts: Analyzing Obligations, Liabilities, and Regulatory Challenges KHRAISHA, Wasim Cloud Computing Contracts, Data Protection (GDPR), Service Level Agreements (SLAs), Liability and Risk Management, NIS2 Directive, Smart Contracts, and AI in Cloud Services Copyright (C) Pro Veritate K\u00f6zhaszn\u00fa Egyes\u00fclet (C) Szerz\u0151k \/ Authors Az Ember \u00e9s Jog ny\u00edlt hozz\u00e1f\u00e9r\u00e9s\u0171 (Open Access) foly\u00f3irat, az abban megtal\u00e1lhat\u00f3 cikkek szabadon hozz\u00e1f\u00e9rhet\u0151k az Olvas\u00f3k sz\u00e1m\u00e1ra. A foly\u00f3irat \u00e9s a cikkek a&nbsp;Creative Commons CC BY-NC-ND 4.0&nbsp;licenc alatt \u00e1llnak. Szerkeszt\u0151s\u00e9g:C\u00edme: 2243 K\u00f3ka, Fels\u0151hegy 2369.E-mail: szerkesztoseg@proveritate.huTelefon: +36 70 422 9800<\/p>\n","protected":false},"author":1,"featured_media":0,"parent":0,"menu_order":0,"comment_status":"closed","ping_status":"closed","template":"","meta":{"footnotes":""},"class_list":["post-5257","page","type-page","status-publish","hentry"],"_links":{"self":[{"href":"https:\/\/www.proveritate.hu\/index.php\/wp-json\/wp\/v2\/pages\/5257","targetHints":{"allow":["GET"]}}],"collection":[{"href":"https:\/\/www.proveritate.hu\/index.php\/wp-json\/wp\/v2\/pages"}],"about":[{"href":"https:\/\/www.proveritate.hu\/index.php\/wp-json\/wp\/v2\/types\/page"}],"author":[{"embeddable":true,"href":"https:\/\/www.proveritate.hu\/index.php\/wp-json\/wp\/v2\/users\/1"}],"replies":[{"embeddable":true,"href":"https:\/\/www.proveritate.hu\/index.php\/wp-json\/wp\/v2\/comments?post=5257"}],"version-history":[{"count":22,"href":"https:\/\/www.proveritate.hu\/index.php\/wp-json\/wp\/v2\/pages\/5257\/revisions"}],"predecessor-version":[{"id":6177,"href":"https:\/\/www.proveritate.hu\/index.php\/wp-json\/wp\/v2\/pages\/5257\/revisions\/6177"}],"wp:attachment":[{"href":"https:\/\/www.proveritate.hu\/index.php\/wp-json\/wp\/v2\/media?parent=5257"}],"curies":[{"name":"wp","href":"https:\/\/api.w.org\/{rel}","templated":true}]}}