{"id":4931,"date":"2025-06-15T15:33:51","date_gmt":"2025-06-15T13:33:51","guid":{"rendered":"https:\/\/www.proveritate.hu\/?page_id=4931"},"modified":"2025-06-27T16:40:35","modified_gmt":"2025-06-27T14:40:35","slug":"jog-story-3-dijatado-rendezveny","status":"publish","type":"page","link":"https:\/\/www.proveritate.hu\/index.php\/jog-story-3-dijatado-rendezveny\/","title":{"rendered":"Jog Story 3 D\u00edj\u00e1tad\u00f3 rendezv\u00e9ny"},"content":{"rendered":"\n<div style=\"height:40px\" aria-hidden=\"true\" class=\"wp-block-spacer\"><\/div>\n\n\n\n<p><strong>Az <a href=\"#regisztracio\">el\u0151zetes regisztr\u00e1ci\u00f3<\/a> hat\u00e1rideje: 2025. j\u00falius 3. 16 \u00f3ra 00 perc<\/strong><\/p>\n\n\n\n<p class=\"has-text-align-right has-small-font-size\">Vissza az esem\u00e9ny <a href=\"https:\/\/jogstory.proveritate.hu\/\">OLDAL\u00c1RA<\/a><\/p>\n\n\n\n<div style=\"height:20px\" aria-hidden=\"true\" class=\"wp-block-spacer\"><\/div>\n\n\n\n<p>Szeretettel megh\u00edvjuk \u00d6n\u00f6ket a Jog Story 3 nemzetk\u00f6zi rajzp\u00e1ly\u00e1zat d\u00edj\u00e1tad\u00f3 rendezv\u00e9ny\u00e9re, ahol az eredm\u00e9nyhirdet\u00e9s mellett a d\u00edjak&nbsp;\u00fcnnep\u00e9lyes \u00e1tad\u00e1s\u00e1ra is sor ker\u00fcl!<\/p>\n\n\n\n<div style=\"height:20px\" aria-hidden=\"true\" class=\"wp-block-spacer\"><\/div>\n\n\n\n<p class=\"has-text-align-center\">Id\u0151pontja:&nbsp;<strong>2025. j\u00falius 5. 14:00&nbsp;<\/strong>(d\u00edj\u00e1tad\u00e1s: 16 \u00f3r\u00e1t\u00f3l)<\/p>\n\n\n\n<p class=\"has-text-align-center\">Helye:&nbsp;<strong>Pestszentimrei K\u00f6z\u00f6ss\u00e9gi H\u00e1z (PIK)<\/strong>, 1188&nbsp;Budapest, Vas\u00fat u. 48.<\/p>\n\n\n\n<div style=\"height:40px\" aria-hidden=\"true\" class=\"wp-block-spacer\"><\/div>\n\n\n\n<h6 class=\"wp-block-heading\">Program:<\/h6>\n\n\n\n<figure class=\"wp-block-table is-style-stripes\"><table><tbody><tr><td><strong>Kapunyit\u00e1s<\/strong><\/td><td><strong>14:00<\/strong><\/td><\/tr><tr><td><strong>Helysz\u00edni regisztr\u00e1ci\u00f3<\/strong><\/td><td><strong>14:00-15:45<\/strong><\/td><\/tr><tr><td><strong>Ki\u00e1ll\u00edt\u00e1s, vend\u00e9gl\u00e1t\u00e1s, interakt\u00edv j\u00e1t\u00e9kok<\/strong><\/td><td><strong>14:00-16:00<\/strong><\/td><\/tr><tr><td><em>     Ki\u00e1ll\u00edt\u00e1s, \u201eSelfie a m\u0171vemmel\u201d sarok<\/em><\/td><td><\/td><\/tr><tr><td><em>     K\u00e9zm\u0171ves sarok<\/em><\/td><td><\/td><\/tr><tr><td><em>     <em>\u201e<\/em>Jogos Tot\u00f3<em>\u201d<\/em> &#8211; csal\u00e1di kv\u00edz<\/em><\/td><td><\/td><\/tr><tr><td><em>     \u201eRajzolj a falra!\u201d \u2013 K\u00f6z\u00f6s \u00e9lm\u00e9nyrajz<\/em><\/td><td><\/td><\/tr><tr><td><em>     \u201e\u00cdrd meg a j\u00f6v\u0151 szab\u00e1ly\u00e1t!\u201d \u2013 K\u00edv\u00e1ns\u00e1gfal<\/em><\/td><td><\/td><\/tr><tr><td><em>      \u201eK\u00e9rdezd a jog\u00e1szt!\u201d \u2013 J\u00e1t\u00e9kos mini jogseg\u00e9ly<\/em><\/td><td><\/td><\/tr><tr><td><strong>Eredm\u00e9nyhirdet\u00e9s \u00e9s d\u00edj\u00e1tad\u00f3<\/strong><\/td><td><strong>16:00-18:00<\/strong><\/td><\/tr><tr><td><em>      K\u00f6sz\u00f6nt\u0151k, Jog Story 3 bemutat\u00e1sa<\/em><\/td><td><\/td><\/tr><tr><td><em>      Fell\u00e9p\u0151k<\/em><\/td><td><\/td><\/tr><tr><td><em>      Eredm\u00e9nyek \u00e9s d\u00edj\u00e1tad\u00e1s<\/em><\/td><td><\/td><\/tr><tr><td><em>      Meglepet\u00e9sek<\/em><\/td><td><\/td><\/tr><tr><td><strong>Program befejez\u00e9se<\/strong><\/td><td><strong>18:00-18:30<\/strong><\/td><\/tr><tr><td><em>      Ki\u00e1ll\u00edt\u00e1s, vend\u00e9gl\u00e1t\u00e1s<\/em><\/td><td><\/td><\/tr><\/tbody><\/table><\/figure>\n\n\n\n<p class=\"has-small-font-size\"><em>A program v\u00e1ltoztat\u00e1s\u00e1nak jog\u00e1t fenntartjuk!<\/em><\/p>\n\n\n\n<div style=\"height:40px\" aria-hidden=\"true\" class=\"wp-block-spacer\"><\/div>\n\n\n\n<p><strong>FIGYELEM!&nbsp;<\/strong><\/p>\n\n\n\n<p>A d\u00edj\u00e1tad\u00f3n val\u00f3 r\u00e9szv\u00e9tel ingyenes, de&nbsp;<strong>regisztr\u00e1ci\u00f3hoz k\u00f6t\u00f6tt<\/strong>! A r\u00e9szv\u00e9telhez minden nagykor\u00fa szem\u00e9lynek regisztr\u00e1lnia kell, a kiskor\u00fa gyermekek regisztr\u00e1ci\u00f3j\u00e1t pedig t\u00f6rv\u00e9nyes k\u00e9pvisel\u0151j\u00fcknek kell elv\u00e9gezni!<\/p>\n\n\n\n<p>A d\u00edj\u00e1tad\u00f3 sor\u00e1n&nbsp;<strong>f\u00e9nyk\u00e9p-, vide\u00f3felv\u00e9telek k\u00e9sz\u00fclnek<\/strong>, amelyeket az Egyes\u00fclet az al\u00e1bbi Adatkezel\u00e9si T\u00e1j\u00e9koztat\u00f3j\u00e1ban megjel\u00f6lt m\u00e9dia fel\u00fcletein tesz k\u00f6zz\u00e9!<\/p>\n\n\n\n<p><a href=\"https:\/\/jogstory.proveritate.hu\/wp-content\/uploads\/2025\/06\/Adatkezelesi_tajekoztato_JogStory3_dijatado.pdf\" target=\"_blank\" rel=\"noreferrer noopener\">A d\u00edj\u00e1tad\u00f3 rendezv\u00e9ny Adatkezel\u00e9si T\u00e1j\u00e9koztat\u00f3ja<\/a><br><a href=\"https:\/\/www.proveritate.hu\/index.php\/adatkezelesi-tajekoztato\/\">Az Egyes\u00fclet Adatkezel\u00e9si T\u00e1j\u00e9koztat\u00f3ja<\/a><br><a href=\"https:\/\/www.proveritate.hu\/wp-content\/uploads\/2023\/10\/1001042023.pdf\">Az Egyes\u00fclet \u00e1ltal szervezett rendezv\u00e9nyek \u00c1ltal\u00e1nos R\u00e9szv\u00e9teli Felt\u00e9telei<\/a><\/p>\n\n\n\n<div style=\"height:56px\" aria-hidden=\"true\" class=\"wp-block-spacer\"><\/div>\n\n\n\n<p class=\"has-text-align-right has-small-font-size\">Vissza az esem\u00e9ny <a href=\"https:\/\/jogstory.proveritate.hu\/\">OLDAL\u00c1RA<\/a><\/p>\n\n\n\n<div style=\"height:56px\" aria-hidden=\"true\" class=\"wp-block-spacer\"><\/div>\n\n\n\n<h5 class=\"wp-block-heading has-text-align-center\" id=\"regisztracio\">El\u0151zetes regisztr\u00e1ci\u00f3<\/h5>\n\n\n\n<p class=\"has-text-align-center\"><em>Jog Story 3 nemzetk\u00f6zi rajzp\u00e1ly\u00e1zat<br>d\u00edj\u00e1tad\u00f3 rendezv\u00e9ny<br>2025. j\u00falius 5.<\/em><\/p>\n\n\n\n<div class=\"wpcf7 no-js\" id=\"wpcf7-f4932-o1\" lang=\"hu-HU\" dir=\"ltr\" data-wpcf7-id=\"4932\">\n<div class=\"screen-reader-response\"><p role=\"status\" aria-live=\"polite\" aria-atomic=\"true\"><\/p> <ul><\/ul><\/div>\n<form action=\"\/index.php\/wp-json\/wp\/v2\/pages\/4931#wpcf7-f4932-o1\" method=\"post\" class=\"wpcf7-form init\" aria-label=\"Kapcsolatfelv\u00e9teli \u0171rlap\" novalidate=\"novalidate\" data-status=\"init\">\n<fieldset class=\"hidden-fields-container\"><input type=\"hidden\" name=\"_wpcf7\" value=\"4932\" \/><input type=\"hidden\" name=\"_wpcf7_version\" value=\"6.1.5\" \/><input type=\"hidden\" name=\"_wpcf7_locale\" value=\"hu_HU\" \/><input type=\"hidden\" name=\"_wpcf7_unit_tag\" value=\"wpcf7-f4932-o1\" \/><input type=\"hidden\" name=\"_wpcf7_container_post\" value=\"0\" \/><input type=\"hidden\" name=\"_wpcf7_posted_data_hash\" value=\"\" \/><input type=\"hidden\" name=\"_wpcf7cf_hidden_group_fields\" value=\"[]\" \/><input type=\"hidden\" name=\"_wpcf7cf_hidden_groups\" value=\"[]\" \/><input type=\"hidden\" name=\"_wpcf7cf_visible_groups\" value=\"[]\" \/><input type=\"hidden\" name=\"_wpcf7cf_repeaters\" value=\"[]\" \/><input type=\"hidden\" name=\"_wpcf7cf_steps\" value=\"{}\" \/><input type=\"hidden\" name=\"_wpcf7cf_options\" value=\"{&quot;form_id&quot;:4932,&quot;conditions&quot;:[],&quot;settings&quot;:{&quot;animation&quot;:&quot;yes&quot;,&quot;animation_intime&quot;:&quot;200&quot;,&quot;animation_outtime&quot;:&quot;200&quot;,&quot;conditions_ui&quot;:&quot;normal&quot;,&quot;notice_dismissed&quot;:&quot;&quot;}}\" \/><input type=\"hidden\" name=\"_yeeaddons_cf7_repeater_fields\" value=\"\" \/><input type=\"hidden\" name=\"_wpcf7_recaptcha_response\" value=\"\" \/>\n<\/fieldset>\n<p><i>FIGYELEM!<\/i>\n<\/p>\n<ul>\n\t<li>\n\t\t<p><i>A *-gal jel\u00f6lt mez\u0151k kit\u00f6lt\u00e9se k\u00f6telez\u0151.<\/i>\n\t\t<\/p>\n\t<\/li>\n<\/ul>\n<hr \/>\n<p><strong> N\u00e9v*<\/strong><br \/>\n<i>A regisztr\u00e1ci\u00f3t v\u00e9gz\u0151 nagykor\u00fa (t\u00f6rv\u00e9nyes k\u00e9pvisel\u0151, pedag\u00f3gus, k\u00eds\u00e9r\u0151, vend\u00e9g stb.) neve. Amennyiben kiskor\u00fa gyermek r\u00e9sztvev\u0151(ke)t is regisztr\u00e1l, \u00fagy a gyermek(ek) nev\u00e9t lejjebb kell megadnia.<\/i>\n<\/p>\n<p><span class=\"wpcf7-form-control-wrap\" data-name=\"nev\"><input size=\"40\" maxlength=\"400\" class=\"wpcf7-form-control wpcf7-text wpcf7-validates-as-required\" aria-required=\"true\" aria-invalid=\"false\" value=\"\" type=\"text\" name=\"nev\" \/><\/span>\n<\/p>\n<p><strong> E-mail c\u00edm*<\/strong><br \/>\n<i>A regisztr\u00e1ci\u00f3t v\u00e9gz\u0151 nagykor\u00fa (t\u00f6rv\u00e9nyes k\u00e9pvisel\u0151, pedag\u00f3gus, k\u00eds\u00e9r\u0151 stb.) e-mail c\u00edme.<\/i>\n<\/p>\n<p><span class=\"wpcf7-form-control-wrap\" data-name=\"email-958\"><input size=\"40\" maxlength=\"400\" class=\"wpcf7-form-control wpcf7-email wpcf7-validates-as-required wpcf7-text wpcf7-validates-as-email\" aria-required=\"true\" aria-invalid=\"false\" value=\"\" type=\"email\" name=\"email-958\" \/><\/span>\n<\/p>\n<p><strong> E-mail c\u00edm meger\u0151s\u00edt\u00e9s*<\/strong><br \/>\n<span class=\"wpcf7-form-control-wrap\" data-name=\"email-7\"><input size=\"40\" maxlength=\"400\" class=\"wpcf7-form-control wpcf7-email wpcf7-validates-as-required wpcf7-text wpcf7-validates-as-email\" aria-required=\"true\" aria-invalid=\"false\" value=\"\" type=\"email\" name=\"email-7\" \/><\/span>\n<\/p>\n<p><strong>K\u00e9rj\u00fck, v\u00e1lasszon az al\u00e1bbiak k\u00f6z\u00fcl!*<\/strong>\n<\/p>\n<p><span class=\"wpcf7-form-control-wrap\" data-name=\"menu-643\"><select class=\"wpcf7-form-control wpcf7-select wpcf7-validates-as-required\" aria-required=\"true\" aria-invalid=\"false\" name=\"menu-643\"><option value=\"-- K\u00e9rj\u00fck, v\u00e1lasszon! --\">-- K\u00e9rj\u00fck, v\u00e1lasszon! --<\/option><option value=\"P\u00e1ly\u00e1z\u00f3 (gyermek) sz\u00fcl\u0151je, t\u00f6rv\u00e9nyes k\u00e9pvisel\u0151je vagyok.\">P\u00e1ly\u00e1z\u00f3 (gyermek) sz\u00fcl\u0151je, t\u00f6rv\u00e9nyes k\u00e9pvisel\u0151je vagyok.<\/option><option value=\"P\u00e1ly\u00e1z\u00f3 (gyermek) pedag\u00f3gusa vagyok.\">P\u00e1ly\u00e1z\u00f3 (gyermek) pedag\u00f3gusa vagyok.<\/option><option value=\"Vend\u00e9gk\u00e9nt veszek r\u00e9szt.\">Vend\u00e9gk\u00e9nt veszek r\u00e9szt.<\/option><option value=\"Az Egyes\u00fclet tagja, partnere vagy a rendezv\u00e9ny k\u00f6zrem\u0171k\u00f6d\u0151je vagyok.\">Az Egyes\u00fclet tagja, partnere vagy a rendezv\u00e9ny k\u00f6zrem\u0171k\u00f6d\u0151je vagyok.<\/option><option value=\"Egy\u00e9b\">Egy\u00e9b<\/option><\/select><\/span>\n<\/p>\n<p><strong>\u00d6n szem\u00e9lyesen r\u00e9szt k\u00edv\u00e1n-e venni a rendezv\u00e9nyen?*<\/strong>\n<\/p>\n<p><i>Amennyiben \u00d6n szem\u00e9lyesen nem k\u00edv\u00e1n r\u00e9szt venni a rendezv\u00e9nyen, de az \u00d6n t\u00f6rv\u00e9nyes k\u00e9pviselete alatt \u00e1ll\u00f3 kiskor\u00fa gyermeke(i) igen - m\u00e1s k\u00eds\u00e9r\u0151vel, pl. rokonnal, pedag\u00f3gussal \u00e9rkezik -, itt a \"nem\" lehet\u0151s\u00e9get v\u00e1lassza, majd lent kiskor\u00fa gyermeke(i) nev\u00e9nek megad\u00e1s\u00e1val v\u00e9gezze el regisztr\u00e1ci\u00f3jukat.<\/i>\n<\/p>\n<p><span class=\"wpcf7-form-control-wrap\" data-name=\"menu-100\"><select class=\"wpcf7-form-control wpcf7-select wpcf7-validates-as-required\" aria-required=\"true\" aria-invalid=\"false\" name=\"menu-100\"><option value=\"igen\">igen<\/option><option value=\"nem\">nem<\/option><\/select><\/span>\n<\/p>\n<p><strong>Amennyiben a rendezv\u00e9nyen r\u00e9sztvev\u0151 egy vagy t\u00f6bb gyermek (kiskor\u00fa) regisztr\u00e1ci\u00f3j\u00e1t (is) szeretn\u00e9 elv\u00e9gezni, k\u00e9rj\u00fck, adja meg az egy vagy t\u00f6bb gyermek (kiskor\u00fa) nev\u00e9t!<\/strong>\n<\/p>\n<p><span class=\"wpcf7-form-control-wrap\" data-name=\"gyermekek-296\"><textarea cols=\"40\" rows=\"10\" maxlength=\"2000\" class=\"wpcf7-form-control wpcf7-textarea\" aria-invalid=\"false\" name=\"gyermekek-296\"><\/textarea><\/span>\n<\/p>\n<p><strong> Egy\u00e9b megjegyz\u00e9s <\/strong><br \/>\n<span class=\"wpcf7-form-control-wrap\" data-name=\"text-megje\"><input size=\"40\" maxlength=\"400\" class=\"wpcf7-form-control wpcf7-text\" aria-invalid=\"false\" value=\"\" type=\"text\" name=\"text-megje\" \/><\/span>\n<\/p>\n<p><span class=\"wpcf7-form-control-wrap\" data-name=\"accep_adatkez\"><span class=\"wpcf7-form-control wpcf7-acceptance\"><span class=\"wpcf7-list-item\"><label><input type=\"checkbox\" name=\"accep_adatkez\" value=\"1\" aria-invalid=\"false\" \/><span class=\"wpcf7-list-item-label\">Elolvastam \u00e9s meg\u00e9rtettem a rendezv\u00e9ny <a href=\"https:\/\/jogstory.proveritate.hu\/wp-content\/uploads\/2025\/06\/Adatkezelesi_tajekoztato_JogStory3_dijatado.pdf\">Adatkezel\u00e9si T\u00e1j\u00e9koztat\u00f3<\/a>j\u00e1t, amely alapj\u00e1n hozz\u00e1j\u00e1rul\u00e1somat adom a szem\u00e9lyes adataim kezel\u00e9s\u00e9hez.*<\/span><\/label><\/span><\/span><\/span>\n<\/p>\n<p><span class=\"wpcf7-form-control-wrap\" data-name=\"accep_arf\"><span class=\"wpcf7-form-control wpcf7-acceptance\"><span class=\"wpcf7-list-item\"><label><input type=\"checkbox\" name=\"accep_arf\" value=\"1\" aria-invalid=\"false\" \/><span class=\"wpcf7-list-item-label\">Megismertem \u00e9s elfogadom az <a href=\"https:\/\/www.proveritate.hu\/wp-content\/uploads\/2023\/10\/1001042023.pdf\">\u00c1ltal\u00e1nos R\u00e9szv\u00e9teli Felt\u00e9telek<\/a>et.*<\/span><\/label><\/span><\/span><\/span>\n<\/p>\n<p><span class=\"wpcf7-form-control-wrap\" data-name=\"accephirlev\"><span class=\"wpcf7-form-control wpcf7-checkbox\"><span class=\"wpcf7-list-item first last\"><input type=\"checkbox\" name=\"accephirlev[]\" value=\"Hozz\u00e1j\u00e1rulok ahhoz, hogy a Pro Veritate K\u00f6zhaszn\u00fa Egyes\u00fclet t\u00e1j\u00e9koztat\u00f3 levelet k\u00fcldj\u00f6n r\u00e9szemre az \u00e1ltala szervezett esem\u00e9nyekr\u0151l, felm\u00e9r\u00e9sekr\u0151l, az Egyes\u00fclettel kapcsolatos h\u00edrekr\u0151l.\" \/><span class=\"wpcf7-list-item-label\">Hozz\u00e1j\u00e1rulok ahhoz, hogy a Pro Veritate K\u00f6zhaszn\u00fa Egyes\u00fclet t\u00e1j\u00e9koztat\u00f3 levelet k\u00fcldj\u00f6n r\u00e9szemre az \u00e1ltala szervezett esem\u00e9nyekr\u0151l, felm\u00e9r\u00e9sekr\u0151l, az Egyes\u00fclettel kapcsolatos h\u00edrekr\u0151l.<\/span><\/span><\/span><\/span>\n<\/p>\n<p><input class=\"wpcf7-form-control wpcf7-submit has-spinner\" type=\"submit\" value=\"Regisztr\u00e1ci\u00f3\" \/>\n<\/p><div class=\"wpcf7-response-output\" aria-hidden=\"true\"><\/div>\n<\/form>\n<\/div>\n\n\n\n\n<div style=\"height:56px\" aria-hidden=\"true\" class=\"wp-block-spacer\"><\/div>\n\n\n\n<p class=\"has-text-align-right has-small-font-size\">Vissza az esem\u00e9ny <a href=\"https:\/\/jogstory.proveritate.hu\/\">OLDAL\u00c1RA<\/a><\/p>\n","protected":false},"excerpt":{"rendered":"<p>Az el\u0151zetes regisztr\u00e1ci\u00f3 hat\u00e1rideje: 2025. j\u00falius 3. 16 \u00f3ra 00 perc Vissza az esem\u00e9ny OLDAL\u00c1RA Szeretettel megh\u00edvjuk \u00d6n\u00f6ket a Jog Story 3 nemzetk\u00f6zi rajzp\u00e1ly\u00e1zat d\u00edj\u00e1tad\u00f3 rendezv\u00e9ny\u00e9re, ahol az eredm\u00e9nyhirdet\u00e9s mellett a d\u00edjak&nbsp;\u00fcnnep\u00e9lyes \u00e1tad\u00e1s\u00e1ra is sor ker\u00fcl! Id\u0151pontja:&nbsp;2025. j\u00falius 5. 14:00&nbsp;(d\u00edj\u00e1tad\u00e1s: 16 \u00f3r\u00e1t\u00f3l) Helye:&nbsp;Pestszentimrei K\u00f6z\u00f6ss\u00e9gi H\u00e1z (PIK), 1188&nbsp;Budapest, Vas\u00fat u. 48. Program: Kapunyit\u00e1s 14:00 Helysz\u00edni regisztr\u00e1ci\u00f3 14:00-15:45 Ki\u00e1ll\u00edt\u00e1s, vend\u00e9gl\u00e1t\u00e1s, interakt\u00edv j\u00e1t\u00e9kok 14:00-16:00 Ki\u00e1ll\u00edt\u00e1s, \u201eSelfie a m\u0171vemmel\u201d sarok K\u00e9zm\u0171ves sarok \u201eJogos Tot\u00f3\u201d &#8211; csal\u00e1di kv\u00edz \u201eRajzolj a falra!\u201d \u2013 K\u00f6z\u00f6s \u00e9lm\u00e9nyrajz \u201e\u00cdrd meg a j\u00f6v\u0151 szab\u00e1ly\u00e1t!\u201d \u2013 K\u00edv\u00e1ns\u00e1gfal \u201eK\u00e9rdezd a jog\u00e1szt!\u201d \u2013 J\u00e1t\u00e9kos mini jogseg\u00e9ly Eredm\u00e9nyhirdet\u00e9s \u00e9s d\u00edj\u00e1tad\u00f3 16:00-18:00 K\u00f6sz\u00f6nt\u0151k, Jog Story 3 bemutat\u00e1sa Fell\u00e9p\u0151k Eredm\u00e9nyek \u00e9s d\u00edj\u00e1tad\u00e1s Meglepet\u00e9sek Program befejez\u00e9se 18:00-18:30 Ki\u00e1ll\u00edt\u00e1s, vend\u00e9gl\u00e1t\u00e1s A program v\u00e1ltoztat\u00e1s\u00e1nak jog\u00e1t fenntartjuk! FIGYELEM!&nbsp; A d\u00edj\u00e1tad\u00f3n val\u00f3 r\u00e9szv\u00e9tel ingyenes, de&nbsp;regisztr\u00e1ci\u00f3hoz k\u00f6t\u00f6tt! A r\u00e9szv\u00e9telhez minden nagykor\u00fa szem\u00e9lynek regisztr\u00e1lnia kell, a kiskor\u00fa gyermekek regisztr\u00e1ci\u00f3j\u00e1t pedig t\u00f6rv\u00e9nyes k\u00e9pvisel\u0151j\u00fcknek kell elv\u00e9gezni! A d\u00edj\u00e1tad\u00f3 sor\u00e1n&nbsp;f\u00e9nyk\u00e9p-, vide\u00f3felv\u00e9telek k\u00e9sz\u00fclnek, amelyeket az Egyes\u00fclet az al\u00e1bbi Adatkezel\u00e9si T\u00e1j\u00e9koztat\u00f3j\u00e1ban megjel\u00f6lt m\u00e9dia fel\u00fcletein tesz k\u00f6zz\u00e9! A d\u00edj\u00e1tad\u00f3 rendezv\u00e9ny Adatkezel\u00e9si T\u00e1j\u00e9koztat\u00f3jaAz Egyes\u00fclet Adatkezel\u00e9si T\u00e1j\u00e9koztat\u00f3jaAz Egyes\u00fclet \u00e1ltal szervezett rendezv\u00e9nyek \u00c1ltal\u00e1nos R\u00e9szv\u00e9teli Felt\u00e9telei Vissza az esem\u00e9ny OLDAL\u00c1RA El\u0151zetes regisztr\u00e1ci\u00f3 Jog Story 3 nemzetk\u00f6zi rajzp\u00e1ly\u00e1zatd\u00edj\u00e1tad\u00f3 rendezv\u00e9ny2025. j\u00falius 5. Vissza az esem\u00e9ny OLDAL\u00c1RA<\/p>\n","protected":false},"author":1,"featured_media":0,"parent":0,"menu_order":0,"comment_status":"closed","ping_status":"closed","template":"","meta":{"footnotes":""},"class_list":["post-4931","page","type-page","status-publish","hentry"],"_links":{"self":[{"href":"https:\/\/www.proveritate.hu\/index.php\/wp-json\/wp\/v2\/pages\/4931","targetHints":{"allow":["GET"]}}],"collection":[{"href":"https:\/\/www.proveritate.hu\/index.php\/wp-json\/wp\/v2\/pages"}],"about":[{"href":"https:\/\/www.proveritate.hu\/index.php\/wp-json\/wp\/v2\/types\/page"}],"author":[{"embeddable":true,"href":"https:\/\/www.proveritate.hu\/index.php\/wp-json\/wp\/v2\/users\/1"}],"replies":[{"embeddable":true,"href":"https:\/\/www.proveritate.hu\/index.php\/wp-json\/wp\/v2\/comments?post=4931"}],"version-history":[{"count":10,"href":"https:\/\/www.proveritate.hu\/index.php\/wp-json\/wp\/v2\/pages\/4931\/revisions"}],"predecessor-version":[{"id":5055,"href":"https:\/\/www.proveritate.hu\/index.php\/wp-json\/wp\/v2\/pages\/4931\/revisions\/5055"}],"wp:attachment":[{"href":"https:\/\/www.proveritate.hu\/index.php\/wp-json\/wp\/v2\/media?parent=4931"}],"curies":[{"name":"wp","href":"https:\/\/api.w.org\/{rel}","templated":true}]}}