{"id":437,"date":"2020-12-15T17:58:14","date_gmt":"2020-12-15T17:58:14","guid":{"rendered":"http:\/\/www.proveritate.hu\/?page_id=437"},"modified":"2026-04-24T23:44:28","modified_gmt":"2026-04-24T21:44:28","slug":"meghivok","status":"publish","type":"page","link":"https:\/\/www.proveritate.hu\/index.php\/meghivok\/","title":{"rendered":"Megh\u00edv\u00f3k"},"content":{"rendered":"\n<h3 class=\"wp-block-heading has-text-align-center\">2026<\/h3>\n\n\n\n<h6 class=\"wp-block-heading\">Eln\u00f6ks\u00e9gi \u00fcl\u00e9s &#8211; 2026. \u00e1prilis 29. 18 \u00f3ra 30 perc<\/h6>\n\n\n\n<p>Helysz\u00edn: <em>Microsoft Teams<\/em><\/p>\n\n\n\n<div class=\"wp-block-file\"><a id=\"wp-block-file--media-7a75b50e-42f7-405c-af6a-19e4821dd8cc\" href=\"https:\/\/www.proveritate.hu\/wp-content\/uploads\/2026\/04\/MEGHIVO-20260429.pdf\">Megh\u00edv\u00f3 az Eln\u00f6ks\u00e9g \u00fcl\u00e9s\u00e9re<\/a><\/div>\n\n\n\n<p>Az Eln\u00f6ks\u00e9gi \u00fcl\u00e9s hat\u00e1rozatk\u00e9ptelens\u00e9ge eset\u00e9n az SzMR 8\/D. \u00a7 alapj\u00e1n \u2013 a 8. \u00a7 (2) bekezd\u00e9s\u00e9nek f) pontja szerinti felt\u00e9tel bek\u00f6vetkezt\u00e9vel, a (7) bekezd\u00e9sre is figyelemmel \u2013 a Megism\u00e9telt Eln\u00f6ks\u00e9gi \u00fcl\u00e9s id\u0151pontja azonos helysz\u00ednen \u00e9s m\u00f3don 2026. \u00e1prilis 29. (szerda) 18 \u00f3ra 45 perc, amely a megjelentek sz\u00e1m\u00e1t\u00f3l f\u00fcggetlen\u00fcl hat\u00e1rozatk\u00e9pes.<\/p>\n\n\n\n<p>Az \u00fcl\u00e9s nyilv\u00e1nos r\u00e9sz\u00e9n val\u00f3 r\u00e9szv\u00e9teli sz\u00e1nd\u00e9k eset\u00e9n vegye fel vel\u00fcnk a kapcsolatot az&nbsp;<a href=\"mailto:elnokseg@proveritate.hu\">elnokseg@proveritate.hu<\/a>&nbsp;c\u00edmen.<\/p>\n\n\n\n<h6 class=\"wp-block-heading\">Eln\u00f6ks\u00e9gi \u00fcl\u00e9s &#8211; 2026. m\u00e1rcius 31. 18 \u00f3ra 30 perc<\/h6>\n\n\n\n<p>Helysz\u00edn: <em>Microsoft Teams<\/em><\/p>\n\n\n\n<div class=\"wp-block-file\"><a id=\"wp-block-file--media-6d24f6d3-05e0-4a6c-9892-520390a030a0\" href=\"https:\/\/www.proveritate.hu\/wp-content\/uploads\/2026\/03\/MEGHIVO-20260331.pdf\">Megh\u00edv\u00f3 az Eln\u00f6ks\u00e9g \u00fcl\u00e9s\u00e9re<\/a><\/div>\n\n\n\n<p>Az Eln\u00f6ks\u00e9gi \u00fcl\u00e9s hat\u00e1rozatk\u00e9ptelens\u00e9ge eset\u00e9n az SzMR 8\/D. \u00a7 alapj\u00e1n \u2013 a 8. \u00a7 (2) bekezd\u00e9s\u00e9nek f) pontja szerinti felt\u00e9tel bek\u00f6vetkezt\u00e9vel, a (7) bekezd\u00e9sre is figyelemmel \u2013 a Megism\u00e9telt Eln\u00f6ks\u00e9gi \u00fcl\u00e9s id\u0151pontja azonos helysz\u00ednen \u00e9s m\u00f3don 2026. m\u00e1rcius 31. (kedd) 18 \u00f3ra 45 perc, amely a megjelentek sz\u00e1m\u00e1t\u00f3l f\u00fcggetlen\u00fcl hat\u00e1rozatk\u00e9pes.<\/p>\n\n\n\n<p>Az \u00fcl\u00e9s nyilv\u00e1nos r\u00e9sz\u00e9n val\u00f3 r\u00e9szv\u00e9teli sz\u00e1nd\u00e9k eset\u00e9n vegye fel vel\u00fcnk a kapcsolatot az&nbsp;<a href=\"mailto:elnokseg@proveritate.hu\">elnokseg@proveritate.hu<\/a>&nbsp;c\u00edmen.<\/p>\n\n\n\n<h6 class=\"wp-block-heading\">K\u00f6zgy\u0171l\u00e9s e-szavaz\u00e1s elj\u00e1r\u00e1sa &#8211; 2026. febru\u00e1r 13. &#8211; 2026. m\u00e1rcius 1. 23 \u00f3ra 59 perc<\/h6>\n\n\n\n<p>Az e-szavaz\u00e1s szavaz\u00f3lapja valamennyi szavazati joggal rendelkez\u0151 Tag e-mail c\u00edm\u00e9re megk\u00fcld\u00e9sre ker\u00fclt. Amennyiben ezzel kapcsolatos probl\u00e9ma mer\u00fclne f\u00f6l, vedd fel vel\u00fcnk a kapcsolatot az <a href=\"mailto:elnokseg@proveritate.hu\">elnokseg@proveritate.hu<\/a> c\u00edmen.<\/p>\n\n\n\n<h6 class=\"wp-block-heading\">Eln\u00f6ks\u00e9gi \u00fcl\u00e9s &#8211; 2026. febru\u00e1r 12. 18 \u00f3ra 00 perc<\/h6>\n\n\n\n<p>Helysz\u00edn: <em>Microsoft Teams<\/em><\/p>\n\n\n\n<div class=\"wp-block-file\"><a id=\"wp-block-file--media-20ea250e-60d0-4c8f-8f02-0662c5ecc6de\" href=\"https:\/\/www.proveritate.hu\/wp-content\/uploads\/2026\/02\/MEGHIVO-20260212.pdf\">Megh\u00edv\u00f3 az Eln\u00f6ks\u00e9g \u00fcl\u00e9s\u00e9re<\/a><\/div>\n\n\n\n<p>Az Eln\u00f6ks\u00e9gi \u00fcl\u00e9s hat\u00e1rozatk\u00e9ptelens\u00e9ge eset\u00e9n az SzMR 8\/D. \u00a7 alapj\u00e1n \u2013 a 8. \u00a7 (2) bekezd\u00e9s\u00e9nek f) pontja szerinti felt\u00e9tel bek\u00f6vetkezt\u00e9vel, a (7) bekezd\u00e9sre is figyelemmel \u2013 a Megism\u00e9telt Eln\u00f6ks\u00e9gi \u00fcl\u00e9s id\u0151pontja azonos helysz\u00ednen \u00e9s m\u00f3don 2026. febru\u00e1r 12. (cs\u00fct\u00f6rt\u00f6k) 18 \u00f3ra 30 perc, amely a megjelentek sz\u00e1m\u00e1t\u00f3l f\u00fcggetlen\u00fcl hat\u00e1rozatk\u00e9pes.<\/p>\n\n\n\n<p>Az \u00fcl\u00e9s nyilv\u00e1nos r\u00e9sz\u00e9n val\u00f3 r\u00e9szv\u00e9teli sz\u00e1nd\u00e9k eset\u00e9n vegye fel vel\u00fcnk a kapcsolatot az&nbsp;<a href=\"mailto:elnokseg@proveritate.hu\">elnokseg@proveritate.hu<\/a>&nbsp;c\u00edmen.<\/p>\n\n\n\n<h6 class=\"wp-block-heading\">Eln\u00f6ks\u00e9gi \u00fcl\u00e9s &#8211; 2026. janu\u00e1r 6. 18 \u00f3ra 30 perc<\/h6>\n\n\n\n<p>Helysz\u00edn: <em>Microsoft Teams<\/em><\/p>\n\n\n\n<p>Az Eln\u00f6ks\u00e9gi \u00fcl\u00e9s hat\u00e1rozatk\u00e9ptelens\u00e9ge eset\u00e9n az SzMR 8\/D. \u00a7 alapj\u00e1n \u2013 a 8. \u00a7 (2) bekezd\u00e9s\u00e9nek f) pontja szerinti felt\u00e9tel bek\u00f6vetkezt\u00e9vel, a (7) bekezd\u00e9sre is figyelemmel \u2013 a Megism\u00e9telt Eln\u00f6ks\u00e9gi \u00fcl\u00e9s id\u0151pontja azonos helysz\u00ednen \u00e9s m\u00f3don 2026. janu\u00e1r 6. (kedd) 18 \u00f3ra 45 perc, amely a megjelentek sz\u00e1m\u00e1t\u00f3l f\u00fcggetlen\u00fcl hat\u00e1rozatk\u00e9pes.<\/p>\n\n\n\n<p>Az \u00fcl\u00e9s nyilv\u00e1nos r\u00e9sz\u00e9n val\u00f3 r\u00e9szv\u00e9teli sz\u00e1nd\u00e9k eset\u00e9n vegye fel vel\u00fcnk a kapcsolatot az&nbsp;<a href=\"mailto:elnokseg@proveritate.hu\">elnokseg@proveritate.hu<\/a>&nbsp;c\u00edmen.<\/p>\n\n\n\n<h3 class=\"wp-block-heading has-text-align-center\">2025<\/h3>\n\n\n\n<h6 class=\"wp-block-heading\">Eln\u00f6ks\u00e9gi \u00fcl\u00e9s &#8211; 2025. december 30. 18 \u00f3ra 30 perc<\/h6>\n\n\n\n<p>Helysz\u00edn: <em>Microsoft Teams<\/em><\/p>\n\n\n\n<div class=\"wp-block-file\"><a id=\"wp-block-file--media-785f2375-a625-483e-88d5-9548605547eb\" href=\"https:\/\/www.proveritate.hu\/wp-content\/uploads\/2025\/12\/MEGHIVO-20251230.pdf\">Megh\u00edv\u00f3 az Eln\u00f6ks\u00e9g \u00fcl\u00e9s\u00e9re<\/a><\/div>\n\n\n\n<p>Az Eln\u00f6ks\u00e9gi \u00fcl\u00e9s hat\u00e1rozatk\u00e9ptelens\u00e9ge eset\u00e9n az SzMR 8\/D. \u00a7 alapj\u00e1n \u2013 a 8. \u00a7 (2) bekezd\u00e9s\u00e9nek f) pontja szerinti felt\u00e9tel bek\u00f6vetkezt\u00e9vel, a (7) bekezd\u00e9sre is figyelemmel \u2013 a Megism\u00e9telt Eln\u00f6ks\u00e9gi \u00fcl\u00e9s id\u0151pontja azonos helysz\u00ednen \u00e9s m\u00f3don 2025. december 30. (kedd) 18 \u00f3ra 45 perc, amely a megjelentek sz\u00e1m\u00e1t\u00f3l f\u00fcggetlen\u00fcl hat\u00e1rozatk\u00e9pes.<\/p>\n\n\n\n<p>Az \u00fcl\u00e9s nyilv\u00e1nos r\u00e9sz\u00e9n val\u00f3 r\u00e9szv\u00e9teli sz\u00e1nd\u00e9k eset\u00e9n vegye fel vel\u00fcnk a kapcsolatot az&nbsp;<a href=\"mailto:elnokseg@proveritate.hu\">elnokseg@proveritate.hu<\/a>&nbsp;c\u00edmen.<\/p>\n\n\n\n<h6 class=\"wp-block-heading\">Eln\u00f6ks\u00e9gi \u00fcl\u00e9s &#8211; 2025. december 3. 18 \u00f3ra 00 perc<\/h6>\n\n\n\n<p>Helysz\u00edn: <em>Microsoft Teams<\/em><\/p>\n\n\n\n<div class=\"wp-block-file\"><a id=\"wp-block-file--media-8ed9a475-07a1-4f12-b3e0-6fde93cc0f33\" href=\"https:\/\/www.proveritate.hu\/wp-content\/uploads\/2025\/12\/MEGHIVO-20251203.pdf\">Megh\u00edv\u00f3 az Eln\u00f6ks\u00e9g \u00fcl\u00e9s\u00e9re<\/a><\/div>\n\n\n\n<p>Az Eln\u00f6ks\u00e9gi \u00fcl\u00e9s hat\u00e1rozatk\u00e9ptelens\u00e9ge eset\u00e9n az SzMR 8\/D. \u00a7 alapj\u00e1n \u2013 a 8. \u00a7 (2) bekezd\u00e9s\u00e9nek f) pontja szerinti felt\u00e9tel bek\u00f6vetkezt\u00e9vel, a (7) bekezd\u00e9sre is figyelemmel \u2013 a Megism\u00e9telt Eln\u00f6ks\u00e9gi \u00fcl\u00e9s id\u0151pontja azonos helysz\u00ednen \u00e9s m\u00f3don 2025. december 3. (szerda) 18 \u00f3ra 15 perc, amely a megjelentek sz\u00e1m\u00e1t\u00f3l f\u00fcggetlen\u00fcl hat\u00e1rozatk\u00e9pes.<\/p>\n\n\n\n<p>Az \u00fcl\u00e9s nyilv\u00e1nos r\u00e9sz\u00e9n val\u00f3 r\u00e9szv\u00e9teli sz\u00e1nd\u00e9k eset\u00e9n vegye fel vel\u00fcnk a kapcsolatot az&nbsp;<a href=\"mailto:elnokseg@proveritate.hu\">elnokseg@proveritate.hu<\/a>&nbsp;c\u00edmen.<\/p>\n\n\n\n<h6 class=\"wp-block-heading\">K\u00f6zgy\u0171l\u00e9s e-szavaz\u00e1s elj\u00e1r\u00e1sa &#8211; 2025. december 2. &#8211; 2025. december 18. 23 \u00f3ra 59 perc<\/h6>\n\n\n\n<p>Az e-szavaz\u00e1s szavaz\u00f3lapja valamennyi szavazati joggal rendelkez\u0151 Tag e-mail c\u00edm\u00e9re megk\u00fcld\u00e9sre ker\u00fclt. Amennyiben ezzel kapcsolatos probl\u00e9ma mer\u00fclne f\u00f6l, vedd fel vel\u00fcnk a kapcsolatot az <a href=\"mailto:elnokseg@proveritate.hu\">elnokseg@proveritate.hu<\/a> c\u00edmen.<\/p>\n\n\n\n<h6 class=\"wp-block-heading\">K\u00f6zgy\u0171l\u00e9s &#8211; 2025. november 29. 16 \u00f3ra 00 perc<\/h6>\n\n\n\n<p>Helysz\u00edn (1): KlauDi\u00f3 K\u00f6zpont, 1072 Budapest, Nagydi\u00f3fa u. 34.<\/p>\n\n\n\n<p>Helysz\u00edn (2): <em>Microsoft Teams<\/em><\/p>\n\n\n\n<div class=\"wp-block-file\"><a id=\"wp-block-file--media-4eee6d22-51df-44de-b1a6-fb60660608f2\" href=\"https:\/\/www.proveritate.hu\/wp-content\/uploads\/2025\/11\/MEGHIVO-20251129.pdf\">Megh\u00edv\u00f3 a K\u00f6zgy\u0171l\u00e9sre<\/a><\/div>\n\n\n\n<p>A K\u00f6zgy\u0171l\u00e9s nyilv\u00e1nos r\u00e9sz\u00e9n val\u00f3 online r\u00e9szv\u00e9teli sz\u00e1nd\u00e9k eset\u00e9n vegye fel vel\u00fcnk a kapcsolatot az&nbsp;<a href=\"mailto:elnokseg@proveritate.hu\">elnokseg@proveritate.hu<\/a>&nbsp;c\u00edmen.<\/p>\n\n\n\n<h6 class=\"wp-block-heading\">Eln\u00f6ks\u00e9gi \u00fcl\u00e9s &#8211; 2025. okt\u00f3ber 30. 19 \u00f3ra 00 perc<\/h6>\n\n\n\n<p>Helysz\u00edn: <em>Google Meet<\/em><\/p>\n\n\n\n<div class=\"wp-block-file\"><a id=\"wp-block-file--media-85975ccc-f0ef-447d-8c74-1183368fd5cf\" href=\"https:\/\/www.proveritate.hu\/wp-content\/uploads\/2025\/10\/MEGHIVO-20251030.pdf\">Megh\u00edv\u00f3 az Eln\u00f6ks\u00e9g \u00fcl\u00e9s\u00e9re<\/a><\/div>\n\n\n\n<p>Az Eln\u00f6ks\u00e9gi \u00fcl\u00e9s hat\u00e1rozatk\u00e9ptelens\u00e9ge eset\u00e9n az SzMR 8\/D. \u00a7 alapj\u00e1n \u2013 a 8. \u00a7 (2) bekezd\u00e9s\u00e9nek f) pontja szerinti felt\u00e9tel bek\u00f6vetkezt\u00e9vel, a (7) bekezd\u00e9sre is figyelemmel \u2013 a Megism\u00e9telt Eln\u00f6ks\u00e9gi \u00fcl\u00e9s id\u0151pontja azonos helysz\u00ednen \u00e9s m\u00f3don 2025. okt\u00f3ber 30. (cs\u00fct\u00f6rt\u00f6k) 19 \u00f3ra 15 perc, amely a megjelentek sz\u00e1m\u00e1t\u00f3l f\u00fcggetlen\u00fcl hat\u00e1rozatk\u00e9pes.<\/p>\n\n\n\n<p>Az \u00fcl\u00e9s nyilv\u00e1nos r\u00e9sz\u00e9n val\u00f3 r\u00e9szv\u00e9teli sz\u00e1nd\u00e9k eset\u00e9n vegye fel vel\u00fcnk a kapcsolatot az&nbsp;<a href=\"mailto:elnokseg@proveritate.hu\">elnokseg@proveritate.hu<\/a>&nbsp;c\u00edmen.<\/p>\n\n\n\n<h6 class=\"wp-block-heading\">K\u00f6zgy\u0171l\u00e9s e-szavaz\u00e1s elj\u00e1r\u00e1sa &#8211; 2025. okt\u00f3ber 20. &#8211; 2025. november 4. 23 \u00f3ra 59 perc<\/h6>\n\n\n\n<p>Az e-szavaz\u00e1s szavaz\u00f3lapja valamennyi szavazati joggal rendelkez\u0151 Tag e-mail c\u00edm\u00e9re megk\u00fcld\u00e9sre ker\u00fclt. Amennyiben ezzel kapcsolatos probl\u00e9ma mer\u00fclne f\u00f6l, vedd fel vel\u00fcnk a kapcsolatot az <a href=\"mailto:elnokseg@proveritate.hu\">elnokseg@proveritate.hu<\/a> c\u00edmen.<\/p>\n\n\n\n<h6 class=\"wp-block-heading\">Eln\u00f6ks\u00e9gi \u00fcl\u00e9s (kib\u0151v\u00edtett) &#8211; 2025. okt\u00f3ber 1. 19 \u00f3ra 30 perc<\/h6>\n\n\n\n<p>Helysz\u00edn: <em>Microsoft Teams<\/em><\/p>\n\n\n\n<div class=\"wp-block-file\"><a id=\"wp-block-file--media-85975ccc-f0ef-447d-8c74-1183368fd5cf\" href=\"https:\/\/www.proveritate.hu\/wp-content\/uploads\/2025\/09\/MEGHIVO-20251001.pdf\">Megh\u00edv\u00f3 az Eln\u00f6ks\u00e9g \u00fcl\u00e9s\u00e9re<\/a><\/div>\n\n\n\n<p>Az Eln\u00f6ks\u00e9gi \u00fcl\u00e9s hat\u00e1rozatk\u00e9ptelens\u00e9ge eset\u00e9n az SzMR 8\/D. \u00a7 alapj\u00e1n \u2013 a 8. \u00a7 (2) bekezd\u00e9s\u00e9nek f) pontja szerinti felt\u00e9tel bek\u00f6vetkezt\u00e9vel, a (7) bekezd\u00e9sre is figyelemmel \u2013 a Megism\u00e9telt Eln\u00f6ks\u00e9gi \u00fcl\u00e9s id\u0151pontja azonos helysz\u00ednen \u00e9s m\u00f3don 2025. okt\u00f3ber 1. (szerda) 19 \u00f3ra 45 perc, amely a megjelentek sz\u00e1m\u00e1t\u00f3l f\u00fcggetlen\u00fcl hat\u00e1rozatk\u00e9pes.<\/p>\n\n\n\n<p>Az \u00fcl\u00e9s nyilv\u00e1nos r\u00e9sz\u00e9n val\u00f3 r\u00e9szv\u00e9teli sz\u00e1nd\u00e9k eset\u00e9n vegye fel vel\u00fcnk a kapcsolatot az&nbsp;<a href=\"mailto:elnokseg@proveritate.hu\">elnokseg@proveritate.hu<\/a>&nbsp;c\u00edmen.<\/p>\n\n\n\n<h6 class=\"wp-block-heading\">Eln\u00f6ks\u00e9gi \u00fcl\u00e9s &#8211; 2025. szeptember 4. 19 \u00f3ra 30 perc<\/h6>\n\n\n\n<p>Helysz\u00edn: <em>Microsoft Teams<\/em><\/p>\n\n\n\n<div class=\"wp-block-file\"><a id=\"wp-block-file--media-08497746-5b50-43d6-92ff-c4db8e711349\" href=\"https:\/\/www.proveritate.hu\/wp-content\/uploads\/2025\/09\/MEGHIVO-20250904.pdf\">Megh\u00edv\u00f3 az Eln\u00f6ks\u00e9g \u00fcl\u00e9s\u00e9re<\/a><\/div>\n\n\n\n<p>Az Eln\u00f6ks\u00e9gi \u00fcl\u00e9s hat\u00e1rozatk\u00e9ptelens\u00e9ge eset\u00e9n az SzMR 8\/D. \u00a7 alapj\u00e1n \u2013 a 8. \u00a7 (2) bekezd\u00e9s\u00e9nek f) pontja szerinti felt\u00e9tel bek\u00f6vetkezt\u00e9vel, a (7) bekezd\u00e9sre is figyelemmel \u2013 a Megism\u00e9telt Eln\u00f6ks\u00e9gi \u00fcl\u00e9s id\u0151pontja azonos helysz\u00ednen \u00e9s m\u00f3don 2025. szeptember 4. (cs\u00fct\u00f6rt\u00f6k) 19 \u00f3ra 45 perc, amely a megjelentek sz\u00e1m\u00e1t\u00f3l f\u00fcggetlen\u00fcl hat\u00e1rozatk\u00e9pes.<\/p>\n\n\n\n<p>Az \u00fcl\u00e9s nyilv\u00e1nos r\u00e9sz\u00e9n val\u00f3 r\u00e9szv\u00e9teli sz\u00e1nd\u00e9k eset\u00e9n vegye fel vel\u00fcnk a kapcsolatot az&nbsp;<a href=\"mailto:elnokseg@proveritate.hu\">elnokseg@proveritate.hu<\/a>&nbsp;c\u00edmen.<\/p>\n\n\n\n<h6 class=\"wp-block-heading\">Eln\u00f6ks\u00e9gi \u00fcl\u00e9s &#8211; 2025. j\u00falius 30. 19 \u00f3ra 00 perc<\/h6>\n\n\n\n<p>Helysz\u00edn: <em>Microsoft Teams<\/em><\/p>\n\n\n\n<div class=\"wp-block-file\"><a id=\"wp-block-file--media-08497746-5b50-43d6-92ff-c4db8e711349\" href=\"https:\/\/www.proveritate.hu\/wp-content\/uploads\/2025\/07\/MEGHIVO-20250730.pdf\">Megh\u00edv\u00f3 az Eln\u00f6ks\u00e9g \u00fcl\u00e9s\u00e9re<\/a><\/div>\n\n\n\n<p>Az \u00fcl\u00e9s nyilv\u00e1nos r\u00e9sz\u00e9n val\u00f3 r\u00e9szv\u00e9teli sz\u00e1nd\u00e9k eset\u00e9n vegye fel vel\u00fcnk a kapcsolatot az&nbsp;<a href=\"mailto:elnokseg@proveritate.hu\">elnokseg@proveritate.hu<\/a>&nbsp;c\u00edmen.<\/p>\n\n\n\n<h6 class=\"wp-block-heading\">K\u00f6zgy\u0171l\u00e9s e-szavaz\u00e1s elj\u00e1r\u00e1sa &#8211; 2025. j\u00falius 11. &#8211; 2025. j\u00falius 27. 23 \u00f3ra 59 perc<\/h6>\n\n\n\n<p>Az e-szavaz\u00e1s szavaz\u00f3lapja valamennyi szavazati joggal rendelkez\u0151 Tag e-mail c\u00edm\u00e9re megk\u00fcld\u00e9sre ker\u00fclt. Amennyiben ezzel kapcsolatos probl\u00e9ma mer\u00fclne f\u00f6l, vedd fel vel\u00fcnk a kapcsolatot az <a href=\"mailto:elnokseg@proveritate.hu\">elnokseg@proveritate.hu<\/a> c\u00edmen.<\/p>\n\n\n\n<h6 class=\"wp-block-heading\">Eln\u00f6ks\u00e9gi \u00fcl\u00e9s &#8211; 2025. j\u00falius 8. 18 \u00f3ra 00 perc<\/h6>\n\n\n\n<p>Helysz\u00edn: <em>Microsoft Teams<\/em><\/p>\n\n\n\n<p>Az \u00fcl\u00e9s nyilv\u00e1nos r\u00e9sz\u00e9n val\u00f3 r\u00e9szv\u00e9teli sz\u00e1nd\u00e9k eset\u00e9n vegye fel vel\u00fcnk a kapcsolatot az&nbsp;<a href=\"mailto:elnokseg@proveritate.hu\">elnokseg@proveritate.hu<\/a>&nbsp;c\u00edmen.<\/p>\n\n\n\n<h6 class=\"wp-block-heading\">Eln\u00f6ks\u00e9gi \u00fcl\u00e9s &#8211; 2025. j\u00fanius 1. 09 \u00f3ra 00 perc<\/h6>\n\n\n\n<p>Helysz\u00edn: <em>Microsoft Teams<\/em><\/p>\n\n\n\n<div class=\"wp-block-file\"><a id=\"wp-block-file--media-08497746-5b50-43d6-92ff-c4db8e711349\" href=\"https:\/\/www.proveritate.hu\/wp-content\/uploads\/2025\/05\/MEGHIVO-20250601.pdf\">Megh\u00edv\u00f3 az Eln\u00f6ks\u00e9g \u00fcl\u00e9s\u00e9re<\/a><\/div>\n\n\n\n<p>Az \u00fcl\u00e9s nyilv\u00e1nos r\u00e9sz\u00e9n val\u00f3 r\u00e9szv\u00e9teli sz\u00e1nd\u00e9k eset\u00e9n vegye fel vel\u00fcnk a kapcsolatot az&nbsp;<a href=\"mailto:elnokseg@proveritate.hu\">elnokseg@proveritate.hu<\/a>&nbsp;c\u00edmen.<\/p>\n\n\n\n<h6 class=\"wp-block-heading\">Eln\u00f6ks\u00e9gi \u00fcl\u00e9s &#8211; 2025. m\u00e1jus 3. 11 \u00f3ra 00 perc<\/h6>\n\n\n\n<p>Helysz\u00edn: <em>Microsoft Teams<\/em><\/p>\n\n\n\n<div class=\"wp-block-file\"><a id=\"wp-block-file--media-a342a6e5-ff59-4c33-a4f2-203083d8c2ab\" href=\"https:\/\/www.proveritate.hu\/wp-content\/uploads\/2025\/04\/MEGHIVO-20250503-1.pdf\">Megh\u00edv\u00f3 az Eln\u00f6ks\u00e9g \u00fcl\u00e9s\u00e9re<\/a><\/div>\n\n\n\n<p>Az \u00fcl\u00e9s nyilv\u00e1nos r\u00e9sz\u00e9n val\u00f3 r\u00e9szv\u00e9teli sz\u00e1nd\u00e9k eset\u00e9n vegye fel vel\u00fcnk a kapcsolatot az&nbsp;<a href=\"mailto:elnokseg@proveritate.hu\">elnokseg@proveritate.hu<\/a>&nbsp;c\u00edmen.<\/p>\n\n\n\n<h6 class=\"wp-block-heading\">Eln\u00f6ks\u00e9gi \u00fcl\u00e9s &#8211; 2025. \u00e1prilis 1. 19 \u00f3ra 30 perc<\/h6>\n\n\n\n<p>Helysz\u00edn: <em>Microsoft Teams<\/em><\/p>\n\n\n\n<div class=\"wp-block-file\"><a id=\"wp-block-file--media-67ce6f8e-4766-4c1a-a928-5ebadffd516c\" href=\"https:\/\/www.proveritate.hu\/wp-content\/uploads\/2025\/03\/MEGHIVO-20250401.pdf\">Megh\u00edv\u00f3 az Eln\u00f6ks\u00e9g \u00fcl\u00e9s\u00e9re<\/a><\/div>\n\n\n\n<p>Az \u00fcl\u00e9s nyilv\u00e1nos r\u00e9sz\u00e9n val\u00f3 r\u00e9szv\u00e9teli sz\u00e1nd\u00e9k eset\u00e9n vegye fel vel\u00fcnk a kapcsolatot az&nbsp;<a href=\"mailto:elnokseg@proveritate.hu\">elnokseg@proveritate.hu<\/a>&nbsp;c\u00edmen.<\/p>\n\n\n\n<h6 class=\"wp-block-heading\">K\u00f6zgy\u0171l\u00e9s e-szavaz\u00e1s elj\u00e1r\u00e1sa &#8211; 2025. m\u00e1rcius 2. &#8211; 2025. m\u00e1rcius 18. 23 \u00f3ra 59 perc<\/h6>\n\n\n\n<p>Az e-szavaz\u00e1s szavaz\u00f3lapja valamennyi szavazati joggal rendelkez\u0151 Tag e-mail c\u00edm\u00e9re megk\u00fcld\u00e9sre ker\u00fclt. Amennyiben ezzel kapcsolatos probl\u00e9ma mer\u00fclne f\u00f6l, vedd fel vel\u00fcnk a kapcsolatot az <a href=\"mailto:elnokseg@proveritate.hu\">elnokseg@proveritate.hu<\/a> c\u00edmen.<\/p>\n\n\n\n<h6 class=\"wp-block-heading\">K\u00f6zgy\u0171l\u00e9s e-szavaz\u00e1s elj\u00e1r\u00e1sa &#8211; 2025. janu\u00e1r 10. &#8211; 2025. janu\u00e1r 25. 23 \u00f3ra 59 perc<\/h6>\n\n\n\n<p>Az e-szavaz\u00e1s szavaz\u00f3lapja valamennyi szavazati joggal rendelkez\u0151 Tag e-mail c\u00edm\u00e9re megk\u00fcld\u00e9sre ker\u00fclt. Amennyiben ezzel kapcsolatos probl\u00e9ma mer\u00fclne f\u00f6l, vedd fel vel\u00fcnk a kapcsolatot az <a href=\"mailto:elnokseg@proveritate.hu\">elnokseg@proveritate.hu<\/a> c\u00edmen.<\/p>\n\n\n\n<h3 class=\"wp-block-heading has-text-align-center\">2024<\/h3>\n\n\n\n<h6 class=\"wp-block-heading\">K\u00f6zgy\u0171l\u00e9s &#8211; 2024. november 30. 18 \u00f3ra 15 perc (\u00e9rkez\u00e9s 18:00 \u00f3r\u00e1ra)<\/h6>\n\n\n\n<p>Helysz\u00edn: Kir\u00e1ly 100 \u00e9tterem, 1068 Budapest, Kir\u00e1ly u. 100.<\/p>\n\n\n\n<div class=\"wp-block-file\"><a id=\"wp-block-file--media-4eee6d22-51df-44de-b1a6-fb60660608f2\" href=\"https:\/\/www.proveritate.hu\/wp-content\/uploads\/2024\/11\/MEGHIVO-20241130-KGY.pdf\">Megh\u00edv\u00f3 a K\u00f6zgy\u0171l\u00e9sre<\/a><\/div>\n\n\n\n<h6 class=\"wp-block-heading\">K\u00f6zgy\u0171l\u00e9s e-szavaz\u00e1s elj\u00e1r\u00e1sa &#8211; 2024. febru\u00e1r 10. &#8211; 2024. febru\u00e1r 26. 23 \u00f3ra 59 perc<\/h6>\n\n\n\n<p>Az e-szavaz\u00e1s szavaz\u00f3lapja valamennyi szavazati joggal rendelkez\u0151 Tag e-mail c\u00edm\u00e9re megk\u00fcld\u00e9sre ker\u00fclt. Amennyiben ezzel kapcsolatos probl\u00e9ma mer\u00fclne f\u00f6l, vedd fel vel\u00fcnk a kapcsolatot az <a href=\"mailto:elnokseg@proveritate.hu\">elnokseg@proveritate.hu<\/a> c\u00edmen.<\/p>\n\n\n\n<h3 class=\"wp-block-heading has-text-align-center\">2023<\/h3>\n\n\n\n<h6 class=\"wp-block-heading\">K\u00f6zgy\u0171l\u00e9s e-szavaz\u00e1s elj\u00e1r\u00e1sa &#8211; 2023. december 30. &#8211; 2024. janu\u00e1r 14. 23 \u00f3ra 59 perc<\/h6>\n\n\n\n<p>Az e-szavaz\u00e1s szavaz\u00f3lapja valamennyi szavazati joggal rendelkez\u0151 Tag e-mail c\u00edm\u00e9re megk\u00fcld\u00e9sre ker\u00fclt. Amennyiben ezzel kapcsolatos probl\u00e9ma mer\u00fclne f\u00f6l, vedd fel vel\u00fcnk a kapcsolatot az <a href=\"mailto:elnokseg@proveritate.hu\">elnokseg@proveritate.hu<\/a> c\u00edmen.<\/p>\n\n\n\n<h6 class=\"wp-block-heading\">K\u00f6zgy\u0171l\u00e9s e-szavaz\u00e1s elj\u00e1r\u00e1sa &#8211; 2023. december 2. &#8211; 2023. december 17. 23 \u00f3ra 59 perc<\/h6>\n\n\n\n<p>Az e-szavaz\u00e1s szavaz\u00f3lapja valamennyi szavazati joggal rendelkez\u0151 Tag e-mail c\u00edm\u00e9re megk\u00fcld\u00e9sre ker\u00fclt. Amennyiben ezzel kapcsolatos probl\u00e9ma mer\u00fclne f\u00f6l, vedd fel vel\u00fcnk a kapcsolatot az <a href=\"mailto:elnokseg@proveritate.hu\">elnokseg@proveritate.hu<\/a> c\u00edmen.<\/p>\n\n\n\n<h6 class=\"wp-block-heading\">K\u00f6zgy\u0171l\u00e9s &#8211; 2023. december 1. 18 \u00f3ra 15 perc<\/h6>\n\n\n\n<p>Helysz\u00edn: Csipesz Bar, 1077 Budapest, Kir\u00e1ly u. 41.<\/p>\n\n\n\n<h6 class=\"wp-block-heading\">K\u00f6zgy\u0171l\u00e9s e-szavaz\u00e1s elj\u00e1r\u00e1sa &#8211; 2023. j\u00fanius 29. &#8211; 2023. j\u00falius 14. 23 \u00f3ra 59 perc<\/h6>\n\n\n\n<p>Az e-szavaz\u00e1s szavaz\u00f3lapja valamennyi szavazati joggal rendelkez\u0151 Tag e-mail c\u00edm\u00e9re megk\u00fcld\u00e9sre ker\u00fclt. Amennyiben ezzel kapcsolatos probl\u00e9ma mer\u00fclne f\u00f6l, vedd fel vel\u00fcnk a kapcsolatot az <a href=\"mailto:elnokseg@proveritate.hu\">elnokseg@proveritate.hu<\/a> c\u00edmen.<\/p>\n\n\n\n<h6 class=\"wp-block-heading\">K\u00f6zgy\u0171l\u00e9s e-szavaz\u00e1s elj\u00e1r\u00e1sa &#8211; 2023. m\u00e1rcius 5. &#8211; 2023. m\u00e1rcius 20. 23 \u00f3ra 59 perc<\/h6>\n\n\n\n<p>Az e-szavaz\u00e1s szavaz\u00f3lapja valamennyi szavazati joggal rendelkez\u0151 Tag e-mail c\u00edm\u00e9re megk\u00fcld\u00e9sre ker\u00fclt. Amennyiben ezzel kapcsolatos probl\u00e9ma mer\u00fclne f\u00f6l, vedd fel vel\u00fcnk a kapcsolatot az <a href=\"mailto:elnokseg@proveritate.hu\">elnokseg@proveritate.hu<\/a> c\u00edmen. <\/p>\n\n\n\n<h6 class=\"wp-block-heading\">K\u00f6zgy\u0171l\u00e9s e-szavaz\u00e1s elj\u00e1r\u00e1sa &#8211; 2022. december 29. &#8211; 2023. janu\u00e1r 13. 23 \u00f3ra 59 perc <\/h6>\n\n\n\n<p>Az e-szavaz\u00e1s szavaz\u00f3lapja valamennyi szavazati joggal rendelkez\u0151 Tag e-mail c\u00edm\u00e9re megk\u00fcld\u00e9sre ker\u00fclt. Amennyiben ezzel kapcsolatos probl\u00e9ma mer\u00fclne f\u00f6l, vedd fel vel\u00fcnk a kapcsolatot az <a href=\"mailto:elnokseg@proveritate.hu\">elnokseg@proveritate.hu<\/a> c\u00edmen.<\/p>\n\n\n\n<h3 class=\"wp-block-heading has-text-align-center\">2022<\/h3>\n\n\n\n<h6 class=\"wp-block-heading\">K\u00f6zgy\u0171l\u00e9s &#8211; 2022. december 3. 18 \u00f3ra 30 perc<\/h6>\n\n\n\n<div class=\"wp-block-file\"><a id=\"wp-block-file--media-8fb010cf-9370-4e5f-b089-47a6b136fd41\" href=\"http:\/\/www.proveritate.hu\/wp-content\/uploads\/2022\/11\/MEGHIVO-20221203-Kozgyules.pdf\">Megh\u00edv\u00f3 a 2022. december 3-i K\u00f6zgy\u0171l\u00e9sre<\/a><a href=\"http:\/\/www.proveritate.hu\/wp-content\/uploads\/2022\/11\/MEGHIVO-20221203-Kozgyules.pdf\" class=\"wp-block-file__button wp-element-button\" download aria-describedby=\"wp-block-file--media-8fb010cf-9370-4e5f-b089-47a6b136fd41\">Let\u00f6lt\u00e9s<\/a><\/div>\n\n\n\n<h6 class=\"wp-block-heading\">K\u00f6zgy\u0171l\u00e9s e-szavaz\u00e1s elj\u00e1r\u00e1sa &#8211; 2022. j\u00falius 4. &#8211; 2022. j\u00falius 20. 23 \u00f3ra 59 perc<\/h6>\n\n\n\n<p>Az e-szavaz\u00e1s szavaz\u00f3lapja valamennyi szavazati joggal rendelkez\u0151 Tag e-mail c\u00edm\u00e9re megk\u00fcld\u00e9sre ker\u00fclt. Amennyiben ezzel kapcsolatos probl\u00e9ma mer\u00fclne f\u00f6l, vedd fel vel\u00fcnk a kapcsolatot az <a href=\"mailto:elnokseg@proveritate.hu\">elnokseg@proveritate.hu<\/a> c\u00edmen.<\/p>\n\n\n\n<h6 class=\"wp-block-heading\">K\u00f6zgy\u0171l\u00e9s e-szavaz\u00e1s elj\u00e1r\u00e1sa &#8211; 2022. m\u00e1rcius 9. &#8211; 2022. m\u00e1rcius 24. 23 \u00f3ra 59 perc<\/h6>\n\n\n\n<p>Az e-szavaz\u00e1s szavaz\u00f3lapja valamennyi szavazati joggal rendelkez\u0151 Tag e-mail c\u00edm\u00e9re megk\u00fcld\u00e9sre ker\u00fclt. Amennyiben ezzel kapcsolatos probl\u00e9ma mer\u00fclne f\u00f6l, vedd fel vel\u00fcnk a kapcsolatot az <a href=\"mailto:elnokseg@proveritate.hu\">elnokseg@proveritate.hu<\/a> c\u00edmen.<\/p>\n\n\n\n<h6 class=\"wp-block-heading\">K\u00f6zgy\u0171l\u00e9s e-szavaz\u00e1s elj\u00e1r\u00e1sa &#8211; 2021. december 21. &#8211; 2022. janu\u00e1r 05. 23 \u00f3ra 59 perc<\/h6>\n\n\n\n<p>Az e-szavaz\u00e1s szavaz\u00f3lapja valamennyi szavazati joggal rendelkez\u0151 Tag e-mail c\u00edm\u00e9re megk\u00fcld\u00e9sre ker\u00fclt. Amennyiben ezzel kapcsolatos probl\u00e9ma mer\u00fclne f\u00f6l, vedd fel vel\u00fcnk a kapcsolatot az <a href=\"mailto:elnokseg@proveritate.hu\">elnokseg@proveritate.hu<\/a> c\u00edmen.<\/p>\n\n\n\n<h3 class=\"wp-block-heading has-text-align-center\">2021<\/h3>\n\n\n\n<h6 class=\"wp-block-heading\">K\u00f6zgy\u0171l\u00e9s &#8211; 2021. december 20. 18 \u00f3ra 00 perc<\/h6>\n\n\n\n<div class=\"wp-block-file\"><a id=\"wp-block-file--media-9f08a4ea-42b4-422c-8643-91f5cec902e5\" href=\"http:\/\/www.proveritate.hu\/wp-content\/uploads\/2021\/12\/MEGHIVO-1220-Kozgyules.pdf\">Megh\u00edv\u00f3 a 2021. december 20-i K\u00f6zgy\u0171l\u00e9sre<\/a><a href=\"http:\/\/www.proveritate.hu\/wp-content\/uploads\/2021\/12\/MEGHIVO-1220-Kozgyules.pdf\" class=\"wp-block-file__button wp-element-button\" download aria-describedby=\"wp-block-file--media-9f08a4ea-42b4-422c-8643-91f5cec902e5\">Let\u00f6lt\u00e9s<\/a><\/div>\n\n\n\n<div class=\"wp-block-file\"><a id=\"wp-block-file--media-6ab263bb-9152-4bd0-9756-d67996163414\" href=\"http:\/\/www.proveritate.hu\/wp-content\/uploads\/2021\/12\/MEGHIVO-20211220-Kozgyules-1.-melleklet.pdf\">Megh\u00edv\u00f3 a 2021. december 20-i K\u00f6zgy\u0171l\u00e9sre &#8211; 1. mell\u00e9klet<\/a><\/div>\n\n\n\n<h6 class=\"wp-block-heading\">K\u00f6zgy\u0171l\u00e9s e-szavaz\u00e1s elj\u00e1r\u00e1sa &#8211; 2021. okt\u00f3ber 3. &#8211; 2021. okt\u00f3ber 18. 23 \u00f3ra 59 perc<\/h6>\n\n\n\n<p>Az e-szavaz\u00e1s szavaz\u00f3lapja valamennyi szavazati joggal rendelkez\u0151 Tag e-mail c\u00edm\u00e9re megk\u00fcld\u00e9sre ker\u00fclt. Amennyiben ezzel kapcsolatos probl\u00e9ma mer\u00fclne f\u00f6l, vedd fel vel\u00fcnk a kapcsolatot az <a href=\"mailto:elnokseg@proveritate.hu\">elnokseg@proveritate.hu<\/a> c\u00edmen.<\/p>\n\n\n\n<h6 class=\"wp-block-heading\">K\u00f6zgy\u0171l\u00e9s e-szavaz\u00e1s elj\u00e1r\u00e1sa &#8211; 2021. augusztus 22. &#8211; 2021. szeptember 06. 23 \u00f3ra 59 perc<\/h6>\n\n\n\n<p>Az e-szavaz\u00e1s szavaz\u00f3lapja valamennyi szavazati joggal rendelkez\u0151 Tag e-mail c\u00edm\u00e9re megk\u00fcld\u00e9sre ker\u00fclt. Amennyiben ezzel kapcsolatos probl\u00e9ma mer\u00fclne f\u00f6l, vedd fel vel\u00fcnk a kapcsolatot az <a href=\"mailto:elnokseg@proveritate.hu\">elnokseg@proveritate.hu<\/a> c\u00edmen.<\/p>\n\n\n\n<h6 class=\"wp-block-heading\">K\u00f6zgy\u0171l\u00e9s e-szavaz\u00e1s elj\u00e1r\u00e1sa &#8211; 2021. j\u00falius 4. &#8211; 2021. j\u00falius 20. 20 \u00f3ra 00 perc<\/h6>\n\n\n\n<p>Az e-szavaz\u00e1s szavaz\u00f3lapja valamennyi szavazati joggal rendelkez\u0151 Tag e-mail c\u00edm\u00e9re megk\u00fcld\u00e9sre ker\u00fclt. Amennyiben ezzel kapcsolatos probl\u00e9ma mer\u00fclne f\u00f6l, vedd fel vel\u00fcnk a kapcsolatot az <a href=\"mailto:elnokseg@proveritate.hu\">elnokseg@proveritate.hu<\/a> c\u00edmen.<\/p>\n\n\n\n<h6 class=\"wp-block-heading\">K\u00f6zgy\u0171l\u00e9s &#8211; 2021. j\u00falius 4. 16 \u00f3ra 30 perc<\/h6>\n\n\n\n<div class=\"wp-block-file\"><a id=\"wp-block-file--media-ded80e0a-f296-44c2-a97d-33c690048233\" href=\"http:\/\/www.proveritate.hu\/wp-content\/uploads\/2021\/06\/MEGHIVO-20210704-Kozgyules.pdf\">Megh\u00edv\u00f3 a 2021. j\u00falius 4-i K\u00f6zgy\u0171l\u00e9sre<\/a><a href=\"http:\/\/www.proveritate.hu\/wp-content\/uploads\/2021\/06\/MEGHIVO-20210704-Kozgyules.pdf\" class=\"wp-block-file__button wp-element-button\" download aria-describedby=\"wp-block-file--media-ded80e0a-f296-44c2-a97d-33c690048233\">Let\u00f6lt\u00e9s<\/a><\/div>\n\n\n\n<h6 class=\"wp-block-heading\">K\u00f6zgy\u0171l\u00e9s e-szavaz\u00e1s elj\u00e1r\u00e1sa &#8211; 2021. \u00e1prilis 4. &#8211; 2021. \u00e1prilis 19. 23 \u00f3ra 59 perc<\/h6>\n\n\n\n<p>Az e-szavaz\u00e1s szavaz\u00f3lapja valamennyi szavazati joggal rendelkez\u0151 Tag e-mail c\u00edm\u00e9re megk\u00fcld\u00e9sre ker\u00fclt. Amennyiben ezzel kapcsolatos probl\u00e9ma mer\u00fclne f\u00f6l, vedd fel vel\u00fcnk a kapcsolatot az <a href=\"mailto:elnokseg@proveritate.hu\">elnokseg@proveritate.hu<\/a> c\u00edmen.<\/p>\n\n\n\n<h6 class=\"wp-block-heading\">K\u00f6zgy\u0171l\u00e9s &#8211; 2021. \u00e1prilis 3. 16 \u00f3ra 30 perc<\/h6>\n\n\n\n<figure class=\"wp-block-gallery alignwide has-nested-images columns-default is-cropped wp-block-gallery-1 is-layout-flex wp-block-gallery-is-layout-flex\">\n<figure class=\"wp-block-image size-large\"><img loading=\"lazy\" decoding=\"async\" width=\"1024\" height=\"723\" data-id=\"828\" src=\"https:\/\/www.proveritate.hu\/wp-content\/uploads\/2021\/03\/MEGHIVO-20210403-Kozgyules-1.-melleklet-1-1024x723.jpg\" alt=\"\" class=\"wp-image-828\" srcset=\"https:\/\/www.proveritate.hu\/wp-content\/uploads\/2021\/03\/MEGHIVO-20210403-Kozgyules-1.-melleklet-1-1024x723.jpg 1024w, https:\/\/www.proveritate.hu\/wp-content\/uploads\/2021\/03\/MEGHIVO-20210403-Kozgyules-1.-melleklet-1-600x424.jpg 600w, https:\/\/www.proveritate.hu\/wp-content\/uploads\/2021\/03\/MEGHIVO-20210403-Kozgyules-1.-melleklet-1-300x212.jpg 300w, https:\/\/www.proveritate.hu\/wp-content\/uploads\/2021\/03\/MEGHIVO-20210403-Kozgyules-1.-melleklet-1-768x543.jpg 768w, https:\/\/www.proveritate.hu\/wp-content\/uploads\/2021\/03\/MEGHIVO-20210403-Kozgyules-1.-melleklet-1-1536x1085.jpg 1536w, https:\/\/www.proveritate.hu\/wp-content\/uploads\/2021\/03\/MEGHIVO-20210403-Kozgyules-1.-melleklet-1-1140x805.jpg 1140w, https:\/\/www.proveritate.hu\/wp-content\/uploads\/2021\/03\/MEGHIVO-20210403-Kozgyules-1.-melleklet-1.jpg 1754w\" sizes=\"auto, (max-width: 1024px) 100vw, 1024px\" \/><\/figure>\n<\/figure>\n\n\n\n<div class=\"wp-block-file\"><a id=\"wp-block-file--media-75a53506-76f5-4395-b7ff-4abdc81c9328\" href=\"http:\/\/www.proveritate.hu\/wp-content\/uploads\/2021\/03\/MEGHIVO-20210403-Kozgyules.pdf\">Megh\u00edv\u00f3 a 2021. \u00e1prilis 3-i K\u00f6zgy\u0171l\u00e9sre<\/a><a href=\"http:\/\/www.proveritate.hu\/wp-content\/uploads\/2021\/03\/MEGHIVO-20210403-Kozgyules.pdf\" class=\"wp-block-file__button wp-element-button\" download aria-describedby=\"wp-block-file--media-75a53506-76f5-4395-b7ff-4abdc81c9328\">Let\u00f6lt\u00e9s<\/a><\/div>\n\n\n\n<h6 class=\"wp-block-heading\">K\u00f6zgy\u0171l\u00e9s e-szavaz\u00e1s elj\u00e1r\u00e1sa &#8211; 2021. febru\u00e1r 10. &#8211; 2021. febru\u00e1r 25. 23 \u00f3ra 59 perc<\/h6>\n\n\n\n<p>Az e-szavaz\u00e1s szavaz\u00f3lapja valamennyi szavazati joggal rendelkez\u0151 Tag e-mail c\u00edm\u00e9re megk\u00fcld\u00e9sre ker\u00fclt. Amennyiben ezzel kapcsolatos probl\u00e9ma mer\u00fclne f\u00f6l, vedd fel vel\u00fcnk a kapcsolatot az <a href=\"mailto:elnokseg@proveritate.hu\">elnokseg@proveritate.hu<\/a> c\u00edmen.<\/p>\n\n\n\n<h6 class=\"wp-block-heading\">K\u00f6zgy\u0171l\u00e9s e-szavaz\u00e1s elj\u00e1r\u00e1sa &#8211; 2020. december 28. &#8211; 2021. janu\u00e1r 14.<\/h6>\n\n\n\n<p>Az e-szavaz\u00e1s szavaz\u00f3lapja valamennyi szavazati joggal rendelkez\u0151 Tag e-mail c\u00edm\u00e9re megk\u00fcld\u00e9sre ker\u00fclt. Amennyiben ezzel kapcsolatos probl\u00e9ma mer\u00fclne f\u00f6l, vedd fel vel\u00fcnk a kapcsolatot az <a href=\"mailto:elnokseg@proveritate.hu\">elnokseg@proveritate.hu<\/a> c\u00edmen.<\/p>\n\n\n\n<h3 class=\"wp-block-heading has-text-align-center\">2020<\/h3>\n\n\n\n<h6 class=\"wp-block-heading\">\u00c9vz\u00e1r\u00f3 Taggy\u0171l\u00e9s &#8211; 2020. december 20. 16 \u00f3ra 30 perc<\/h6>\n\n\n\n<figure class=\"wp-block-image size-large\"><img loading=\"lazy\" decoding=\"async\" width=\"1024\" height=\"723\" src=\"http:\/\/www.proveritate.hu\/wp-content\/uploads\/2020\/12\/Evzaro-Taggyules-meghivo-1024x723.jpg\" alt=\"\" class=\"wp-image-438\" srcset=\"https:\/\/www.proveritate.hu\/wp-content\/uploads\/2020\/12\/Evzaro-Taggyules-meghivo-1024x723.jpg 1024w, https:\/\/www.proveritate.hu\/wp-content\/uploads\/2020\/12\/Evzaro-Taggyules-meghivo-300x212.jpg 300w, https:\/\/www.proveritate.hu\/wp-content\/uploads\/2020\/12\/Evzaro-Taggyules-meghivo-768x543.jpg 768w, https:\/\/www.proveritate.hu\/wp-content\/uploads\/2020\/12\/Evzaro-Taggyules-meghivo-1536x1085.jpg 1536w, https:\/\/www.proveritate.hu\/wp-content\/uploads\/2020\/12\/Evzaro-Taggyules-meghivo-1140x805.jpg 1140w, https:\/\/www.proveritate.hu\/wp-content\/uploads\/2020\/12\/Evzaro-Taggyules-meghivo.jpg 1754w\" sizes=\"auto, (max-width: 1024px) 100vw, 1024px\" \/><\/figure>\n\n\n\n<h6 class=\"wp-block-heading\">K\u00f6zgy\u0171l\u00e9s e-szavaz\u00e1s elj\u00e1r\u00e1sa &#8211; 2020. december 14. &#8211; 2020. december 29.<\/h6>\n\n\n\n<p>Az e-szavaz\u00e1s szavaz\u00f3lapja valamennyi szavazati joggal rendelkez\u0151 Tag e-mail c\u00edm\u00e9re megk\u00fcld\u00e9sre ker\u00fclt. Amennyiben ezzel kapcsolatos probl\u00e9ma mer\u00fclne f\u00f6l, vedd fel vel\u00fcnk a kapcsolatot az <a href=\"mailto:elnokseg@proveritate.hu\">elnokseg@proveritate.hu<\/a> c\u00edmen.<\/p>\n","protected":false},"excerpt":{"rendered":"<p>2026 Eln\u00f6ks\u00e9gi \u00fcl\u00e9s &#8211; 2026. \u00e1prilis 29. 18 \u00f3ra 30 perc Helysz\u00edn: Microsoft Teams Az Eln\u00f6ks\u00e9gi \u00fcl\u00e9s hat\u00e1rozatk\u00e9ptelens\u00e9ge eset\u00e9n az SzMR 8\/D. \u00a7 alapj\u00e1n \u2013 a 8. \u00a7 (2) bekezd\u00e9s\u00e9nek f) pontja szerinti felt\u00e9tel bek\u00f6vetkezt\u00e9vel, a (7) bekezd\u00e9sre is figyelemmel \u2013 a Megism\u00e9telt Eln\u00f6ks\u00e9gi \u00fcl\u00e9s id\u0151pontja azonos helysz\u00ednen \u00e9s m\u00f3don 2026. \u00e1prilis 29. (szerda) 18 \u00f3ra 45 perc, amely a megjelentek sz\u00e1m\u00e1t\u00f3l f\u00fcggetlen\u00fcl hat\u00e1rozatk\u00e9pes. Az \u00fcl\u00e9s nyilv\u00e1nos r\u00e9sz\u00e9n val\u00f3 r\u00e9szv\u00e9teli sz\u00e1nd\u00e9k eset\u00e9n vegye fel vel\u00fcnk a kapcsolatot az&nbsp;elnokseg@proveritate.hu&nbsp;c\u00edmen. Eln\u00f6ks\u00e9gi \u00fcl\u00e9s &#8211; 2026. m\u00e1rcius 31. 18 \u00f3ra 30 perc Helysz\u00edn: Microsoft Teams Az Eln\u00f6ks\u00e9gi \u00fcl\u00e9s hat\u00e1rozatk\u00e9ptelens\u00e9ge eset\u00e9n az SzMR 8\/D. \u00a7 alapj\u00e1n \u2013 a 8. \u00a7 (2) bekezd\u00e9s\u00e9nek f) pontja szerinti felt\u00e9tel bek\u00f6vetkezt\u00e9vel, a (7) bekezd\u00e9sre is figyelemmel \u2013 a Megism\u00e9telt Eln\u00f6ks\u00e9gi \u00fcl\u00e9s id\u0151pontja azonos helysz\u00ednen \u00e9s m\u00f3don 2026. m\u00e1rcius 31. (kedd) 18 \u00f3ra 45 perc, amely a megjelentek sz\u00e1m\u00e1t\u00f3l f\u00fcggetlen\u00fcl hat\u00e1rozatk\u00e9pes. Az \u00fcl\u00e9s nyilv\u00e1nos r\u00e9sz\u00e9n val\u00f3 r\u00e9szv\u00e9teli sz\u00e1nd\u00e9k eset\u00e9n vegye fel vel\u00fcnk a kapcsolatot az&nbsp;elnokseg@proveritate.hu&nbsp;c\u00edmen. K\u00f6zgy\u0171l\u00e9s e-szavaz\u00e1s elj\u00e1r\u00e1sa &#8211; 2026. febru\u00e1r 13. &#8211; 2026. m\u00e1rcius 1. 23 \u00f3ra 59 perc Az e-szavaz\u00e1s szavaz\u00f3lapja valamennyi szavazati joggal rendelkez\u0151 Tag e-mail c\u00edm\u00e9re megk\u00fcld\u00e9sre ker\u00fclt. Amennyiben ezzel kapcsolatos probl\u00e9ma mer\u00fclne f\u00f6l, vedd fel vel\u00fcnk a kapcsolatot az elnokseg@proveritate.hu c\u00edmen. Eln\u00f6ks\u00e9gi \u00fcl\u00e9s &#8211; 2026. febru\u00e1r 12. 18 \u00f3ra 00 perc Helysz\u00edn: Microsoft Teams Az Eln\u00f6ks\u00e9gi \u00fcl\u00e9s hat\u00e1rozatk\u00e9ptelens\u00e9ge eset\u00e9n az SzMR 8\/D. \u00a7 alapj\u00e1n \u2013 a 8. \u00a7 (2) bekezd\u00e9s\u00e9nek f) pontja szerinti felt\u00e9tel bek\u00f6vetkezt\u00e9vel, a (7) bekezd\u00e9sre is figyelemmel \u2013 a Megism\u00e9telt Eln\u00f6ks\u00e9gi \u00fcl\u00e9s id\u0151pontja azonos helysz\u00ednen \u00e9s m\u00f3don 2026. febru\u00e1r 12. (cs\u00fct\u00f6rt\u00f6k) 18 \u00f3ra 30 perc, amely a megjelentek sz\u00e1m\u00e1t\u00f3l f\u00fcggetlen\u00fcl hat\u00e1rozatk\u00e9pes. Az \u00fcl\u00e9s nyilv\u00e1nos r\u00e9sz\u00e9n val\u00f3 r\u00e9szv\u00e9teli sz\u00e1nd\u00e9k eset\u00e9n vegye fel vel\u00fcnk a kapcsolatot az&nbsp;elnokseg@proveritate.hu&nbsp;c\u00edmen. Eln\u00f6ks\u00e9gi \u00fcl\u00e9s &#8211; 2026. janu\u00e1r 6. 18 \u00f3ra 30 perc Helysz\u00edn: Microsoft Teams Az Eln\u00f6ks\u00e9gi \u00fcl\u00e9s hat\u00e1rozatk\u00e9ptelens\u00e9ge eset\u00e9n az SzMR 8\/D. \u00a7 alapj\u00e1n \u2013 a 8. \u00a7 (2) bekezd\u00e9s\u00e9nek f) pontja szerinti felt\u00e9tel bek\u00f6vetkezt\u00e9vel, a (7) bekezd\u00e9sre is figyelemmel \u2013 a Megism\u00e9telt Eln\u00f6ks\u00e9gi \u00fcl\u00e9s id\u0151pontja azonos helysz\u00ednen \u00e9s m\u00f3don 2026. janu\u00e1r 6. (kedd) 18 \u00f3ra 45 perc, amely a megjelentek sz\u00e1m\u00e1t\u00f3l f\u00fcggetlen\u00fcl hat\u00e1rozatk\u00e9pes. Az \u00fcl\u00e9s nyilv\u00e1nos r\u00e9sz\u00e9n val\u00f3 r\u00e9szv\u00e9teli sz\u00e1nd\u00e9k eset\u00e9n vegye fel vel\u00fcnk a kapcsolatot az&nbsp;elnokseg@proveritate.hu&nbsp;c\u00edmen. 2025 Eln\u00f6ks\u00e9gi \u00fcl\u00e9s &#8211; 2025. december 30. 18 \u00f3ra 30 perc Helysz\u00edn: Microsoft Teams Az Eln\u00f6ks\u00e9gi \u00fcl\u00e9s hat\u00e1rozatk\u00e9ptelens\u00e9ge eset\u00e9n az SzMR 8\/D. \u00a7 alapj\u00e1n \u2013 a 8. \u00a7 (2) bekezd\u00e9s\u00e9nek f) pontja szerinti felt\u00e9tel bek\u00f6vetkezt\u00e9vel, a (7) bekezd\u00e9sre is figyelemmel \u2013 a Megism\u00e9telt Eln\u00f6ks\u00e9gi \u00fcl\u00e9s id\u0151pontja azonos helysz\u00ednen \u00e9s m\u00f3don 2025. december 30. (kedd) 18 \u00f3ra 45 perc, amely a megjelentek sz\u00e1m\u00e1t\u00f3l f\u00fcggetlen\u00fcl hat\u00e1rozatk\u00e9pes. Az \u00fcl\u00e9s nyilv\u00e1nos r\u00e9sz\u00e9n val\u00f3 r\u00e9szv\u00e9teli sz\u00e1nd\u00e9k eset\u00e9n vegye fel vel\u00fcnk a kapcsolatot az&nbsp;elnokseg@proveritate.hu&nbsp;c\u00edmen. Eln\u00f6ks\u00e9gi \u00fcl\u00e9s &#8211; 2025. december 3. 18 \u00f3ra 00 perc Helysz\u00edn: Microsoft Teams Az Eln\u00f6ks\u00e9gi \u00fcl\u00e9s hat\u00e1rozatk\u00e9ptelens\u00e9ge eset\u00e9n az SzMR 8\/D. \u00a7 alapj\u00e1n \u2013 a 8. \u00a7 (2) bekezd\u00e9s\u00e9nek f) pontja szerinti felt\u00e9tel bek\u00f6vetkezt\u00e9vel, a (7) bekezd\u00e9sre is figyelemmel \u2013 a Megism\u00e9telt Eln\u00f6ks\u00e9gi \u00fcl\u00e9s id\u0151pontja azonos helysz\u00ednen \u00e9s m\u00f3don 2025. december 3. (szerda) 18 \u00f3ra 15 perc, amely a megjelentek sz\u00e1m\u00e1t\u00f3l f\u00fcggetlen\u00fcl hat\u00e1rozatk\u00e9pes. Az \u00fcl\u00e9s nyilv\u00e1nos r\u00e9sz\u00e9n val\u00f3 r\u00e9szv\u00e9teli sz\u00e1nd\u00e9k eset\u00e9n vegye fel vel\u00fcnk a kapcsolatot az&nbsp;elnokseg@proveritate.hu&nbsp;c\u00edmen. K\u00f6zgy\u0171l\u00e9s e-szavaz\u00e1s elj\u00e1r\u00e1sa &#8211; 2025. december 2. &#8211; 2025. december 18. 23 \u00f3ra 59 perc Az e-szavaz\u00e1s szavaz\u00f3lapja valamennyi szavazati joggal rendelkez\u0151 Tag e-mail c\u00edm\u00e9re megk\u00fcld\u00e9sre ker\u00fclt. Amennyiben ezzel kapcsolatos probl\u00e9ma mer\u00fclne f\u00f6l, vedd fel vel\u00fcnk a kapcsolatot az elnokseg@proveritate.hu c\u00edmen. K\u00f6zgy\u0171l\u00e9s &#8211; 2025. november 29. 16 \u00f3ra 00 perc Helysz\u00edn (1): KlauDi\u00f3 K\u00f6zpont, 1072 Budapest, Nagydi\u00f3fa u. 34. Helysz\u00edn (2): Microsoft Teams A K\u00f6zgy\u0171l\u00e9s nyilv\u00e1nos r\u00e9sz\u00e9n val\u00f3 online r\u00e9szv\u00e9teli sz\u00e1nd\u00e9k eset\u00e9n vegye fel vel\u00fcnk a kapcsolatot az&nbsp;elnokseg@proveritate.hu&nbsp;c\u00edmen. Eln\u00f6ks\u00e9gi \u00fcl\u00e9s &#8211; 2025. okt\u00f3ber 30. 19 \u00f3ra 00 perc Helysz\u00edn: Google Meet Az Eln\u00f6ks\u00e9gi \u00fcl\u00e9s hat\u00e1rozatk\u00e9ptelens\u00e9ge eset\u00e9n az SzMR 8\/D. \u00a7 alapj\u00e1n \u2013 a 8. \u00a7 (2) bekezd\u00e9s\u00e9nek f) pontja szerinti felt\u00e9tel bek\u00f6vetkezt\u00e9vel, a (7) bekezd\u00e9sre is figyelemmel \u2013 a Megism\u00e9telt Eln\u00f6ks\u00e9gi \u00fcl\u00e9s id\u0151pontja azonos helysz\u00ednen \u00e9s m\u00f3don 2025. okt\u00f3ber 30. (cs\u00fct\u00f6rt\u00f6k) 19 \u00f3ra 15 perc, amely a megjelentek sz\u00e1m\u00e1t\u00f3l f\u00fcggetlen\u00fcl hat\u00e1rozatk\u00e9pes. Az \u00fcl\u00e9s nyilv\u00e1nos r\u00e9sz\u00e9n val\u00f3 r\u00e9szv\u00e9teli sz\u00e1nd\u00e9k eset\u00e9n vegye fel vel\u00fcnk a kapcsolatot az&nbsp;elnokseg@proveritate.hu&nbsp;c\u00edmen. K\u00f6zgy\u0171l\u00e9s e-szavaz\u00e1s elj\u00e1r\u00e1sa &#8211; 2025. okt\u00f3ber 20. &#8211; 2025. november 4. 23 \u00f3ra 59 perc Az e-szavaz\u00e1s szavaz\u00f3lapja valamennyi szavazati joggal rendelkez\u0151 Tag e-mail c\u00edm\u00e9re megk\u00fcld\u00e9sre ker\u00fclt. Amennyiben ezzel kapcsolatos probl\u00e9ma mer\u00fclne f\u00f6l, vedd fel vel\u00fcnk a kapcsolatot az elnokseg@proveritate.hu c\u00edmen. Eln\u00f6ks\u00e9gi \u00fcl\u00e9s (kib\u0151v\u00edtett) &#8211; 2025. okt\u00f3ber 1. 19 \u00f3ra 30 perc Helysz\u00edn: Microsoft Teams Az Eln\u00f6ks\u00e9gi \u00fcl\u00e9s hat\u00e1rozatk\u00e9ptelens\u00e9ge eset\u00e9n az SzMR 8\/D. \u00a7 alapj\u00e1n \u2013 a 8. \u00a7 (2) bekezd\u00e9s\u00e9nek f) pontja szerinti felt\u00e9tel bek\u00f6vetkezt\u00e9vel, a (7) bekezd\u00e9sre is figyelemmel \u2013 a Megism\u00e9telt Eln\u00f6ks\u00e9gi \u00fcl\u00e9s id\u0151pontja azonos helysz\u00ednen \u00e9s m\u00f3don 2025. okt\u00f3ber 1. (szerda) 19 \u00f3ra 45 perc, amely a megjelentek sz\u00e1m\u00e1t\u00f3l f\u00fcggetlen\u00fcl hat\u00e1rozatk\u00e9pes. Az \u00fcl\u00e9s nyilv\u00e1nos r\u00e9sz\u00e9n val\u00f3 r\u00e9szv\u00e9teli sz\u00e1nd\u00e9k eset\u00e9n vegye fel vel\u00fcnk a kapcsolatot az&nbsp;elnokseg@proveritate.hu&nbsp;c\u00edmen. Eln\u00f6ks\u00e9gi \u00fcl\u00e9s &#8211; 2025. szeptember 4. 19 \u00f3ra 30 perc Helysz\u00edn: Microsoft Teams Az Eln\u00f6ks\u00e9gi \u00fcl\u00e9s hat\u00e1rozatk\u00e9ptelens\u00e9ge eset\u00e9n az SzMR 8\/D. \u00a7 alapj\u00e1n \u2013 a 8. \u00a7 (2) bekezd\u00e9s\u00e9nek f) pontja szerinti felt\u00e9tel bek\u00f6vetkezt\u00e9vel, a (7) bekezd\u00e9sre is figyelemmel \u2013 a Megism\u00e9telt Eln\u00f6ks\u00e9gi \u00fcl\u00e9s id\u0151pontja azonos helysz\u00ednen \u00e9s m\u00f3don 2025. szeptember 4. (cs\u00fct\u00f6rt\u00f6k) 19 \u00f3ra 45 perc, amely a megjelentek sz\u00e1m\u00e1t\u00f3l f\u00fcggetlen\u00fcl hat\u00e1rozatk\u00e9pes. Az \u00fcl\u00e9s nyilv\u00e1nos r\u00e9sz\u00e9n val\u00f3 r\u00e9szv\u00e9teli sz\u00e1nd\u00e9k eset\u00e9n vegye fel vel\u00fcnk a kapcsolatot az&nbsp;elnokseg@proveritate.hu&nbsp;c\u00edmen. Eln\u00f6ks\u00e9gi \u00fcl\u00e9s &#8211; 2025. j\u00falius 30. 19 \u00f3ra 00 perc Helysz\u00edn: Microsoft Teams Az \u00fcl\u00e9s nyilv\u00e1nos r\u00e9sz\u00e9n val\u00f3 r\u00e9szv\u00e9teli sz\u00e1nd\u00e9k eset\u00e9n vegye fel vel\u00fcnk a kapcsolatot az&nbsp;elnokseg@proveritate.hu&nbsp;c\u00edmen. K\u00f6zgy\u0171l\u00e9s e-szavaz\u00e1s elj\u00e1r\u00e1sa &#8211; 2025. j\u00falius 11. &#8211; 2025. j\u00falius 27. 23 \u00f3ra 59 perc Az e-szavaz\u00e1s szavaz\u00f3lapja valamennyi szavazati joggal rendelkez\u0151 Tag e-mail c\u00edm\u00e9re megk\u00fcld\u00e9sre ker\u00fclt. Amennyiben ezzel kapcsolatos probl\u00e9ma mer\u00fclne f\u00f6l, vedd fel vel\u00fcnk a kapcsolatot az elnokseg@proveritate.hu c\u00edmen. Eln\u00f6ks\u00e9gi \u00fcl\u00e9s &#8211; 2025. j\u00falius 8. 18 \u00f3ra 00 perc Helysz\u00edn: Microsoft Teams Az \u00fcl\u00e9s nyilv\u00e1nos r\u00e9sz\u00e9n val\u00f3 r\u00e9szv\u00e9teli sz\u00e1nd\u00e9k eset\u00e9n vegye fel vel\u00fcnk a kapcsolatot az&nbsp;elnokseg@proveritate.hu&nbsp;c\u00edmen. Eln\u00f6ks\u00e9gi \u00fcl\u00e9s &#8211; 2025. j\u00fanius 1. 09 \u00f3ra 00 perc Helysz\u00edn: Microsoft Teams Az \u00fcl\u00e9s nyilv\u00e1nos r\u00e9sz\u00e9n val\u00f3 r\u00e9szv\u00e9teli sz\u00e1nd\u00e9k eset\u00e9n vegye fel vel\u00fcnk a kapcsolatot az&nbsp;elnokseg@proveritate.hu&nbsp;c\u00edmen. Eln\u00f6ks\u00e9gi \u00fcl\u00e9s &#8211; 2025. m\u00e1jus 3. 11 \u00f3ra 00 perc Helysz\u00edn: Microsoft Teams Az \u00fcl\u00e9s nyilv\u00e1nos r\u00e9sz\u00e9n val\u00f3 r\u00e9szv\u00e9teli sz\u00e1nd\u00e9k eset\u00e9n vegye fel vel\u00fcnk a kapcsolatot az&nbsp;elnokseg@proveritate.hu&nbsp;c\u00edmen. Eln\u00f6ks\u00e9gi \u00fcl\u00e9s &#8211; 2025. \u00e1prilis 1. 19 \u00f3ra 30 perc Helysz\u00edn: Microsoft Teams Az \u00fcl\u00e9s nyilv\u00e1nos r\u00e9sz\u00e9n val\u00f3 r\u00e9szv\u00e9teli sz\u00e1nd\u00e9k eset\u00e9n vegye fel vel\u00fcnk a kapcsolatot az&nbsp;elnokseg@proveritate.hu&nbsp;c\u00edmen. K\u00f6zgy\u0171l\u00e9s e-szavaz\u00e1s elj\u00e1r\u00e1sa &#8211; 2025. m\u00e1rcius 2. &#8211; 2025. m\u00e1rcius 18. 23 \u00f3ra 59 perc Az e-szavaz\u00e1s szavaz\u00f3lapja valamennyi szavazati joggal rendelkez\u0151 Tag e-mail c\u00edm\u00e9re megk\u00fcld\u00e9sre ker\u00fclt. Amennyiben ezzel kapcsolatos probl\u00e9ma mer\u00fclne f\u00f6l, vedd fel vel\u00fcnk a kapcsolatot az elnokseg@proveritate.hu c\u00edmen. K\u00f6zgy\u0171l\u00e9s e-szavaz\u00e1s elj\u00e1r\u00e1sa &#8211; 2025. janu\u00e1r 10. &#8211; 2025. janu\u00e1r 25. 23 \u00f3ra 59 perc Az e-szavaz\u00e1s szavaz\u00f3lapja valamennyi szavazati joggal rendelkez\u0151 Tag e-mail c\u00edm\u00e9re megk\u00fcld\u00e9sre ker\u00fclt. Amennyiben ezzel kapcsolatos probl\u00e9ma mer\u00fclne f\u00f6l, vedd fel vel\u00fcnk a kapcsolatot az elnokseg@proveritate.hu c\u00edmen. 2024 K\u00f6zgy\u0171l\u00e9s &#8211; 2024. november 30. 18 \u00f3ra 15 perc (\u00e9rkez\u00e9s 18:00 \u00f3r\u00e1ra) Helysz\u00edn: Kir\u00e1ly 100 \u00e9tterem, 1068 Budapest, Kir\u00e1ly u. 100. K\u00f6zgy\u0171l\u00e9s e-szavaz\u00e1s elj\u00e1r\u00e1sa &#8211; 2024. febru\u00e1r 10. &#8211; 2024. febru\u00e1r 26. 23 \u00f3ra 59 perc Az e-szavaz\u00e1s szavaz\u00f3lapja valamennyi szavazati joggal rendelkez\u0151 Tag e-mail c\u00edm\u00e9re megk\u00fcld\u00e9sre ker\u00fclt. Amennyiben ezzel kapcsolatos probl\u00e9ma mer\u00fclne f\u00f6l, vedd fel vel\u00fcnk a kapcsolatot az elnokseg@proveritate.hu c\u00edmen. 2023 K\u00f6zgy\u0171l\u00e9s e-szavaz\u00e1s elj\u00e1r\u00e1sa &#8211; 2023. december 30. &#8211; 2024. janu\u00e1r 14. 23 \u00f3ra 59 perc Az e-szavaz\u00e1s szavaz\u00f3lapja valamennyi szavazati joggal rendelkez\u0151 Tag e-mail c\u00edm\u00e9re megk\u00fcld\u00e9sre ker\u00fclt. Amennyiben ezzel kapcsolatos probl\u00e9ma mer\u00fclne f\u00f6l, vedd fel vel\u00fcnk a kapcsolatot az elnokseg@proveritate.hu c\u00edmen. K\u00f6zgy\u0171l\u00e9s e-szavaz\u00e1s elj\u00e1r\u00e1sa &#8211; 2023. december 2. &#8211; 2023. december 17. 23 \u00f3ra 59 perc Az e-szavaz\u00e1s szavaz\u00f3lapja valamennyi szavazati joggal rendelkez\u0151 Tag e-mail c\u00edm\u00e9re megk\u00fcld\u00e9sre ker\u00fclt. Amennyiben ezzel kapcsolatos probl\u00e9ma mer\u00fclne f\u00f6l, vedd fel vel\u00fcnk a kapcsolatot az elnokseg@proveritate.hu c\u00edmen. K\u00f6zgy\u0171l\u00e9s &#8211; 2023. december 1. 18 \u00f3ra 15 perc Helysz\u00edn: Csipesz Bar, 1077 Budapest, Kir\u00e1ly u. 41. K\u00f6zgy\u0171l\u00e9s e-szavaz\u00e1s elj\u00e1r\u00e1sa &#8211; 2023. j\u00fanius 29. &#8211; 2023. j\u00falius 14. 23 \u00f3ra 59 perc Az e-szavaz\u00e1s szavaz\u00f3lapja valamennyi szavazati joggal rendelkez\u0151 Tag e-mail c\u00edm\u00e9re megk\u00fcld\u00e9sre ker\u00fclt. Amennyiben ezzel kapcsolatos probl\u00e9ma mer\u00fclne f\u00f6l, vedd fel vel\u00fcnk a kapcsolatot az elnokseg@proveritate.hu c\u00edmen. K\u00f6zgy\u0171l\u00e9s e-szavaz\u00e1s elj\u00e1r\u00e1sa &#8211; 2023. m\u00e1rcius 5. &#8211; 2023. m\u00e1rcius 20. 23 \u00f3ra 59 perc Az e-szavaz\u00e1s szavaz\u00f3lapja valamennyi szavazati joggal rendelkez\u0151 Tag e-mail c\u00edm\u00e9re megk\u00fcld\u00e9sre ker\u00fclt. Amennyiben ezzel kapcsolatos probl\u00e9ma mer\u00fclne f\u00f6l, vedd fel vel\u00fcnk a kapcsolatot az elnokseg@proveritate.hu c\u00edmen. K\u00f6zgy\u0171l\u00e9s e-szavaz\u00e1s elj\u00e1r\u00e1sa &#8211; 2022. december 29. &#8211; 2023. janu\u00e1r 13. 23 \u00f3ra 59 perc Az e-szavaz\u00e1s szavaz\u00f3lapja valamennyi szavazati joggal rendelkez\u0151 Tag e-mail c\u00edm\u00e9re megk\u00fcld\u00e9sre ker\u00fclt. Amennyiben ezzel kapcsolatos probl\u00e9ma mer\u00fclne f\u00f6l, vedd fel vel\u00fcnk a kapcsolatot az elnokseg@proveritate.hu c\u00edmen. 2022 K\u00f6zgy\u0171l\u00e9s &#8211; 2022. december 3. 18 \u00f3ra 30 perc K\u00f6zgy\u0171l\u00e9s e-szavaz\u00e1s elj\u00e1r\u00e1sa &#8211; 2022. j\u00falius 4. &#8211; 2022. j\u00falius 20. 23 \u00f3ra 59 perc Az e-szavaz\u00e1s szavaz\u00f3lapja valamennyi szavazati joggal rendelkez\u0151 Tag e-mail c\u00edm\u00e9re megk\u00fcld\u00e9sre ker\u00fclt. Amennyiben ezzel kapcsolatos probl\u00e9ma mer\u00fclne f\u00f6l, vedd fel vel\u00fcnk a kapcsolatot az elnokseg@proveritate.hu c\u00edmen. K\u00f6zgy\u0171l\u00e9s e-szavaz\u00e1s elj\u00e1r\u00e1sa &#8211; 2022. m\u00e1rcius 9. &#8211; 2022. m\u00e1rcius 24. 23 \u00f3ra 59 perc Az e-szavaz\u00e1s szavaz\u00f3lapja valamennyi szavazati joggal rendelkez\u0151 Tag e-mail c\u00edm\u00e9re megk\u00fcld\u00e9sre ker\u00fclt. Amennyiben ezzel kapcsolatos probl\u00e9ma mer\u00fclne f\u00f6l, vedd fel vel\u00fcnk a kapcsolatot az elnokseg@proveritate.hu c\u00edmen. K\u00f6zgy\u0171l\u00e9s e-szavaz\u00e1s elj\u00e1r\u00e1sa &#8211; 2021. december 21. &#8211; 2022. janu\u00e1r 05. 23 \u00f3ra 59 perc Az e-szavaz\u00e1s szavaz\u00f3lapja valamennyi szavazati joggal rendelkez\u0151 Tag e-mail c\u00edm\u00e9re megk\u00fcld\u00e9sre ker\u00fclt. Amennyiben ezzel kapcsolatos probl\u00e9ma mer\u00fclne f\u00f6l, vedd fel vel\u00fcnk a kapcsolatot az elnokseg@proveritate.hu c\u00edmen. 2021 K\u00f6zgy\u0171l\u00e9s &#8211; 2021. december 20. 18 \u00f3ra 00 perc K\u00f6zgy\u0171l\u00e9s e-szavaz\u00e1s elj\u00e1r\u00e1sa &#8211; 2021. okt\u00f3ber 3. &#8211; 2021. okt\u00f3ber 18. 23 \u00f3ra 59 perc Az e-szavaz\u00e1s szavaz\u00f3lapja valamennyi szavazati joggal rendelkez\u0151 Tag e-mail c\u00edm\u00e9re megk\u00fcld\u00e9sre ker\u00fclt. Amennyiben ezzel kapcsolatos probl\u00e9ma mer\u00fclne f\u00f6l, vedd fel vel\u00fcnk a kapcsolatot az elnokseg@proveritate.hu c\u00edmen. K\u00f6zgy\u0171l\u00e9s e-szavaz\u00e1s elj\u00e1r\u00e1sa &#8211; 2021. augusztus 22. &#8211; 2021. szeptember 06. 23 \u00f3ra 59 perc Az e-szavaz\u00e1s szavaz\u00f3lapja valamennyi szavazati joggal rendelkez\u0151 Tag e-mail c\u00edm\u00e9re megk\u00fcld\u00e9sre ker\u00fclt. Amennyiben ezzel kapcsolatos probl\u00e9ma mer\u00fclne f\u00f6l, vedd fel vel\u00fcnk a kapcsolatot az elnokseg@proveritate.hu c\u00edmen. K\u00f6zgy\u0171l\u00e9s e-szavaz\u00e1s elj\u00e1r\u00e1sa &#8211; 2021. j\u00falius 4. &#8211; 2021. j\u00falius 20. 20 \u00f3ra 00 perc Az e-szavaz\u00e1s szavaz\u00f3lapja valamennyi szavazati joggal rendelkez\u0151 Tag e-mail c\u00edm\u00e9re megk\u00fcld\u00e9sre ker\u00fclt. Amennyiben ezzel kapcsolatos probl\u00e9ma mer\u00fclne f\u00f6l, vedd fel vel\u00fcnk a kapcsolatot az elnokseg@proveritate.hu c\u00edmen. K\u00f6zgy\u0171l\u00e9s &#8211; 2021. j\u00falius 4. 16 \u00f3ra 30 perc K\u00f6zgy\u0171l\u00e9s e-szavaz\u00e1s elj\u00e1r\u00e1sa &#8211; 2021. \u00e1prilis 4. &#8211; 2021. \u00e1prilis 19. 23 \u00f3ra 59 perc Az e-szavaz\u00e1s szavaz\u00f3lapja valamennyi szavazati joggal rendelkez\u0151 Tag e-mail c\u00edm\u00e9re megk\u00fcld\u00e9sre ker\u00fclt. Amennyiben ezzel kapcsolatos probl\u00e9ma mer\u00fclne f\u00f6l, vedd fel vel\u00fcnk a kapcsolatot az elnokseg@proveritate.hu c\u00edmen. K\u00f6zgy\u0171l\u00e9s &#8211; 2021. \u00e1prilis 3. 16 \u00f3ra 30 perc K\u00f6zgy\u0171l\u00e9s e-szavaz\u00e1s elj\u00e1r\u00e1sa &#8211; 2021. febru\u00e1r 10. &#8211; 2021. febru\u00e1r 25. 23 \u00f3ra 59 perc Az e-szavaz\u00e1s szavaz\u00f3lapja valamennyi szavazati joggal rendelkez\u0151 Tag e-mail c\u00edm\u00e9re megk\u00fcld\u00e9sre ker\u00fclt. Amennyiben ezzel kapcsolatos probl\u00e9ma mer\u00fclne f\u00f6l, vedd fel vel\u00fcnk a kapcsolatot az elnokseg@proveritate.hu c\u00edmen. K\u00f6zgy\u0171l\u00e9s e-szavaz\u00e1s elj\u00e1r\u00e1sa &#8211; 2020. december 28. &#8211; 2021. janu\u00e1r 14. Az e-szavaz\u00e1s szavaz\u00f3lapja valamennyi szavazati joggal rendelkez\u0151 Tag e-mail c\u00edm\u00e9re megk\u00fcld\u00e9sre ker\u00fclt. Amennyiben ezzel kapcsolatos probl\u00e9ma mer\u00fclne f\u00f6l, vedd fel vel\u00fcnk a kapcsolatot az elnokseg@proveritate.hu c\u00edmen. 2020 \u00c9vz\u00e1r\u00f3 Taggy\u0171l\u00e9s &#8211; 2020. december 20. 16 \u00f3ra 30 perc K\u00f6zgy\u0171l\u00e9s e-szavaz\u00e1s elj\u00e1r\u00e1sa &#8211; 2020. december 14. &#8211; 2020. december 29. Az e-szavaz\u00e1s szavaz\u00f3lapja valamennyi szavazati joggal rendelkez\u0151 Tag e-mail c\u00edm\u00e9re megk\u00fcld\u00e9sre ker\u00fclt. Amennyiben ezzel kapcsolatos probl\u00e9ma mer\u00fclne f\u00f6l, vedd fel vel\u00fcnk a kapcsolatot az elnokseg@proveritate.hu c\u00edmen.<\/p>\n","protected":false},"author":1,"featured_media":0,"parent":0,"menu_order":0,"comment_status":"closed","ping_status":"closed","template":"","meta":{"footnotes":""},"class_list":["post-437","page","type-page","status-publish","hentry"],"_links":{"self":[{"href":"https:\/\/www.proveritate.hu\/index.php\/wp-json\/wp\/v2\/pages\/437","targetHints":{"allow":["GET"]}}],"collection":[{"href":"https:\/\/www.proveritate.hu\/index.php\/wp-json\/wp\/v2\/pages"}],"about":[{"href":"https:\/\/www.proveritate.hu\/index.php\/wp-json\/wp\/v2\/types\/page"}],"author":[{"embeddable":true,"href":"https:\/\/www.proveritate.hu\/index.php\/wp-json\/wp\/v2\/users\/1"}],"replies":[{"embeddable":true,"href":"https:\/\/www.proveritate.hu\/index.php\/wp-json\/wp\/v2\/comments?post=437"}],"version-history":[{"count":71,"href":"https:\/\/www.proveritate.hu\/index.php\/wp-json\/wp\/v2\/pages\/437\/revisions"}],"predecessor-version":[{"id":6443,"href":"https:\/\/www.proveritate.hu\/index.php\/wp-json\/wp\/v2\/pages\/437\/revisions\/6443"}],"wp:attachment":[{"href":"https:\/\/www.proveritate.hu\/index.php\/wp-json\/wp\/v2\/media?parent=437"}],"curies":[{"name":"wp","href":"https:\/\/api.w.org\/{rel}","templated":true}]}}