{"id":2963,"date":"2024-06-16T14:31:11","date_gmt":"2024-06-16T12:31:11","guid":{"rendered":"https:\/\/www.proveritate.hu\/?page_id=2963"},"modified":"2025-02-27T19:50:27","modified_gmt":"2025-02-27T18:50:27","slug":"ember-es-jog-publikacios-es-etikai-szabalyzat","status":"publish","type":"page","link":"https:\/\/www.proveritate.hu\/index.php\/ember-es-jog-publikacios-es-etikai-szabalyzat\/","title":{"rendered":"Ember \u00e9s Jog &#8211; Publik\u00e1ci\u00f3s \u00e9s Etikai Ir\u00e1nyelvek"},"content":{"rendered":"\n<p class=\"has-text-align-right has-small-font-size\">For English language, please click&nbsp;<a href=\"https:\/\/www.proveritate.hu\/index.php\/human-and-law-publication-and-ethical-policies\/\">HERE<\/a>.<\/p>\n\n\n\n<div class=\"wp-block-buttons is-content-justification-space-between is-layout-flex wp-container-core-buttons-is-layout-b2891da8 wp-block-buttons-is-layout-flex\">\n<div class=\"wp-block-button\"><a class=\"wp-block-button__link has-text-align-center wp-element-button\" href=\"https:\/\/www.proveritate.hu\/index.php\/ember-es-jog-lapszamok\/\">Aktu\u00e1lis lapsz\u00e1m<\/a><\/div>\n\n\n\n<div class=\"wp-block-button\"><a class=\"wp-block-button__link has-text-align-center wp-element-button\" href=\"https:\/\/www.proveritate.hu\/index.php\/ember-es-jog-lapszamok\/\">Arch\u00edv lapsz\u00e1mok<\/a><\/div>\n\n\n\n<div class=\"wp-block-button is-style-fill\"><a class=\"wp-block-button__link has-text-align-center wp-element-button\" href=\"https:\/\/www.proveritate.hu\/index.php\/kezirat-benyujtas-ember-es-jog\/\" style=\"border-radius:100px\">K\u00e9zirat bek\u00fcld\u00e9s<\/a><\/div>\n\n\n\n<div class=\"wp-block-button\"><a class=\"wp-block-button__link has-text-align-center wp-element-button\" href=\"https:\/\/www.proveritate.hu\/index.php\/szerzoi-utmutato\/\" target=\"_blank\" rel=\"noreferrer noopener\">Szerz\u0151i \u00datmutat\u00f3<\/a><\/div>\n<\/div>\n\n\n\n<div style=\"height:20px\" aria-hidden=\"true\" class=\"wp-block-spacer\"><\/div>\n\n\n\n<figure class=\"wp-block-table is-style-stripes\"><table><tbody><tr><td><strong>Az Ember \u00e9s Jog Jogtudom\u00e1nyi Foly\u00f3irat Publik\u00e1ci\u00f3s \u00e9s Etikai Ir\u00e1nyelvei <\/strong><br><strong>Olvas\u00f3k \u00e9s R\u00e9sztvev\u0151k (szerz\u0151i, szerkeszt\u0151i, b\u00edr\u00e1l\u00f3i stb.) sz\u00e1m\u00e1ra<\/strong><\/td><td>&nbsp;<\/td><\/tr><\/tbody><\/table><figcaption class=\"wp-element-caption\">Verzi\u00f3: v0.1. Budapest, 2024. j\u00falius 4.<\/figcaption><\/figure>\n\n\n\n<div style=\"height:20px\" aria-hidden=\"true\" class=\"wp-block-spacer\"><\/div>\n\n\n\n<h6 class=\"wp-block-heading\">Tartalom<\/h6>\n\n\n\n<ol class=\"wp-block-list\">\n<li><a href=\"#szerkesztoseg\">Szerkeszt\u0151s\u00e9g<\/a><\/li>\n\n\n\n<li><a href=\"#focus_and_scope\">F\u00f3kusz \u00e9s c\u00e9lkit\u0171z\u00e9sek<\/a><\/li>\n\n\n\n<li><a href=\"#biralati_folyamat\">B\u00edr\u00e1lati folyamat<\/a><\/li>\n\n\n\n<li><a href=\"#megjelenes\">Megjelen\u00e9s gyakoris\u00e1ga<\/a><\/li>\n\n\n\n<li><a href=\"#openaccess\">Szabad hozz\u00e1f\u00e9r\u00e9s<\/a><\/li>\n\n\n\n<li><a href=\"#copyright\">Szerz\u0151i jogok<\/a><\/li>\n\n\n\n<li><a href=\"#etika\">Etikai Szab\u00e1lyzat<\/a><\/li>\n\n\n\n<li><a href=\"#general\">\u00c1ltal\u00e1nos rendelkez\u00e9sek<\/a><\/li>\n<\/ol>\n\n\n\n<p><a href=\"https:\/\/www.proveritate.hu\/index.php\/ember-es-jog\">Vissza<\/a> az Ember \u00e9s Jog f\u0151oldal\u00e1ra<\/p>\n\n\n\n<div style=\"height:40px\" aria-hidden=\"true\" class=\"wp-block-spacer\"><\/div>\n\n\n\n<h6 class=\"wp-block-heading\"><a id=\"szerkesztoseg\"><\/a><a id=\"_szervezetre_vonatkozo_informaciok\"><\/a>1. Szerkeszt\u0151s\u00e9g<\/h6>\n\n\n\n<p><strong>F\u0151szerkeszt\u0151:<\/strong><\/p>\n\n\n\n<p>T\u00f6r\u00f6k Csaba, Debreceni Egyetem, Debrecen<\/p>\n\n\n\n<p><strong>Szerkeszt\u0151bizotts\u00e1g, k\u00f6zrem\u0171k\u00f6d\u0151k:<\/strong><\/p>\n\n\n\n<p>Eckl-Heinrich Ren\u00e1ta, B+N Referencia Zrt., Budapest<\/p>\n\n\n\n<p>Fekete Krisztina M\u00e1ria, Debrecen<\/p>\n\n\n\n<p>Madocsai M\u00e1rton, Budapest<\/p>\n\n\n\n<p>Mok\u00e1nszki Edina, Szabolcs-Szatm\u00e1r-Bereg V\u00e1rmegyei Korm\u00e1nyhivatal, Ny\u00edregyh\u00e1za<\/p>\n\n\n\n<p>P\u00e1lfi Edina, K\u00f6zigazgat\u00e1si \u00e9s Ter\u00fcletfejleszt\u00e9si Miniszt\u00e9rium<\/p>\n\n\n\n<h6 class=\"wp-block-heading\" id=\"focus_and_scope\">2. F\u00f3kusz \u00e9s c\u00e9lkit\u0171z\u00e9sek<\/h6>\n\n\n\n<p>Az Ember \u00e9s Jog f\u00f3kusz\u00e1ban a jog- \u00e1llamtudom\u00e1nyok sz\u00e9les k\u00f6r\u00e9b\u0151l val\u00f3 \u00faj \u00e9s eredeti kutat\u00e1si eredm\u00e9nyek, tanulm\u00e1nyok, k\u00f6zlem\u00e9nyek k\u00f6zz\u00e9t\u00e9tele \u00e1ll. Valamennyi olyan t\u00e9ma \u00e9s eredm\u00e9ny \u00e9rdekel benn\u00fcnket, amelyek \u00e1ltal\u00e1ban a jogi, jogtudom\u00e1nyi k\u00e9rd\u00e9sekkel kapcsolatosak Magyarorsz\u00e1gon, az Eur\u00f3pai Uni\u00f3ban \u00e9s vil\u00e1gszerte. A beny\u00fajtott k\u00e9ziratok t\u00e9m\u00e1ja kiterjedhet egyebek mellett mag\u00e1njogi, b\u00fcntet\u0151jogi, kereskedelmi jogi, k\u00f6zigazgat\u00e1si jogi, alkotm\u00e1nyjogi, emberi jogi, nemzetk\u00f6zi jogi, k\u00f6rnyezet-, term\u00e9szet- \u00e9s agr\u00e1rjogi, k\u00e1nonjogi, szok\u00e1sjogi, jogt\u00f6rt\u00e9nelmi, jogfiloz\u00f3fiai, a jogszociol\u00f3giai, elj\u00e1r\u00e1sjogi \u00e9s egy\u00e9b k\u00f6zjogi, valamint t\u00e1rsadalmi vonatkoz\u00e1s\u00fa aktu\u00e1lis k\u00e9rd\u00e9sekre, probl\u00e9m\u00e1kra, megold\u00e1saikra, ezek elemz\u00e9s\u00e9re, vizsg\u00e1lat\u00e1ra, \u00e9rt\u00e9kel\u00e9s\u00e9re.<\/p>\n\n\n\n<h6 class=\"wp-block-heading\" id=\"biralati_folyamat\">3. B\u00edr\u00e1lat<\/h6>\n\n\n\n<p><strong>Az elb\u00edr\u00e1l\u00e1s alapelvei<\/strong><\/p>\n\n\n\n<p>A foly\u00f3irat kiz\u00e1r\u00f3lag eredeti kutat\u00e1si eredm\u00e9nyeken alapul\u00f3, tudom\u00e1nyosan (szakmailag) &#8211; elm\u00e9leti \u00e9s m\u00f3dszertani szempontb\u00f3l, empirikusan stb. &#8211; megalapozott k\u00e9ziratokat fogad be, ugyanakkor nem fogadhat\u00f3k be \u00e9s nem vehet\u0151k figyelembe a m\u00e1shol elb\u00edr\u00e1l\u00e1s alatt \u00e1ll\u00f3 vagy m\u00e1shol (m\u00e1s foly\u00f3iratban) m\u00e1r megjelent vagy egy\u00e9b m\u00f3don k\u00f6z\u00f6lt k\u00e9ziratok.<\/p>\n\n\n\n<p>A foly\u00f3irat szerkeszt\u0151s\u00e9ge minden bek\u00fcld\u00f6tt k\u00e9ziratot megvizsg\u00e1l a foly\u00f3irat meghat\u00e1rozott formai \u00e9s tartalmi k\u00f6vetelm\u00e9nyei t\u00fckr\u00e9ben, majd ezt k\u00f6vet\u0151en &#8211; a tudom\u00e1nyos \u00e9rt\u00e9k \u00e9s jelleg min\u0151s\u00e9gi k\u00f6vetelm\u00e9nyeinek val\u00f3 megfelel\u00e9s \u00e9rdek\u00e9ben &#8211; kett\u0151s vaklektor\u00e1l\u00e1snak (n\u00e9vtelen b\u00edr\u00e1latnak) vet al\u00e1, azaz a k\u00e9ziratot legkevesebb k\u00e9t f\u00fcggetlen szak\u00e9rt\u0151nek k\u00fcldi meg, amely sor\u00e1n biztos\u00edtjuk, hogy sem a lektor el\u0151tt a szerz\u0151 szem\u00e9lye, sem a szerz\u0151 el\u0151tt a lektorok szem\u00e9lye nem v\u00e1lik ismertt\u00e9 a b\u00edr\u00e1lat sor\u00e1n. A b\u00edr\u00e1l\u00f3k kiv\u00e1laszt\u00e1sa (kijel\u00f6l\u00e9se) sor\u00e1n a szerkeszt\u0151s\u00e9gnek fontos szempontja, hogy a b\u00edr\u00e1l\u00f3 az adott szakter\u00fclet ismer\u0151je, szak\u00e9rt\u0151je legyen, valamint hogy a szerz\u0151vel sem int\u00e9zm\u00e9nyi, sem szem\u00e9lyes kapcsolatban ne \u00e1lljon.<\/p>\n\n\n\n<p>A szerz\u0151 a k\u00e9zirat beny\u00fajt\u00e1s\u00e1t\u00f3l fogva, a b\u00edr\u00e1lat sor\u00e1n, illetve az \u00e9rt\u00e9kel\u00e9s folyamat\u00e1ban k\u00f6teles egy\u00fcttm\u0171k\u00f6dni. A szerz\u0151nek lehet\u0151s\u00e9ge van arra is, hogy a hivatalos beny\u00fajt\u00e1s el\u0151tt a szerkeszt\u0151s\u00e9gt\u0151l e-mailben (<a href=\"mailto:szerkesztoseg@proveritate.hu\">szerkesztoseg@proveritate.hu<\/a>) \u00fatmutat\u00e1st k\u00e9rjen a m\u0171 megfelel\u0151s\u00e9g\u00e9r\u0151l.<\/p>\n\n\n\n<p>A nem a szerz\u0151 anyanyelv\u00e9n \u00edr\u00f3dott k\u00e9ziratok eset\u00e9n a b\u00edr\u00e1lat sor\u00e1n el\u0151nyt jelent \u00e9s nagyra \u00e9rt\u00e9kelt, amennyiben a k\u00e9zirat igazoltan \u00e1tesett egy anyanyelvi lektor\u00e1l\u00e1son vagy erre szakosodott int\u00e9zm\u00e9ny a nyelvi lektor\u00e1l\u00e1st tan\u00fas\u00edtja.<\/p>\n\n\n\n<p><strong><strong>A b\u00edr\u00e1lat folyamata<\/strong><\/strong><\/p>\n\n\n\n<p>A b\u00edr\u00e1lat folyamata l\u00e9p\u00e9sr\u0151l l\u00e9p\u00e9sre a k\u00f6vetkez\u0151:<\/p>\n\n\n\n<ol class=\"wp-block-list\">\n<li><strong>K\u00e9zirat bek\u00fcld\u00e9se honlapunkon <\/strong>(szerz\u0151 \u00e1ltal)<strong><br><\/strong>A honlapunkon kereszt\u00fcl beny\u00fajtott k\u00e9ziratot a f\u0151szerkeszt\u0151 tov\u00e1bbi kezel\u00e9s \u00e9rdek\u00e9ben szerkeszt\u0151nek adja \u00e1t.<\/li>\n\n\n\n<li><strong>A k\u00e9zirat ellen\u0151rz\u00e9se \u00e9s el\u0151zetes b\u00edr\u00e1lata<\/strong> (szerkeszt\u0151 \u00e1ltal)<br>A szerkeszt\u0151 a meghat\u00e1rozott formai \u00e9s tartalmi szempontok alapj\u00e1n vizsg\u00e1lja \u00e9s el\u0151zetesen ellen\u0151rzi a szerz\u0151 \u00e1ltal beny\u00fajtott k\u00e9ziratot. E l\u00e9p\u00e9s sor\u00e1n a szerkeszt\u0151s\u00e9g pl\u00e1giumkeres\u0151 seg\u00edts\u00e9g\u00e9vel is vizsg\u00e1latnak veti al\u00e1 a k\u00e9ziratot.<br>A szerkeszt\u0151 legal\u00e1bb k\u00e9t lektort k\u00e9r fel a k\u00e9zirat \u00e9rt\u00e9kel\u00e9s\u00e9re, lektor\u00e1l\u00e1s\u00e1ra, azonban a szerkeszt\u0151s\u00e9g fenntartja mag\u00e1nak a jogot, hogy a k\u00e9ziratot az el\u0151zetes b\u00edr\u00e1lata sor\u00e1n kiv\u00e9telesen indokolt esetben k\u00f6zvetlen\u00fcl elfogadja vagy elutas\u00edtsa.<\/li>\n\n\n\n<li><strong>K\u00e9zirat b\u00edr\u00e1lata<\/strong> (lektorok \u00e1ltal)<br>A k\u00e9ziratot kett\u0151s vaklektor\u00e1l\u00e1snak vetj\u00fck al\u00e1.<\/li>\n\n\n\n<li><strong>\u00c9rtes\u00edt\u00e9s a k\u00e9zirat elfogad\u00e1s\u00e1r\u00f3l vagy elutas\u00edt\u00e1s\u00e1r\u00f3l<\/strong> (szerkeszt\u0151 \u00e1ltal, a lektorok megjegyz\u00e9sei alapj\u00e1n)<br>Amennyiben a k\u00e9zirat v\u00e1ltozatlan form\u00e1ban elfogad\u00e1sra ker\u00fcl, \u00fagy az 5-8. l\u00e9p\u00e9sek \u00e9rtelemszer\u0171en nem nyernek alkalmaz\u00e1st.<\/li>\n\n\n\n<li><strong>A k\u00e9zirat \u00e1tdolgoz\u00e1sa<\/strong> (szerz\u0151 \u00e1ltal, a lektorok megjegyz\u00e9sei alapj\u00e1n)<\/li>\n\n\n\n<li><strong>Az \u00e1tdolgozott k\u00e9zirat bek\u00fcld\u00e9se<\/strong> (szerz\u0151 \u00e1ltal)<\/li>\n\n\n\n<li><strong>A k\u00e9zirat b\u00edr\u00e1lata<\/strong> (szerkeszt\u0151 \u00e1ltal)<br>A szerkeszt\u0151 az eredeti lektorok bevon\u00e1s\u00e1val megvizsg\u00e1lja, hogy a szerz\u0151 \u00e1ltali \u00e1tdolgoz\u00e1s megfelelt-e a lektorok megjegyz\u00e9seinek. <\/li>\n\n\n\n<li><strong>\u00c9rtes\u00edt\u00e9s a k\u00e9zirat elfogad\u00e1s\u00e1r\u00f3l vagy elutas\u00edt\u00e1s\u00e1r\u00f3l<\/strong> (szerkeszt\u0151 \u00e1ltal)<\/li>\n\n\n\n<li><strong>Szerkeszt\u00e9s \u00e9s publik\u00e1l\u00e1s<\/strong><\/li>\n<\/ol>\n\n\n\n<p><strong><strong>A b\u00edr\u00e1lat eredm\u00e9nye<\/strong><\/strong><\/p>\n\n\n\n<p>A k\u00e9zirat elfogad\u00e1sa vagy elutas\u00edt\u00e1sa kapcs\u00e1n d\u00f6nt\u00e9st a szerkeszt\u0151 hozhat a lektori v\u00e9lem\u00e9nyek (b\u00edr\u00e1latok) eredm\u00e9nye alapj\u00e1n a m\u0171 tudom\u00e1nyos \u00e9rt\u00e9ke, valamint a szakmai k\u00f6z\u00f6ss\u00e9g \u00e9s a t\u00e1rsadalom, az egyetemes tud\u00e1s sz\u00e1m\u00e1ra val\u00f3 fontoss\u00e1g\u00e1ra figyelemmel.<\/p>\n\n\n\n<p>A szerkeszt\u0151s\u00e9g d\u00f6nt\u00e9sei az al\u00e1bbiak lehetnek:<\/p>\n\n\n\n<ul class=\"wp-block-list\">\n<li>Elfogad\u00e1s (v\u00e1ltozatlan form\u00e1ban)<\/li>\n\n\n\n<li>Elfogad\u00e1s (kisebb jav\u00edt\u00e1sokkal)<\/li>\n\n\n\n<li>Elfogad\u00e1s (jelent\u0151sebb v\u00e1ltoztat\u00e1sokkal)<\/li>\n\n\n\n<li>Elutas\u00edt\u00e1s (felt\u00e9teles)<\/li>\n\n\n\n<li>Elutas\u00edt\u00e1s (v\u00e9gleges)<\/li>\n<\/ul>\n\n\n\n<p><em>Elfogad\u00e1s<\/em><\/p>\n\n\n\n<ul class=\"wp-block-list\">\n<li>Elfogadva, v\u00e1ltozatlan form\u00e1ban: A foly\u00f3irat a k\u00e9ziratot az eredeti form\u00e1j\u00e1ban k\u00f6zli.<\/li>\n\n\n\n<li>Elfogadva, kisebb jav\u00edt\u00e1sokkal: A foly\u00f3irat a k\u00e9ziratot publik\u00e1lja, azonban megfelel\u0151 hat\u00e1rid\u0151 t\u0171z\u00e9s\u00e9vel felk\u00e9ri a szerz\u0151t, hogy v\u00e9gezzen kisebb jav\u00edt\u00e1sokat.<\/li>\n\n\n\n<li>Elfogadva, jelent\u0151sebb v\u00e1ltoztat\u00e1sokkal: A foly\u00f3irat a k\u00e9ziratot publik\u00e1lja azzal a felt\u00e9tellel, hogy a szerz\u0151 megfelel\u0151 hat\u00e1rid\u0151 t\u0171z\u00e9s\u00e9vel elv\u00e9gzi a b\u00edr\u00e1l\u00f3k \u00e9s\/vagy a szerkeszt\u0151s\u00e9g \u00e1ltal javasolt v\u00e1ltoztat\u00e1sokat.<\/li>\n<\/ul>\n\n\n\n<p><em>Elutas\u00edt\u00e1s<\/em><\/p>\n\n\n\n<ul class=\"wp-block-list\">\n<li>Felt\u00e9teles elutas\u00edt\u00e1s: A foly\u00f3irat a k\u00e9ziratot az adott k\u00f6rben elutas\u00edtja, azonban amennyiben a szerz\u0151 jelent\u0151s v\u00e1ltoztat\u00e1sokat v\u00e9gez a m\u0171v\u00f6n \u00e9s azt \u00fajb\u00f3l bek\u00fcldi, a szerkeszt\u0151s\u00e9g egy \u00fajabb d\u00f6nt\u00e9si k\u00f6rben hajland\u00f3 \u00fajb\u00f3l megvizsg\u00e1lni a k\u00e9ziratot.<\/li>\n\n\n\n<li>V\u00e9gleges elutas\u00edt\u00e1s: A foly\u00f3irat nem publik\u00e1lja a k\u00e9ziratot \u00e9s azt a szerkeszt\u0151s\u00e9g akkor sem vizsg\u00e1lja meg \u00fajb\u00f3l, ha a szerz\u0151 a m\u0171v\u00f6n jelent\u0151s m\u00f3dos\u00edt\u00e1sokat hajt v\u00e9gre.<\/li>\n<\/ul>\n\n\n\n<p><strong>A d\u00f6nt\u00e9sek mechanizmusa<\/strong><\/p>\n\n\n\n<p>A szerkeszt\u0151s\u00e9g d\u00f6nt\u00e9s\u00e9t az al\u00e1bbi mechanizmus \u00fatj\u00e1n hozza.<\/p>\n\n\n\n<p><em>Alapjaiban egyez\u0151 b\u00edr\u00e1latok eset\u00e9n <\/em><\/p>\n\n\n\n<ul class=\"wp-block-list\">\n<li>Amennyiben alapjaiban mindk\u00e9t b\u00edr\u00e1lat egyez\u0151 (mindkett\u0151 elfogad\u00e1s vagy mindkett\u0151 elutas\u00edt\u00e1s), a szerkeszt\u0151 a lektorok v\u00e9lem\u00e9ny\u00e9vel egyez\u0151en d\u00f6nt a k\u00e9ziratr\u00f3l. Kiv\u00e9telesen indokolt esetben, illetve szab\u00e1lytalans\u00e1g gyan\u00faja eset\u00e9n a szerkeszt\u0151 a lektorok egybehangz\u00f3 b\u00edr\u00e1lata eset\u00e9n is d\u00f6nthet \u00fagy, hogy a k\u00e9ziratot harmadik lektornak k\u00fcldi meg \u00fajb\u00f3li b\u00edr\u00e1latra vagy a d\u00f6nt\u00e9st javaslat\u00e1val ell\u00e1tva a szerkeszt\u0151s\u00e9g el\u00e9 utalja.<\/li>\n\n\n\n<li>Amennyiben mindk\u00e9t b\u00edr\u00e1lat kisebb jav\u00edt\u00e1sokat javasol, vagy mindk\u00e9t b\u00edr\u00e1lat jelent\u0151s v\u00e1ltoztat\u00e1st javasol, a szerkeszt\u0151 a b\u00edr\u00e1latok alapj\u00e1n a szerz\u0151t megfelel\u0151 hat\u00e1rid\u0151 t\u0171z\u00e9s\u00e9vel felk\u00e9ri a k\u00e9zirat \u00e1tdolgoz\u00e1s\u00e1ra.<\/li>\n\n\n\n<li>Amennyiben alapjaiban mindk\u00e9t b\u00edr\u00e1lat egyezik (mindkett\u0151 elfogad\u00e1s), azonban az egyik kisebb jav\u00edt\u00e1sokat, a m\u00e1sik jelent\u0151s v\u00e1ltoztat\u00e1st javasol, a szerkeszt\u0151 ugyan\u00fagy j\u00e1r el, mintha mindk\u00e9t b\u00edr\u00e1lat jelent\u0151s v\u00e1ltoztat\u00e1st javasolt volna.<\/li>\n\n\n\n<li>Az \u00e1tdolgozott m\u0171vet a szerkeszt\u0151 az eredeti k\u00e9t lektornak vagy az eredeti k\u00e9t lektor mellett egy harmadik lektornak is megk\u00fcldi \u00fajb\u00f3li b\u00edr\u00e1latra.<\/li>\n\n\n\n<li>Amennyiben alapjaiban mindk\u00e9t b\u00edr\u00e1lat egyezik (mindkett\u0151 elutas\u00edt\u00e1s), azonban az egyik felt\u00e9teles, a m\u00e1sik v\u00e9gleges elutas\u00edt\u00e1st javasol, \u00fagy a szerkeszt\u0151 a d\u00f6nt\u00e9st a szerkeszt\u0151s\u00e9g el\u00e9 utalja.<\/li>\n<\/ul>\n\n\n\n<p><em>Alapjaiban k\u00fcl\u00f6nb\u00f6z\u0151 b\u00edr\u00e1latok eset\u00e9n<\/em><\/p>\n\n\n\n<ul class=\"wp-block-list\">\n<li>Amennyiben a b\u00edr\u00e1latok egym\u00e1st\u00f3l k\u00fcl\u00f6nb\u00f6znek (egyik elfogad\u00e1s, m\u00e1sik elutas\u00edt\u00e1s), \u00fagy a szerkeszt\u0151 vagy harmadik lektort k\u00e9r fel \u00fajb\u00f3li b\u00edr\u00e1latra, vagy a d\u00f6nt\u00e9st a szerkeszt\u0151s\u00e9g el\u00e9 utalja.<\/li>\n<\/ul>\n\n\n\n<p>A f\u0151szerkeszt\u0151, amennyiben a szerkeszt\u0151 d\u00f6nt\u00e9s\u00e9vel nem \u00e9rt egyet, a d\u00f6nt\u00e9st saj\u00e1t v\u00e9lem\u00e9ny\u00e9vel ell\u00e1tva egy alkalommal \u00fajb\u00f3li megfontol\u00e1sra visszak\u00fcldheti a szerkeszt\u0151nek. A szerkeszt\u0151 az \u00fajb\u00f3li megfontol\u00e1st k\u00f6vet\u0151en a d\u00f6nt\u00e9s\u00e9t megv\u00e1ltoztatja, vagy a d\u00f6nt\u00e9st a szerkeszt\u0151s\u00e9g el\u00e9 utalja.<\/p>\n\n\n\n<p>A szerkeszt\u0151s\u00e9g \u00e9s a szerkeszt\u0151 d\u00f6nt\u00e9seit minden esetben indokol\u00e1ssal l\u00e1tja el, amely indokol\u00e1s tartalmazza a b\u00edr\u00e1l\u00f3k (n\u00e9vtelen) v\u00e9lem\u00e9ny\u00e9t is.<\/p>\n\n\n\n<p>A szerkeszt\u0151s\u00e9g d\u00f6nt\u00e9s\u00e9vel szemben jogorvoslatnak nincs helye.<\/p>\n\n\n\n<h6 class=\"wp-block-heading\" id=\"megjelenes\">4. Megjelen\u00e9s gyakoris\u00e1ga<\/h6>\n\n\n\n<p>Az Ember \u00e9s Jog f\u00e9l\u00e9vente, \u00e9vente kett\u0151 alkalommal, j\u00faniusban \u00e9s decemberben jelenik meg a Pro Veritate Egyes\u00fclet kiad\u00e1s\u00e1ban online m\u00f3don.<\/p>\n\n\n\n<h6 class=\"wp-block-heading\" id=\"openaccess\">5. Szabad hozz\u00e1f\u00e9r\u00e9s<\/h6>\n\n\n\n<p class=\"has-black-color has-text-color\">Az Olvas\u00f3knak az Ember \u00e9s Jog valamennyi megjelent lapsz\u00e1m\u00e1hoz, tov\u00e1bb\u00e1 az azokban megjelent m\u0171vekhez teljes, szabad, azonnali \u00e9s ingyenes hozz\u00e1f\u00e9r\u00e9st biztos\u00edtunk a <a href=\"https:\/\/creativecommons.org\/licenses\/by-nc-nd\/4.0\/deed.hu\">Creative Commons CC BY-NC-ND 4.0<\/a> licenc alapj\u00e1n, t\u00e1mogatva ezzel a kutat\u00e1s \u00e9s az eredm\u00e9nyek szabad \u00e9s azonnali hozz\u00e1f\u00e9r\u00e9s\u00e9t, a glob\u00e1lis tud\u00e1scser\u00e9t, a tudom\u00e1nyok gyors, hat\u00e9kony \u00e9s naprak\u00e9sz m\u0171vel\u00e9s\u00e9t. Ez\u00e1ltal az Olvas\u00f3nak jog\u00e1ban \u00e1ll a megjelent m\u0171veket teljes terjedelm\u00e9ben &#8211; v\u00e1ltoztat\u00e1s n\u00e9lk\u00fcl &#8211; <mark style=\"background-color:rgba(0, 0, 0, 0)\" class=\"has-inline-color has-black-color\">elolvasni, let\u00f6lteni, m\u00e1solni, terjeszteni, kinyomtatni, keresni, illetve linkelni<\/mark>.<\/p>\n\n\n\n<p>A felhaszn\u00e1l\u00e1s sor\u00e1n a m\u0171vek szerz\u0151it megfelel\u0151en hivatkozni sz\u00fcks\u00e9ges.<\/p>\n\n\n\n<p>A m\u0171vek \u00fczleti c\u00e9l\u00fa felhaszn\u00e1l\u00e1sa nem megengedett!<\/p>\n\n\n\n<p xmlns:cc=\"http:\/\/creativecommons.org\/ns#\" >A m\u0171vek a k\u00f6vetkez\u0151 licenc alatt \u00e1llnak: <a href=\"https:\/\/creativecommons.org\/licenses\/by-nc-nd\/4.0\/deed.hu\" target=\"_blank\" rel=\"license noopener noreferrer\" style=\"display:inline-block;\">CC BY-NC-ND 4.0<img decoding=\"async\" style=\"height:22px!important;margin-left:3px;vertical-align:text-bottom;\" src=\"https:\/\/mirrors.creativecommons.org\/presskit\/icons\/cc.svg?ref=chooser-v1\" alt=\"\"><img decoding=\"async\" style=\"height:22px!important;margin-left:3px;vertical-align:text-bottom;\" src=\"https:\/\/mirrors.creativecommons.org\/presskit\/icons\/by.svg?ref=chooser-v1\" alt=\"\"><img decoding=\"async\" style=\"height:22px!important;margin-left:3px;vertical-align:text-bottom;\" src=\"https:\/\/mirrors.creativecommons.org\/presskit\/icons\/nc.svg?ref=chooser-v1\" alt=\"\"><img decoding=\"async\" style=\"height:22px!important;margin-left:3px;vertical-align:text-bottom;\" src=\"https:\/\/mirrors.creativecommons.org\/presskit\/icons\/nd.svg?ref=chooser-v1\" alt=\"\"><\/a><\/p>\n\n\n\n<h6 class=\"wp-block-heading\" id=\"copyright\">6. Szerz\u0151i jogok<\/h6>\n\n\n\n<p>A k\u00e9zirat bek\u00fcld\u00e9s\u00e9vel a szerz\u0151 hozz\u00e1j\u00e1rul, hogy a foly\u00f3irat megszerezze a k\u00e9zirat els\u0151 k\u00f6zl\u00e9s\u00e9nek jog\u00e1t.<\/p>\n\n\n\n<p>A szerz\u0151 jogosult harmadik szem\u00e9llyel felhaszn\u00e1l\u00e1si szerz\u0151d\u00e9st k\u00f6tni a m\u0171re, azonban a foly\u00f3iratban m\u00e1r k\u00f6z\u00f6lt m\u0171 vonatkoz\u00e1s\u00e1ban kiz\u00e1r\u00f3lagos felhaszn\u00e1l\u00e1si jogot a szerz\u0151 m\u00e1sra nem ruh\u00e1zhat \u00e1t.<\/p>\n\n\n\n<p>A m\u0171 m\u00e1sod- (ut\u00f3-) k\u00f6zl\u00e9s\u00e9re a Szerkeszt\u0151s\u00e9g egyedi, kiv\u00e9telesen indokolt el\u0151zetes hozz\u00e1j\u00e1rul\u00e1sa kiv\u00e9tel\u00e9vel nem ker\u00fclhet sor.<\/p>\n\n\n\n<h6 class=\"wp-block-heading\" id=\"etika\">7. Etikai Szab\u00e1lyzat<\/h6>\n\n\n\n<p>Az Ember \u00e9s Jog szakmailag lektor\u00e1lt elektronikus foly\u00f3irat, amelynek publik\u00e1l\u00e1sa \u00e9s kiad\u00e1sa sor\u00e1n az abban r\u00e9sztvev\u0151 valamennyi f\u00e9l &#8211; bele\u00e9rtve a szerz\u0151t, a f\u0151szerkeszt\u0151t, a szerkeszt\u0151t, a lektort, valamennyi tov\u00e1bbi b\u00edr\u00e1l\u00f3t \u00e9s a kiad\u00f3t &#8211; etikus magatart\u00e1sa vonatkoz\u00e1s\u00e1ban az al\u00e1bbiakat v\u00e1rjuk \u00e9s k\u00e9pviselj\u00fck.<\/p>\n\n\n\n<p>A tudom\u00e1nyos \u00e9rt\u00e9k, a szakmai sz\u00ednvonal fenntart\u00e1sa \u00e9rdek\u00e9ben a r\u00e9sztvev\u0151 valamennyi f\u00e9l sz\u00e1m\u00e1ra sz\u00fcks\u00e9ges, hogy az etikus magatart\u00e1s al\u00e1bbi &#8211; a&nbsp;<a href=\"https:\/\/publicationethics.org\/core-practices\">COPE alapelveire<\/a> figyelemmel kialak\u00edtott &#8211; norm\u00e1iban egyet\u00e9rt\u00e9sben meg\u00e1llapodjon.<\/p>\n\n\n\n<p><strong>Publik\u00e1ci\u00f3s etika<\/strong><\/p>\n\n\n\n<p>A kiad\u00f3 elk\u00f6telezett a publik\u00e1l\u00e1s minden szakasz\u00e1nak felel\u0151s fel\u00fcgyelet\u00e9ben.<\/p>\n\n\n\n<p>A kiad\u00f3 elk\u00f6telezett abban \u00e9s biztos\u00edtja, hogy a tudom\u00e1nyos \u00e9s szakmai \u00e9rt\u00e9keken, illetve szempontokon k\u00edv\u00fcl egy\u00e9b &#8211; k\u00fcl\u00f6n\u00f6sen kereskedelmi szempontok, bev\u00e9telek &#8211; ne befoly\u00e1solj\u00e1k \u00e9s semmilyen m\u00f3don se hassanak a szerkeszt\u0151s\u00e9g d\u00f6nt\u00e9seire.<\/p>\n\n\n\n<p><strong>Szerkeszt\u0151s\u00e9g<\/strong><\/p>\n\n\n\n<p>A Szerkeszt\u0151s\u00e9g szakemberekb\u0151l \u00e1ll\u00f3 test\u00fclet, amelynek feladata, hogy az Ember \u00e9s Jog foly\u00f3irat szakmai ir\u00e1nyait \u00e9s tudom\u00e1nyos c\u00e9lkit\u0171z\u00e9seit meghat\u00e1rozza, illetve a foly\u00f3iratban megjelen\u0151 m\u0171vek szakmai sz\u00ednvonala f\u00f6l\u00f6tt &#8211; tan\u00e1csaival, szakmai \u00fatmutat\u00e1saival, a foly\u00f3iratra vonatkoz\u00f3 bels\u0151 szab\u00e1lyok \u00e9s elj\u00e1r\u00e1srend alapj\u00e1n &#8211; \u0151rk\u00f6dj\u00f6n.<\/p>\n\n\n\n<p>A Szerkeszt\u0151s\u00e9g tagjai a f\u0151szerkeszt\u0151 \u00e9s a szerkeszt\u0151k, illetve tov\u00e1bbi szakmailag elismert k\u00f6zrem\u0171k\u00f6d\u0151k.<\/p>\n\n\n\n<p><strong>F\u0151szerkeszt\u0151<\/strong><\/p>\n\n\n\n<p>A f\u0151szerkeszt\u0151 k\u00e9pviseli a szerkeszt\u0151s\u00e9get; felel\u0151s a foly\u00f3irat szakmai sz\u00ednvonal\u00e1nak biztos\u00edt\u00e1s\u00e1\u00e9rt, valamint a szerkeszt\u0151s\u00e9gi munkafolyamat megszervez\u00e9s\u00e9\u00e9rt \u00e9s a szerkeszt\u0151k munk\u00e1j\u00e1nak \u00f6sszehangol\u00e1s\u00e1\u00e9rt.<\/p>\n\n\n\n<p>A f\u0151szerkeszt\u0151 egyebekben szerkeszt\u0151i feladatokat is ell\u00e1t.<\/p>\n\n\n\n<p>A f\u0151szerkeszt\u0151re a szerkeszt\u0151re vonatkoz\u00f3 rendelkez\u00e9sek a Publik\u00e1ci\u00f3s \u00e9s Etikai Ir\u00e1nyelvekben foglalt, illetve az \u00e9rtelemszer\u0171 elt\u00e9r\u00e9sekkel alkalmazand\u00f3k.<\/p>\n\n\n\n<p><strong>Szerkeszt\u0151<\/strong><\/p>\n\n\n\n<p><em>Felel\u0151ss\u00e9g<\/em><\/p>\n\n\n\n<p>A szerkeszt\u0151 felel\u0151s a szerz\u0151kkel, lektorokkal, b\u00edr\u00e1l\u00f3kkal val\u00f3 kapcsolattart\u00e1s\u00e9rt, valamint annak eld\u00f6nt\u00e9s\u00e9\u00e9rt, hogy a foly\u00f3irathoz bek\u00fcld\u00f6tt cikkek k\u00f6z\u00fcl melyek ker\u00fclnek publik\u00e1l\u00e1sra. A szerkeszt\u0151 a szerkeszt\u0151s\u00e9g ir\u00e1nyelvei alapj\u00e1n saj\u00e1t meggy\u0151z\u0151d\u00e9se szerint j\u00e1r el, egyebekben kiz\u00e1r\u00f3lag a jogszab\u00e1lyoknak van al\u00e1vetve. A szerkeszt\u0151 a f\u0151szerkeszt\u0151vel, m\u00e1sik szerkeszt\u0151vel, a szerkeszt\u0151s\u00e9g tan\u00e1csad\u00f3j\u00e1val, m\u00e1s k\u00f6zrem\u0171k\u00f6d\u0151j\u00e9vel, vagy lektorral is konzult\u00e1lhat a d\u00f6nt\u00e9shozatal sor\u00e1n.<\/p>\n\n\n\n<p><em>Titoktart\u00e1s, bizalom<\/em><\/p>\n\n\n\n<p>A szerkeszt\u0151 \u00e9s a szerkeszt\u0151s\u00e9g k\u00f6zrem\u0171k\u00f6d\u0151je a bek\u00fcld\u00f6tt k\u00e9zirattal kapcsolatos inform\u00e1ci\u00f3kat &#8211; a k\u00e9zirat szerz\u0151je, a lektorok, tov\u00e1bbi b\u00edr\u00e1l\u00f3k, a f\u0151szerkeszt\u0151, m\u00e1sik szerkeszt\u0151 \u00e9s a szerkeszt\u0151s\u00e9g tan\u00e1csad\u00f3ja, m\u00e1s k\u00f6zrem\u0171k\u00f6d\u0151je, illetve a kiad\u00f3 kiv\u00e9tel\u00e9vel &#8211; nem adhatja \u00e1t m\u00e1s szem\u00e9lynek, k\u00f6teles azokat bizalmasan, titokk\u00e9nt kezelni \u00e9s \u0151rizni.<\/p>\n\n\n\n<p><em>Nyilv\u00e1noss\u00e1gra hozatal \u00e9s \u00f6sszef\u00e9rhetetlens\u00e9g<\/em><\/p>\n\n\n\n<p>A bek\u00fcld\u00f6tt k\u00e9ziratban k\u00f6z\u00f6lt, de k\u00f6zz\u00e9t\u00e9telre nem ker\u00fclt inform\u00e1ci\u00f3kat, kutat\u00e1si eredm\u00e9nyeket a szerkeszt\u0151 \u00e9s a szerkeszt\u0151s\u00e9g munkat\u00e1rsa saj\u00e1t kutat\u00e1saiban nem haszn\u00e1lhatja fel, kiv\u00e9ve ha a szerz\u0151 ehhez \u00edr\u00e1sban kifejezett hozz\u00e1j\u00e1rult.<\/p>\n\n\n\n<p><strong>Lektor, b\u00edr\u00e1l\u00f3<\/strong><\/p>\n\n\n\n<p><em>\u00c1ltal\u00e1nos k\u00f6teless\u00e9gek<\/em><\/p>\n\n\n\n<p>A lektor, b\u00edr\u00e1l\u00f3 a lektor\u00e1l\u00e1si folyamat sor\u00e1n k\u00f6teles betartani a&nbsp;<a href=\"https:\/\/publicationethics.org\/files\/cope-ethical-guidelines-peer-reviewers-v2_0.pdf\">COPE lektori aj\u00e1nl\u00e1sait<\/a>.<\/p>\n\n\n\n<p>Amennyiben a felk\u00e9rt lektor, b\u00edr\u00e1l\u00f3 saj\u00e1t meg\u00edt\u00e9l\u00e9se szerint nem k\u00e9pes az adott k\u00e9ziratban k\u00f6z\u00f6lt t\u00e9ma, kutat\u00e1s megfelel\u0151 elb\u00edr\u00e1l\u00e1s\u00e1ra, meg\u00edt\u00e9l\u00e9s\u00e9re, vagy amennyiben tudja, hogy az t\u0151le a megfelel\u0151 id\u0151ben nem v\u00e1rhat\u00f3, \u00fagy ezen t\u00e9nyr\u0151l halad\u00e9ktalanul \u00e9rtes\u00edtenie kell a szerkeszt\u0151t.<\/p>\n\n\n\n<p><em>K\u00f6zrem\u0171k\u00f6d\u00e9s a szerkeszt\u0151i d\u00f6nt\u00e9sekben<\/em><\/p>\n\n\n\n<p>A lektor, b\u00edr\u00e1l\u00f3 k\u00f6zrem\u0171k\u00f6dik a szerkeszt\u0151s\u00e9ggel, v\u00e9lem\u00e9ny\u00e9vel seg\u00edti a szerkeszt\u0151t, illetve a szerkeszt\u0151s\u00e9get a szerkeszt\u0151i d\u00f6nt\u00e9sek meghozatal\u00e1ban, egy\u00fattal k\u00f6zvetetten a szerz\u0151t is seg\u00edtheti a k\u00e9zirat jav\u00edt\u00e1s\u00e1ban. A lektor, b\u00edr\u00e1l\u00f3 k\u00f6teles a v\u00e9lem\u00e9ny\u00e9t vil\u00e1gosan, t\u00e9nyszer\u0171en \u00e9s okszer\u0171en megfogalmazni \u00e9s a szerkeszt\u0151 rendelkez\u00e9s\u00e9re bocs\u00e1tani.<\/p>\n\n\n\n<p>A lektor, b\u00edr\u00e1l\u00f3 k\u00f6teles tov\u00e1bb\u00e1 a szakmai, szakmaetikai szempontb\u00f3l kifog\u00e1solhat\u00f3 szerz\u0151i magatart\u00e1st &#8211; amennyiben az tudom\u00e1s\u00e1ra jut, halad\u00e9ktalanul &#8211; a szerkeszt\u0151nek jelezni.<\/p>\n\n\n\n<p><em><em>Titoktart\u00e1s, bizalom<\/em><\/em><\/p>\n\n\n\n<p>A lektor, b\u00edr\u00e1l\u00f3 a bek\u00fcld\u00f6tt k\u00e9zirattal kapcsolatos inform\u00e1ci\u00f3kat nem adhatja \u00e1t m\u00e1s szem\u00e9lynek, k\u00f6teles azokat, valamint a k\u00e9ziratot bizalmasan, titokk\u00e9nt kezelni \u00e9s \u0151rizni. A lektor a k\u00e9ziratot kiz\u00e1r\u00f3lag a b\u00edr\u00e1lati elj\u00e1r\u00e1s keret\u00e9ben, a lektor\u00e1l\u00e1ssal \u00f6sszef\u00fcgg\u00e9sben, az ahhoz sz\u00fcks\u00e9ges m\u00e9rt\u00e9kben \u00e9s m\u00f3don kezelheti, haszn\u00e1lhatja.<\/p>\n\n\n\n<p>A f\u0151szerkeszt\u0151 ilyen ir\u00e1ny\u00fa, kifejezett enged\u00e9lye hi\u00e1ny\u00e1ban a k\u00e9zirat nem mutathat\u00f3 meg m\u00e1snak, a lektor a tartalm\u00e1r\u00f3l m\u00e1ssal nem egyeztethet.<\/p>\n\n\n\n<p><em>P\u00e1rtatlans\u00e1g<\/em><\/p>\n\n\n\n<p>A lektor, b\u00edr\u00e1l\u00f3 k\u00f6teles a lektori v\u00e9lem\u00e9ny\u00e9t p\u00e1rtatlanul \u00e9s r\u00e9szrehajl\u00e1s n\u00e9lk\u00fcl, az \u00e1ltal\u00e1nos szakmai elv\u00e1r\u00e1soknak megfelel\u0151en elk\u00e9sz\u00edteni. A lektor, b\u00edr\u00e1l\u00f3 az \u00e9rt\u00e9kel\u00e9s sor\u00e1n nem vehet figyelembe a szerz\u0151 v\u00e9lt vagy val\u00f3s tulajdons\u00e1g\u00e1val, szem\u00e9ly\u00e9vel kapcsolatos szempontokat.<\/p>\n\n\n\n<p><em>\u00d6sszef\u00e9rhetetlens\u00e9g<\/em><\/p>\n\n\n\n<p>A lektor, b\u00edr\u00e1l\u00f3 nem \u00e9rt\u00e9kelheti a k\u00e9ziratot, amennyiben a szerz\u0151 szem\u00e9ly\u00e9t felismeri vagy a szerz\u0151 szem\u00e9lye felfed\u00e9sre ker\u00fcl, illetve amennyiben a szerz\u0151vel, a szerz\u0151h\u00f6z vagy a k\u00e9zirathoz kapcsol\u00f3d\u00f3 int\u00e9zm\u00e9nnyel, szervezettel \u00f6sszef\u00e9rhetetlens\u00e9get eredm\u00e9nyez\u0151 kapcsolatban \u00e1ll.<\/p>\n\n\n\n<p>Amennyiben a lektort\u00f3l, b\u00edr\u00e1l\u00f3t\u00f3l nem v\u00e1rhat\u00f3 a k\u00e9zirattal kapcsolatos p\u00e1rtatlans\u00e1g, f\u00fcggetlens\u00e9g, \u00f6sszef\u00e9rhetetlens\u00e9ge egy\u00e9b okb\u00f3l nem biztos\u00edthat\u00f3 vagy vesz\u00e9lybe ker\u00fcl, a f\u0151szerkeszt\u0151 \u00e9rtes\u00edt\u00e9se mellett k\u00f6teles erre a t\u00e9nyre felh\u00edvni a szerkeszt\u0151 figyelm\u00e9t.<\/p>\n\n\n\n<p><em>Forr\u00e1sok ellen\u0151rz\u00e9se<\/em><\/p>\n\n\n\n<p>A lektornak, b\u00edr\u00e1l\u00f3nak t\u00f6rekednie kell arra, hogy a szerz\u0151 \u00e1ltal esetleg nem id\u00e9zett, de felhaszn\u00e1lt forr\u00e1st, szakirodalmat azonos\u00edtsa, \u00e9s amennyiben ilyet azonos\u00edt, azt v\u00e9lem\u00e9ny\u00e9vel egy\u00fctt a szerkeszt\u0151 rendelkez\u00e9s\u00e9re kell bocs\u00e1tania.<\/p>\n\n\n\n<p>A b\u00edr\u00e1l\u00f3nak fel kell h\u00edvnia a szerkeszt\u0151 figyelm\u00e9t az \u00e1ltala szem\u00e9lyesen ismert olyan forr\u00e1sokra, amelyekkel az \u00e1ltala \u00e9rt\u00e9kelt k\u00e9zirat l\u00e9nyeges hasonl\u00f3s\u00e1got vagy azonoss\u00e1got mutat.<\/p>\n\n\n\n<p><strong>Szerz\u0151<\/strong><\/p>\n\n\n\n<p><em>Szerz\u0151s\u00e9g<\/em><\/p>\n\n\n\n<p>Szerz\u0151 az, aki a m\u0171 elk\u00e9sz\u00edt\u00e9s\u00e9ben, illetve az annak alapj\u00e1ul szolg\u00e1l\u00f3 kutat\u00e1sban, tev\u00e9kenys\u00e9gben jelent\u0151s m\u00e9rt\u00e9kben, tev\u00e9kenyen r\u00e9szt vett.<\/p>\n\n\n\n<p>Szerz\u0151nek kell tekinteni azt is (t\u00e1rsszerz\u0151), aki a m\u0171 elk\u00e9sz\u00edt\u00e9s\u00e9hez, az annak alapj\u00e1ul szolg\u00e1l\u00f3 kutat\u00e1shoz, tev\u00e9kenys\u00e9ghez, illetve az ehhez sz\u00fcks\u00e9ges adatok elemz\u00e9s\u00e9hez jelent\u0151s m\u00e9rt\u00e9kben, tev\u00e9kenyen hozz\u00e1j\u00e1rult.<\/p>\n\n\n\n<p>A szerz\u0151nek (t\u00e1rsszerz\u0151nek) a fentieken t\u00fal r\u00e9szt v\u00e1llalt a k\u00e9zirat elk\u00e9sz\u00edt\u00e9s\u00e9ben, l\u00e1tta a m\u0171 v\u00e9gleges v\u00e1ltozat\u00e1t \u00e9s hozz\u00e1j\u00e1rul\u00e1s\u00e1t adta a publik\u00e1l\u00e1sra bek\u00fcld\u00e9shez, egyidej\u0171leg a k\u00e9ziratban foglalt valamennyi \u00e1ll\u00edt\u00e1s\u00e9rt teljes &#8211; a tov\u00e1bbi szerz\u0151kkel egyetemleges &#8211; felel\u0151ss\u00e9get v\u00e1llal.<\/p>\n\n\n\n<p>Nem tekinthet\u0151 szerz\u0151nek &#8211; ellenben a m\u0171 k\u00f6sz\u00f6netnyilv\u00e1n\u00edt\u00e1si szakasz\u00e1ban megnevezend\u0151 &#8211; az a szem\u00e9ly, aki a kutat\u00e1s l\u00e9nyegi aspektus\u00e1ban r\u00e9szt vett ugyan, de a szerz\u0151s\u00e9g (t\u00e1rsszerz\u0151s\u00e9g) k\u00f6vetelm\u00e9nyeinek nem tett eleget marad\u00e9ktalanul.<\/p>\n\n\n\n<p><em>Formai \u00e9s tartalmi elv\u00e1r\u00e1soknak val\u00f3 megfelel\u00e9s<\/em><\/p>\n\n\n\n<p>A szerz\u0151 k\u00f6teles a publik\u00e1l\u00e1sra bek\u00fcld\u00f6tt k\u00e9zirat\u00e1t az el\u0151\u00edrt formai \u00e9s tartalmi szab\u00e1lyokkal \u00f6sszhangban el\u0151k\u00e9sz\u00edteni.<\/p>\n\n\n\n<p><em>Eredeti, egy\u00e9ni jelleg<\/em><\/p>\n\n\n\n<p>A szerz\u0151 a k\u00e9zirat bek\u00fcld\u00e9s\u00e9vel k\u00f6teles nyilatkozni arr\u00f3l, hogy az \u00e1ltala bek\u00fcld\u00f6tt m\u0171 saj\u00e1t szellemi alkot\u00e1sa, saj\u00e1t tev\u00e9kenys\u00e9g\u00e9n, kutat\u00e1s\u00e1n alapul, \u00e9s hogy a m\u0171vet kor\u00e1bban m\u00e1shol m\u00e9g nem k\u00f6z\u00f6lt\u00e9k \u00e9s k\u00f6zl\u00e9sre m\u00e1shol nem fogadt\u00e1k be, illetve nem \u00e1ll m\u00e1shol elb\u00edr\u00e1l\u00e1s vagy publik\u00e1l\u00e1s alatt.<\/p>\n\n\n\n<p>K\u00f6z\u00f6s m\u0171 eset\u00e9n a bek\u00fcld\u0151 szerz\u0151 k\u00f6teles nyilatkozni arr\u00f3l, hogy valamennyi tov\u00e1bbi szerz\u0151 hozz\u00e1j\u00e1rul\u00e1s\u00e1t adta a k\u00e9zirat bek\u00fcld\u00e9s\u00e9hez, \u00e9s hogy azok fenti tartalm\u00fa nyilatkozat\u00e1t beszerezte.<\/p>\n\n\n\n<p><em>Szellemi tulajdonjog<\/em><\/p>\n\n\n\n<p>A szerz\u0151 szavatol az\u00e9rt, hogy az \u00e1ltala bek\u00fcld\u00f6tt k\u00e9zirat m\u00e1s szellemi tulajdonjog\u00e1t nem s\u00e9rti.<\/p>\n\n\n\n<p><em>Forr\u00e1smegjel\u00f6l\u00e9s \u00e9s pl\u00e1gium-tilalom<\/em><\/p>\n\n\n\n<p>Amennyiben a szerz\u0151 m\u00e1s munk\u00e1j\u00e1t, gondolatait m\u0171v\u00e9ben felhaszn\u00e1lta, \u00fagy k\u00f6teles azt megfelel\u0151en &#8211; a foly\u00f3iratra vonatkoz\u00f3 el\u0151\u00edr\u00e1sokkal, illetve a szakmaetikai szab\u00e1lyokkal \u00f6sszhangban &#8211; hivatkozni \u00e9s id\u00e9zni.<\/p>\n\n\n\n<p>A szerz\u0151 k\u00f6teles tart\u00f3zkodni a pl\u00e1gium b\u00e1rmely form\u00e1j\u00e1t\u00f3l. A szerkeszt\u0151s\u00e9g fenntartja mag\u00e1nak a jogot, hogy a k\u00e9ziratot elutas\u00edtsa, amennyiben a k\u00e9zirat 20%-os vagy magasabb hasonl\u00f3s\u00e1got mutat m\u00e1s m\u0171vekkel \u00e9s felmer\u00fcl a pl\u00e1gium gyan\u00faja.<\/p>\n\n\n\n<p>A szerz\u0151 k\u00f6teles minden olyan forr\u00e1st felt\u00fcntetni, amely a k\u00f6zlem\u00e9ny elk\u00e9sz\u00edt\u00e9s\u00e9t k\u00f6zvetlen\u00fcl finansz\u00edrozta.<\/p>\n\n\n\n<p>A k\u00e9ziratban felhaszn\u00e1lt olyan kutat\u00e1si anyag vonatkoz\u00e1s\u00e1ban, amely kor\u00e1bban m\u00e1shol m\u00e1r k\u00f6zz\u00e9t\u00e9telre ker\u00fclt, a szerz\u0151nek enged\u00e9lyt kell k\u00e9rnie a szerz\u0151i jogok jogosultj\u00e1t\u00f3l a felhaszn\u00e1l\u00e1shoz.<\/p>\n\n\n\n<p><em>\u00d6sszef\u00e9rhetetlens\u00e9g<\/em><\/p>\n\n\n\n<p>Amennyiben a szerz\u0151 szem\u00e9ly\u00e9vel \u00f6sszef\u00fcgg\u00e9sben \u00f6sszef\u00e9rhetetlens\u00e9g mer\u00fcl fel, \u00fagy a szerz\u0151 a f\u0151szerkeszt\u0151 \u00e9rtes\u00edt\u00e9se mellett k\u00f6teles erre a t\u00e9nyre felh\u00edvni a szerkeszt\u0151 figyelm\u00e9t.<\/p>\n\n\n\n<p><em>Helyesb\u00edt\u00e9s, kiigaz\u00edt\u00e1s<\/em><\/p>\n\n\n\n<p>A szerz\u0151 k\u00f6teles a f\u0151szerkeszt\u0151t halad\u00e9ktalanul \u00e9rtes\u00edteni, amennyiben pontatlans\u00e1got fedez fel az \u00e1ltal k\u00e9sz\u00edtett m\u0171ben. Amennyiben a szerz\u0151 vagy m\u00e1s pontatlans\u00e1got \u00e9szlel, a szerz\u0151 k\u00f6teles egy\u00fcttm\u0171k\u00f6dni a m\u0171 visszavon\u00e1sa vagy a megfelel\u0151 helyesb\u00edt\u00e9s, kiigaz\u00edt\u00e1s k\u00f6zz\u00e9t\u00e9tel\u00e9ben.<\/p>\n\n\n\n<p><strong>Szab\u00e1lytalans\u00e1gok, vissza\u00e9l\u00e9sek, panaszok<\/strong><\/p>\n\n\n\n<p>A foly\u00f3irat a rendelkez\u00e9s\u00e9re \u00e1ll\u00f3 valamennyi eszk\u00f6z \u00fatj\u00e1n t\u00f6rekszik a foly\u00f3iratban megjelen\u0151 inform\u00e1ci\u00f3k pontoss\u00e1g\u00e1nak biztos\u00edt\u00e1s\u00e1ra \u00e9s minden lehets\u00e9ges m\u00f3don fell\u00e9p az etikai szab\u00e1lyok b\u00e1rmilyen megs\u00e9rt\u00e9se &#8211; k\u00fcl\u00f6n\u00f6sen a pl\u00e1gium, a csal\u00e1s, a hamis szerz\u0151s\u00e9g &#8211; ellen.<\/p>\n\n\n\n<p>A Szerkeszt\u0151s\u00e9g az esetleges vissza\u00e9l\u00e9seket &#8211; amennyiben az tudom\u00e1s\u00e1ra jut &#8211; a COPE \u00e1ltal kiadott&nbsp;<a href=\"https:\/\/publicationethics.org\/guidance\/Flowcharts\">folyamat\u00e1br\u00e1kban<\/a>&nbsp;le\u00edrt elj\u00e1r\u00e1srend szerint vizsg\u00e1lja ki.<\/p>\n\n\n\n<p>Amennyiben sz\u00fcks\u00e9ges, a foly\u00f3irat minden megfelel\u0151 int\u00e9zked\u00e9st megtesz a s\u00e9relmes helyzetek tiszt\u00e1z\u00e1sa \u00e9rdek\u00e9ben, sz\u00fcks\u00e9g szerint az \u00e9rintett k\u00f6zlem\u00e9nyt m\u00f3dos\u00edtja vagy m\u00f3dos\u00edttatja, a helyesb\u00edt\u00e9snek, kiigaz\u00edt\u00e1snak k\u00f6zz\u00e9t\u00e9tel \u00fatj\u00e1n megfelel\u0151 nyilv\u00e1noss\u00e1got biztos\u00edt, illetve s\u00falyosabb esetekben az \u00e9rintett k\u00f6zlem\u00e9nyt teljesen visszavonja.<\/p>\n\n\n\n<p>A f\u0151szerkeszt\u0151vel, szerkeszt\u0151kkel, szerkeszt\u0151bizotts\u00e1gi tagokkal, vagy a kiad\u00f3 k\u00f6zrem\u0171k\u00f6d\u0151vel szembeni panaszokat a Pro Veritate Egyes\u00fclet Eln\u00f6ks\u00e9ge \u00e1ltal erre kijel\u00f6lt bizotts\u00e1g vizsg\u00e1lja ki.<\/p>\n\n\n\n<p>A foly\u00f3iratban megjelent k\u00f6zlem\u00e9nyekben kifejtett v\u00e9lem\u00e9nyek, n\u00e9zetek az adott szerz\u0151 v\u00e9lem\u00e9ny\u00e9t, n\u00e9zet\u00e9t t\u00fckr\u00f6zik, amely nem felt\u00e9tlen\u00fcl egyezik meg az Ember \u00e9s Jog szerkeszt\u0151s\u00e9ge vagy a kiad\u00f3 v\u00e9lem\u00e9ny\u00e9vel, n\u00e9zet\u00e9vel. A foly\u00f3irat \u00e9s a szerkeszt\u0151s\u00e9g nem v\u00e1llal felel\u0151ss\u00e9get a foly\u00f3iratban k\u00f6zz\u00e9tett adatok \u00e9s inform\u00e1ci\u00f3k felhaszn\u00e1l\u00e1s\u00e1b\u00f3l k\u00f6zvetlen\u00fcl vagy k\u00f6zvetve keletkez\u0151 vesztes\u00e9gek\u00e9rt, k\u00f6vetel\u00e9sek\u00e9rt, jogi elj\u00e1r\u00e1sok\u00e9rt, k\u00f6lts\u00e9gek\u00e9rt, k\u00e1rok\u00e9rt vagy m\u00e1s k\u00f6telezetts\u00e9gek\u00e9rt.<\/p>\n\n\n\n<p><strong>D\u00edjak, k\u00f6lts\u00e9gek<\/strong><\/p>\n\n\n\n<p>A foly\u00f3irat nem sz\u00e1mol fel d\u00edjat vagy egy\u00e9b k\u00f6lts\u00e9get a k\u00e9ziratok k\u00f6zl\u00e9s\u00e9\u00e9rt.<\/p>\n\n\n\n<h6 class=\"wp-block-heading\" id=\"general\">7. \u00c1ltal\u00e1nos rendelkez\u00e9sek<\/h6>\n\n\n\n<p>A jelen Publik\u00e1ci\u00f3s \u00e9s Etikai Ir\u00e1nyelvek egym\u00e1snak mindenben megfelel\u0151 magyar \u00e9s angol nyelv\u0171 v\u00e1ltozatban k\u00e9sz\u00fclt. Amagyar \u00e9s az angol nyelv\u0171 v\u00e1ltozat k\u00f6z\u00f6tt b\u00e1rmely elt\u00e9r\u00e9s vagy ellentmond\u00e1s eset\u00e9n a magyar nyelv\u0171 v\u00e1ltozat az ir\u00e1nyad\u00f3.<\/p>\n\n\n\n<p>A jelen Publik\u00e1ci\u00f3s \u00e9s Etikai Ir\u00e1nyelvek tekintet\u00e9ben, \u00e9s az Ember \u00e9s Jog foly\u00f3irattal kapcsolatos jogviszony vonatkoz\u00e1s\u00e1ban a magyar jog alkalmazand\u00f3.&nbsp;<\/p>\n\n\n\n<p>A jelen Publik\u00e1ci\u00f3s \u00e9s Etikai Ir\u00e1nyelvekkel \u00e9s az Ember \u00e9s Jog foly\u00f3irattal kapcsolatos jogvit\u00e1k eset\u00e9ben a magyar jog szerinti b\u00edr\u00f3s\u00e1gi \u00e9s nemperes&nbsp;elj\u00e1r\u00e1sok alkalmazand\u00f3k. Amennyiben a felek vit\u00e1jukat b\u00e9k\u00e9s \u00e9s t\u00e1rgyal\u00e1sos \u00faton 60 napon bel\u00fcl nem rendezik, kiz\u00e1r\u00f3lagosan a Debreceni T\u00f6rv\u00e9nysz\u00e9ket jel\u00f6lik ki.<\/p>\n\n\n\n<div style=\"height:100px\" aria-hidden=\"true\" class=\"wp-block-spacer\"><\/div>\n\n\n\n<a href=\"https:\/\/info.flagcounter.com\/xq0N\"><img decoding=\"async\" src=\"https:\/\/s01.flagcounter.com\/count2\/xq0N\/bg_FFFFFF\/txt_000000\/border_CCCCCC\/columns_8\/maxflags_150\/viewers_0\/labels_1\/pageviews_1\/flags_0\/percent_0\/\" alt=\"Free counters!\" border=\"0\"><\/a>\n","protected":false},"excerpt":{"rendered":"<p>For English language, please click&nbsp;HERE. Az Ember \u00e9s Jog Jogtudom\u00e1nyi Foly\u00f3irat Publik\u00e1ci\u00f3s \u00e9s Etikai Ir\u00e1nyelvei Olvas\u00f3k \u00e9s R\u00e9sztvev\u0151k (szerz\u0151i, szerkeszt\u0151i, b\u00edr\u00e1l\u00f3i stb.) sz\u00e1m\u00e1ra &nbsp; Verzi\u00f3: v0.1. Budapest, 2024. j\u00falius 4. Tartalom Vissza az Ember \u00e9s Jog f\u0151oldal\u00e1ra 1. Szerkeszt\u0151s\u00e9g F\u0151szerkeszt\u0151: T\u00f6r\u00f6k Csaba, Debreceni Egyetem, Debrecen Szerkeszt\u0151bizotts\u00e1g, k\u00f6zrem\u0171k\u00f6d\u0151k: Eckl-Heinrich Ren\u00e1ta, B+N Referencia Zrt., Budapest Fekete Krisztina M\u00e1ria, Debrecen Madocsai M\u00e1rton, Budapest Mok\u00e1nszki Edina, Szabolcs-Szatm\u00e1r-Bereg V\u00e1rmegyei Korm\u00e1nyhivatal, Ny\u00edregyh\u00e1za P\u00e1lfi Edina, K\u00f6zigazgat\u00e1si \u00e9s Ter\u00fcletfejleszt\u00e9si Miniszt\u00e9rium 2. F\u00f3kusz \u00e9s c\u00e9lkit\u0171z\u00e9sek Az Ember \u00e9s Jog f\u00f3kusz\u00e1ban a jog- \u00e1llamtudom\u00e1nyok sz\u00e9les k\u00f6r\u00e9b\u0151l val\u00f3 \u00faj \u00e9s eredeti kutat\u00e1si eredm\u00e9nyek, tanulm\u00e1nyok, k\u00f6zlem\u00e9nyek k\u00f6zz\u00e9t\u00e9tele \u00e1ll. Valamennyi olyan t\u00e9ma \u00e9s eredm\u00e9ny \u00e9rdekel benn\u00fcnket, amelyek \u00e1ltal\u00e1ban a jogi, jogtudom\u00e1nyi k\u00e9rd\u00e9sekkel kapcsolatosak Magyarorsz\u00e1gon, az Eur\u00f3pai Uni\u00f3ban \u00e9s vil\u00e1gszerte. A beny\u00fajtott k\u00e9ziratok t\u00e9m\u00e1ja kiterjedhet egyebek mellett mag\u00e1njogi, b\u00fcntet\u0151jogi, kereskedelmi jogi, k\u00f6zigazgat\u00e1si jogi, alkotm\u00e1nyjogi, emberi jogi, nemzetk\u00f6zi jogi, k\u00f6rnyezet-, term\u00e9szet- \u00e9s agr\u00e1rjogi, k\u00e1nonjogi, szok\u00e1sjogi, jogt\u00f6rt\u00e9nelmi, jogfiloz\u00f3fiai, a jogszociol\u00f3giai, elj\u00e1r\u00e1sjogi \u00e9s egy\u00e9b k\u00f6zjogi, valamint t\u00e1rsadalmi vonatkoz\u00e1s\u00fa aktu\u00e1lis k\u00e9rd\u00e9sekre, probl\u00e9m\u00e1kra, megold\u00e1saikra, ezek elemz\u00e9s\u00e9re, vizsg\u00e1lat\u00e1ra, \u00e9rt\u00e9kel\u00e9s\u00e9re. 3. B\u00edr\u00e1lat Az elb\u00edr\u00e1l\u00e1s alapelvei A foly\u00f3irat kiz\u00e1r\u00f3lag eredeti kutat\u00e1si eredm\u00e9nyeken alapul\u00f3, tudom\u00e1nyosan (szakmailag) &#8211; elm\u00e9leti \u00e9s m\u00f3dszertani szempontb\u00f3l, empirikusan stb. &#8211; megalapozott k\u00e9ziratokat fogad be, ugyanakkor nem fogadhat\u00f3k be \u00e9s nem vehet\u0151k figyelembe a m\u00e1shol elb\u00edr\u00e1l\u00e1s alatt \u00e1ll\u00f3 vagy m\u00e1shol (m\u00e1s foly\u00f3iratban) m\u00e1r megjelent vagy egy\u00e9b m\u00f3don k\u00f6z\u00f6lt k\u00e9ziratok. A foly\u00f3irat szerkeszt\u0151s\u00e9ge minden bek\u00fcld\u00f6tt k\u00e9ziratot megvizsg\u00e1l a foly\u00f3irat meghat\u00e1rozott formai \u00e9s tartalmi k\u00f6vetelm\u00e9nyei t\u00fckr\u00e9ben, majd ezt k\u00f6vet\u0151en &#8211; a tudom\u00e1nyos \u00e9rt\u00e9k \u00e9s jelleg min\u0151s\u00e9gi k\u00f6vetelm\u00e9nyeinek val\u00f3 megfelel\u00e9s \u00e9rdek\u00e9ben &#8211; kett\u0151s vaklektor\u00e1l\u00e1snak (n\u00e9vtelen b\u00edr\u00e1latnak) vet al\u00e1, azaz a k\u00e9ziratot legkevesebb k\u00e9t f\u00fcggetlen szak\u00e9rt\u0151nek k\u00fcldi meg, amely sor\u00e1n biztos\u00edtjuk, hogy sem a lektor el\u0151tt a szerz\u0151 szem\u00e9lye, sem a szerz\u0151 el\u0151tt a lektorok szem\u00e9lye nem v\u00e1lik ismertt\u00e9 a b\u00edr\u00e1lat sor\u00e1n. A b\u00edr\u00e1l\u00f3k kiv\u00e1laszt\u00e1sa (kijel\u00f6l\u00e9se) sor\u00e1n a szerkeszt\u0151s\u00e9gnek fontos szempontja, hogy a b\u00edr\u00e1l\u00f3 az adott szakter\u00fclet ismer\u0151je, szak\u00e9rt\u0151je legyen, valamint hogy a szerz\u0151vel sem int\u00e9zm\u00e9nyi, sem szem\u00e9lyes kapcsolatban ne \u00e1lljon. A szerz\u0151 a k\u00e9zirat beny\u00fajt\u00e1s\u00e1t\u00f3l fogva, a b\u00edr\u00e1lat sor\u00e1n, illetve az \u00e9rt\u00e9kel\u00e9s folyamat\u00e1ban k\u00f6teles egy\u00fcttm\u0171k\u00f6dni. A szerz\u0151nek lehet\u0151s\u00e9ge van arra is, hogy a hivatalos beny\u00fajt\u00e1s el\u0151tt a szerkeszt\u0151s\u00e9gt\u0151l e-mailben (szerkesztoseg@proveritate.hu) \u00fatmutat\u00e1st k\u00e9rjen a m\u0171 megfelel\u0151s\u00e9g\u00e9r\u0151l. A nem a szerz\u0151 anyanyelv\u00e9n \u00edr\u00f3dott k\u00e9ziratok eset\u00e9n a b\u00edr\u00e1lat sor\u00e1n el\u0151nyt jelent \u00e9s nagyra \u00e9rt\u00e9kelt, amennyiben a k\u00e9zirat igazoltan \u00e1tesett egy anyanyelvi lektor\u00e1l\u00e1son vagy erre szakosodott int\u00e9zm\u00e9ny a nyelvi lektor\u00e1l\u00e1st tan\u00fas\u00edtja. A b\u00edr\u00e1lat folyamata A b\u00edr\u00e1lat folyamata l\u00e9p\u00e9sr\u0151l l\u00e9p\u00e9sre a k\u00f6vetkez\u0151: A b\u00edr\u00e1lat eredm\u00e9nye A k\u00e9zirat elfogad\u00e1sa vagy elutas\u00edt\u00e1sa kapcs\u00e1n d\u00f6nt\u00e9st a szerkeszt\u0151 hozhat a lektori v\u00e9lem\u00e9nyek (b\u00edr\u00e1latok) eredm\u00e9nye alapj\u00e1n a m\u0171 tudom\u00e1nyos \u00e9rt\u00e9ke, valamint a szakmai k\u00f6z\u00f6ss\u00e9g \u00e9s a t\u00e1rsadalom, az egyetemes tud\u00e1s sz\u00e1m\u00e1ra val\u00f3 fontoss\u00e1g\u00e1ra figyelemmel. A szerkeszt\u0151s\u00e9g d\u00f6nt\u00e9sei az al\u00e1bbiak lehetnek: Elfogad\u00e1s Elutas\u00edt\u00e1s A d\u00f6nt\u00e9sek mechanizmusa A szerkeszt\u0151s\u00e9g d\u00f6nt\u00e9s\u00e9t az al\u00e1bbi mechanizmus \u00fatj\u00e1n hozza. Alapjaiban egyez\u0151 b\u00edr\u00e1latok eset\u00e9n Alapjaiban k\u00fcl\u00f6nb\u00f6z\u0151 b\u00edr\u00e1latok eset\u00e9n A f\u0151szerkeszt\u0151, amennyiben a szerkeszt\u0151 d\u00f6nt\u00e9s\u00e9vel nem \u00e9rt egyet, a d\u00f6nt\u00e9st saj\u00e1t v\u00e9lem\u00e9ny\u00e9vel ell\u00e1tva egy alkalommal \u00fajb\u00f3li megfontol\u00e1sra visszak\u00fcldheti a szerkeszt\u0151nek. A szerkeszt\u0151 az \u00fajb\u00f3li megfontol\u00e1st k\u00f6vet\u0151en a d\u00f6nt\u00e9s\u00e9t megv\u00e1ltoztatja, vagy a d\u00f6nt\u00e9st a szerkeszt\u0151s\u00e9g el\u00e9 utalja. A szerkeszt\u0151s\u00e9g \u00e9s a szerkeszt\u0151 d\u00f6nt\u00e9seit minden esetben indokol\u00e1ssal l\u00e1tja el, amely indokol\u00e1s tartalmazza a b\u00edr\u00e1l\u00f3k (n\u00e9vtelen) v\u00e9lem\u00e9ny\u00e9t is. A szerkeszt\u0151s\u00e9g d\u00f6nt\u00e9s\u00e9vel szemben jogorvoslatnak nincs helye. 4. Megjelen\u00e9s gyakoris\u00e1ga Az Ember \u00e9s Jog f\u00e9l\u00e9vente, \u00e9vente kett\u0151 alkalommal, j\u00faniusban \u00e9s decemberben jelenik meg a Pro Veritate Egyes\u00fclet kiad\u00e1s\u00e1ban online m\u00f3don. 5. Szabad hozz\u00e1f\u00e9r\u00e9s Az Olvas\u00f3knak az Ember \u00e9s Jog valamennyi megjelent lapsz\u00e1m\u00e1hoz, tov\u00e1bb\u00e1 az azokban megjelent m\u0171vekhez teljes, szabad, azonnali \u00e9s ingyenes hozz\u00e1f\u00e9r\u00e9st biztos\u00edtunk a Creative Commons CC BY-NC-ND 4.0 licenc alapj\u00e1n, t\u00e1mogatva ezzel a kutat\u00e1s \u00e9s az eredm\u00e9nyek szabad \u00e9s azonnali hozz\u00e1f\u00e9r\u00e9s\u00e9t, a glob\u00e1lis tud\u00e1scser\u00e9t, a tudom\u00e1nyok gyors, hat\u00e9kony \u00e9s naprak\u00e9sz m\u0171vel\u00e9s\u00e9t. Ez\u00e1ltal az Olvas\u00f3nak jog\u00e1ban \u00e1ll a megjelent m\u0171veket teljes terjedelm\u00e9ben &#8211; v\u00e1ltoztat\u00e1s n\u00e9lk\u00fcl &#8211; elolvasni, let\u00f6lteni, m\u00e1solni, terjeszteni, kinyomtatni, keresni, illetve linkelni. A felhaszn\u00e1l\u00e1s sor\u00e1n a m\u0171vek szerz\u0151it megfelel\u0151en hivatkozni sz\u00fcks\u00e9ges. A m\u0171vek \u00fczleti c\u00e9l\u00fa felhaszn\u00e1l\u00e1sa nem megengedett! A m\u0171vek a k\u00f6vetkez\u0151 licenc alatt \u00e1llnak: CC BY-NC-ND 4.0 6. Szerz\u0151i jogok A k\u00e9zirat bek\u00fcld\u00e9s\u00e9vel a szerz\u0151 hozz\u00e1j\u00e1rul, hogy a foly\u00f3irat megszerezze a k\u00e9zirat els\u0151 k\u00f6zl\u00e9s\u00e9nek jog\u00e1t. A szerz\u0151 jogosult harmadik szem\u00e9llyel felhaszn\u00e1l\u00e1si szerz\u0151d\u00e9st k\u00f6tni a m\u0171re, azonban a foly\u00f3iratban m\u00e1r k\u00f6z\u00f6lt m\u0171 vonatkoz\u00e1s\u00e1ban kiz\u00e1r\u00f3lagos felhaszn\u00e1l\u00e1si jogot a szerz\u0151 m\u00e1sra nem ruh\u00e1zhat \u00e1t. A m\u0171 m\u00e1sod- (ut\u00f3-) k\u00f6zl\u00e9s\u00e9re a Szerkeszt\u0151s\u00e9g egyedi, kiv\u00e9telesen indokolt el\u0151zetes hozz\u00e1j\u00e1rul\u00e1sa kiv\u00e9tel\u00e9vel nem ker\u00fclhet sor. 7. Etikai Szab\u00e1lyzat Az Ember \u00e9s Jog szakmailag lektor\u00e1lt elektronikus foly\u00f3irat, amelynek publik\u00e1l\u00e1sa \u00e9s kiad\u00e1sa sor\u00e1n az abban r\u00e9sztvev\u0151 valamennyi f\u00e9l &#8211; bele\u00e9rtve a szerz\u0151t, a f\u0151szerkeszt\u0151t, a szerkeszt\u0151t, a lektort, valamennyi tov\u00e1bbi b\u00edr\u00e1l\u00f3t \u00e9s a kiad\u00f3t &#8211; etikus magatart\u00e1sa vonatkoz\u00e1s\u00e1ban az al\u00e1bbiakat v\u00e1rjuk \u00e9s k\u00e9pviselj\u00fck. A tudom\u00e1nyos \u00e9rt\u00e9k, a szakmai sz\u00ednvonal fenntart\u00e1sa \u00e9rdek\u00e9ben a r\u00e9sztvev\u0151 valamennyi f\u00e9l sz\u00e1m\u00e1ra sz\u00fcks\u00e9ges, hogy az etikus magatart\u00e1s al\u00e1bbi &#8211; a&nbsp;COPE alapelveire figyelemmel kialak\u00edtott &#8211; norm\u00e1iban egyet\u00e9rt\u00e9sben meg\u00e1llapodjon. Publik\u00e1ci\u00f3s etika A kiad\u00f3 elk\u00f6telezett a publik\u00e1l\u00e1s minden szakasz\u00e1nak felel\u0151s fel\u00fcgyelet\u00e9ben. A kiad\u00f3 elk\u00f6telezett abban \u00e9s biztos\u00edtja, hogy a tudom\u00e1nyos \u00e9s szakmai \u00e9rt\u00e9keken, illetve szempontokon k\u00edv\u00fcl egy\u00e9b &#8211; k\u00fcl\u00f6n\u00f6sen kereskedelmi szempontok, bev\u00e9telek &#8211; ne befoly\u00e1solj\u00e1k \u00e9s semmilyen m\u00f3don se hassanak a szerkeszt\u0151s\u00e9g d\u00f6nt\u00e9seire. Szerkeszt\u0151s\u00e9g A Szerkeszt\u0151s\u00e9g szakemberekb\u0151l \u00e1ll\u00f3 test\u00fclet, amelynek feladata, hogy az Ember \u00e9s Jog foly\u00f3irat szakmai ir\u00e1nyait \u00e9s tudom\u00e1nyos c\u00e9lkit\u0171z\u00e9seit meghat\u00e1rozza, illetve a foly\u00f3iratban megjelen\u0151 m\u0171vek szakmai sz\u00ednvonala f\u00f6l\u00f6tt &#8211; tan\u00e1csaival, szakmai \u00fatmutat\u00e1saival, a foly\u00f3iratra vonatkoz\u00f3 bels\u0151 szab\u00e1lyok \u00e9s elj\u00e1r\u00e1srend alapj\u00e1n &#8211; \u0151rk\u00f6dj\u00f6n. A Szerkeszt\u0151s\u00e9g tagjai a f\u0151szerkeszt\u0151 \u00e9s a szerkeszt\u0151k, illetve tov\u00e1bbi szakmailag elismert k\u00f6zrem\u0171k\u00f6d\u0151k. F\u0151szerkeszt\u0151 A f\u0151szerkeszt\u0151 k\u00e9pviseli a szerkeszt\u0151s\u00e9get; felel\u0151s a foly\u00f3irat szakmai sz\u00ednvonal\u00e1nak biztos\u00edt\u00e1s\u00e1\u00e9rt, valamint a szerkeszt\u0151s\u00e9gi munkafolyamat megszervez\u00e9s\u00e9\u00e9rt \u00e9s a szerkeszt\u0151k munk\u00e1j\u00e1nak \u00f6sszehangol\u00e1s\u00e1\u00e9rt. A f\u0151szerkeszt\u0151 egyebekben szerkeszt\u0151i feladatokat is ell\u00e1t. A f\u0151szerkeszt\u0151re a szerkeszt\u0151re vonatkoz\u00f3 rendelkez\u00e9sek a Publik\u00e1ci\u00f3s \u00e9s Etikai Ir\u00e1nyelvekben foglalt, illetve az \u00e9rtelemszer\u0171 elt\u00e9r\u00e9sekkel alkalmazand\u00f3k. Szerkeszt\u0151 Felel\u0151ss\u00e9g A szerkeszt\u0151 felel\u0151s a szerz\u0151kkel, lektorokkal, b\u00edr\u00e1l\u00f3kkal val\u00f3 kapcsolattart\u00e1s\u00e9rt, valamint annak eld\u00f6nt\u00e9s\u00e9\u00e9rt, hogy a foly\u00f3irathoz bek\u00fcld\u00f6tt cikkek k\u00f6z\u00fcl melyek ker\u00fclnek publik\u00e1l\u00e1sra. A szerkeszt\u0151 a szerkeszt\u0151s\u00e9g ir\u00e1nyelvei alapj\u00e1n saj\u00e1t meggy\u0151z\u0151d\u00e9se szerint j\u00e1r el, egyebekben kiz\u00e1r\u00f3lag a jogszab\u00e1lyoknak van al\u00e1vetve. A szerkeszt\u0151 a f\u0151szerkeszt\u0151vel, m\u00e1sik szerkeszt\u0151vel, a szerkeszt\u0151s\u00e9g tan\u00e1csad\u00f3j\u00e1val, m\u00e1s k\u00f6zrem\u0171k\u00f6d\u0151j\u00e9vel, vagy lektorral is konzult\u00e1lhat a d\u00f6nt\u00e9shozatal sor\u00e1n. Titoktart\u00e1s, bizalom A szerkeszt\u0151 \u00e9s a szerkeszt\u0151s\u00e9g k\u00f6zrem\u0171k\u00f6d\u0151je a bek\u00fcld\u00f6tt k\u00e9zirattal kapcsolatos inform\u00e1ci\u00f3kat &#8211; a k\u00e9zirat szerz\u0151je, a lektorok, tov\u00e1bbi b\u00edr\u00e1l\u00f3k, a f\u0151szerkeszt\u0151, m\u00e1sik szerkeszt\u0151 \u00e9s a szerkeszt\u0151s\u00e9g tan\u00e1csad\u00f3ja, m\u00e1s k\u00f6zrem\u0171k\u00f6d\u0151je, illetve a kiad\u00f3 kiv\u00e9tel\u00e9vel &#8211; nem adhatja \u00e1t m\u00e1s szem\u00e9lynek, k\u00f6teles azokat bizalmasan, titokk\u00e9nt kezelni \u00e9s \u0151rizni. Nyilv\u00e1noss\u00e1gra hozatal \u00e9s \u00f6sszef\u00e9rhetetlens\u00e9g A bek\u00fcld\u00f6tt k\u00e9ziratban k\u00f6z\u00f6lt, de k\u00f6zz\u00e9t\u00e9telre nem ker\u00fclt inform\u00e1ci\u00f3kat, kutat\u00e1si eredm\u00e9nyeket a szerkeszt\u0151 \u00e9s a szerkeszt\u0151s\u00e9g munkat\u00e1rsa saj\u00e1t kutat\u00e1saiban nem haszn\u00e1lhatja fel, kiv\u00e9ve ha a szerz\u0151 ehhez \u00edr\u00e1sban kifejezett hozz\u00e1j\u00e1rult. Lektor, b\u00edr\u00e1l\u00f3 \u00c1ltal\u00e1nos k\u00f6teless\u00e9gek A lektor, b\u00edr\u00e1l\u00f3 a lektor\u00e1l\u00e1si folyamat sor\u00e1n k\u00f6teles betartani a&nbsp;COPE lektori aj\u00e1nl\u00e1sait. Amennyiben a felk\u00e9rt lektor, b\u00edr\u00e1l\u00f3 saj\u00e1t meg\u00edt\u00e9l\u00e9se szerint nem k\u00e9pes az adott k\u00e9ziratban k\u00f6z\u00f6lt t\u00e9ma, kutat\u00e1s megfelel\u0151 elb\u00edr\u00e1l\u00e1s\u00e1ra, meg\u00edt\u00e9l\u00e9s\u00e9re, vagy amennyiben tudja, hogy az t\u0151le a megfelel\u0151 id\u0151ben nem v\u00e1rhat\u00f3, \u00fagy ezen t\u00e9nyr\u0151l halad\u00e9ktalanul \u00e9rtes\u00edtenie kell a szerkeszt\u0151t. K\u00f6zrem\u0171k\u00f6d\u00e9s a szerkeszt\u0151i d\u00f6nt\u00e9sekben A lektor, b\u00edr\u00e1l\u00f3 k\u00f6zrem\u0171k\u00f6dik a szerkeszt\u0151s\u00e9ggel, v\u00e9lem\u00e9ny\u00e9vel seg\u00edti a szerkeszt\u0151t, illetve a szerkeszt\u0151s\u00e9get a szerkeszt\u0151i d\u00f6nt\u00e9sek meghozatal\u00e1ban, egy\u00fattal k\u00f6zvetetten a szerz\u0151t is seg\u00edtheti a k\u00e9zirat jav\u00edt\u00e1s\u00e1ban. A lektor, b\u00edr\u00e1l\u00f3 k\u00f6teles a v\u00e9lem\u00e9ny\u00e9t vil\u00e1gosan, t\u00e9nyszer\u0171en \u00e9s okszer\u0171en megfogalmazni \u00e9s a szerkeszt\u0151 rendelkez\u00e9s\u00e9re bocs\u00e1tani. A lektor, b\u00edr\u00e1l\u00f3 k\u00f6teles tov\u00e1bb\u00e1 a szakmai, szakmaetikai szempontb\u00f3l kifog\u00e1solhat\u00f3 szerz\u0151i magatart\u00e1st &#8211; amennyiben az tudom\u00e1s\u00e1ra jut, halad\u00e9ktalanul &#8211; a szerkeszt\u0151nek jelezni. Titoktart\u00e1s, bizalom A lektor, b\u00edr\u00e1l\u00f3 a bek\u00fcld\u00f6tt k\u00e9zirattal kapcsolatos inform\u00e1ci\u00f3kat nem adhatja \u00e1t m\u00e1s szem\u00e9lynek, k\u00f6teles azokat, valamint a k\u00e9ziratot bizalmasan, titokk\u00e9nt kezelni \u00e9s \u0151rizni. A lektor a k\u00e9ziratot kiz\u00e1r\u00f3lag a b\u00edr\u00e1lati elj\u00e1r\u00e1s keret\u00e9ben, a lektor\u00e1l\u00e1ssal \u00f6sszef\u00fcgg\u00e9sben, az ahhoz sz\u00fcks\u00e9ges m\u00e9rt\u00e9kben \u00e9s m\u00f3don kezelheti, haszn\u00e1lhatja. A f\u0151szerkeszt\u0151 ilyen ir\u00e1ny\u00fa, kifejezett enged\u00e9lye hi\u00e1ny\u00e1ban a k\u00e9zirat nem mutathat\u00f3 meg m\u00e1snak, a lektor a tartalm\u00e1r\u00f3l m\u00e1ssal nem egyeztethet. P\u00e1rtatlans\u00e1g A lektor, b\u00edr\u00e1l\u00f3 k\u00f6teles a lektori v\u00e9lem\u00e9ny\u00e9t p\u00e1rtatlanul \u00e9s r\u00e9szrehajl\u00e1s n\u00e9lk\u00fcl, az \u00e1ltal\u00e1nos szakmai elv\u00e1r\u00e1soknak megfelel\u0151en elk\u00e9sz\u00edteni. A lektor, b\u00edr\u00e1l\u00f3 az \u00e9rt\u00e9kel\u00e9s sor\u00e1n nem vehet figyelembe a szerz\u0151 v\u00e9lt vagy val\u00f3s tulajdons\u00e1g\u00e1val, szem\u00e9ly\u00e9vel kapcsolatos szempontokat. \u00d6sszef\u00e9rhetetlens\u00e9g A lektor, b\u00edr\u00e1l\u00f3 nem \u00e9rt\u00e9kelheti a k\u00e9ziratot, amennyiben a szerz\u0151 szem\u00e9ly\u00e9t felismeri vagy a szerz\u0151 szem\u00e9lye felfed\u00e9sre ker\u00fcl, illetve amennyiben a szerz\u0151vel, a szerz\u0151h\u00f6z vagy a k\u00e9zirathoz kapcsol\u00f3d\u00f3 int\u00e9zm\u00e9nnyel, szervezettel \u00f6sszef\u00e9rhetetlens\u00e9get eredm\u00e9nyez\u0151 kapcsolatban \u00e1ll. Amennyiben a lektort\u00f3l, b\u00edr\u00e1l\u00f3t\u00f3l nem v\u00e1rhat\u00f3 a k\u00e9zirattal kapcsolatos p\u00e1rtatlans\u00e1g, f\u00fcggetlens\u00e9g, \u00f6sszef\u00e9rhetetlens\u00e9ge egy\u00e9b okb\u00f3l nem biztos\u00edthat\u00f3 vagy vesz\u00e9lybe ker\u00fcl, a f\u0151szerkeszt\u0151 \u00e9rtes\u00edt\u00e9se mellett k\u00f6teles erre a t\u00e9nyre felh\u00edvni a szerkeszt\u0151 figyelm\u00e9t. Forr\u00e1sok ellen\u0151rz\u00e9se A lektornak, b\u00edr\u00e1l\u00f3nak t\u00f6rekednie kell arra, hogy a szerz\u0151 \u00e1ltal esetleg nem id\u00e9zett, de felhaszn\u00e1lt forr\u00e1st, szakirodalmat azonos\u00edtsa, \u00e9s amennyiben ilyet azonos\u00edt, azt v\u00e9lem\u00e9ny\u00e9vel egy\u00fctt a szerkeszt\u0151 rendelkez\u00e9s\u00e9re kell bocs\u00e1tania. A b\u00edr\u00e1l\u00f3nak fel kell h\u00edvnia a szerkeszt\u0151 figyelm\u00e9t az \u00e1ltala szem\u00e9lyesen ismert olyan forr\u00e1sokra, amelyekkel az \u00e1ltala \u00e9rt\u00e9kelt k\u00e9zirat l\u00e9nyeges hasonl\u00f3s\u00e1got vagy azonoss\u00e1got mutat. Szerz\u0151 Szerz\u0151s\u00e9g Szerz\u0151 az, aki a m\u0171 elk\u00e9sz\u00edt\u00e9s\u00e9ben, illetve az annak alapj\u00e1ul szolg\u00e1l\u00f3 kutat\u00e1sban, tev\u00e9kenys\u00e9gben jelent\u0151s m\u00e9rt\u00e9kben, tev\u00e9kenyen r\u00e9szt vett. Szerz\u0151nek kell tekinteni azt is (t\u00e1rsszerz\u0151), aki a m\u0171 elk\u00e9sz\u00edt\u00e9s\u00e9hez, az annak alapj\u00e1ul szolg\u00e1l\u00f3 kutat\u00e1shoz, tev\u00e9kenys\u00e9ghez, illetve az ehhez sz\u00fcks\u00e9ges adatok elemz\u00e9s\u00e9hez jelent\u0151s m\u00e9rt\u00e9kben, tev\u00e9kenyen hozz\u00e1j\u00e1rult. A szerz\u0151nek (t\u00e1rsszerz\u0151nek) a fentieken t\u00fal r\u00e9szt v\u00e1llalt a k\u00e9zirat elk\u00e9sz\u00edt\u00e9s\u00e9ben, l\u00e1tta a m\u0171 v\u00e9gleges v\u00e1ltozat\u00e1t \u00e9s hozz\u00e1j\u00e1rul\u00e1s\u00e1t adta a publik\u00e1l\u00e1sra bek\u00fcld\u00e9shez, egyidej\u0171leg a k\u00e9ziratban foglalt valamennyi \u00e1ll\u00edt\u00e1s\u00e9rt teljes &#8211; a tov\u00e1bbi szerz\u0151kkel egyetemleges &#8211; felel\u0151ss\u00e9get v\u00e1llal. Nem tekinthet\u0151 szerz\u0151nek &#8211; ellenben a m\u0171 k\u00f6sz\u00f6netnyilv\u00e1n\u00edt\u00e1si szakasz\u00e1ban megnevezend\u0151 &#8211; az a szem\u00e9ly, aki a kutat\u00e1s l\u00e9nyegi aspektus\u00e1ban r\u00e9szt vett ugyan, de a szerz\u0151s\u00e9g (t\u00e1rsszerz\u0151s\u00e9g) k\u00f6vetelm\u00e9nyeinek nem tett eleget marad\u00e9ktalanul. Formai \u00e9s tartalmi elv\u00e1r\u00e1soknak val\u00f3 megfelel\u00e9s A szerz\u0151 k\u00f6teles a publik\u00e1l\u00e1sra bek\u00fcld\u00f6tt k\u00e9zirat\u00e1t az el\u0151\u00edrt formai \u00e9s tartalmi szab\u00e1lyokkal \u00f6sszhangban el\u0151k\u00e9sz\u00edteni. Eredeti, egy\u00e9ni jelleg A szerz\u0151 a k\u00e9zirat bek\u00fcld\u00e9s\u00e9vel k\u00f6teles nyilatkozni arr\u00f3l, hogy az \u00e1ltala bek\u00fcld\u00f6tt m\u0171 saj\u00e1t szellemi alkot\u00e1sa, saj\u00e1t tev\u00e9kenys\u00e9g\u00e9n, kutat\u00e1s\u00e1n alapul, \u00e9s hogy a m\u0171vet kor\u00e1bban m\u00e1shol m\u00e9g nem k\u00f6z\u00f6lt\u00e9k \u00e9s k\u00f6zl\u00e9sre m\u00e1shol nem fogadt\u00e1k be, illetve nem \u00e1ll m\u00e1shol elb\u00edr\u00e1l\u00e1s vagy publik\u00e1l\u00e1s alatt. K\u00f6z\u00f6s m\u0171 eset\u00e9n a bek\u00fcld\u0151 szerz\u0151 k\u00f6teles nyilatkozni arr\u00f3l, hogy valamennyi tov\u00e1bbi szerz\u0151 hozz\u00e1j\u00e1rul\u00e1s\u00e1t adta a k\u00e9zirat bek\u00fcld\u00e9s\u00e9hez, \u00e9s hogy azok fenti tartalm\u00fa nyilatkozat\u00e1t beszerezte. Szellemi tulajdonjog A szerz\u0151 szavatol az\u00e9rt, hogy az \u00e1ltala bek\u00fcld\u00f6tt k\u00e9zirat m\u00e1s szellemi tulajdonjog\u00e1t nem s\u00e9rti. Forr\u00e1smegjel\u00f6l\u00e9s \u00e9s pl\u00e1gium-tilalom Amennyiben a szerz\u0151 m\u00e1s munk\u00e1j\u00e1t, gondolatait m\u0171v\u00e9ben felhaszn\u00e1lta, \u00fagy k\u00f6teles azt megfelel\u0151en &#8211; a foly\u00f3iratra vonatkoz\u00f3 el\u0151\u00edr\u00e1sokkal, illetve a szakmaetikai szab\u00e1lyokkal \u00f6sszhangban &#8211; hivatkozni \u00e9s id\u00e9zni. A szerz\u0151 k\u00f6teles tart\u00f3zkodni a pl\u00e1gium b\u00e1rmely form\u00e1j\u00e1t\u00f3l. A szerkeszt\u0151s\u00e9g fenntartja mag\u00e1nak a jogot, hogy a k\u00e9ziratot elutas\u00edtsa, amennyiben a k\u00e9zirat 20%-os vagy magasabb hasonl\u00f3s\u00e1got mutat m\u00e1s m\u0171vekkel \u00e9s felmer\u00fcl a pl\u00e1gium gyan\u00faja. A szerz\u0151 k\u00f6teles minden olyan forr\u00e1st felt\u00fcntetni, amely a k\u00f6zlem\u00e9ny elk\u00e9sz\u00edt\u00e9s\u00e9t k\u00f6zvetlen\u00fcl finansz\u00edrozta. A k\u00e9ziratban felhaszn\u00e1lt olyan kutat\u00e1si anyag vonatkoz\u00e1s\u00e1ban, amely kor\u00e1bban m\u00e1shol m\u00e1r k\u00f6zz\u00e9t\u00e9telre ker\u00fclt, a szerz\u0151nek enged\u00e9lyt kell k\u00e9rnie a szerz\u0151i jogok jogosultj\u00e1t\u00f3l a felhaszn\u00e1l\u00e1shoz. \u00d6sszef\u00e9rhetetlens\u00e9g Amennyiben a szerz\u0151 szem\u00e9ly\u00e9vel \u00f6sszef\u00fcgg\u00e9sben \u00f6sszef\u00e9rhetetlens\u00e9g mer\u00fcl fel, \u00fagy a szerz\u0151 a f\u0151szerkeszt\u0151 \u00e9rtes\u00edt\u00e9se mellett k\u00f6teles erre a t\u00e9nyre felh\u00edvni a szerkeszt\u0151 figyelm\u00e9t. Helyesb\u00edt\u00e9s, kiigaz\u00edt\u00e1s A szerz\u0151 k\u00f6teles a f\u0151szerkeszt\u0151t halad\u00e9ktalanul \u00e9rtes\u00edteni, amennyiben pontatlans\u00e1got fedez fel az \u00e1ltal k\u00e9sz\u00edtett m\u0171ben. Amennyiben a szerz\u0151 vagy m\u00e1s pontatlans\u00e1got \u00e9szlel, a szerz\u0151 k\u00f6teles egy\u00fcttm\u0171k\u00f6dni a m\u0171 visszavon\u00e1sa vagy a megfelel\u0151 helyesb\u00edt\u00e9s, kiigaz\u00edt\u00e1s k\u00f6zz\u00e9t\u00e9tel\u00e9ben. Szab\u00e1lytalans\u00e1gok, vissza\u00e9l\u00e9sek, panaszok A foly\u00f3irat a rendelkez\u00e9s\u00e9re \u00e1ll\u00f3 valamennyi eszk\u00f6z \u00fatj\u00e1n t\u00f6rekszik a foly\u00f3iratban megjelen\u0151 inform\u00e1ci\u00f3k pontoss\u00e1g\u00e1nak biztos\u00edt\u00e1s\u00e1ra \u00e9s minden lehets\u00e9ges m\u00f3don fell\u00e9p az etikai szab\u00e1lyok b\u00e1rmilyen megs\u00e9rt\u00e9se &#8211; k\u00fcl\u00f6n\u00f6sen a pl\u00e1gium, a csal\u00e1s, a hamis szerz\u0151s\u00e9g &#8211; ellen. A Szerkeszt\u0151s\u00e9g az esetleges vissza\u00e9l\u00e9seket &#8211; amennyiben az tudom\u00e1s\u00e1ra jut &#8211; a COPE \u00e1ltal kiadott&nbsp;folyamat\u00e1br\u00e1kban&nbsp;le\u00edrt elj\u00e1r\u00e1srend szerint vizsg\u00e1lja ki. Amennyiben sz\u00fcks\u00e9ges, a foly\u00f3irat minden megfelel\u0151 int\u00e9zked\u00e9st megtesz a s\u00e9relmes helyzetek tiszt\u00e1z\u00e1sa \u00e9rdek\u00e9ben, sz\u00fcks\u00e9g szerint az \u00e9rintett k\u00f6zlem\u00e9nyt m\u00f3dos\u00edtja vagy m\u00f3dos\u00edttatja, a helyesb\u00edt\u00e9snek, kiigaz\u00edt\u00e1snak k\u00f6zz\u00e9t\u00e9tel \u00fatj\u00e1n megfelel\u0151 nyilv\u00e1noss\u00e1got biztos\u00edt, illetve s\u00falyosabb esetekben az \u00e9rintett k\u00f6zlem\u00e9nyt teljesen visszavonja. A f\u0151szerkeszt\u0151vel, szerkeszt\u0151kkel, szerkeszt\u0151bizotts\u00e1gi tagokkal, vagy a kiad\u00f3 k\u00f6zrem\u0171k\u00f6d\u0151vel szembeni panaszokat a Pro Veritate Egyes\u00fclet Eln\u00f6ks\u00e9ge \u00e1ltal erre kijel\u00f6lt bizotts\u00e1g vizsg\u00e1lja ki. A foly\u00f3iratban megjelent k\u00f6zlem\u00e9nyekben kifejtett v\u00e9lem\u00e9nyek, n\u00e9zetek az adott szerz\u0151 v\u00e9lem\u00e9ny\u00e9t, n\u00e9zet\u00e9t t\u00fckr\u00f6zik, amely nem felt\u00e9tlen\u00fcl egyezik meg az Ember \u00e9s Jog szerkeszt\u0151s\u00e9ge vagy a kiad\u00f3 v\u00e9lem\u00e9ny\u00e9vel, n\u00e9zet\u00e9vel. A foly\u00f3irat \u00e9s a szerkeszt\u0151s\u00e9g nem v\u00e1llal felel\u0151ss\u00e9get a foly\u00f3iratban k\u00f6zz\u00e9tett adatok \u00e9s inform\u00e1ci\u00f3k felhaszn\u00e1l\u00e1s\u00e1b\u00f3l k\u00f6zvetlen\u00fcl vagy k\u00f6zvetve keletkez\u0151 vesztes\u00e9gek\u00e9rt, k\u00f6vetel\u00e9sek\u00e9rt, jogi elj\u00e1r\u00e1sok\u00e9rt, k\u00f6lts\u00e9gek\u00e9rt, k\u00e1rok\u00e9rt vagy m\u00e1s k\u00f6telezetts\u00e9gek\u00e9rt. D\u00edjak, k\u00f6lts\u00e9gek A foly\u00f3irat nem sz\u00e1mol fel d\u00edjat vagy egy\u00e9b k\u00f6lts\u00e9get a k\u00e9ziratok k\u00f6zl\u00e9s\u00e9\u00e9rt. 7. \u00c1ltal\u00e1nos rendelkez\u00e9sek A jelen Publik\u00e1ci\u00f3s \u00e9s Etikai Ir\u00e1nyelvek egym\u00e1snak mindenben megfelel\u0151 magyar \u00e9s angol nyelv\u0171 v\u00e1ltozatban k\u00e9sz\u00fclt. Amagyar \u00e9s az angol nyelv\u0171 v\u00e1ltozat k\u00f6z\u00f6tt b\u00e1rmely elt\u00e9r\u00e9s vagy ellentmond\u00e1s eset\u00e9n a magyar nyelv\u0171&#8230;<\/p>\n","protected":false},"author":1,"featured_media":0,"parent":0,"menu_order":0,"comment_status":"closed","ping_status":"closed","template":"","meta":{"footnotes":"[]"},"class_list":["post-2963","page","type-page","status-publish","hentry"],"_links":{"self":[{"href":"https:\/\/www.proveritate.hu\/index.php\/wp-json\/wp\/v2\/pages\/2963","targetHints":{"allow":["GET"]}}],"collection":[{"href":"https:\/\/www.proveritate.hu\/index.php\/wp-json\/wp\/v2\/pages"}],"about":[{"href":"https:\/\/www.proveritate.hu\/index.php\/wp-json\/wp\/v2\/types\/page"}],"author":[{"embeddable":true,"href":"https:\/\/www.proveritate.hu\/index.php\/wp-json\/wp\/v2\/users\/1"}],"replies":[{"embeddable":true,"href":"https:\/\/www.proveritate.hu\/index.php\/wp-json\/wp\/v2\/comments?post=2963"}],"version-history":[{"count":58,"href":"https:\/\/www.proveritate.hu\/index.php\/wp-json\/wp\/v2\/pages\/2963\/revisions"}],"predecessor-version":[{"id":4252,"href":"https:\/\/www.proveritate.hu\/index.php\/wp-json\/wp\/v2\/pages\/2963\/revisions\/4252"}],"wp:attachment":[{"href":"https:\/\/www.proveritate.hu\/index.php\/wp-json\/wp\/v2\/media?parent=2963"}],"curies":[{"name":"wp","href":"https:\/\/api.w.org\/{rel}","templated":true}]}}