{"id":173,"date":"2020-10-15T22:27:03","date_gmt":"2020-10-15T22:27:03","guid":{"rendered":"http:\/\/www.proveritate.hu\/?page_id=173"},"modified":"2020-11-03T20:52:10","modified_gmt":"2020-11-03T20:52:10","slug":"letoltheto-nyomtatvanyok","status":"publish","type":"page","link":"https:\/\/www.proveritate.hu\/index.php\/letoltheto-nyomtatvanyok\/","title":{"rendered":"Let\u00f6lthet\u0151 nyomtatv\u00e1nyok"},"content":{"rendered":"\n<hr class=\"wp-block-separator\"\/>\n\n\n\n<p><\/p>\n\n\n\n<p class=\"has-large-font-size\">Meghatalmaz\u00e1sok<\/p>\n\n\n\n<p>Az al\u00e1bbi meghatalmaz\u00e1s-mint\u00e1kat els\u0151sorban arra tudja haszn\u00e1lni, ha \u00d6n p\u00e9ld\u00e1ul \u00fcgyei vitel\u00e9ben akad\u00e1lyoztatva van, vagy valamilyen \u00fcgy ell\u00e1t\u00e1s\u00e1hoz meghatalmazotti seg\u00edts\u00e9gre, k\u00e9pvisel\u0151re, &#8220;helyettes\u00edt\u00e9sre&#8221; szorul.<\/p>\n\n\n\n<hr class=\"wp-block-separator is-style-wide\"\/>\n\n\n\n<div class=\"wp-block-file\"><a href=\"http:\/\/www.proveritate.hu\/wp-content\/uploads\/2020\/11\/meghatalmazas-minta.pdf\">Meghatalmaz\u00e1s<\/a><a href=\"http:\/\/www.proveritate.hu\/wp-content\/uploads\/2020\/11\/meghatalmazas-minta.pdf\" class=\"wp-block-file__button\" download>Let\u00f6lt\u00e9s<\/a><\/div>\n\n\n\n<p>Meghatalmaz\u00e1s-minta, amely alkalmas meghatalmazni valakit egy bizonyos \u00fcgy \u00d6n helyett val\u00f3 ell\u00e1t\u00e1s\u00e1ra. A minta abban a tekintetben \u00e1ltal\u00e1nos, hogy ak\u00e1r hivatalos \u00fcgyben, de ak\u00e1r h\u00e9tk\u00f6znapi helyzetben is alkalmas k\u00e9pviseleti jogot keletkeztetni, ugyanakkor sz\u00f6vegez\u00e9se egy el\u0151re meghat\u00e1rozott \u00fcgy(t\u00edpus) ell\u00e1t\u00e1s\u00e1ra jogos\u00edtja csak a k\u00e9pvisel\u0151t. (Pl. \u00e1tvenni \u00d6n helyett a csomagot, m\u00f3dos\u00edtani \u00d6n helyett a szerv \u00e1ltal nyilv\u00e1ntartott adatait, megvenni \u00d6n helyett egy lefoglalt term\u00e9ket, stb.)<\/p>\n\n\n\n<p>FONTOS! Egyes v\u00e1llalatok, szervek, hivatalok k\u00fcl\u00f6n erre a c\u00e9lra rendszeres\u00edtett, saj\u00e1t nyomtatv\u00e1ny kit\u00f6lt\u00e9s\u00e9hez k\u00f6thetik a k\u00e9pviselet elfogad\u00e1s\u00e1t. T\u00e1j\u00e9koz\u00f3djon el\u0151re err\u0151l az \u00e9rintett helyen!<\/p>\n\n\n\n<hr class=\"wp-block-separator\"\/>\n\n\n\n<p class=\"has-large-font-size\" id=\"keresetlevelek\">Keresetlevelek<\/p>\n\n\n\n<p>Az al\u00e1bbi keresetlev\u00e9l-mint\u00e1k (nyomtatv\u00e1nyok) seg\u00edts\u00e9ggel szolg\u00e1lnak \u00d6nnek, amennyiben jogi k\u00e9pvisel\u0151 ig\u00e9nybev\u00e9tele n\u00e9lk\u00fcl szeretne pert ind\u00edtani, jogait \u00e9rv\u00e9nyes\u00edten\u00e9. A nyomtatv\u00e1nyok megfelelnek a hat\u00e1lyos jogszab\u00e1lyi el\u0151\u00edr\u00e1soknak, \u00e9s a b\u00edr\u00f3s\u00e1gok befogadj\u00e1k azokat. A nyomtatv\u00e1nyokhoz r\u00e9szletes kit\u00f6lt\u00e9si \u00fatmutat\u00f3 (t\u00e1j\u00e9koztat\u00f3) is tartozik, amely a let\u00f6lt\u00e9s \u00fatj\u00e1n szint\u00e9n megtekinthet\u0151v\u00e9 v\u00e1lik.<\/p>\n\n\n\n<p class=\"has-small-font-size\">A nyomtatv\u00e1nyok a <a href=\"http:\/\/www.birosag.hu\" target=\"_blank\" rel=\"noreferrer noopener\">www.birosag.hu<\/a> oldalr\u00f3l sz\u00e1rmaznak.<\/p>\n\n\n\n<hr class=\"wp-block-separator is-style-wide\"\/>\n\n\n\n<div class=\"wp-block-group\"><div class=\"wp-block-group__inner-container is-layout-flow wp-block-group-is-layout-flow\">\n<div class=\"wp-block-group\"><div class=\"wp-block-group__inner-container is-layout-flow wp-block-group-is-layout-flow\">\n<div class=\"wp-block-group\"><div class=\"wp-block-group__inner-container is-layout-flow wp-block-group-is-layout-flow\">\n<div class=\"wp-block-file\"><a href=\"http:\/\/www.proveritate.hu\/wp-content\/uploads\/2020\/10\/Keresetlevel.pdf\"><em>Keresetlev\u00e9l polg\u00e1ri perhez<\/em><\/a><a href=\"http:\/\/www.proveritate.hu\/wp-content\/uploads\/2020\/10\/Keresetlevel.pdf\" class=\"wp-block-file__button\" download>Let\u00f6lt\u00e9s<\/a><\/div>\n\n\n\n<p id=\"keresetlev\u00e9l\">\u00c1ltal\u00e1nos keresetlev\u00e9l-minta, amelyet b\u00e1rmilyen polg\u00e1ri per megind\u00edt\u00e1s\u00e1hoz haszn\u00e1lhat, amelyhez nem \u00e1ll rendelkez\u00e9sre k\u00fcl\u00f6n nyomtatv\u00e1ny. (A rendelkez\u00e9sre \u00e1ll\u00f3 nyomtatv\u00e1nyok teljes list\u00e1j\u00e1t a <a rel=\"noreferrer noopener\" href=\"http:\/\/www.birosag.hu\" target=\"_blank\">www.birosag.hu<\/a> oldalon tal\u00e1lja meg.)<\/p>\n\n\n\n<p id=\"keresetlev\u00e9l\">FONTOS! A 3 milli\u00f3 forintot meg nem halad\u00f3 k\u00f6vetel\u00e9sek \u00e9rv\u00e9nyes\u00edt\u00e9se c\u00e9lj\u00e1b\u00f3l k\u00f6zjegyz\u0151 hat\u00e1sk\u00f6r\u00e9be tartoz\u00f3 fizet\u00e9si meghagy\u00e1sos elj\u00e1r\u00e1st kell ind\u00edtania, miel\u0151tt b\u00edr\u00f3s\u00e1ghoz keresetet terjesztene el\u0151.<\/p>\n<\/div><\/div>\n<\/div><\/div>\n<\/div><\/div>\n\n\n\n<hr class=\"wp-block-separator is-style-wide\"\/>\n\n\n\n<div class=\"wp-block-group\"><div class=\"wp-block-group__inner-container is-layout-flow wp-block-group-is-layout-flow\">\n<div class=\"wp-block-group\"><div class=\"wp-block-group__inner-container is-layout-flow wp-block-group-is-layout-flow\">\n<div class=\"wp-block-group\"><div class=\"wp-block-group__inner-container is-layout-flow wp-block-group-is-layout-flow\">\n<div class=\"wp-block-group\"><div class=\"wp-block-group__inner-container is-layout-flow wp-block-group-is-layout-flow\">\n<div class=\"wp-block-file\"><a href=\"http:\/\/www.proveritate.hu\/wp-content\/uploads\/2020\/10\/Keresetlevel-hazassagi-bontoperhez.pdf\"><em>Keresetlev\u00e9l h\u00e1zass\u00e1gi bont\u00f3perhez<\/em><\/a><a href=\"http:\/\/www.proveritate.hu\/wp-content\/uploads\/2020\/10\/Keresetlevel-hazassagi-bontoperhez.pdf\" class=\"wp-block-file__button\" download>Let\u00f6lt\u00e9s<\/a><\/div>\n\n\n\n<p>H\u00e1zass\u00e1gi bont\u00f3perhez, vagy k\u00f6znapi elnevez\u00e9s\u00e9n v\u00e1l\u00e1shoz haszn\u00e1lhat\u00f3 keresetlev\u00e9l-minta. Haszn\u00e1lhatja akkor is, ha a v\u00e1l\u00e1s k\u00f6z\u00f6s megegyez\u00e9sen alapul, de akkor is, ha nincs k\u00f6z\u00f6s megegyez\u00e9s.<\/p>\n<\/div><\/div>\n\n\n\n<hr class=\"wp-block-separator is-style-wide\"\/>\n<\/div><\/div>\n<\/div><\/div>\n<\/div><\/div>\n\n\n\n<div class=\"wp-block-group\"><div class=\"wp-block-group__inner-container is-layout-flow wp-block-group-is-layout-flow\">\n<div class=\"wp-block-group\"><div class=\"wp-block-group__inner-container is-layout-flow wp-block-group-is-layout-flow\">\n<div class=\"wp-block-group\"><div class=\"wp-block-group__inner-container is-layout-flow wp-block-group-is-layout-flow\">\n<div class=\"wp-block-group\"><div class=\"wp-block-group__inner-container is-layout-flow wp-block-group-is-layout-flow\">\n<div class=\"wp-block-file\"><a href=\"http:\/\/www.proveritate.hu\/wp-content\/uploads\/2020\/10\/Keresetlevel-fizetesi-meghagyas-perre-alakulasa-esetere-1.pdf\"><em>Keresetlevel-fizet\u00e9si meghagy\u00e1s perr\u00e9 alakul\u00e1s\u00e1hoz<\/em><\/a><a href=\"http:\/\/www.proveritate.hu\/wp-content\/uploads\/2020\/10\/Keresetlevel-fizetesi-meghagyas-perre-alakulasa-esetere-1.pdf\" class=\"wp-block-file__button\" download>Let\u00f6lt\u00e9s<\/a><\/div>\n<\/div><\/div>\n\n\n\n<p>Hivatalos nev\u00e9n: Keresetet tartalmaz\u00f3 irat. Ezt a keresetlev\u00e9l-mint\u00e1t kell olyankor haszn\u00e1lnia, amikor el\u0151zetesen fizet\u00e9si meghagy\u00e1st ind\u00edtott, de arra a k\u00f6telezett f\u00e9l (alperes) ellentmond\u00e1ssal \u00e9lt.<\/p>\n<\/div><\/div>\n\n\n\n<hr class=\"wp-block-separator is-style-wide\"\/>\n<\/div><\/div>\n<\/div><\/div>\n\n\n\n<div class=\"wp-block-group\"><div class=\"wp-block-group__inner-container is-layout-flow wp-block-group-is-layout-flow\">\n<div class=\"wp-block-file\"><a href=\"http:\/\/www.proveritate.hu\/wp-content\/uploads\/2020\/10\/Keresetlevel-vegrehajtasi-perhez.pdf\"><em>Keresetlev\u00e9l v\u00e9grehajt\u00e1si perhez<\/em><\/a><a href=\"http:\/\/www.proveritate.hu\/wp-content\/uploads\/2020\/10\/Keresetlevel-vegrehajtasi-perhez.pdf\" class=\"wp-block-file__button\" download>Let\u00f6lt\u00e9s<\/a><\/div>\n<\/div><\/div>\n\n\n\n<p>Ezt a mint\u00e1t t\u00f6bbf\u00e9le per kezdem\u00e9nyez\u00e9s\u00e9hez haszn\u00e1lhatja. <\/p>\n\n\n\n<ul class=\"wp-block-list\"><li>v\u00e9grehajt\u00e1s megsz\u00fcntet\u00e9se vagy korl\u00e1toz\u00e1sa ir\u00e1nt p\u00e9ld\u00e1ul olyan esetben, ha \u00d6n szerint a v\u00e9grehajtand\u00f3 k\u00f6vetel\u00e9s alaptalan, ha m\u00e1r megsz\u0171nt vagy teljes\u00edtette a k\u00f6vetel\u00e9st, vagy amennyiben az el\u00e9v\u00fclt.<\/li><li>v\u00e9grehajt\u00e1si ig\u00e9nyper, amelynek sor\u00e1n az \u00d6n valamilyen vagyont\u00e1rgy\u00e1t a v\u00e9grehajt\u00f3 lefoglalta, amelyre ig\u00e9nyt tart; az ilyen pert a v\u00e9grehajt\u00e1st k\u00e9r\u0151 ellen ind\u00edthatja<\/li><li>v\u00e9grehajt\u00e1si elj\u00e1r\u00e1sba bekapcsol\u00f3d\u00e1s enged\u00e9lyez\u00e9se ir\u00e1nti per, amennyiben \u00d6n z\u00e1logjogosult, \u00e9s a v\u00e9grehajt\u00e1st k\u00e9r\u0151 f\u00e9l, avagy az ad\u00f3s vitatja a k\u00f6vetel\u00e9st<\/li><\/ul>\n\n\n\n<p>B\u00e1rmilyen egy\u00e9b v\u00e9grehajt\u00e1si perhez az \u00e1ltal\u00e1nos keresetlevelet kell haszn\u00e1lnia.<\/p>\n\n\n\n<hr class=\"wp-block-separator is-style-wide\"\/>\n\n\n\n<div class=\"wp-block-group\"><div class=\"wp-block-group__inner-container is-layout-flow wp-block-group-is-layout-flow\">\n<div class=\"wp-block-file\"><a href=\"http:\/\/www.proveritate.hu\/wp-content\/uploads\/2020\/10\/Keresetlevel-munkaugyi-perhez.pdf\"><em>Keresetlev\u00e9l munka\u00fcgyi perhez<\/em><\/a><a href=\"http:\/\/www.proveritate.hu\/wp-content\/uploads\/2020\/10\/Keresetlevel-munkaugyi-perhez.pdf\" class=\"wp-block-file__button\" download>Let\u00f6lt\u00e9s<\/a><\/div>\n\n\n\n<p>Ezt a nyomtatv\u00e1nyt haszn\u00e1lhatja, ha a Munkat\u00f6rv\u00e9nyk\u00f6nyv szerinti munkaviszonnyal, k\u00f6zalkalmazotti jogviszonnyal, teh\u00e1t \u00e1ltal\u00e1ban munkajogi \u00fcgyben k\u00edv\u00e1n pert ind\u00edtani.<\/p>\n\n\n\n<p>FONTOS! Ha v\u00e1llalkoz\u00e1si, megb\u00edz\u00e1si szerz\u0151d\u00e9s alapj\u00e1n j\u00f6tt l\u00e9tre a jogviszony, akkor \u00d6nnek nem ezt a nyomtatv\u00e1nyt kell haszn\u00e1lnia. Ezekben a jogviszonyokban \u00d6n nem kifejezetten munkaszerz\u0151d\u00e9st \u00edrt al\u00e1; tipikus p\u00e9ld\u00e1k a v\u00e1llalkoz\u00e1s, tervez\u00e9s, kivitelez\u00e9s, fuvaroz\u00e1s, megb\u00edz\u00e1s, k\u00f6zvet\u00edt\u00e9s, sz\u00e1ll\u00edtm\u00e1nyoz\u00e1s stb.<\/p>\n<\/div><\/div>\n\n\n\n<hr class=\"wp-block-separator\"\/>\n\n\n\n<p> <\/p>\n\n\n\n<p class=\"has-large-font-size\">K\u00f6zjegyz\u0151i elj\u00e1r\u00e1sok<\/p>\n\n\n\n<p>Az al\u00e1bbi nyomtatv\u00e1nyokat a k\u00f6zjegyz\u0151i hat\u00e1sk\u00f6rbe tartoz\u00f3 nepperes elj\u00e1r\u00e1sok megind\u00edt\u00e1s\u00e1hoz haszn\u00e1lhatja. A nyomtatv\u00e1nyok megfelelnek a hat\u00e1lyos jogszab\u00e1lyi el\u0151\u00edr\u00e1soknak, \u00e9s a k\u00f6zjegyz\u0151k befogadj\u00e1k azokat. A nyomtatv\u00e1nyokhoz r\u00e9szletes kit\u00f6lt\u00e9si \u00fatmutat\u00f3 (t\u00e1j\u00e9koztat\u00f3) is tartozik, amelyet szint\u00e9n let\u00f6lthet oldalunkr\u00f3l.<\/p>\n\n\n\n<p class=\"has-small-font-size\">A nyomtatv\u00e1nyok a Magyar Orsz\u00e1gos K\u00f6zjegyz\u0151i Kamara (MOKK) <a rel=\"noreferrer noopener\" href=\"http:\/\/www.mokk.hu\" target=\"_blank\">hivatalos oldal\u00e1<\/a>r\u00f3l sz\u00e1rmaznak.<\/p>\n\n\n\n<hr class=\"wp-block-separator is-style-wide\"\/>\n\n\n\n<div class=\"wp-block-file\"><a href=\"http:\/\/www.proveritate.hu\/wp-content\/uploads\/2020\/10\/Fizetesi-meghagyas-kibocsatasa-iranti-kerelem.pdf\"><em>Fizet\u00e9si meghagy\u00e1s kibocs\u00e1t\u00e1sa ir\u00e1nti k\u00e9relem<\/em><\/a><a href=\"http:\/\/www.proveritate.hu\/wp-content\/uploads\/2020\/10\/Fizetesi-meghagyas-kibocsatasa-iranti-kerelem.pdf\" class=\"wp-block-file__button\" download>Let\u00f6lt\u00e9s<\/a><\/div>\n\n\n\n<div class=\"wp-block-file\"><a href=\"http:\/\/www.proveritate.hu\/wp-content\/uploads\/2020\/10\/FMH-kitoltesi-utmutato.pdf\">Kit\u00f6lt\u00e9si \u00fatmutat\u00f3<\/a><a href=\"http:\/\/www.proveritate.hu\/wp-content\/uploads\/2020\/10\/FMH-kitoltesi-utmutato.pdf\" class=\"wp-block-file__button\" download>Let\u00f6lt\u00e9s<\/a><\/div>\n\n\n\n<p>Ezt a nyomtatv\u00e1nyt haszn\u00e1lja abban az esetben, ha \u00d6n fizet\u00e9si meghagy\u00e1s kibocs\u00e1t\u00e1s\u00e1t szeretn\u00e9 k\u00e9relmezni a k\u00f6zjegyz\u0151t\u0151l. Funkci\u00f3ja az elj\u00e1r\u00e1snak, hogy amennyiben \u00d6n fel\u00e9 valakinek lej\u00e1rt p\u00e9nztartoz\u00e1sa van,  \u00e9s pert nem k\u00edv\u00e1n ind\u00edtani, akkor is ig\u00e9nybe vehesse az \u00e1llami k\u00e9nyszer seg\u00edts\u00e9g\u00e9t. \u00c9rdemes tudnia, hogy a nyomtatv\u00e1ny kit\u00f6lt\u00e9s\u00e9t k\u00f6vet\u0151en b\u00e1rmelyik k\u00f6zjegyz\u0151h\u00f6z eljuttathatja azt, miut\u00e1n minden k\u00f6zjegyz\u0151 b\u00e1rmely ilyen elj\u00e1r\u00e1sban orsz\u00e1gosan illet\u00e9kes.<\/p>\n\n\n\n<p>FONTOS! Amennyiben az \u00d6nnel szemben fenn\u00e1ll\u00f3 p\u00e9nztartoz\u00e1s nem haladja meg a 3 milli\u00f3 forintot, akkor a fizet\u00e9si meghagy\u00e1s nem csup\u00e1n opci\u00f3 az \u00d6n sz\u00e1m\u00e1ra, hanem a per megind\u00edt\u00e1sa el\u0151tt k\u00f6telez\u0151en ig\u00e9nybe is kell vennie azt.<\/p>\n","protected":false},"excerpt":{"rendered":"<p>Meghatalmaz\u00e1sok Az al\u00e1bbi meghatalmaz\u00e1s-mint\u00e1kat els\u0151sorban arra tudja haszn\u00e1lni, ha \u00d6n p\u00e9ld\u00e1ul \u00fcgyei vitel\u00e9ben akad\u00e1lyoztatva van, vagy valamilyen \u00fcgy ell\u00e1t\u00e1s\u00e1hoz meghatalmazotti seg\u00edts\u00e9gre, k\u00e9pvisel\u0151re, &#8220;helyettes\u00edt\u00e9sre&#8221; szorul. Meghatalmaz\u00e1s-minta, amely alkalmas meghatalmazni valakit egy bizonyos \u00fcgy \u00d6n helyett val\u00f3 ell\u00e1t\u00e1s\u00e1ra. A minta abban a tekintetben \u00e1ltal\u00e1nos, hogy ak\u00e1r hivatalos \u00fcgyben, de ak\u00e1r h\u00e9tk\u00f6znapi helyzetben is alkalmas k\u00e9pviseleti jogot keletkeztetni, ugyanakkor sz\u00f6vegez\u00e9se egy el\u0151re meghat\u00e1rozott \u00fcgy(t\u00edpus) ell\u00e1t\u00e1s\u00e1ra jogos\u00edtja csak a k\u00e9pvisel\u0151t. (Pl. \u00e1tvenni \u00d6n helyett a csomagot, m\u00f3dos\u00edtani \u00d6n helyett a szerv \u00e1ltal nyilv\u00e1ntartott adatait, megvenni \u00d6n helyett egy lefoglalt term\u00e9ket, stb.) FONTOS! Egyes v\u00e1llalatok, szervek, hivatalok k\u00fcl\u00f6n erre a c\u00e9lra rendszeres\u00edtett, saj\u00e1t nyomtatv\u00e1ny kit\u00f6lt\u00e9s\u00e9hez k\u00f6thetik a k\u00e9pviselet elfogad\u00e1s\u00e1t. T\u00e1j\u00e9koz\u00f3djon el\u0151re err\u0151l az \u00e9rintett helyen! Keresetlevelek Az al\u00e1bbi keresetlev\u00e9l-mint\u00e1k (nyomtatv\u00e1nyok) seg\u00edts\u00e9ggel szolg\u00e1lnak \u00d6nnek, amennyiben jogi k\u00e9pvisel\u0151 ig\u00e9nybev\u00e9tele n\u00e9lk\u00fcl szeretne pert ind\u00edtani, jogait \u00e9rv\u00e9nyes\u00edten\u00e9. A nyomtatv\u00e1nyok megfelelnek a hat\u00e1lyos jogszab\u00e1lyi el\u0151\u00edr\u00e1soknak, \u00e9s a b\u00edr\u00f3s\u00e1gok befogadj\u00e1k azokat. A nyomtatv\u00e1nyokhoz r\u00e9szletes kit\u00f6lt\u00e9si \u00fatmutat\u00f3 (t\u00e1j\u00e9koztat\u00f3) is tartozik, amely a let\u00f6lt\u00e9s \u00fatj\u00e1n szint\u00e9n megtekinthet\u0151v\u00e9 v\u00e1lik. A nyomtatv\u00e1nyok a www.birosag.hu oldalr\u00f3l sz\u00e1rmaznak. \u00c1ltal\u00e1nos keresetlev\u00e9l-minta, amelyet b\u00e1rmilyen polg\u00e1ri per megind\u00edt\u00e1s\u00e1hoz haszn\u00e1lhat, amelyhez nem \u00e1ll rendelkez\u00e9sre k\u00fcl\u00f6n nyomtatv\u00e1ny. (A rendelkez\u00e9sre \u00e1ll\u00f3 nyomtatv\u00e1nyok teljes list\u00e1j\u00e1t a www.birosag.hu oldalon tal\u00e1lja meg.) FONTOS! A 3 milli\u00f3 forintot meg nem halad\u00f3 k\u00f6vetel\u00e9sek \u00e9rv\u00e9nyes\u00edt\u00e9se c\u00e9lj\u00e1b\u00f3l k\u00f6zjegyz\u0151 hat\u00e1sk\u00f6r\u00e9be tartoz\u00f3 fizet\u00e9si meghagy\u00e1sos elj\u00e1r\u00e1st kell ind\u00edtania, miel\u0151tt b\u00edr\u00f3s\u00e1ghoz keresetet terjesztene el\u0151. H\u00e1zass\u00e1gi bont\u00f3perhez, vagy k\u00f6znapi elnevez\u00e9s\u00e9n v\u00e1l\u00e1shoz haszn\u00e1lhat\u00f3 keresetlev\u00e9l-minta. Haszn\u00e1lhatja akkor is, ha a v\u00e1l\u00e1s k\u00f6z\u00f6s megegyez\u00e9sen alapul, de akkor is, ha nincs k\u00f6z\u00f6s megegyez\u00e9s. Hivatalos nev\u00e9n: Keresetet tartalmaz\u00f3 irat. Ezt a keresetlev\u00e9l-mint\u00e1t kell olyankor haszn\u00e1lnia, amikor el\u0151zetesen fizet\u00e9si meghagy\u00e1st ind\u00edtott, de arra a k\u00f6telezett f\u00e9l (alperes) ellentmond\u00e1ssal \u00e9lt. Ezt a mint\u00e1t t\u00f6bbf\u00e9le per kezdem\u00e9nyez\u00e9s\u00e9hez haszn\u00e1lhatja. v\u00e9grehajt\u00e1s megsz\u00fcntet\u00e9se vagy korl\u00e1toz\u00e1sa ir\u00e1nt p\u00e9ld\u00e1ul olyan esetben, ha \u00d6n szerint a v\u00e9grehajtand\u00f3 k\u00f6vetel\u00e9s alaptalan, ha m\u00e1r megsz\u0171nt vagy teljes\u00edtette a k\u00f6vetel\u00e9st, vagy amennyiben az el\u00e9v\u00fclt. v\u00e9grehajt\u00e1si ig\u00e9nyper, amelynek sor\u00e1n az \u00d6n valamilyen vagyont\u00e1rgy\u00e1t a v\u00e9grehajt\u00f3 lefoglalta, amelyre ig\u00e9nyt tart; az ilyen pert a v\u00e9grehajt\u00e1st k\u00e9r\u0151 ellen ind\u00edthatja v\u00e9grehajt\u00e1si elj\u00e1r\u00e1sba bekapcsol\u00f3d\u00e1s enged\u00e9lyez\u00e9se ir\u00e1nti per, amennyiben \u00d6n z\u00e1logjogosult, \u00e9s a v\u00e9grehajt\u00e1st k\u00e9r\u0151 f\u00e9l, avagy az ad\u00f3s vitatja a k\u00f6vetel\u00e9st B\u00e1rmilyen egy\u00e9b v\u00e9grehajt\u00e1si perhez az \u00e1ltal\u00e1nos keresetlevelet kell haszn\u00e1lnia. Ezt a nyomtatv\u00e1nyt haszn\u00e1lhatja, ha a Munkat\u00f6rv\u00e9nyk\u00f6nyv szerinti munkaviszonnyal, k\u00f6zalkalmazotti jogviszonnyal, teh\u00e1t \u00e1ltal\u00e1ban munkajogi \u00fcgyben k\u00edv\u00e1n pert ind\u00edtani. FONTOS! Ha v\u00e1llalkoz\u00e1si, megb\u00edz\u00e1si szerz\u0151d\u00e9s alapj\u00e1n j\u00f6tt l\u00e9tre a jogviszony, akkor \u00d6nnek nem ezt a nyomtatv\u00e1nyt kell haszn\u00e1lnia. Ezekben a jogviszonyokban \u00d6n nem kifejezetten munkaszerz\u0151d\u00e9st \u00edrt al\u00e1; tipikus p\u00e9ld\u00e1k a v\u00e1llalkoz\u00e1s, tervez\u00e9s, kivitelez\u00e9s, fuvaroz\u00e1s, megb\u00edz\u00e1s, k\u00f6zvet\u00edt\u00e9s, sz\u00e1ll\u00edtm\u00e1nyoz\u00e1s stb. K\u00f6zjegyz\u0151i elj\u00e1r\u00e1sok Az al\u00e1bbi nyomtatv\u00e1nyokat a k\u00f6zjegyz\u0151i hat\u00e1sk\u00f6rbe tartoz\u00f3 nepperes elj\u00e1r\u00e1sok megind\u00edt\u00e1s\u00e1hoz haszn\u00e1lhatja. A nyomtatv\u00e1nyok megfelelnek a hat\u00e1lyos jogszab\u00e1lyi el\u0151\u00edr\u00e1soknak, \u00e9s a k\u00f6zjegyz\u0151k befogadj\u00e1k azokat. A nyomtatv\u00e1nyokhoz r\u00e9szletes kit\u00f6lt\u00e9si \u00fatmutat\u00f3 (t\u00e1j\u00e9koztat\u00f3) is tartozik, amelyet szint\u00e9n let\u00f6lthet oldalunkr\u00f3l. A nyomtatv\u00e1nyok a Magyar Orsz\u00e1gos K\u00f6zjegyz\u0151i Kamara (MOKK) hivatalos oldal\u00e1r\u00f3l sz\u00e1rmaznak. Ezt a nyomtatv\u00e1nyt haszn\u00e1lja abban az esetben, ha \u00d6n fizet\u00e9si meghagy\u00e1s kibocs\u00e1t\u00e1s\u00e1t szeretn\u00e9 k\u00e9relmezni a k\u00f6zjegyz\u0151t\u0151l. Funkci\u00f3ja az elj\u00e1r\u00e1snak, hogy amennyiben \u00d6n fel\u00e9 valakinek lej\u00e1rt p\u00e9nztartoz\u00e1sa van, \u00e9s pert nem k\u00edv\u00e1n ind\u00edtani, akkor is ig\u00e9nybe vehesse az \u00e1llami k\u00e9nyszer seg\u00edts\u00e9g\u00e9t. \u00c9rdemes tudnia, hogy a nyomtatv\u00e1ny kit\u00f6lt\u00e9s\u00e9t k\u00f6vet\u0151en b\u00e1rmelyik k\u00f6zjegyz\u0151h\u00f6z eljuttathatja azt, miut\u00e1n minden k\u00f6zjegyz\u0151 b\u00e1rmely ilyen elj\u00e1r\u00e1sban orsz\u00e1gosan illet\u00e9kes. FONTOS! Amennyiben az \u00d6nnel szemben fenn\u00e1ll\u00f3 p\u00e9nztartoz\u00e1s nem haladja meg a 3 milli\u00f3 forintot, akkor a fizet\u00e9si meghagy\u00e1s nem csup\u00e1n opci\u00f3 az \u00d6n sz\u00e1m\u00e1ra, hanem a per megind\u00edt\u00e1sa el\u0151tt k\u00f6telez\u0151en ig\u00e9nybe is kell vennie azt.<\/p>\n","protected":false},"author":1,"featured_media":0,"parent":0,"menu_order":0,"comment_status":"closed","ping_status":"closed","template":"","meta":{"footnotes":""},"class_list":["post-173","page","type-page","status-publish","hentry"],"_links":{"self":[{"href":"https:\/\/www.proveritate.hu\/index.php\/wp-json\/wp\/v2\/pages\/173","targetHints":{"allow":["GET"]}}],"collection":[{"href":"https:\/\/www.proveritate.hu\/index.php\/wp-json\/wp\/v2\/pages"}],"about":[{"href":"https:\/\/www.proveritate.hu\/index.php\/wp-json\/wp\/v2\/types\/page"}],"author":[{"embeddable":true,"href":"https:\/\/www.proveritate.hu\/index.php\/wp-json\/wp\/v2\/users\/1"}],"replies":[{"embeddable":true,"href":"https:\/\/www.proveritate.hu\/index.php\/wp-json\/wp\/v2\/comments?post=173"}],"version-history":[{"count":11,"href":"https:\/\/www.proveritate.hu\/index.php\/wp-json\/wp\/v2\/pages\/173\/revisions"}],"predecessor-version":[{"id":228,"href":"https:\/\/www.proveritate.hu\/index.php\/wp-json\/wp\/v2\/pages\/173\/revisions\/228"}],"wp:attachment":[{"href":"https:\/\/www.proveritate.hu\/index.php\/wp-json\/wp\/v2\/media?parent=173"}],"curies":[{"name":"wp","href":"https:\/\/api.w.org\/{rel}","templated":true}]}}