{"id":1233,"date":"2021-10-12T19:06:08","date_gmt":"2021-10-12T17:06:08","guid":{"rendered":"http:\/\/www.proveritate.hu\/?page_id=1233"},"modified":"2026-01-09T22:16:34","modified_gmt":"2026-01-09T21:16:34","slug":"jogsegelyszolgalat","status":"publish","type":"page","link":"https:\/\/www.proveritate.hu\/index.php\/jogsegelyszolgalat\/","title":{"rendered":"Jogseg\u00e9ly Szolg\u00e1lat"},"content":{"rendered":"\n<p>Szakembereink, \u00fcgyint\u00e9z\u0151ink szakszer\u0171, p\u00e1rtatlan \u00e9s d\u00edjmentes tan\u00e1csad\u00e1st ny\u00fajtanak felmer\u00fcl\u0151 probl\u00e9m\u00e1ja, vit\u00e1s \u00fcgye, panasza vagy jogi relevanci\u00e1j\u00fa egy\u00e9b k\u00e9rd\u00e9se eset\u00e9n. A szolg\u00e1ltat\u00e1s ig\u00e9nybev\u00e9tele el\u0151tt figyelmesen olvassa el a <a href=\"https:\/\/www.proveritate.hu\/wp-content\/uploads\/2024\/08\/202_110_2024.pdf\">Szolg\u00e1ltat\u00e1s \u00c1ltal\u00e1nos Felt\u00e9teleit<\/a> \u00e9s az <a href=\"http:\/\/www.proveritate.hu\/index.php\/adatkezelesi-tajekoztato\/\">Adatkezel\u00e9si T\u00e1j\u00e9koztat\u00f3t<\/a>, majd ezut\u00e1n t\u00f6ltse ki az al\u00e1bbi \u0171rlapot!<\/p>\n\n\n\n<p>Ha az \u0171rlap kit\u00f6lt\u00e9s\u00e9hez seg\u00edts\u00e9gre van sz\u00fcks\u00e9ge, al\u00e1bb megtal\u00e1lja kit\u00f6lt\u00e9si \u00fatmutat\u00f3nkat.<\/p>\n\n\n\n<p>Jogseg\u00e9ly Szolg\u00e1latunk szolg\u00e1ltat\u00e1s\u00e1nak ig\u00e9nybev\u00e9tele ingyenes, azonban munkat\u00e1rsaink \u00e9s szervezet\u00fcnk m\u00e9gis sz\u00e1mos munka\u00f3r\u00e1t ford\u00edtanak az \u00f6nk\u00e9ntes seg\u00edts\u00e9gny\u00fajt\u00e1sra \u00e9s a felmer\u00fcl\u0151 adminisztr\u00e1ci\u00f3ra. K\u00e9rj\u00fck, amennyiben teheti, j\u00e1ruljon hozz\u00e1, hogy a j\u00f6v\u0151ben is hasonl\u00f3 sz\u00ednvonalon l\u00e1thassuk el munk\u00e1nkat \u00e9s fenntarthassuk a szolg\u00e1ltat\u00e1st! T\u00e1mogat\u00e1si lehet\u0151s\u00e9geinkr\u0151l b\u0151vebben <a href=\"https:\/\/www.proveritate.hu\/index.php\/tamogatom\/\">T\u00c1MOGATOM <\/a>oldalunkon t\u00e1j\u00e9koz\u00f3dhat.<\/p>\n\n\n\n<h6 class=\"wp-block-heading\">\u0170rlap<\/h6>\n\n\n\n<div class=\"wp-block-contact-form-7-contact-form-selector\">\n<div class=\"wpcf7 no-js\" id=\"wpcf7-f1232-o1\" lang=\"hu-HU\" dir=\"ltr\" data-wpcf7-id=\"1232\">\n<div class=\"screen-reader-response\"><p role=\"status\" aria-live=\"polite\" aria-atomic=\"true\"><\/p> <ul><\/ul><\/div>\n<form action=\"\/index.php\/wp-json\/wp\/v2\/pages\/1233#wpcf7-f1232-o1\" method=\"post\" class=\"wpcf7-form init\" aria-label=\"Kapcsolatfelv\u00e9teli \u0171rlap\" enctype=\"multipart\/form-data\" novalidate=\"novalidate\" data-status=\"init\">\n<fieldset class=\"hidden-fields-container\"><input type=\"hidden\" name=\"_wpcf7\" value=\"1232\" \/><input type=\"hidden\" name=\"_wpcf7_version\" value=\"6.1.5\" \/><input type=\"hidden\" name=\"_wpcf7_locale\" value=\"hu_HU\" \/><input type=\"hidden\" name=\"_wpcf7_unit_tag\" value=\"wpcf7-f1232-o1\" \/><input type=\"hidden\" name=\"_wpcf7_container_post\" value=\"0\" \/><input type=\"hidden\" name=\"_wpcf7_posted_data_hash\" value=\"\" \/><input type=\"hidden\" name=\"_wpcf7cf_hidden_group_fields\" value=\"[]\" \/><input type=\"hidden\" name=\"_wpcf7cf_hidden_groups\" value=\"[]\" \/><input type=\"hidden\" name=\"_wpcf7cf_visible_groups\" value=\"[]\" \/><input type=\"hidden\" name=\"_wpcf7cf_repeaters\" value=\"[]\" \/><input type=\"hidden\" name=\"_wpcf7cf_steps\" value=\"{}\" \/><input type=\"hidden\" name=\"_wpcf7cf_options\" value=\"{&quot;form_id&quot;:1232,&quot;conditions&quot;:[],&quot;settings&quot;:{&quot;animation&quot;:&quot;yes&quot;,&quot;animation_intime&quot;:&quot;200&quot;,&quot;animation_outtime&quot;:&quot;200&quot;,&quot;conditions_ui&quot;:&quot;normal&quot;,&quot;notice_dismissed&quot;:&quot;&quot;}}\" \/><input type=\"hidden\" name=\"_yeeaddons_cf7_repeater_fields\" value=\"\" \/><input type=\"hidden\" name=\"_wpcf7_recaptcha_response\" value=\"\" \/>\n<\/fieldset>\n<p><label> N\u00e9v *<br \/>\n<span class=\"wpcf7-form-control-wrap\" data-name=\"nev\"><input size=\"40\" maxlength=\"400\" minlength=\"5\" class=\"wpcf7-form-control wpcf7-text wpcf7-validates-as-required\" aria-required=\"true\" aria-invalid=\"false\" value=\"\" type=\"text\" name=\"nev\" \/><\/span> <\/label>\n<\/p>\n<p><label> E-mail c\u00edm *<br \/>\n<span class=\"wpcf7-form-control-wrap\" data-name=\"email-441\"><input size=\"40\" maxlength=\"400\" class=\"wpcf7-form-control wpcf7-email wpcf7-validates-as-required wpcf7-text wpcf7-validates-as-email\" aria-required=\"true\" aria-invalid=\"false\" value=\"\" type=\"email\" name=\"email-441\" \/><\/span> <\/label>\n<\/p>\n<p><label> E-mail c\u00edm (meger\u0151s\u00edt\u00e9s) *<br \/>\n<span class=\"wpcf7-form-control-wrap\" data-name=\"email-154\"><input size=\"40\" maxlength=\"400\" class=\"wpcf7-form-control wpcf7-email wpcf7-validates-as-required wpcf7-text wpcf7-validates-as-email\" aria-required=\"true\" aria-invalid=\"false\" value=\"\" type=\"email\" name=\"email-154\" \/><\/span> <\/label>\n<\/p>\n<p><label> \u00dcgy sz\u00e1ma (ha m\u00e1r van \u00e9s ismert)<br \/>\n<span class=\"wpcf7-form-control-wrap\" data-name=\"text-hivsz\"><input size=\"40\" maxlength=\"400\" class=\"wpcf7-form-control wpcf7-text\" aria-invalid=\"false\" value=\"\" type=\"text\" name=\"text-hivsz\" \/><\/span> <\/label>\n<\/p>\n<p><label> \u00dcgyint\u00e9z\u0151 (ha m\u00e1r van \u00e9s ismert)<br \/>\n<span class=\"wpcf7-form-control-wrap\" data-name=\"text-ui\"><input size=\"40\" maxlength=\"400\" class=\"wpcf7-form-control wpcf7-text\" aria-invalid=\"false\" value=\"\" type=\"text\" name=\"text-ui\" \/><\/span><\/label>\n<\/p>\n<p><label> T\u00e1rgy (1) *<br \/>\n<span class=\"wpcf7-form-control-wrap\" data-name=\"menu-targy\"><select class=\"wpcf7-form-control wpcf7-select wpcf7-validates-as-required\" aria-required=\"true\" aria-invalid=\"false\" name=\"menu-targy\"><option value=\"--K\u00e9rj\u00fck, v\u00e1lasszon!--\">--K\u00e9rj\u00fck, v\u00e1lasszon!--<\/option><option value=\"Ad\u00e1sv\u00e9tel, aj\u00e1nd\u00e9koz\u00e1s, csere\">Ad\u00e1sv\u00e9tel, aj\u00e1nd\u00e9koz\u00e1s, csere<\/option><option value=\"Adatv\u00e9delem, inform\u00e1ci\u00f3szabads\u00e1g\">Adatv\u00e9delem, inform\u00e1ci\u00f3szabads\u00e1g<\/option><option value=\"Ad\u00f3- vagy v\u00e1m\u00fcgy\">Ad\u00f3- vagy v\u00e1m\u00fcgy<\/option><option value=\"Alapjogok, emberi jogok, alkotm\u00e1nyos jogok\">Alapjogok, emberi jogok, alkotm\u00e1nyos jogok<\/option><option value=\"Alb\u00e9rlet, b\u00e9rlet, haszn\u00e1lat\">Alb\u00e9rlet, b\u00e9rlet, haszn\u00e1lat<\/option><option value=\"Bank, hitel, deviza, k\u00f6lcs\u00f6n\">Bank, hitel, deviza, k\u00f6lcs\u00f6n<\/option><option value=\"Biztos\u00edt\u00e1sok\">Biztos\u00edt\u00e1sok<\/option><option value=\"C\u00e9gjog, c\u00e9gelj\u00e1r\u00e1s\">C\u00e9gjog, c\u00e9gelj\u00e1r\u00e1s<\/option><option value=\"Civilszervezetek (egyes\u00fcletek, sz\u00f6vets\u00e9gek, alap\u00edtv\u00e1nyok stb.)\">Civilszervezetek (egyes\u00fcletek, sz\u00f6vets\u00e9gek, alap\u00edtv\u00e1nyok stb.)<\/option><option value=\"Csal\u00e1djog, sz\u00fcl\u0151i fel\u00fcgyelet, tart\u00e1s\">Csal\u00e1djog, sz\u00fcl\u0151i fel\u00fcgyelet, tart\u00e1s<\/option><option value=\"Dologi jog (tulajdon, birtok, haszon\u00e9lvezet)\">Dologi jog (tulajdon, birtok, haszon\u00e9lvezet)<\/option><option value=\"Egyenl\u0151 b\u00e1n\u00e1sm\u00f3d, diszkrimin\u00e1ci\u00f3\">Egyenl\u0151 b\u00e1n\u00e1sm\u00f3d, diszkrimin\u00e1ci\u00f3<\/option><option value=\"\u00c9p\u00edt\u00e9si jog, ingatlanfejleszt\u00e9si jog\">\u00c9p\u00edt\u00e9si jog, ingatlanfejleszt\u00e9si jog<\/option><option value=\"Feljelent\u00e9s, bejelent\u00e9s, b\u00fcntet\u0151jog, b\u00fcntet\u0151elj\u00e1r\u00e1s\">Feljelent\u00e9s, bejelent\u00e9s, b\u00fcntet\u0151jog, b\u00fcntet\u0151elj\u00e1r\u00e1s<\/option><option value=\"Fogyaszt\u00f3v\u00e9delem, szavatoss\u00e1g, j\u00f3t\u00e1ll\u00e1s, el\u00e1ll\u00e1s, verseny\u00fcgy\">Fogyaszt\u00f3v\u00e9delem, szavatoss\u00e1g, j\u00f3t\u00e1ll\u00e1s, el\u00e1ll\u00e1s, verseny\u00fcgy<\/option><option value=\"H\u00e1zass\u00e1g, v\u00e1l\u00e1s\">H\u00e1zass\u00e1g, v\u00e1l\u00e1s<\/option><option value=\"K\u00f6rnyezet- \u00e9s term\u00e9szetjog illetve -v\u00e9delem\">K\u00f6rnyezet- \u00e9s term\u00e9szetjog illetve -v\u00e9delem<\/option><option value=\"Ingatlan\u00fcgyek\">Ingatlan\u00fcgyek<\/option><option value=\"Munkaviszony keletkez\u00e9se vagy megsz\u0171n\u00e9se, munkajog\">Munkaviszony keletkez\u00e9se vagy megsz\u0171n\u00e9se, munkajog<\/option><option value=\"\u00d6nkorm\u00e1nyzati, v\u00e1rosi vagy helyi \u00fcgy\">\u00d6nkorm\u00e1nyzati, v\u00e1rosi vagy helyi \u00fcgy<\/option><option value=\"\u00d6r\u00f6kl\u00e9s, hagyat\u00e9k\">\u00d6r\u00f6kl\u00e9s, hagyat\u00e9k<\/option><option value=\"Peres, nemperes, b\u00edr\u00f3s\u00e1gi, hat\u00f3s\u00e1gi \u00fcgyek\">Peres, nemperes, b\u00edr\u00f3s\u00e1gi, hat\u00f3s\u00e1gi \u00fcgyek<\/option><option value=\"Szem\u00e9lyis\u00e9gi jogok\">Szem\u00e9lyis\u00e9gi jogok<\/option><option value=\"Szerz\u0151d\u00e9sk\u00f6t\u00e9s, -megsz\u0171n\u00e9s, szerz\u0151d\u00e9sszeg\u00e9s\">Szerz\u0151d\u00e9sk\u00f6t\u00e9s, -megsz\u0171n\u00e9s, szerz\u0151d\u00e9sszeg\u00e9s<\/option><option value=\"Szomsz\u00e9djog, birtokh\u00e1bor\u00edt\u00e1s, szolgalmak\">Szomsz\u00e9djog, birtokh\u00e1bor\u00edt\u00e1s, szolgalmak<\/option><option value=\"T\u00e1rsash\u00e1z, k\u00f6z\u00f6s k\u00e9pviselet\">T\u00e1rsash\u00e1z, k\u00f6z\u00f6s k\u00e9pviselet<\/option><option value=\"TB \u00e9s ell\u00e1t\u00e1sok\">TB \u00e9s ell\u00e1t\u00e1sok<\/option><option value=\"Utaz\u00e1s, fuvaroz\u00e1s, utasjog\">Utaz\u00e1s, fuvaroz\u00e1s, utasjog<\/option><option value=\"V\u00e1llalkoz\u00e1s, megb\u00edz\u00e1s\">V\u00e1llalkoz\u00e1s, megb\u00edz\u00e1s<\/option><option value=\"V\u00e9grehajt\u00e1si \u00fcgy\">V\u00e9grehajt\u00e1si \u00fcgy<\/option><option value=\"Egy\u00e9b\">Egy\u00e9b<\/option><\/select><\/span><\/label>\n<\/p>\n<p><label> T\u00e1rgy (2) *<br \/>\n<span class=\"wpcf7-form-control-wrap\" data-name=\"text-targy\"><input size=\"40\" maxlength=\"400\" class=\"wpcf7-form-control wpcf7-text wpcf7-validates-as-required\" aria-required=\"true\" aria-invalid=\"false\" value=\"\" type=\"text\" name=\"text-targy\" \/><\/span><\/label>\n<\/p>\n<p><label> \u00dczenet *<br \/>\n<span class=\"wpcf7-form-control-wrap\" data-name=\"textarea-txt\"><textarea cols=\"40\" rows=\"10\" maxlength=\"2000\" class=\"wpcf7-form-control wpcf7-textarea wpcf7-validates-as-required\" aria-required=\"true\" aria-invalid=\"false\" name=\"textarea-txt\"><\/textarea><\/span><\/label>\n<\/p>\n<p><label> F\u00e1jl csatol\u00e1sa<br \/>\n<span class=\"wpcf7-form-control-wrap\" data-name=\"file-233\"><input size=\"40\" class=\"wpcf7-form-control wpcf7-file\" accept=\"image\/*,application\/pdf\" aria-invalid=\"false\" type=\"file\" name=\"file-233\" \/><\/span><\/label>\n<\/p>\n<p><span class=\"wpcf7-form-control-wrap\" data-name=\"acceptance-826\"><span class=\"wpcf7-form-control wpcf7-acceptance\"><span class=\"wpcf7-list-item\"><label><input type=\"checkbox\" name=\"acceptance-826\" value=\"1\" aria-invalid=\"false\" \/><span class=\"wpcf7-list-item-label\">A <a href=\"https:\/\/www.proveritate.hu\/wp-content\/uploads\/2024\/08\/202_110_2024.pdf\"> Szolg\u00e1ltat\u00e1s \u00c1ltal\u00e1nos Felt\u00e9telei<\/a>t megismertem \u00e9s elfogadom.*<\/span><\/label><\/span><\/span><\/span>\n<\/p>\n<p><span class=\"wpcf7-form-control-wrap\" data-name=\"acceptance-295\"><span class=\"wpcf7-form-control wpcf7-acceptance\"><span class=\"wpcf7-list-item\"><label><input type=\"checkbox\" name=\"acceptance-295\" value=\"1\" aria-invalid=\"false\" \/><span class=\"wpcf7-list-item-label\">Elolvastam \u00e9s meg\u00e9rtettem a Pro Veritate K\u00f6zhaszn\u00fa Egyes\u00fclet <a href=\"https:\/\/www.proveritate.hu\/index.php\/adatkezelesi-tajekoztato\/\">Adatkezel\u00e9si T\u00e1j\u00e9koztat\u00f3<\/a>j\u00e1t, amely alapj\u00e1n hozz\u00e1j\u00e1rul\u00e1somat adom a szem\u00e9lyes adataim kezel\u00e9s\u00e9hez.*<\/span><\/label><\/span><\/span><\/span>\n<\/p>\n<p><span class=\"wpcf7-form-control-wrap\" data-name=\"acceptance-816\"><span class=\"wpcf7-form-control wpcf7-checkbox\"><span class=\"wpcf7-list-item first last\"><input type=\"checkbox\" name=\"acceptance-816[]\" value=\"Hozz\u00e1j\u00e1rulok ahhoz, hogy a Pro Veritate K\u00f6zhaszn\u00fa Egyes\u00fclet t\u00e1j\u00e9koztat\u00f3 levelet k\u00fcldj\u00f6n r\u00e9szemre az \u00e1ltala szervezett esem\u00e9nyekr\u0151l, felm\u00e9r\u00e9sekr\u0151l, az Egyes\u00fclettel kapcsolatos h\u00edrekr\u0151l.\" \/><span class=\"wpcf7-list-item-label\">Hozz\u00e1j\u00e1rulok ahhoz, hogy a Pro Veritate K\u00f6zhaszn\u00fa Egyes\u00fclet t\u00e1j\u00e9koztat\u00f3 levelet k\u00fcldj\u00f6n r\u00e9szemre az \u00e1ltala szervezett esem\u00e9nyekr\u0151l, felm\u00e9r\u00e9sekr\u0151l, az Egyes\u00fclettel kapcsolatos h\u00edrekr\u0151l.<\/span><\/span><\/span><\/span>\n<\/p>\n<p><input class=\"wpcf7-form-control wpcf7-submit has-spinner\" type=\"submit\" value=\"Bek\u00fcld\u00e9s\" \/>\n<\/p><div class=\"wpcf7-response-output\" aria-hidden=\"true\"><\/div>\n<\/form>\n<\/div>\n<\/div>\n\n\n\n<h6 class=\"wp-block-heading\">T\u00e1j\u00e9koztat\u00f3 a szolg\u00e1ltat\u00e1s ig\u00e9nybev\u00e9tel\u00e9hez<\/h6>\n\n\n\n<ol class=\"wp-block-list\">\n<li>A szolg\u00e1ltat\u00e1s r\u00e9szletes, ir\u00e1nyad\u00f3 \u00e1ltal\u00e1nos felt\u00e9teleit a <a href=\"https:\/\/www.proveritate.hu\/wp-content\/uploads\/2024\/08\/202_110_2024.pdf\">Szolg\u00e1ltat\u00e1s \u00c1ltal\u00e1nos Felt\u00e9teleiben<\/a> tal\u00e1lja; az al\u00e1bbiak a t\u00e1j\u00e9koztat\u00e1st szolg\u00e1lj\u00e1k.<\/li>\n\n\n\n<li>A szolg\u00e1ltat\u00e1s ig\u00e9nybev\u00e9tele d\u00edjmentes.<\/li>\n\n\n\n<li>Az \u0171rlapon megadott adatait a szolg\u00e1ltat\u00e1s ig\u00e9nybev\u00e9tel\u00e9hez sz\u00fcks\u00e9ges m\u00e9rt\u00e9kben \u00e9s ideig az&nbsp;<a href=\"http:\/\/www.proveritate.hu\/index.php\/adatkezelesi-tajekoztato\/\">Adatkezel\u00e9si T\u00e1j\u00e9koztat\u00f3<\/a> rendelkez\u00e9seinek&nbsp;megfelel\u0151en kezelj\u00fck.<\/li>\n\n\n\n<li>A szolg\u00e1ltat\u00e1s ig\u00e9nybev\u00e9tele sor\u00e1n rendelkez\u00e9s\u00fcnkre bocs\u00e1tott probl\u00e9m\u00e1j\u00e1t, panasz\u00e1t, az \u00d6n \u00e1ltal k\u00f6z\u00f6lt t\u00e9ny\u00e1ll\u00e1st, k\u00e9rd\u00e9s\u00e9t \u00e9rz\u00e9keny tartalomk\u00e9nt bizalmasan kezelj\u00fck.<\/li>\n\n\n\n<li>A szolg\u00e1ltat\u00e1s ig\u00e9nybev\u00e9tel\u00e9vel \u00d6n tudom\u00e1sul veszi, hogy a szolg\u00e1ltat\u00e1s sor\u00e1n rendelkez\u00e9s\u00e9re bocs\u00e1tott inform\u00e1ci\u00f3k (tan\u00e1csok, t\u00e1j\u00e9koztat\u00e1s) nem min\u0151s\u00fclnek jogi tan\u00e1csad\u00e1snak, az \u00e1ltalunk ny\u00fajtott szolg\u00e1ltat\u00e1s nem terjed ki jogi k\u00e9pviseletre \u00e9s jogi tan\u00e1csad\u00e1st nem tartalmaz, azok egyikek\u00e9nt sem \u00e9rtelmezhet\u0151. Jogi tan\u00e1csad\u00e1st kiz\u00e1r\u00f3lag \u00fcgyv\u00e9d, vagy \u00fcgyv\u00e9di iroda ny\u00fajthat \u00d6nnek.<\/li>\n\n\n\n<li>A szolg\u00e1ltat\u00e1s ig\u00e9nybev\u00e9tel\u00e9vel \u00d6n tudom\u00e1sul veszi azt is, hogy az \u00fcgyteher f\u00fcggv\u00e9ny\u00e9ben a v\u00e1laszad\u00e1s ak\u00e1r hosszabb id\u0151t is ig\u00e9nybe vehet r\u00e9sz\u00fcnkr\u0151l. A v\u00e1laszad\u00e1s nem a be\u00e9rkez\u00e9s sorrendj\u00e9ben, hanem az \u00fcgy jelleg\u00e9re \u00e9s s\u00fcrg\u0151ss\u00e9g\u00e9re figyelemmel t\u00f6rt\u00e9nik. Garant\u00e1ljuk ugyanakkor, hogy v\u00e1laszunkat &#8211; az \u00fcgye jelleg\u00e9re \u00e9s saj\u00e1toss\u00e1gaira figyelemmel &#8211; miel\u0151bb, de legk\u00e9s\u0151bb a k\u00e9rd\u00e9s be\u00e9rkez\u00e9s\u00e9t\u0151l sz\u00e1m\u00edtott 30 napon bel\u00fcl k\u00fcldj\u00fck meg az \u00d6n r\u00e9sz\u00e9re. Az \u00fcgy jellege, saj\u00e1toss\u00e1ga miatt, vagy egy\u00e9b technikai, adminisztrat\u00edv okb\u00f3l a 30 napos hat\u00e1rid\u0151t megfelel\u0151 t\u00e1j\u00e9koztat\u00e1s mellett meghosszabb\u00edthatjuk.<\/li>\n<\/ol>\n\n\n\n<h6 class=\"wp-block-heading\">Kit\u00f6lt\u00e9si \u00fatmutat\u00f3<\/h6>\n\n\n\n<p>A szolg\u00e1ltat\u00e1s ig\u00e9nybev\u00e9tele el\u0151tt figyelmesen olvassa el a <a href=\"https:\/\/www.proveritate.hu\/wp-content\/uploads\/2024\/08\/202_110_2024.pdf\">Szolg\u00e1ltat\u00e1s \u00c1ltal\u00e1nos Felt\u00e9teleit<\/a> \u00e9s az <a href=\"http:\/\/www.proveritate.hu\/index.php\/adatkezelesi-tajekoztato\/\">Adatkezel\u00e9si T\u00e1j\u00e9koztat\u00f3t<\/a>!<\/p>\n\n\n\n<p>N\u00e9v: Megad\u00e1sa k\u00f6telez\u0151.<\/p>\n\n\n\n<p>E-mail: Megad\u00e1sa k\u00f6telez\u0151. V\u00e1laszunkat az \u00d6n \u00e1ltal itt megadott el\u00e9rhet\u0151s\u00e9gre (e-mail c\u00edmre) k\u00fcldj\u00fck meg, illetve sz\u00fcks\u00e9g eset\u00e9n a kapcsolatot is ezen tartjuk \u00d6nnel.<\/p>\n\n\n\n<p>E-mail (meger\u0151s\u00edt\u00e9s): K\u00f6telez\u0151. Az esetleges elg\u00e9pel\u00e9si vagy egy\u00e9b hib\u00e1k elker\u00fcl\u00e9se \u00e9rdek\u00e9ben k\u00e9rj\u00fck, er\u0151s\u00edtse meg e-mail c\u00edm\u00e9t.<\/p>\n\n\n\n<p>\u00dcgy sz\u00e1ma: Nem k\u00f6telez\u0151. Amennyiben az \u00d6n \u00fcgy\u00e9nek van m\u00e1r el\u0151zm\u00e9nye n\u00e1lunk, \u00e9s ismeri az \u00fcgy sz\u00e1m\u00e1t, k\u00e9rj\u00fck, itt adja meg a gyorsabb \u00fcgyint\u00e9z\u00e9s \u00e9rdek\u00e9ben.<\/p>\n\n\n\n<p>\u00dcgyint\u00e9z\u0151: Nem k\u00f6telez\u0151. Amennyiben ismeri, hogy mely \u00fcgyint\u00e9z\u0151nk kezeli az \u00d6n \u00fcgy\u00e9t, itt megadhatja nek\u00fcnk a gyorsabb \u00fcgyint\u00e9z\u00e9s \u00e9rdek\u00e9ben.<\/p>\n\n\n\n<p>T\u00e1rgy (1): K\u00f6telez\u0151. V\u00e1lassza ki azt a t\u00e1rgyk\u00f6rt, amely az \u00d6n k\u00e9rd\u00e9s\u00e9hez legink\u00e1bb k\u00f6zel \u00e1ll. Abban az esetben, ha k\u00e9rd\u00e9se egyidej\u0171leg t\u00f6bb t\u00e1rgyk\u00f6rh\u00f6z is kapcsolhat\u00f3, k\u00e9rj\u00fck, v\u00e1lassza ki azt az egy t\u00e1rgyk\u00f6rt, amely a legink\u00e1bb illeszkedik k\u00e9rd\u00e9s\u00e9hez.<\/p>\n\n\n\n<p>T\u00e1rgy (2): K\u00f6telez\u0151. Az el\u0151z\u0151leg kiv\u00e1lasztott t\u00e1rgyk\u00f6rt saj\u00e1t szavaival pontos\u00edthatja, specifik\u00e1lhatja. K\u00e9rj\u00fck, r\u00f6viden, legfeljebb h\u00e1romszavas t\u00e1rgyk\u00f6rt fogalmazzon meg! Abban az esetben, ha az el\u0151z\u0151 k\u00e9rd\u00e9sn\u00e9l az &#8220;Egy\u00e9b&#8221; mez\u0151t v\u00e1lasztotta, k\u00e9rj\u00fck, k\u00fcl\u00f6n\u00f6sen \u00fcgyeljen arra, hogy k\u00e9rd\u00e9se t\u00e1rgy\u00e1t min\u00e9l pontosabban &#8211; r\u00f6viden &#8211; k\u00f6r\u00fclhat\u00e1rolja!<\/p>\n\n\n\n<p>\u00dczenet: K\u00f6telez\u0151. Itt \u00edrhatja le a t\u00e9ny\u00e1ll\u00e1st, az \u00fcgy relev\u00e1ns k\u00f6r\u00fclm\u00e9nyeit, hozhat tudom\u00e1sunkra inform\u00e1ci\u00f3kat \u00e9s itt fogalmazhatja meg k\u00e9rd\u00e9s\u00e9t is. K\u00e9rj\u00fck, a t\u00e9ny\u00e1ll\u00e1st l\u00e9nyegret\u00f6r\u0151en, a felt\u00e9tlen\u00fcl sz\u00fcks\u00e9ges terjedelemben, ugyanakkor valamennyi relev\u00e1ns k\u00f6r\u00fclm\u00e9nyre kit\u00e9rve fogalmazza meg. Fokozottan \u00fcgyeljen arra, hogy \u00fczenete lehet\u0151leg szabatos \u00e9s fel\u00e9p\u00edt\u00e9se logikus legyen. A t\u00e9ny\u00e1ll\u00e1s le\u00edr\u00e1s\u00e1t k\u00f6vet\u0151en fogalmazza meg konkr\u00e9t k\u00e9rd\u00e9s\u00e9t!<\/p>\n\n\n\n<p>F\u00e1jl: Nem k\u00f6telez\u0151. Amennyiben a t\u00e9ny\u00e1ll\u00e1s meg\u00e9rt\u00e9s\u00e9t vagy a relev\u00e1ns inform\u00e1ci\u00f3k \u00e1tad\u00e1s\u00e1t egy vagy t\u00f6bb dokumentum vagy egy\u00e9b f\u00e1jl megad\u00e1s\u00e1val k\u00edv\u00e1nja el\u0151seg\u00edteni, nyugodtan felt\u00f6ltheti \u00e9s bek\u00fcldheti r\u00e9sz\u00fcnkre. Figyelem! A felt\u00f6ltend\u0151 f\u00e1jl kiz\u00e1r\u00f3lag pdf form\u00e1tum\u00fa lehet. Amennyiben nem pdf form\u00e1tum\u00fa f\u00e1jllal rendelkezik, \u00fagy sz\u00fcks\u00e9ges el\u0151bb pdf form\u00e1tum\u00fav\u00e1 konvert\u00e1lnia azt. Amennyiben t\u00f6bb f\u00e1jlt k\u00edv\u00e1n felt\u00f6lteni, \u00fagy k\u00e9rj\u00fck, f\u0171zze \u0151ket egyetlen pdf f\u00e1jll\u00e1, \u00e9s ezt k\u00f6vet\u0151en k\u00eds\u00e9relje meg a felt\u00f6lt\u00e9st.<\/p>\n","protected":false},"excerpt":{"rendered":"<p>Szakembereink, \u00fcgyint\u00e9z\u0151ink szakszer\u0171, p\u00e1rtatlan \u00e9s d\u00edjmentes tan\u00e1csad\u00e1st ny\u00fajtanak felmer\u00fcl\u0151 probl\u00e9m\u00e1ja, vit\u00e1s \u00fcgye, panasza vagy jogi relevanci\u00e1j\u00fa egy\u00e9b k\u00e9rd\u00e9se eset\u00e9n. A szolg\u00e1ltat\u00e1s ig\u00e9nybev\u00e9tele el\u0151tt figyelmesen olvassa el a Szolg\u00e1ltat\u00e1s \u00c1ltal\u00e1nos Felt\u00e9teleit \u00e9s az Adatkezel\u00e9si T\u00e1j\u00e9koztat\u00f3t, majd ezut\u00e1n t\u00f6ltse ki az al\u00e1bbi \u0171rlapot! Ha az \u0171rlap kit\u00f6lt\u00e9s\u00e9hez seg\u00edts\u00e9gre van sz\u00fcks\u00e9ge, al\u00e1bb megtal\u00e1lja kit\u00f6lt\u00e9si \u00fatmutat\u00f3nkat. Jogseg\u00e9ly Szolg\u00e1latunk szolg\u00e1ltat\u00e1s\u00e1nak ig\u00e9nybev\u00e9tele ingyenes, azonban munkat\u00e1rsaink \u00e9s szervezet\u00fcnk m\u00e9gis sz\u00e1mos munka\u00f3r\u00e1t ford\u00edtanak az \u00f6nk\u00e9ntes seg\u00edts\u00e9gny\u00fajt\u00e1sra \u00e9s a felmer\u00fcl\u0151 adminisztr\u00e1ci\u00f3ra. K\u00e9rj\u00fck, amennyiben teheti, j\u00e1ruljon hozz\u00e1, hogy a j\u00f6v\u0151ben is hasonl\u00f3 sz\u00ednvonalon l\u00e1thassuk el munk\u00e1nkat \u00e9s fenntarthassuk a szolg\u00e1ltat\u00e1st! T\u00e1mogat\u00e1si lehet\u0151s\u00e9geinkr\u0151l b\u0151vebben T\u00c1MOGATOM oldalunkon t\u00e1j\u00e9koz\u00f3dhat. \u0170rlap T\u00e1j\u00e9koztat\u00f3 a szolg\u00e1ltat\u00e1s ig\u00e9nybev\u00e9tel\u00e9hez Kit\u00f6lt\u00e9si \u00fatmutat\u00f3 A szolg\u00e1ltat\u00e1s ig\u00e9nybev\u00e9tele el\u0151tt figyelmesen olvassa el a Szolg\u00e1ltat\u00e1s \u00c1ltal\u00e1nos Felt\u00e9teleit \u00e9s az Adatkezel\u00e9si T\u00e1j\u00e9koztat\u00f3t! N\u00e9v: Megad\u00e1sa k\u00f6telez\u0151. E-mail: Megad\u00e1sa k\u00f6telez\u0151. V\u00e1laszunkat az \u00d6n \u00e1ltal itt megadott el\u00e9rhet\u0151s\u00e9gre (e-mail c\u00edmre) k\u00fcldj\u00fck meg, illetve sz\u00fcks\u00e9g eset\u00e9n a kapcsolatot is ezen tartjuk \u00d6nnel. E-mail (meger\u0151s\u00edt\u00e9s): K\u00f6telez\u0151. Az esetleges elg\u00e9pel\u00e9si vagy egy\u00e9b hib\u00e1k elker\u00fcl\u00e9se \u00e9rdek\u00e9ben k\u00e9rj\u00fck, er\u0151s\u00edtse meg e-mail c\u00edm\u00e9t. \u00dcgy sz\u00e1ma: Nem k\u00f6telez\u0151. Amennyiben az \u00d6n \u00fcgy\u00e9nek van m\u00e1r el\u0151zm\u00e9nye n\u00e1lunk, \u00e9s ismeri az \u00fcgy sz\u00e1m\u00e1t, k\u00e9rj\u00fck, itt adja meg a gyorsabb \u00fcgyint\u00e9z\u00e9s \u00e9rdek\u00e9ben. \u00dcgyint\u00e9z\u0151: Nem k\u00f6telez\u0151. Amennyiben ismeri, hogy mely \u00fcgyint\u00e9z\u0151nk kezeli az \u00d6n \u00fcgy\u00e9t, itt megadhatja nek\u00fcnk a gyorsabb \u00fcgyint\u00e9z\u00e9s \u00e9rdek\u00e9ben. T\u00e1rgy (1): K\u00f6telez\u0151. V\u00e1lassza ki azt a t\u00e1rgyk\u00f6rt, amely az \u00d6n k\u00e9rd\u00e9s\u00e9hez legink\u00e1bb k\u00f6zel \u00e1ll. Abban az esetben, ha k\u00e9rd\u00e9se egyidej\u0171leg t\u00f6bb t\u00e1rgyk\u00f6rh\u00f6z is kapcsolhat\u00f3, k\u00e9rj\u00fck, v\u00e1lassza ki azt az egy t\u00e1rgyk\u00f6rt, amely a legink\u00e1bb illeszkedik k\u00e9rd\u00e9s\u00e9hez. T\u00e1rgy (2): K\u00f6telez\u0151. Az el\u0151z\u0151leg kiv\u00e1lasztott t\u00e1rgyk\u00f6rt saj\u00e1t szavaival pontos\u00edthatja, specifik\u00e1lhatja. K\u00e9rj\u00fck, r\u00f6viden, legfeljebb h\u00e1romszavas t\u00e1rgyk\u00f6rt fogalmazzon meg! Abban az esetben, ha az el\u0151z\u0151 k\u00e9rd\u00e9sn\u00e9l az &#8220;Egy\u00e9b&#8221; mez\u0151t v\u00e1lasztotta, k\u00e9rj\u00fck, k\u00fcl\u00f6n\u00f6sen \u00fcgyeljen arra, hogy k\u00e9rd\u00e9se t\u00e1rgy\u00e1t min\u00e9l pontosabban &#8211; r\u00f6viden &#8211; k\u00f6r\u00fclhat\u00e1rolja! \u00dczenet: K\u00f6telez\u0151. Itt \u00edrhatja le a t\u00e9ny\u00e1ll\u00e1st, az \u00fcgy relev\u00e1ns k\u00f6r\u00fclm\u00e9nyeit, hozhat tudom\u00e1sunkra inform\u00e1ci\u00f3kat \u00e9s itt fogalmazhatja meg k\u00e9rd\u00e9s\u00e9t is. K\u00e9rj\u00fck, a t\u00e9ny\u00e1ll\u00e1st l\u00e9nyegret\u00f6r\u0151en, a felt\u00e9tlen\u00fcl sz\u00fcks\u00e9ges terjedelemben, ugyanakkor valamennyi relev\u00e1ns k\u00f6r\u00fclm\u00e9nyre kit\u00e9rve fogalmazza meg. Fokozottan \u00fcgyeljen arra, hogy \u00fczenete lehet\u0151leg szabatos \u00e9s fel\u00e9p\u00edt\u00e9se logikus legyen. A t\u00e9ny\u00e1ll\u00e1s le\u00edr\u00e1s\u00e1t k\u00f6vet\u0151en fogalmazza meg konkr\u00e9t k\u00e9rd\u00e9s\u00e9t! F\u00e1jl: Nem k\u00f6telez\u0151. Amennyiben a t\u00e9ny\u00e1ll\u00e1s meg\u00e9rt\u00e9s\u00e9t vagy a relev\u00e1ns inform\u00e1ci\u00f3k \u00e1tad\u00e1s\u00e1t egy vagy t\u00f6bb dokumentum vagy egy\u00e9b f\u00e1jl megad\u00e1s\u00e1val k\u00edv\u00e1nja el\u0151seg\u00edteni, nyugodtan felt\u00f6ltheti \u00e9s bek\u00fcldheti r\u00e9sz\u00fcnkre. Figyelem! A felt\u00f6ltend\u0151 f\u00e1jl kiz\u00e1r\u00f3lag pdf form\u00e1tum\u00fa lehet. Amennyiben nem pdf form\u00e1tum\u00fa f\u00e1jllal rendelkezik, \u00fagy sz\u00fcks\u00e9ges el\u0151bb pdf form\u00e1tum\u00fav\u00e1 konvert\u00e1lnia azt. Amennyiben t\u00f6bb f\u00e1jlt k\u00edv\u00e1n felt\u00f6lteni, \u00fagy k\u00e9rj\u00fck, f\u0171zze \u0151ket egyetlen pdf f\u00e1jll\u00e1, \u00e9s ezt k\u00f6vet\u0151en k\u00eds\u00e9relje meg a felt\u00f6lt\u00e9st.<\/p>\n","protected":false},"author":1,"featured_media":0,"parent":0,"menu_order":0,"comment_status":"closed","ping_status":"closed","template":"","meta":{"footnotes":""},"class_list":["post-1233","page","type-page","status-publish","hentry"],"_links":{"self":[{"href":"https:\/\/www.proveritate.hu\/index.php\/wp-json\/wp\/v2\/pages\/1233","targetHints":{"allow":["GET"]}}],"collection":[{"href":"https:\/\/www.proveritate.hu\/index.php\/wp-json\/wp\/v2\/pages"}],"about":[{"href":"https:\/\/www.proveritate.hu\/index.php\/wp-json\/wp\/v2\/types\/page"}],"author":[{"embeddable":true,"href":"https:\/\/www.proveritate.hu\/index.php\/wp-json\/wp\/v2\/users\/1"}],"replies":[{"embeddable":true,"href":"https:\/\/www.proveritate.hu\/index.php\/wp-json\/wp\/v2\/comments?post=1233"}],"version-history":[{"count":46,"href":"https:\/\/www.proveritate.hu\/index.php\/wp-json\/wp\/v2\/pages\/1233\/revisions"}],"predecessor-version":[{"id":6165,"href":"https:\/\/www.proveritate.hu\/index.php\/wp-json\/wp\/v2\/pages\/1233\/revisions\/6165"}],"wp:attachment":[{"href":"https:\/\/www.proveritate.hu\/index.php\/wp-json\/wp\/v2\/media?parent=1233"}],"curies":[{"name":"wp","href":"https:\/\/api.w.org\/{rel}","templated":true}]}}